{"id":14,"date":"2025-03-19T10:35:17","date_gmt":"2025-03-19T10:35:17","guid":{"rendered":"https:\/\/psychotherapie-cagnes-sur-mer.fr\/?page_id=14"},"modified":"2026-09-05T12:27:41","modified_gmt":"2026-09-05T12:27:41","slug":"accueil","status":"publish","type":"page","link":"https:\/\/psychotherapie-cagnes-sur-mer.fr\/","title":{"rendered":"Cabinet de psychoth\u00e9rapie"},"content":{"rendered":"<div style=\"text-align: center; margin: 20px 0;\">\n    <a href=\"tel:0649957286\" style=\"display: inline-block; background-color: #25D366; color: white; text-align: center; padding: 15px 30px; font-weight: bold; font-size: 20px; border-radius: 5px; text-decoration: none; box-shadow: 0 4px 6px rgba(0,0,0,0.1);\">\ud83d\udcde CLIQUER POUR APPELER : 06 49 95 72 86<\/a>\n<\/div>\n<h3 class=\"wp-block-heading has-black-color has-text-color has-link-color has-medium-font-size wp-elements-1\">       <strong>Psychoth\u00e9rapeute \u00e0 Cagnes-sur- Mer. 06800.&nbsp; V\u00e9ronique Eskenazi.<\/strong><\/h3>\n\n\n\n<h2 class=\"wp-block-heading has-black-color has-text-color has-link-color has-medium-font-size wp-elements-2\">     Th\u00e9rapies individuelles,&nbsp; Th\u00e9rapies de couple,&nbsp; EMDR<\/h2>\n\n\n\n<p class=\"wp-block-paragraph\">&nbsp;<\/p>\n\n\n\n<p class=\"wp-block-paragraph\">&nbsp;<\/p>\n\n\n\n<p class=\"wp-block-paragraph\">&nbsp;<\/p>\n\n\n\n<figure class=\"wp-block-image alignleft is-resized\"><img fetchpriority=\"high\" decoding=\"async\" width=\"279\" height=\"300\" src=\"https:\/\/psychotherapie-cagnes-sur-mer.fr\/wp-content\/uploads\/2025\/03\/20250311_103519-279x300.webp\" alt=\"\" class=\"wp-image-150\" style=\"aspect-ratio:0.93;width:279px;height:auto\"\/><\/figure>\n\n\n\n<p class=\"wp-block-paragraph\"><\/p>\n\n\n\n<h6 class=\"wp-block-heading\">&nbsp;<\/h6>\n\n\n\n<h2 class=\"wp-block-heading has-black-color has-text-color has-link-color has-medium-font-size wp-elements-3\">                                      <strong>Le cabinet se trouve<\/strong><\/h2>\n\n\n\n<h2 class=\"wp-block-heading has-black-color has-text-color has-link-color has-medium-font-size wp-elements-4\">                                   53 boulevard Mar\u00e9chal Juin<\/h2>\n\n\n\n<h2 class=\"wp-block-heading has-black-color has-text-color has-link-color has-medium-font-size wp-elements-5\">                                    06800 Cagnes-sur-Mer<\/h2>\n\n\n\n<h2 class=\"wp-block-heading has-black-color has-text-color has-link-color has-medium-font-size wp-elements-6\"><strong>&nbsp; &nbsp; &nbsp; &nbsp; &nbsp; &nbsp; &nbsp; &nbsp;                                  Horaires<\/strong><\/h2>\n\n\n\n<h2 class=\"wp-block-heading has-black-color has-text-color has-link-color has-medium-font-size wp-elements-7\">                        <strong style=\"font-size: 16px;\">Du Lundi au Vendredi de 10h \u00e0 19h30<\/strong><strong>&nbsp; &nbsp; &nbsp; &nbsp; &nbsp; &nbsp;<\/strong><\/h2>\n\n\n\n<h3 class=\"wp-block-heading\">&nbsp;<\/h3>\n\n\n\n<h3 class=\"wp-block-heading has-black-color has-text-color has-link-color has-medium-font-size wp-elements-8\"><strong><em>Vous pouvez contacter le cabinet<\/em><\/strong><strong style=\"font-size: 16px;\"><em> &nbsp;<\/em> &nbsp; &nbsp; &nbsp; &nbsp; &nbsp; &nbsp; &nbsp; &nbsp; &nbsp; &nbsp; &nbsp; &nbsp; &nbsp; &nbsp;<\/strong><\/h3>\n\n\n\n<div class=\"wp-block-buttons is-layout-flex wp-block-buttons-is-layout-flex\"><\/div>\n\n\n\n<div class=\"wp-block-buttons is-layout-flex wp-block-buttons-is-layout-flex\">\n<div class=\"wp-block-button\"><a class=\"wp-block-button__link wp-element-button\" href=\"https:\/\/app.tmhsuite.com\/fr\/inbox?status=pending\" target=\"_blank\" rel=\"noopener\">Prendre rdv en ligne<\/a><\/div>\n<\/div>\n\n\n\n<div class=\"wp-block-buttons is-layout-flex wp-block-buttons-is-layout-flex\">\n<div class=\"wp-block-button is-style-outline is-style-outline--1\"><a class=\"wp-block-button__link wp-element-button\"><strong>https:\/\/www.psychologue.net\/procard\/veronique-eskenazi?therapytype=1<\/strong><\/a><\/div>\n<\/div>\n\n\n\n<p class=\"wp-block-paragraph\"><\/p>\n\n\n\n<div class=\"wp-block-buttons is-layout-flex wp-block-buttons-is-layout-flex\">\n<div class=\"wp-block-button\"><a class=\"wp-block-button__link wp-element-button\">Prendre RDV par t\u00e9l\u00e9phone<\/a><\/div>\n<\/div>\n\n\n\n<div class=\"wp-block-buttons is-layout-flex wp-block-buttons-is-layout-flex\">\n<div class=\"wp-block-button is-style-outline is-style-outline--2\"><a class=\"wp-block-button__link wp-element-button\"><strong>Tel: 0649957286<\/strong><\/a><\/div>\n<\/div>\n\n\n\n<p class=\"wp-block-paragraph\">&nbsp;<\/p>\n\n\n\n<h4 class=\"wp-block-heading has-black-color has-text-color has-link-color wp-elements-9\" style=\"font-size:16px\">&nbsp; &nbsp; Je m&rsquo;appelle V\u00e9ronique Eskenazi, praticienne en psychoth\u00e9rapie \u00e0 Cagnes-sur-mer et je vous&nbsp; propose &nbsp;des psychoth\u00e9rapies individuelles, des th\u00e9rapies de couple et des th\u00e9rapies EMDR. Je propose un &nbsp;accompagnement personnalis\u00e9 \u00e0 mon cabinet, situ\u00e9 <u>53 Boulevard Mar\u00e9chal Juin<\/u>, dans un centre multidisciplinaire (Centre Synergie).<\/h4>\n\n\n\n<h4 class=\"wp-block-heading has-black-color has-text-color has-link-color wp-elements-10\" style=\"font-size:16px\">La&nbsp;psychoth\u00e9rapie analytique conduit \u00e0 la &nbsp;confiance en soi, des relations fluides&nbsp; avec les autres, \u00e0 se lib\u00e9rer des angoisses&nbsp;et des peurs. La psychoth\u00e9rapie permet d&rsquo;\u00e9liminer des blocages&nbsp; et les r\u00e9p\u00e9titions de sch\u00e9mas qui emp\u00eachent d\u2019avancer. Enfin, elle aide \u00e0 mieux se comprendre, \u00e0 mieux comprendre nos \u00e9motions, nos d\u00e9sirs et nos besoins. Et par cons\u00e9quent, de mieux comprendre les autres.<\/h4>\n\n\n\n<h2 class=\"wp-block-heading\">Mes prestations<\/h2>\n\n\n\n<figure class=\"wp-block-image is-resized\"><img decoding=\"async\" src=\"https:\/\/psychotherapie-cagnes-sur-mer.fr\/wp-content\/uploads\/2025\/03\/tete.png\" alt=\"\" style=\"aspect-ratio:1.0571428571428572;width:222px;height:auto\"\/><\/figure>\n\n\n\n<p class=\"wp-block-paragraph\"><\/p>\n\n\n\n<h3 class=\"wp-block-heading\">Th\u00e9rapie individuelle<\/h3>\n\n\n\n<figure class=\"wp-block-image is-resized\"><img decoding=\"async\" src=\"https:\/\/psychotherapie-cagnes-sur-mer.fr\/wp-content\/uploads\/2025\/03\/coeur.png\" alt=\"\" style=\"aspect-ratio:1.1458333333333333;width:220px;height:auto\"\/><\/figure>\n\n\n\n<p class=\"wp-block-paragraph\"><\/p>\n\n\n\n<h3 class=\"wp-block-heading\">Th\u00e9rapie de couple<\/h3>\n\n\n\n<figure class=\"wp-block-image is-resized\"><img decoding=\"async\" src=\"https:\/\/psychotherapie-cagnes-sur-mer.fr\/wp-content\/uploads\/2025\/03\/personnage.png\" alt=\"\" style=\"aspect-ratio:0.6728971962616822;width:144px;height:auto\"\/><\/figure>\n\n\n\n<p class=\"wp-block-paragraph\"><\/p>\n\n\n\n<h3 class=\"wp-block-heading\">Adolescent<\/h3>\n\n\n\n<figure class=\"wp-block-image is-resized\"><img decoding=\"async\" src=\"https:\/\/psychotherapie-cagnes-sur-mer.fr\/wp-content\/uploads\/2025\/03\/oeil.png\" alt=\"\" style=\"aspect-ratio:1.3132530120481927;width:218px;height:auto\"\/><\/figure>\n\n\n\n<p class=\"wp-block-paragraph\"><\/p>\n\n\n\n<h3 class=\"wp-block-heading\">Quelles difficult\u00e9s la psychoth\u00e9rapie individuelle sont prises en charge ?<\/h3>\n\n\n\n<p class=\"wp-block-paragraph\">Tout type de mal-\u00eatre, toute difficult\u00e9 relationnelle, professionnelle, tout sentiment d&rsquo;impasse, toute forme de&nbsp;blocage, en fait tout ce qui vous&nbsp;emp\u00eache&nbsp;d&rsquo;avancer&nbsp;\u00e0 un moment de votre vie, peut \u00eatre abord\u00e9 en&nbsp;psychoth\u00e9rapie.<\/p>\n\n\n\n<ul class=\"wp-block-list\">\n<li>La difficult\u00e9 \u00e0 avoir confiance en soi<\/li>\n\n\n\n<li>Les probl\u00e9matiques de l&rsquo;attachement et de la s\u00e9paration.<\/li>\n\n\n\n<li>Les probl\u00e9matiques relationnelles (parent\/enfant, couple, famille).<\/li>\n\n\n\n<li>Les troubles de l&rsquo;humeur ( troubles d\u00e9pressifs, deuil , d\u00e9pression post-partum).<\/li>\n\n\n\n<li>Le stress au travail, burn-out.<\/li>\n\n\n\n<li>Les troubles de la conduite alimentaire (boulimie&#8230;).<\/li>\n\n\n\n<li>Les probl\u00e9matiques psychosomatiques.<\/li>\n\n\n\n<li>Les probl\u00e9matiques de l&rsquo;adolescence.<\/li>\n\n\n\n<li class=\"has-medium-font-size\">Les \u00e9v\u00e9nements traumatiques comme le divorce, le deuil, un licenciement.<\/li>\n\n\n\n<li class=\"has-medium-font-size\">Les probl\u00e8mes de couple.<\/li>\n\n\n\n<li class=\"has-medium-font-size\">Les addictions diverses.<\/li>\n\n\n\n<li class=\"has-medium-font-size\">Les \u00e9tats de stress post-traumatiques<\/li>\n\n\n\n<li class=\"has-medium-font-size\">L&rsquo;angoisse ou crises d&rsquo;angoisse.<\/li>\n\n\n\n<li class=\"has-medium-font-size\">Les phobies<\/li>\n\n\n\n<li style=\"font-size:15px\">Les T.O.C.<\/li>\n<\/ul>\n\n\n\n<p class=\"wp-block-paragraph\">&nbsp;<\/p>\n\n\n\n<figure class=\"wp-block-image is-resized\"><img decoding=\"async\" src=\"https:\/\/psychotherapie-cagnes-sur-mer.fr\/wp-content\/uploads\/2025\/03\/ACCUEIL-768x1064.webp\" alt=\"\" style=\"aspect-ratio:0.7218045112781954;width:768px;height:auto\"\/><\/figure>\n\n\n\n<p class=\"wp-block-paragraph\"><\/p>\n\n\n\n<h2 class=\"wp-block-heading\">Les diff\u00e9rentes modalit\u00e9s<\/h2>\n\n\n\n<h3 class=\"wp-block-heading\">Combien de temps dure une psychoth\u00e9rapie individuelle ?<\/h3>\n\n\n\n<p class=\"wp-block-paragraph\">La&nbsp;<b>dur\u00e9e d&rsquo;une psychoth\u00e9rapie&nbsp;<\/b>varie en fonction de la probl\u00e9matique du patient, de sa demande, de ses motivations, mais aussi du rythme des s\u00e9ances. Une<strong>&nbsp;th\u00e9rapie<\/strong>&nbsp;ne suit pas un chemin lin\u00e9aire; si l&rsquo;on mesure clairement certaines avanc\u00e9es, on se heurte \u00e0 des retours en arri\u00e8re ou des blocages appel\u00e9s \u00ab\u00a0r\u00e9sistances\u00a0\u00bb. C&rsquo;est une route parfois cahoteuse mais passionnante qui conduit \u00e0 soi-m\u00eame. La dur\u00e9e d\u2019une&nbsp;<strong>psychoth\u00e9rapie<\/strong>&nbsp;ressort de la d\u00e9cision du patient; celui-ci peut interrompre sa&nbsp;<b>psychoth\u00e9rapie&nbsp;<\/b>quand il le souhaite.<\/p>\n\n\n\n<h3 class=\"wp-block-heading\">Comment se d\u00e9roule une psychoth\u00e9rapie ?<\/h3>\n\n\n\n<p class=\"wp-block-paragraph\">Une&nbsp;<b>psychoth\u00e9rapie<\/b>&nbsp;se d\u00e9roule sous la forme d\u2019entretien de dur\u00e9e de&nbsp;<b>45 minutes<\/b>&nbsp;selon un rythme d&rsquo;<b>une s\u00e9ance par semaine&nbsp;<\/b>en g\u00e9n\u00e9ral. Le&nbsp;<strong>psychoth\u00e9rapeute<\/strong>&nbsp;n\u2019est pas l\u00e0 pour juger ou imposer des points de vue ni donner des directives ou des consignes. Son r\u00f4le consiste \u00e0 rep\u00e9rer les traces du pass\u00e9 dans le discours du patient , et de l&rsquo;aider \u00e0 faire des liens avec son v\u00e9cu actuel afin de le d\u00e9gager des&nbsp;<b>sch\u00e9mas<\/b>&nbsp;<b>r\u00e9p\u00e9titifs<\/b>&nbsp;scl\u00e9rosants et des&nbsp;<b>sympt\u00f4mes<\/b>&nbsp;handicapants.<\/p>\n\n\n\n<h3 class=\"wp-block-heading\">Comment se termine une psychoth\u00e9rapie ?<\/h3>\n\n\n\n<p class=\"wp-block-paragraph\">Le r\u00e9sultat d\u2019une&nbsp;<b>psychoth\u00e9rapie&nbsp;<\/b>varie d\u2019une personne \u00e0 l\u2019autre. Certains verront leur probl\u00e8me totalement r\u00e9solu au bout de quelques s\u00e9ances, pour d\u2019autres il faudra un travail un peu plus long.<\/p>\n\n\n\n<h3 class=\"wp-block-heading\">Combien co\u00fbte une psychoth\u00e9rapie ?<\/h3>\n\n\n\n<p class=\"wp-block-paragraph\">On sait que l&rsquo;Assurance Maladie ne prend pas en charge les s\u00e9ances de psychoth\u00e9rapie ( certaines mutuelles remboursent quelques s\u00e9ances par an )<\/p>\n\n\n\n<p class=\"wp-block-paragraph\">Cependant, elles repr\u00e9sentent un investissement, certes, mais rentable dans la mesure o\u00f9 une psychoth\u00e9rapie permet de se lib\u00e9rer des souffrances psychiques invalidantes.<\/p>\n\n\n\n<p class=\"wp-block-paragraph\">Il s&rsquo;agit de se poser la question&nbsp;: quel prix est-on pr\u00eat \u00e0 payer pour ne plus souffrir, quel&nbsp;<b>prix&nbsp;<\/b>est-on pr\u00eat \u00e0 payer pour (re)trouver une<b>&nbsp;vie sereine<\/b>&nbsp;?<\/p>\n\n\n\n<p class=\"wp-block-paragraph\">Les&nbsp;<strong>effets de la psychoth\u00e9rapie<\/strong>&nbsp;sont&nbsp;<b>durables&nbsp;<\/b>et pour certains aspects,&nbsp;<b>d\u00e9finitifs<\/b>.<\/p>\n\n\n\n<p class=\"wp-block-paragraph\">&nbsp;<\/p>\n\n\n\n<h2 class=\"wp-block-heading\">Les diff\u00e9rents psy<\/h2>\n\n\n\n<figure class=\"wp-block-image is-resized\"><img decoding=\"async\" src=\"https:\/\/psychotherapie-cagnes-sur-mer.fr\/wp-content\/uploads\/2025\/03\/icon-doc.png\" alt=\"\" style=\"aspect-ratio:0.9866071428571429;width:221px;height:auto\"\/><\/figure>\n\n\n\n<p class=\"wp-block-paragraph\"><\/p>\n\n\n\n<h3 class=\"wp-block-heading\">Le psychiatre<\/h3>\n\n\n\n<p class=\"wp-block-paragraph\">Ce &nbsp;sont des m\u00e9decins qui, apr\u00e8s leurs 7 ans de formation g\u00e9n\u00e9rale \u00e0 la m\u00e9decine se sont sp\u00e9cialis\u00e9s pendant minimum 5 ans dans le traitement des&nbsp;<b>troubles mentaux<\/b>.<\/p>\n\n\n\n<p class=\"wp-block-paragraph\">Ils sont habilit\u00e9s, en tant que m\u00e9decin, \u00e0 prescrire des neuroleptiques, des antid\u00e9presseurs et des tranquillisants.<\/p>\n\n\n\n<figure class=\"wp-block-image is-resized\"><img decoding=\"async\" src=\"https:\/\/psychotherapie-cagnes-sur-mer.fr\/wp-content\/uploads\/2025\/03\/icon-main.png\" alt=\"\" style=\"aspect-ratio:1.2404371584699454;width:227px;height:auto\"\/><\/figure>\n\n\n\n<p class=\"wp-block-paragraph\"><\/p>\n\n\n\n<h3 class=\"wp-block-heading\">Le psychoth\u00e9rapeute<\/h3>\n\n\n\n<p class=\"wp-block-paragraph\">Il a obtenu le titre de&nbsp;<b>psychologue<\/b>&nbsp;, compl\u00e9t\u00e9 par une formation \u00e0 la&nbsp;<b>relation<\/b>&nbsp;<b>d&rsquo;aide<\/b>.<\/p>\n\n\n\n<figure class=\"wp-block-image is-resized\"><img decoding=\"async\" src=\"https:\/\/psychotherapie-cagnes-sur-mer.fr\/wp-content\/uploads\/2025\/03\/croix.png\" alt=\"\" style=\"aspect-ratio:1.1840796019900497;width:238px;height:auto\"\/><\/figure>\n\n\n\n<p class=\"wp-block-paragraph\"><\/p>\n\n\n\n<h3 class=\"wp-block-heading\">Psychopraticien \/ psycho-analyste<\/h3>\n\n\n\n<p class=\"wp-block-paragraph\">Il a suivi une formation de 5 ans minimum dans des \u00e9coles ou instituts priv\u00e9s, formation qui inclut une&nbsp;<b>psychoth\u00e9rapie<\/b>&nbsp;personnelle, un enseignement th\u00e9orique et pratique, une ou plusieurs m\u00e9thodologies. Il est sp\u00e9cialis\u00e9 dans la&nbsp;<b>relation d&rsquo;aide<\/b>&nbsp;c&rsquo;est \u00e0 dire la clinique.<\/p>\n\n\n\n<figure class=\"wp-block-image is-resized\"><img decoding=\"async\" src=\"https:\/\/psychotherapie-cagnes-sur-mer.fr\/wp-content\/uploads\/2025\/03\/fleches.png\" alt=\"\" style=\"aspect-ratio:1.3892215568862276;width:232px;height:auto\"\/><\/figure>\n\n\n\n<p class=\"wp-block-paragraph\"><\/p>\n\n\n\n<h3 class=\"wp-block-heading\">Le psychologue<\/h3>\n\n\n\n<p class=\"wp-block-paragraph\">Le<b>&nbsp;psychologue<\/b>&nbsp;conna\u00eet les techniques d\u2019entretien mais n&rsquo;est pas n\u00e9cessairement \u00ab<b>&nbsp;th\u00e9rapeute&nbsp;<\/b>\u00bb ou clinicien. Il \u00e9tudie et aide \u00e0 la compr\u00e9hension du comportement humain, de la personnalit\u00e9, des relations interpersonnelles. Il a suivi une formation universitaire pendant 5 ans. Il propose des th\u00e9rapies en rapport avec son cadre th\u00e9orique et sa sp\u00e9cialit\u00e9&nbsp;: psychologie clinique, du travail, psychop\u00e9dagogie, psychologie du d\u00e9veloppement, neuro-psychologie\u2026<\/p>\n\n\n\n<figure class=\"wp-block-image is-resized\"><img decoding=\"async\" src=\"https:\/\/psychotherapie-cagnes-sur-mer.fr\/wp-content\/uploads\/2025\/03\/fauteuil.png\" alt=\"\" style=\"aspect-ratio:1.4038461538461537;width:219px;height:auto\"\/><\/figure>\n\n\n\n<p class=\"wp-block-paragraph\"><\/p>\n\n\n\n<h3 class=\"wp-block-heading\">Le psychanalyste<\/h3>\n\n\n\n<p class=\"wp-block-paragraph\">Il&nbsp;n&rsquo;est pas obligatoirement&nbsp;m\u00e9decin, psychologue ou psychiatre ; ce qui lui conf\u00e8re le titre de psychanalyste est qu\u2019il a fait une psychanalyse personnelle \u00e0 caract\u00e8re didactique, compl\u00e9t\u00e9e par une formation th\u00e9orique et clinique.<\/p>\n\n\n\n<p class=\"wp-block-paragraph\">Il propose un travail en profondeur dans l\u2019<b>inconscient<\/b>.<\/p>\n\n\n\n<p class=\"wp-block-paragraph\">C\u2019est chez son<strong>&nbsp;psychanalyste&nbsp;<\/strong>que l\u2019on peut<strong>&nbsp;<\/strong>s\u2019allonger sur un<strong>&nbsp;divan.<\/strong><\/p>\n\n\n\n<h2 class=\"wp-block-heading\">&nbsp;<\/h2>\n\n\n\n<h2 class=\"wp-block-heading\">Derniers t\u00e9moignages<\/h2>\n\n\n\n<p class=\"wp-block-paragraph\"><pre class=\"ti-widget\" style=\"display: none\"><template id=\"trustindex-google-widget-html\"><div class=\" ti-widget  ti-goog ti-no-profile-img ti-disable-animation ti-review-text-mode-readmore ti-text-align-left\" data-no-translation=\"true\" data-plugin-version=\"13.3.1\" data-layout-id=\"4\" data-layout-category=\"slider\" data-set-id=\"light-background\" data-pid=\"\" data-language=\"fr\" data-close-locale=\"Fermer\" data-review-target-width=\"300\" data-css-version=\"2\" data-reply-by-locale=\"R\u00e9ponse du propri\u00e9taire\" data-only-rating-locale=\"Cet utilisateur a uniquement laiss\u00e9 une \u00e9valuation.\" data-pager-autoplay-timeout=\"6\"> <div class=\"ti-widget-container ti-col-3\"> <div class=\"ti-reviews-container\"> <div class=\"ti-controls\"> <div class=\"ti-next\" aria-label=\"Avis suivante\" role=\"button\" tabindex=\"0\"><\/div> <div class=\"ti-prev\" aria-label=\"Avis pr\u00e9c\u00e9dent\" role=\"button\" tabindex=\"0\"><\/div> <\/div> <div class=\"ti-reviews-container-wrapper\">  <div data-empty=\"0\" class=\"ti-review-item source-Google ti-image-layout-thumbnail\" data-time=\"\" data-id=\"cfcd208495d565ef66e7dff9f98764da\" data-language=\"\"> <div class=\"ti-inner\"> <div class=\"ti-review-header\"> <div class=\"ti-platform-icon ti-with-tooltip\"> <span class=\"ti-tooltip\">Publi\u00e9 sur Google<\/span> <trustindex-image data-imgurl=\"https:\/\/cdn.trustindex.io\/assets\/platform\/Google\/icon.svg\" alt=\"Google\" width=\"20\" height=\"20\" loading=\"lazy\"><\/trustindex-image> <\/div>  <div class=\"ti-profile-details\"> <div class=\"ti-name\"> CORINNE EXCOFFIER <\/div> <div class=\"ti-date\">27 Mars 2024<\/div> <\/div> <\/div> <span class=\"ti-stars\"><trustindex-image class=\"ti-star\" data-imgurl=\"https:\/\/cdn.trustindex.io\/assets\/platform\/Google\/star\/f.svg\" alt=\"Google star 1\" width=\"17\" height=\"17\" loading=\"lazy\"><\/trustindex-image><trustindex-image class=\"ti-star\" data-imgurl=\"https:\/\/cdn.trustindex.io\/assets\/platform\/Google\/star\/f.svg\" alt=\"Google star 2\" width=\"17\" height=\"17\" loading=\"lazy\"><\/trustindex-image><trustindex-image class=\"ti-star\" data-imgurl=\"https:\/\/cdn.trustindex.io\/assets\/platform\/Google\/star\/f.svg\" alt=\"Google star 3\" width=\"17\" height=\"17\" loading=\"lazy\"><\/trustindex-image><trustindex-image class=\"ti-star\" data-imgurl=\"https:\/\/cdn.trustindex.io\/assets\/platform\/Google\/star\/f.svg\" alt=\"Google star 4\" width=\"17\" height=\"17\" loading=\"lazy\"><\/trustindex-image><trustindex-image class=\"ti-star\" data-imgurl=\"https:\/\/cdn.trustindex.io\/assets\/platform\/Google\/star\/f.svg\" alt=\"Google star 5\" width=\"17\" height=\"17\" loading=\"lazy\"><\/trustindex-image><span class=\"ti-verified-review ti-verified-platform\"><span class=\"ti-verified-tooltip\">Trustindex v\u00e9rifie que la source originale de l'avis est Google.<\/span><\/span><\/span> <div class=\"ti-review-text-container ti-review-content\"><!-- R-CONTENT -->Madame Eskenazi est tr\u00e8s \u00e0 l\u2019\u00e9coute et gr\u00e2ce \u00e0 elle, j\u2019ai gagn\u00e9 en positivit\u00e9<!-- R-CONTENT --><\/div> <span class=\"ti-read-more\" data-container=\".ti-review-content\" data-collapse-text=\"Cacher\" data-open-text=\"Lire la suite\"><\/span> <\/div> <\/div>  <div data-empty=\"0\" class=\"ti-review-item source-Google ti-image-layout-thumbnail\" data-time=\"\" data-id=\"cfcd208495d565ef66e7dff9f98764da\" data-language=\"\"> <div class=\"ti-inner\"> <div class=\"ti-review-header\"> <div class=\"ti-platform-icon ti-with-tooltip\"> <span class=\"ti-tooltip\">Publi\u00e9 sur Google<\/span> <trustindex-image data-imgurl=\"https:\/\/cdn.trustindex.io\/assets\/platform\/Google\/icon.svg\" alt=\"Google\" width=\"20\" height=\"20\" loading=\"lazy\"><\/trustindex-image> <\/div>  <div class=\"ti-profile-details\"> <div class=\"ti-name\"> Gregory Nossardi <\/div> <div class=\"ti-date\">26 Mars 2023<\/div> <\/div> <\/div> <span class=\"ti-stars\"><trustindex-image class=\"ti-star\" data-imgurl=\"https:\/\/cdn.trustindex.io\/assets\/platform\/Google\/star\/f.svg\" alt=\"Google star 1\" width=\"17\" height=\"17\" loading=\"lazy\"><\/trustindex-image><trustindex-image class=\"ti-star\" data-imgurl=\"https:\/\/cdn.trustindex.io\/assets\/platform\/Google\/star\/f.svg\" alt=\"Google star 2\" width=\"17\" height=\"17\" loading=\"lazy\"><\/trustindex-image><trustindex-image class=\"ti-star\" data-imgurl=\"https:\/\/cdn.trustindex.io\/assets\/platform\/Google\/star\/f.svg\" alt=\"Google star 3\" width=\"17\" height=\"17\" loading=\"lazy\"><\/trustindex-image><trustindex-image class=\"ti-star\" data-imgurl=\"https:\/\/cdn.trustindex.io\/assets\/platform\/Google\/star\/f.svg\" alt=\"Google star 4\" width=\"17\" height=\"17\" loading=\"lazy\"><\/trustindex-image><trustindex-image class=\"ti-star\" data-imgurl=\"https:\/\/cdn.trustindex.io\/assets\/platform\/Google\/star\/f.svg\" alt=\"Google star 5\" width=\"17\" height=\"17\" loading=\"lazy\"><\/trustindex-image><span class=\"ti-verified-review ti-verified-platform\"><span class=\"ti-verified-tooltip\">Trustindex v\u00e9rifie que la source originale de l'avis est Google.<\/span><\/span><\/span> <div class=\"ti-review-text-container ti-review-content\"><!-- R-CONTENT -->Psychotherapeute  tr\u00e8s \u00e0 l'\u00e9coute et investie,   nous guide dans notre r\u00e9flexion et nous permet d'avancer.\nJe la recommande chaudement.<!-- R-CONTENT --><\/div> <span class=\"ti-read-more\" data-container=\".ti-review-content\" data-collapse-text=\"Cacher\" data-open-text=\"Lire la suite\"><\/span> <\/div> <\/div>  <div data-empty=\"0\" class=\"ti-review-item source-Google ti-image-layout-thumbnail\" data-time=\"\" data-id=\"cfcd208495d565ef66e7dff9f98764da\" data-language=\"\"> <div class=\"ti-inner\"> <div class=\"ti-review-header\"> <div class=\"ti-platform-icon ti-with-tooltip\"> <span class=\"ti-tooltip\">Publi\u00e9 sur Google<\/span> <trustindex-image data-imgurl=\"https:\/\/cdn.trustindex.io\/assets\/platform\/Google\/icon.svg\" alt=\"Google\" width=\"20\" height=\"20\" loading=\"lazy\"><\/trustindex-image> <\/div>  <div class=\"ti-profile-details\"> <div class=\"ti-name\"> L\u00e9a mejri <\/div> <div class=\"ti-date\">23 Juillet 2019<\/div> <\/div> <\/div> <span class=\"ti-stars\"><trustindex-image class=\"ti-star\" data-imgurl=\"https:\/\/cdn.trustindex.io\/assets\/platform\/Google\/star\/f.svg\" alt=\"Google star 1\" width=\"17\" height=\"17\" loading=\"lazy\"><\/trustindex-image><trustindex-image class=\"ti-star\" data-imgurl=\"https:\/\/cdn.trustindex.io\/assets\/platform\/Google\/star\/f.svg\" alt=\"Google star 2\" width=\"17\" height=\"17\" loading=\"lazy\"><\/trustindex-image><trustindex-image class=\"ti-star\" data-imgurl=\"https:\/\/cdn.trustindex.io\/assets\/platform\/Google\/star\/f.svg\" alt=\"Google star 3\" width=\"17\" height=\"17\" loading=\"lazy\"><\/trustindex-image><trustindex-image class=\"ti-star\" data-imgurl=\"https:\/\/cdn.trustindex.io\/assets\/platform\/Google\/star\/f.svg\" alt=\"Google star 4\" width=\"17\" height=\"17\" loading=\"lazy\"><\/trustindex-image><trustindex-image class=\"ti-star\" data-imgurl=\"https:\/\/cdn.trustindex.io\/assets\/platform\/Google\/star\/f.svg\" alt=\"Google star 5\" width=\"17\" height=\"17\" loading=\"lazy\"><\/trustindex-image><span class=\"ti-verified-review ti-verified-platform\"><span class=\"ti-verified-tooltip\">Trustindex v\u00e9rifie que la source originale de l'avis est Google.<\/span><\/span><\/span> <div class=\"ti-review-text-container ti-review-content\"><!-- R-CONTENT -->Tr\u00e8s \u00e0 l'\u00e9coute\nRien que parler avec dr V\u00e9ronique me fait beaucoup de bien et me redonne le sourire.\nJe salue particuli\u00e8rement ses qualit\u00e9s humaines, sa disponibilit\u00e9 et son professionnalisme.<!-- R-CONTENT --><\/div> <span class=\"ti-read-more\" data-container=\".ti-review-content\" data-collapse-text=\"Cacher\" data-open-text=\"Lire la suite\"><\/span> <\/div> <\/div>  <div data-empty=\"0\" class=\"ti-review-item source-Google ti-image-layout-thumbnail\" data-time=\"\" data-id=\"cfcd208495d565ef66e7dff9f98764da\" data-language=\"\"> <div class=\"ti-inner\"> <div class=\"ti-review-header\"> <div class=\"ti-platform-icon ti-with-tooltip\"> <span class=\"ti-tooltip\">Publi\u00e9 sur Google<\/span> <trustindex-image data-imgurl=\"https:\/\/cdn.trustindex.io\/assets\/platform\/Google\/icon.svg\" alt=\"Google\" width=\"20\" height=\"20\" loading=\"lazy\"><\/trustindex-image> <\/div>  <div class=\"ti-profile-details\"> <div class=\"ti-name\"> Catherine Gamelin <\/div> <div class=\"ti-date\">23 Mai 2017<\/div> <\/div> <\/div> <span class=\"ti-stars\"><trustindex-image class=\"ti-star\" data-imgurl=\"https:\/\/cdn.trustindex.io\/assets\/platform\/Google\/star\/f.svg\" alt=\"Google star 1\" width=\"17\" height=\"17\" loading=\"lazy\"><\/trustindex-image><trustindex-image class=\"ti-star\" data-imgurl=\"https:\/\/cdn.trustindex.io\/assets\/platform\/Google\/star\/f.svg\" alt=\"Google star 2\" width=\"17\" height=\"17\" loading=\"lazy\"><\/trustindex-image><trustindex-image class=\"ti-star\" data-imgurl=\"https:\/\/cdn.trustindex.io\/assets\/platform\/Google\/star\/f.svg\" alt=\"Google star 3\" width=\"17\" height=\"17\" loading=\"lazy\"><\/trustindex-image><trustindex-image class=\"ti-star\" data-imgurl=\"https:\/\/cdn.trustindex.io\/assets\/platform\/Google\/star\/f.svg\" alt=\"Google star 4\" width=\"17\" height=\"17\" loading=\"lazy\"><\/trustindex-image><trustindex-image class=\"ti-star\" data-imgurl=\"https:\/\/cdn.trustindex.io\/assets\/platform\/Google\/star\/f.svg\" alt=\"Google star 5\" width=\"17\" height=\"17\" loading=\"lazy\"><\/trustindex-image><span class=\"ti-verified-review ti-verified-platform\"><span class=\"ti-verified-tooltip\">Trustindex v\u00e9rifie que la source originale de l'avis est Google.<\/span><\/span><\/span> <div class=\"ti-review-text-container ti-review-content\"><!-- R-CONTENT -->Professionnelle, tr\u00e8s \u00e0 l'\u00e9coute et impliqu\u00e9e avec ses patients.<!-- R-CONTENT --><\/div> <span class=\"ti-read-more\" data-container=\".ti-review-content\" data-collapse-text=\"Cacher\" data-open-text=\"Lire la suite\"><\/span> <\/div> <\/div>  <\/div> <div class=\"ti-controls-line\"> <div class=\"dot\"><\/div> <\/div> <\/div>    <\/div> <\/div> <\/template><\/pre><div data-src=\"https:\/\/cdn.trustindex.io\/loader.js?wp-widget\" data-template-id=\"trustindex-google-widget-html\" data-css-url=\"https:\/\/psychotherapie-cagnes-sur-mer.fr\/wp-content\/uploads\/trustindex-google-widget.css?1779695549\"><\/div> <a href=\"https:\/\/www.psychologue.net\/cabinets\/veronique-eskenazi\/opinions\" target=\"_blank\" rel=\"noopener\"><br>D\u00e9couvrir les autres t\u00e9moignages<br><\/a><\/p>\n\n\n\n<h2 class=\"wp-block-heading\">&nbsp;<\/h2>\n\n\n\n<h2 class=\"wp-block-heading\">&nbsp;<\/h2>\n\n\n\n<h2 class=\"wp-block-heading\"><\/h2>\n\n\n\n<p class=\"wp-block-paragraph\"><\/p>\n","protected":false},"excerpt":{"rendered":"<p>\ud83d\udcde CLIQUER POUR APPELER : 06 49 95 72 86 Psychoth\u00e9rapeute \u00e0 Cagnes-sur- Mer. 06800.&nbsp; V\u00e9ronique Eskenazi. Th\u00e9rapies individuelles,&nbsp; Th\u00e9rapies de couple,&nbsp; EMDR &nbsp; &nbsp; &nbsp; &nbsp; Le cabinet se trouve 53 boulevard Mar\u00e9chal Juin 06800 Cagnes-sur-Mer &nbsp; &nbsp; &nbsp; &nbsp; &nbsp; &nbsp; &nbsp; &nbsp; Horaires Du Lundi au Vendredi de 10h \u00e0 19h30&nbsp; &nbsp; [&hellip;]<\/p>\n","protected":false},"author":1,"featured_media":0,"parent":0,"menu_order":0,"comment_status":"closed","ping_status":"closed","template":"","meta":{"footnotes":""},"categories":[],"class_list":["post-14","page","type-page","status-publish","hentry"],"yoast_head":"<!-- This site is optimized with the Yoast SEO plugin v28.2 - https:\/\/yoast.com\/product\/yoast-seo-wordpress\/ -->\n<title>Cabinet de psychoth\u00e9rapie - psychotherapie-cagnes-sur-mer.fr<\/title>\n<meta name=\"robots\" content=\"index, follow, max-snippet:-1, max-image-preview:large, max-video-preview:-1\" \/>\n<link rel=\"canonical\" href=\"https:\/\/psychotherapie-cagnes-sur-mer.fr\/\" \/>\n<meta property=\"og:locale\" content=\"fr_FR\" \/>\n<meta property=\"og:type\" content=\"article\" \/>\n<meta property=\"og:title\" content=\"Cabinet de psychoth\u00e9rapie - psychotherapie-cagnes-sur-mer.fr\" \/>\n<meta property=\"og:description\" content=\"\ud83d\udcde CLIQUER POUR APPELER : 06 49 95 72 86 Psychoth\u00e9rapeute \u00e0 Cagnes-sur- Mer. 06800.&nbsp; V\u00e9ronique Eskenazi. Th\u00e9rapies individuelles,&nbsp; Th\u00e9rapies de couple,&nbsp; EMDR &nbsp; &nbsp; &nbsp; &nbsp; Le cabinet se trouve 53 boulevard Mar\u00e9chal Juin 06800 Cagnes-sur-Mer &nbsp; &nbsp; &nbsp; &nbsp; &nbsp; &nbsp; &nbsp; &nbsp; Horaires Du Lundi au Vendredi de 10h \u00e0 19h30&nbsp; &nbsp; [&hellip;]\" \/>\n<meta property=\"og:url\" content=\"https:\/\/psychotherapie-cagnes-sur-mer.fr\/\" \/>\n<meta property=\"og:site_name\" content=\"psychotherapie-cagnes-sur-mer.fr\" \/>\n<meta property=\"article:modified_time\" content=\"2026-09-05T12:27:41+00:00\" \/>\n<meta property=\"og:image\" content=\"https:\/\/psychotherapie-cagnes-sur-mer.fr\/wp-content\/uploads\/2025\/03\/20250311_103519-e1771155359132.webp\" \/>\n\t<meta property=\"og:image:width\" content=\"1745\" \/>\n\t<meta property=\"og:image:height\" content=\"1880\" \/>\n\t<meta property=\"og:image:type\" content=\"image\/webp\" \/>\n<meta name=\"twitter:card\" content=\"summary_large_image\" \/>\n<meta name=\"twitter:label1\" content=\"Dur\u00e9e de lecture estim\u00e9e\" \/>\n\t<meta name=\"twitter:data1\" content=\"7 minutes\" \/>\n<script type=\"application\/ld+json\" class=\"yoast-schema-graph\">{\"@context\":\"https:\\\/\\\/schema.org\",\"@graph\":[{\"@type\":\"WebPage\",\"@id\":\"https:\\\/\\\/psychotherapie-cagnes-sur-mer.fr\\\/\",\"url\":\"https:\\\/\\\/psychotherapie-cagnes-sur-mer.fr\\\/\",\"name\":\"Cabinet de psychoth\u00e9rapie - psychotherapie-cagnes-sur-mer.fr\",\"isPartOf\":{\"@id\":\"https:\\\/\\\/psychotherapie-cagnes-sur-mer.fr\\\/#website\"},\"primaryImageOfPage\":{\"@id\":\"https:\\\/\\\/psychotherapie-cagnes-sur-mer.fr\\\/#primaryimage\"},\"image\":{\"@id\":\"https:\\\/\\\/psychotherapie-cagnes-sur-mer.fr\\\/#primaryimage\"},\"thumbnailUrl\":\"https:\\\/\\\/psychotherapie-cagnes-sur-mer.fr\\\/wp-content\\\/uploads\\\/2025\\\/03\\\/20250311_103519-279x300.webp\",\"datePublished\":\"2025-03-19T10:35:17+00:00\",\"dateModified\":\"2026-09-05T12:27:41+00:00\",\"breadcrumb\":{\"@id\":\"https:\\\/\\\/psychotherapie-cagnes-sur-mer.fr\\\/#breadcrumb\"},\"inLanguage\":\"fr-FR\",\"potentialAction\":[{\"@type\":\"ReadAction\",\"target\":[\"https:\\\/\\\/psychotherapie-cagnes-sur-mer.fr\\\/\"]}]},{\"@type\":\"ImageObject\",\"inLanguage\":\"fr-FR\",\"@id\":\"https:\\\/\\\/psychotherapie-cagnes-sur-mer.fr\\\/#primaryimage\",\"url\":\"https:\\\/\\\/psychotherapie-cagnes-sur-mer.fr\\\/wp-content\\\/uploads\\\/2025\\\/03\\\/20250311_103519-e1771155359132.webp\",\"contentUrl\":\"https:\\\/\\\/psychotherapie-cagnes-sur-mer.fr\\\/wp-content\\\/uploads\\\/2025\\\/03\\\/20250311_103519-e1771155359132.webp\",\"width\":1745,\"height\":1880},{\"@type\":\"BreadcrumbList\",\"@id\":\"https:\\\/\\\/psychotherapie-cagnes-sur-mer.fr\\\/#breadcrumb\",\"itemListElement\":[{\"@type\":\"ListItem\",\"position\":1,\"name\":\"Home\",\"item\":\"https:\\\/\\\/psychotherapie-cagnes-sur-mer.fr\\\/\"},{\"@type\":\"ListItem\",\"position\":2,\"name\":\"Cabinet de psychoth\u00e9rapie\"}]},{\"@type\":\"WebSite\",\"@id\":\"https:\\\/\\\/psychotherapie-cagnes-sur-mer.fr\\\/#website\",\"url\":\"https:\\\/\\\/psychotherapie-cagnes-sur-mer.fr\\\/\",\"name\":\"psychotherapie-cagnes-sur-mer.fr\",\"description\":\"\",\"publisher\":{\"@id\":\"https:\\\/\\\/psychotherapie-cagnes-sur-mer.fr\\\/#organization\"},\"potentialAction\":[{\"@type\":\"SearchAction\",\"target\":{\"@type\":\"EntryPoint\",\"urlTemplate\":\"https:\\\/\\\/psychotherapie-cagnes-sur-mer.fr\\\/?s={search_term_string}\"},\"query-input\":{\"@type\":\"PropertyValueSpecification\",\"valueRequired\":true,\"valueName\":\"search_term_string\"}}],\"inLanguage\":\"fr-FR\"},{\"@type\":\"Organization\",\"@id\":\"https:\\\/\\\/psychotherapie-cagnes-sur-mer.fr\\\/#organization\",\"name\":\"psychotherapie-cagnes-sur-mer.fr\",\"url\":\"https:\\\/\\\/psychotherapie-cagnes-sur-mer.fr\\\/\",\"logo\":{\"@type\":\"ImageObject\",\"inLanguage\":\"fr-FR\",\"@id\":\"https:\\\/\\\/psychotherapie-cagnes-sur-mer.fr\\\/#\\\/schema\\\/logo\\\/image\\\/\",\"url\":\"https:\\\/\\\/psychotherapie-cagnes-sur-mer.fr\\\/wp-content\\\/uploads\\\/2025\\\/03\\\/cropped-TCA.webp\",\"contentUrl\":\"https:\\\/\\\/psychotherapie-cagnes-sur-mer.fr\\\/wp-content\\\/uploads\\\/2025\\\/03\\\/cropped-TCA.webp\",\"width\":512,\"height\":512,\"caption\":\"psychotherapie-cagnes-sur-mer.fr\"},\"image\":{\"@id\":\"https:\\\/\\\/psychotherapie-cagnes-sur-mer.fr\\\/#\\\/schema\\\/logo\\\/image\\\/\"}}]}<\/script>\n<!-- \/ Yoast SEO plugin. -->","yoast_head_json":{"title":"Cabinet de psychoth\u00e9rapie - psychotherapie-cagnes-sur-mer.fr","robots":{"index":"index","follow":"follow","max-snippet":"max-snippet:-1","max-image-preview":"max-image-preview:large","max-video-preview":"max-video-preview:-1"},"canonical":"https:\/\/psychotherapie-cagnes-sur-mer.fr\/","og_locale":"fr_FR","og_type":"article","og_title":"Cabinet de psychoth\u00e9rapie - psychotherapie-cagnes-sur-mer.fr","og_description":"\ud83d\udcde CLIQUER POUR APPELER : 06 49 95 72 86 Psychoth\u00e9rapeute \u00e0 Cagnes-sur- Mer. 06800.&nbsp; V\u00e9ronique Eskenazi. Th\u00e9rapies individuelles,&nbsp; Th\u00e9rapies de couple,&nbsp; EMDR &nbsp; &nbsp; &nbsp; &nbsp; Le cabinet se trouve 53 boulevard Mar\u00e9chal Juin 06800 Cagnes-sur-Mer &nbsp; &nbsp; &nbsp; &nbsp; &nbsp; &nbsp; &nbsp; &nbsp; Horaires Du Lundi au Vendredi de 10h \u00e0 19h30&nbsp; &nbsp; [&hellip;]","og_url":"https:\/\/psychotherapie-cagnes-sur-mer.fr\/","og_site_name":"psychotherapie-cagnes-sur-mer.fr","article_modified_time":"2026-09-05T12:27:41+00:00","og_image":[{"width":1745,"height":1880,"url":"https:\/\/psychotherapie-cagnes-sur-mer.fr\/wp-content\/uploads\/2025\/03\/20250311_103519-e1771155359132.webp","type":"image\/webp"}],"twitter_card":"summary_large_image","twitter_misc":{"Dur\u00e9e de lecture estim\u00e9e":"7 minutes"},"schema":{"@context":"https:\/\/schema.org","@graph":[{"@type":"WebPage","@id":"https:\/\/psychotherapie-cagnes-sur-mer.fr\/","url":"https:\/\/psychotherapie-cagnes-sur-mer.fr\/","name":"Cabinet de psychoth\u00e9rapie - psychotherapie-cagnes-sur-mer.fr","isPartOf":{"@id":"https:\/\/psychotherapie-cagnes-sur-mer.fr\/#website"},"primaryImageOfPage":{"@id":"https:\/\/psychotherapie-cagnes-sur-mer.fr\/#primaryimage"},"image":{"@id":"https:\/\/psychotherapie-cagnes-sur-mer.fr\/#primaryimage"},"thumbnailUrl":"https:\/\/psychotherapie-cagnes-sur-mer.fr\/wp-content\/uploads\/2025\/03\/20250311_103519-279x300.webp","datePublished":"2025-03-19T10:35:17+00:00","dateModified":"2026-09-05T12:27:41+00:00","breadcrumb":{"@id":"https:\/\/psychotherapie-cagnes-sur-mer.fr\/#breadcrumb"},"inLanguage":"fr-FR","potentialAction":[{"@type":"ReadAction","target":["https:\/\/psychotherapie-cagnes-sur-mer.fr\/"]}]},{"@type":"ImageObject","inLanguage":"fr-FR","@id":"https:\/\/psychotherapie-cagnes-sur-mer.fr\/#primaryimage","url":"https:\/\/psychotherapie-cagnes-sur-mer.fr\/wp-content\/uploads\/2025\/03\/20250311_103519-e1771155359132.webp","contentUrl":"https:\/\/psychotherapie-cagnes-sur-mer.fr\/wp-content\/uploads\/2025\/03\/20250311_103519-e1771155359132.webp","width":1745,"height":1880},{"@type":"BreadcrumbList","@id":"https:\/\/psychotherapie-cagnes-sur-mer.fr\/#breadcrumb","itemListElement":[{"@type":"ListItem","position":1,"name":"Home","item":"https:\/\/psychotherapie-cagnes-sur-mer.fr\/"},{"@type":"ListItem","position":2,"name":"Cabinet de psychoth\u00e9rapie"}]},{"@type":"WebSite","@id":"https:\/\/psychotherapie-cagnes-sur-mer.fr\/#website","url":"https:\/\/psychotherapie-cagnes-sur-mer.fr\/","name":"psychotherapie-cagnes-sur-mer.fr","description":"","publisher":{"@id":"https:\/\/psychotherapie-cagnes-sur-mer.fr\/#organization"},"potentialAction":[{"@type":"SearchAction","target":{"@type":"EntryPoint","urlTemplate":"https:\/\/psychotherapie-cagnes-sur-mer.fr\/?s={search_term_string}"},"query-input":{"@type":"PropertyValueSpecification","valueRequired":true,"valueName":"search_term_string"}}],"inLanguage":"fr-FR"},{"@type":"Organization","@id":"https:\/\/psychotherapie-cagnes-sur-mer.fr\/#organization","name":"psychotherapie-cagnes-sur-mer.fr","url":"https:\/\/psychotherapie-cagnes-sur-mer.fr\/","logo":{"@type":"ImageObject","inLanguage":"fr-FR","@id":"https:\/\/psychotherapie-cagnes-sur-mer.fr\/#\/schema\/logo\/image\/","url":"https:\/\/psychotherapie-cagnes-sur-mer.fr\/wp-content\/uploads\/2025\/03\/cropped-TCA.webp","contentUrl":"https:\/\/psychotherapie-cagnes-sur-mer.fr\/wp-content\/uploads\/2025\/03\/cropped-TCA.webp","width":512,"height":512,"caption":"psychotherapie-cagnes-sur-mer.fr"},"image":{"@id":"https:\/\/psychotherapie-cagnes-sur-mer.fr\/#\/schema\/logo\/image\/"}}]}},"_links":{"self":[{"href":"https:\/\/psychotherapie-cagnes-sur-mer.fr\/wp-json\/wp\/v2\/pages\/14","targetHints":{"allow":["GET"]}}],"collection":[{"href":"https:\/\/psychotherapie-cagnes-sur-mer.fr\/wp-json\/wp\/v2\/pages"}],"about":[{"href":"https:\/\/psychotherapie-cagnes-sur-mer.fr\/wp-json\/wp\/v2\/types\/page"}],"author":[{"embeddable":true,"href":"https:\/\/psychotherapie-cagnes-sur-mer.fr\/wp-json\/wp\/v2\/users\/1"}],"replies":[{"embeddable":true,"href":"https:\/\/psychotherapie-cagnes-sur-mer.fr\/wp-json\/wp\/v2\/comments?post=14"}],"version-history":[{"count":255,"href":"https:\/\/psychotherapie-cagnes-sur-mer.fr\/wp-json\/wp\/v2\/pages\/14\/revisions"}],"predecessor-version":[{"id":1338,"href":"https:\/\/psychotherapie-cagnes-sur-mer.fr\/wp-json\/wp\/v2\/pages\/14\/revisions\/1338"}],"wp:attachment":[{"href":"https:\/\/psychotherapie-cagnes-sur-mer.fr\/wp-json\/wp\/v2\/media?parent=14"}],"wp:term":[{"taxonomy":"category","embeddable":true,"href":"https:\/\/psychotherapie-cagnes-sur-mer.fr\/wp-json\/wp\/v2\/categories?post=14"}],"curies":[{"name":"wp","href":"https:\/\/api.w.org\/{rel}","templated":true}]}}