{"id":27,"date":"2025-03-19T10:46:54","date_gmt":"2025-03-19T10:46:54","guid":{"rendered":"https:\/\/psychotherapie-cagnes-sur-mer.fr\/?page_id=27"},"modified":"2025-10-01T16:53:34","modified_gmt":"2025-10-01T16:53:34","slug":"therapie-individuelle","status":"publish","type":"page","link":"https:\/\/psychotherapie-cagnes-sur-mer.fr\/therapie-individuelle\/","title":{"rendered":"Th\u00e9rapie individuelle \u00e0\u00a0Cagnes-sur-Mer (06800)"},"content":{"rendered":"\t\t<div data-elementor-type=\"wp-page\" data-elementor-id=\"27\" class=\"elementor elementor-27\" data-elementor-post-type=\"page\">\n\t\t\t\t<div class=\"elementor-element elementor-element-985f00b e-flex e-con-boxed e-con e-parent\" data-id=\"985f00b\" data-element_type=\"container\" data-e-type=\"container\" data-settings=\"{&quot;background_background&quot;:&quot;classic&quot;}\">\n\t\t\t\t\t<div class=\"e-con-inner\">\n\t\t\t\t<div class=\"elementor-element elementor-element-ced239c elementor-widget elementor-widget-heading\" data-id=\"ced239c\" data-element_type=\"widget\" data-e-type=\"widget\" data-widget_type=\"heading.default\">\n\t\t\t\t\t<h1 class=\"elementor-heading-title elementor-size-default\">Psychoth\u00e9rapie individuelle \u00e0 Cagnes-sur-Mer (06800) .psychoth\u00e9rapeute. V\u00e9ronique Eskenazi <\/h1>\t\t\t\t<\/div>\n\t\t\t\t\t<\/div>\n\t\t\t\t<\/div>\n\t\t<div class=\"elementor-element elementor-element-de504b6 e-flex e-con-boxed e-con e-parent\" data-id=\"de504b6\" data-element_type=\"container\" data-e-type=\"container\" data-settings=\"{&quot;background_background&quot;:&quot;classic&quot;}\">\n\t\t\t\t\t<div class=\"e-con-inner\">\n\t\t<div class=\"elementor-element elementor-element-e593b42 e-con-full e-flex e-con e-child\" data-id=\"e593b42\" data-element_type=\"container\" data-e-type=\"container\" data-settings=\"{&quot;background_background&quot;:&quot;classic&quot;}\">\n\t\t<div class=\"elementor-element elementor-element-a7d7dd3 e-con-full e-flex e-con e-child\" data-id=\"a7d7dd3\" data-element_type=\"container\" data-e-type=\"container\">\n\t\t\t\t<div class=\"elementor-element elementor-element-e745634 elementor-widget__width-auto elementor-widget elementor-widget-heading\" data-id=\"e745634\" data-element_type=\"widget\" data-e-type=\"widget\" data-widget_type=\"heading.default\">\n\t\t\t\t\t<h2 class=\"elementor-heading-title elementor-size-default\">Qu'est-ce que la psychoth\u00e9rapie analytique ?<\/h2>\t\t\t\t<\/div>\n\t\t<div class=\"elementor-element elementor-element-5b30a63 e-con-full e-transform elementor-hidden-mobile e-flex e-con e-child\" data-id=\"5b30a63\" data-element_type=\"container\" data-e-type=\"container\" data-settings=\"{&quot;background_background&quot;:&quot;classic&quot;,&quot;position&quot;:&quot;absolute&quot;,&quot;_transform_translateX_effect&quot;:{&quot;unit&quot;:&quot;%&quot;,&quot;size&quot;:-50,&quot;sizes&quot;:[]},&quot;_transform_translateX_effect_tablet&quot;:{&quot;unit&quot;:&quot;%&quot;,&quot;size&quot;:&quot;&quot;,&quot;sizes&quot;:[]},&quot;_transform_translateX_effect_mobile&quot;:{&quot;unit&quot;:&quot;%&quot;,&quot;size&quot;:&quot;&quot;,&quot;sizes&quot;:[]},&quot;_transform_translateY_effect&quot;:{&quot;unit&quot;:&quot;%&quot;,&quot;size&quot;:-25,&quot;sizes&quot;:[]},&quot;_transform_translateY_effect_tablet&quot;:{&quot;unit&quot;:&quot;%&quot;,&quot;size&quot;:&quot;&quot;,&quot;sizes&quot;:[]},&quot;_transform_translateY_effect_mobile&quot;:{&quot;unit&quot;:&quot;%&quot;,&quot;size&quot;:&quot;&quot;,&quot;sizes&quot;:[]}}\">\n\t\t\t\t<\/div>\n\t\t\t\t<\/div>\n\t\t<div class=\"elementor-element elementor-element-b13312a e-con-full e-flex e-con e-child\" data-id=\"b13312a\" data-element_type=\"container\" data-e-type=\"container\">\n\t\t<div class=\"elementor-element elementor-element-eb349d3 e-con-full e-flex e-con e-child\" data-id=\"eb349d3\" data-element_type=\"container\" data-e-type=\"container\">\n\t\t<div class=\"elementor-element elementor-element-b0926db e-con-full e-flex e-con e-child\" data-id=\"b0926db\" data-element_type=\"container\" data-e-type=\"container\">\n\t\t\t\t<div class=\"elementor-element elementor-element-61cabd2 elementor-widget elementor-widget-text-editor\" data-id=\"61cabd2\" data-element_type=\"widget\" data-e-type=\"widget\" data-widget_type=\"text-editor.default\">\n\t\t\t\t\t\t\t\t\t<p><strong>La\u00a0psychoth\u00e9rapie\u00a0analytique<\/strong>\u00a0est une\u00a0<strong>th\u00e9rapie en\u00a0face \u00e0<\/strong>\u00a0<strong>face<\/strong>\u00a0qui s\u2019appuie sur les principes de la\u00a0<strong>psychanalyse<\/strong>, qui, plus personne ne l&rsquo;ignore aujourd&rsquo;hui, est un\u00a0moyen d&rsquo;investigation du\u00a0psychisme humain. La psychanalyse, n\u00e9e \u00e0 la fin du IXXe si\u00e8cle, est issue du travail scientifique de<strong>\u00a0Sigmund Freud.\u00a0<\/strong><\/p><p>Il d\u00e9couvrit en particulier les\u00a0<strong>effets lib\u00e9rateurs<\/strong>\u00a0de la parole du patient sur ses\u00a0sympt\u00f4mes, psychiques ou corporels, dans le cadre d&rsquo;un dispositif particulier. Une nouvelle discipline vit alors le jour,<strong>\u00a0la psychanalyse<\/strong>, pla\u00e7ant au c\u0153ur du dispositif de soin le patient, sa parole et la relation\u00a0patient-psychoth\u00e9rapeute.\u00a0\u00a0<\/p><p><strong>La\u00a0psychanalyse\u00a0<\/strong>vise \u00e0 \u00e9radiquer<strong>\u00a0<\/strong>les<strong>\u00a0sympt\u00f4mes\u00a0douloureux<\/strong>. Un\u00a0sympt\u00f4me\u00a0( phobie, angoisse, troubles divers) est un signal\u00a0, le signal d&rsquo;une\u00a0<strong>souffrance<\/strong>\u00a0inconsciente qu&rsquo;il s&rsquo;agit de comprendre. En \u00e9coutant son propre discours, le\u00a0patient d\u00e9couvre peu \u00e0 peu cette part obscure de lui-m\u00eame qui le fait souffrir.<\/p>\t\t\t\t\t\t\t\t<\/div>\n\t\t\t\t<\/div>\n\t\t<div class=\"elementor-element elementor-element-e92c8d2 e-con-full e-flex e-con e-child\" data-id=\"e92c8d2\" data-element_type=\"container\" data-e-type=\"container\">\n\t\t\t\t<div class=\"elementor-element elementor-element-e4a46af elementor-widget elementor-widget-image\" data-id=\"e4a46af\" data-element_type=\"widget\" data-e-type=\"widget\" data-widget_type=\"image.default\">\n\t\t\t\t\t\t\t\t\t\t\t\t\t\t\t<img fetchpriority=\"high\" decoding=\"async\" width=\"850\" height=\"684\" src=\"https:\/\/psychotherapie-cagnes-sur-mer.fr\/wp-content\/uploads\/2025\/03\/THERAPIE-ANALYTIQUE.webp\" class=\"attachment-full size-full wp-image-160\" alt=\"\" srcset=\"https:\/\/psychotherapie-cagnes-sur-mer.fr\/wp-content\/uploads\/2025\/03\/THERAPIE-ANALYTIQUE.webp 850w, https:\/\/psychotherapie-cagnes-sur-mer.fr\/wp-content\/uploads\/2025\/03\/THERAPIE-ANALYTIQUE-300x241.webp 300w, https:\/\/psychotherapie-cagnes-sur-mer.fr\/wp-content\/uploads\/2025\/03\/THERAPIE-ANALYTIQUE-768x618.webp 768w\" sizes=\"(max-width: 850px) 100vw, 850px\" \/>\t\t\t\t\t\t\t\t\t\t\t\t\t\t\t<\/div>\n\t\t\t\t<\/div>\n\t\t\t\t<\/div>\n\t\t\t\t<\/div>\n\t\t\t\t<div class=\"elementor-element elementor-element-d361b79 elementor-widget elementor-widget-text-editor\" data-id=\"d361b79\" data-element_type=\"widget\" data-e-type=\"widget\" data-widget_type=\"text-editor.default\">\n\t\t\t\t\t\t\t\t\t<p class=\"\">Entamer une\u00a0<strong>psychoth\u00e9rapie<\/strong>\u00a0permet de comprendre son propre fonctionnement psychique et le cas \u00e9ch\u00e9ant, de se retrouver en\u00a0<strong>accord avec soi-m\u00eame<\/strong>. C&rsquo;est choisir de\u00a0devenir\u00a0acteur de sa propre vie. La\u00a0<strong>psychanalyse\u00a0<\/strong>est de nos jours encore l&rsquo;approche la plus approfondie du\u00a0<strong>soin psychique<\/strong>.<\/p>\t\t\t\t\t\t\t\t<\/div>\n\t\t\t\t<div class=\"elementor-element elementor-element-3090e4d elementor-widget elementor-widget-button\" data-id=\"3090e4d\" data-element_type=\"widget\" data-e-type=\"widget\" data-widget_type=\"button.default\">\n\t\t\t\t\t\t\t\t\t\t<a class=\"elementor-button elementor-button-link elementor-size-sm\" href=\"https:\/\/www.psychologue.net\/cabinets\/veronique-eskenazi\" target=\"_blank\" rel=\"noopener\">\n\t\t\t\t\t\t<span class=\"elementor-button-content-wrapper\">\n\t\t\t\t\t\t\t\t\t<span class=\"elementor-button-text\">Prendre rendez-vous<\/span>\n\t\t\t\t\t<\/span>\n\t\t\t\t\t<\/a>\n\t\t\t\t\t\t\t\t<\/div>\n\t\t\t\t<\/div>\n\t\t\t\t\t<\/div>\n\t\t\t\t<\/div>\n\t\t<div class=\"elementor-element elementor-element-ddd865d e-flex e-con-boxed e-con e-parent\" data-id=\"ddd865d\" data-element_type=\"container\" data-e-type=\"container\" data-settings=\"{&quot;background_background&quot;:&quot;classic&quot;}\">\n\t\t\t\t\t<div class=\"e-con-inner\">\n\t\t<div class=\"elementor-element elementor-element-7b07137a e-con-full e-flex elementor-invisible e-con e-child\" data-id=\"7b07137a\" data-element_type=\"container\" data-e-type=\"container\" data-settings=\"{&quot;background_background&quot;:&quot;classic&quot;,&quot;animation&quot;:&quot;slideInLeft&quot;,&quot;animation_delay&quot;:300,&quot;animation_mobile&quot;:&quot;none&quot;}\">\n\t\t<div class=\"elementor-element elementor-element-7a9f442d e-con-full e-flex e-con e-child\" data-id=\"7a9f442d\" data-element_type=\"container\" data-e-type=\"container\" data-settings=\"{&quot;background_background&quot;:&quot;classic&quot;}\">\n\t\t<div class=\"elementor-element elementor-element-3ae7f763 e-con-full e-flex e-con e-child\" data-id=\"3ae7f763\" data-element_type=\"container\" data-e-type=\"container\">\n\t\t\t\t<div class=\"elementor-element elementor-element-398be22e elementor-widget__width-auto elementor-widget elementor-widget-heading\" data-id=\"398be22e\" data-element_type=\"widget\" data-e-type=\"widget\" data-widget_type=\"heading.default\">\n\t\t\t\t\t<h2 class=\"elementor-heading-title elementor-size-default\">La psychoth\u00e9rapie analytique<\/h2>\t\t\t\t<\/div>\n\t\t<div class=\"elementor-element elementor-element-5190019d e-con-full e-transform elementor-hidden-mobile e-flex e-con e-child\" data-id=\"5190019d\" data-element_type=\"container\" data-e-type=\"container\" data-settings=\"{&quot;background_background&quot;:&quot;classic&quot;,&quot;position&quot;:&quot;absolute&quot;,&quot;_transform_translateX_effect&quot;:{&quot;unit&quot;:&quot;%&quot;,&quot;size&quot;:-50,&quot;sizes&quot;:[]},&quot;_transform_translateX_effect_tablet&quot;:{&quot;unit&quot;:&quot;%&quot;,&quot;size&quot;:&quot;&quot;,&quot;sizes&quot;:[]},&quot;_transform_translateX_effect_mobile&quot;:{&quot;unit&quot;:&quot;%&quot;,&quot;size&quot;:&quot;&quot;,&quot;sizes&quot;:[]},&quot;_transform_translateY_effect&quot;:{&quot;unit&quot;:&quot;%&quot;,&quot;size&quot;:-25,&quot;sizes&quot;:[]},&quot;_transform_translateY_effect_tablet&quot;:{&quot;unit&quot;:&quot;%&quot;,&quot;size&quot;:&quot;&quot;,&quot;sizes&quot;:[]},&quot;_transform_translateY_effect_mobile&quot;:{&quot;unit&quot;:&quot;%&quot;,&quot;size&quot;:&quot;&quot;,&quot;sizes&quot;:[]}}\">\n\t\t\t\t<\/div>\n\t\t\t\t<\/div>\n\t\t\t\t<\/div>\n\t\t\t\t<div class=\"elementor-element elementor-element-59d0061 elementor-widget elementor-widget-text-editor\" data-id=\"59d0061\" data-element_type=\"widget\" data-e-type=\"widget\" data-widget_type=\"text-editor.default\">\n\t\t\t\t\t\t\t\t\t<p>Comme la psychanalyse, la\u00a0<strong>psychoth\u00e9rapie<\/strong>\u00a0psychanalytique\u00a0est fond\u00e9e sur l&rsquo;exploration de<strong>\u00a0l&rsquo;inconscient\u00a0<\/strong>\u00e0 l&rsquo;aide<strong>\u00a0<\/strong>de l&rsquo;association libre (dire ce qui vient \u00e0 l&rsquo;esprit) et la prise en compte de ses manifestations.<\/p>\t\t\t\t\t\t\t\t<\/div>\n\t\t<div class=\"elementor-element elementor-element-96a3cdf e-con-full e-flex e-con e-child\" data-id=\"96a3cdf\" data-element_type=\"container\" data-e-type=\"container\" data-settings=\"{&quot;background_background&quot;:&quot;classic&quot;}\">\n\t\t<div class=\"elementor-element elementor-element-a40f813 e-con-full e-flex e-con e-child\" data-id=\"a40f813\" data-element_type=\"container\" data-e-type=\"container\">\n\t\t\t\t<div class=\"elementor-element elementor-element-5962cad elementor-widget__width-auto elementor-widget elementor-widget-heading\" data-id=\"5962cad\" data-element_type=\"widget\" data-e-type=\"widget\" data-widget_type=\"heading.default\">\n\t\t\t\t\t<h2 class=\"elementor-heading-title elementor-size-default\">Comment \u00e7a marche ?<\/h2>\t\t\t\t<\/div>\n\t\t<div class=\"elementor-element elementor-element-bde12a8 e-con-full e-transform elementor-hidden-mobile e-flex e-con e-child\" data-id=\"bde12a8\" data-element_type=\"container\" data-e-type=\"container\" data-settings=\"{&quot;background_background&quot;:&quot;classic&quot;,&quot;position&quot;:&quot;absolute&quot;,&quot;_transform_translateX_effect&quot;:{&quot;unit&quot;:&quot;%&quot;,&quot;size&quot;:-50,&quot;sizes&quot;:[]},&quot;_transform_translateX_effect_tablet&quot;:{&quot;unit&quot;:&quot;%&quot;,&quot;size&quot;:&quot;&quot;,&quot;sizes&quot;:[]},&quot;_transform_translateX_effect_mobile&quot;:{&quot;unit&quot;:&quot;%&quot;,&quot;size&quot;:&quot;&quot;,&quot;sizes&quot;:[]},&quot;_transform_translateY_effect&quot;:{&quot;unit&quot;:&quot;%&quot;,&quot;size&quot;:-25,&quot;sizes&quot;:[]},&quot;_transform_translateY_effect_tablet&quot;:{&quot;unit&quot;:&quot;%&quot;,&quot;size&quot;:&quot;&quot;,&quot;sizes&quot;:[]},&quot;_transform_translateY_effect_mobile&quot;:{&quot;unit&quot;:&quot;%&quot;,&quot;size&quot;:&quot;&quot;,&quot;sizes&quot;:[]}}\">\n\t\t\t\t<\/div>\n\t\t\t\t<\/div>\n\t\t\t\t<\/div>\n\t\t\t\t<div class=\"elementor-element elementor-element-c17968e elementor-widget elementor-widget-text-editor\" data-id=\"c17968e\" data-element_type=\"widget\" data-e-type=\"widget\" data-widget_type=\"text-editor.default\">\n\t\t\t\t\t\t\t\t\t<p>Le \u00ab\u00a0<strong>psy\u00a0<\/strong>\u00bb n&rsquo;est pas assis silencieux derri\u00e8re le divan o\u00f9 est allong\u00e9 le patient, ( comme en psychanalyse), mais l&rsquo;un et l&rsquo;autre sont assis\u00a0<strong>face \u00e0 face<\/strong>\u00a0, ce qui permet un\u00a0\u00e9change\u00a0et une relation plus fluide. Le<strong>\u00a0psychoth\u00e9rapeute<\/strong>\u00a0ne porte aucun jugement, ne pose aucune \u00a0censure de la parole.<\/p><p>C&rsquo;est par ce\u00a0dispositif\u00a0que les affects douloureux peuvent trouver une modalit\u00e9 d&rsquo;expression, et donc une\u00a0<strong>lib\u00e9ration<\/strong>.<\/p><p>Il s&rsquo;agit d&rsquo;une\u00a0<strong>th\u00e9rapie par la parole<\/strong>.<\/p><p>Ce travail d&rsquo;investigation ne peut se faire seul car il n&rsquo;y a pas d&rsquo;acc\u00e8s direct \u00e0 l&rsquo;inconscient. C&rsquo;est donc gr\u00e2ce \u00e0 la pr\u00e9sence du\u00a0<strong>psychoth\u00e9rapeute<\/strong>\u00a0et \u00e0 sa capacit\u00e9 d&rsquo;observer et de comprendre,\u00a0que le \u00a0patient\u00a0peut se d\u00e9couvrir\u00a0 et,\u00a0essentiellement, d\u00e9couvrir ses\u00a0d\u00e9sirs profonds, qui, s&rsquo;ils sont \u00e9touff\u00e9s, produisent les\u00a0<strong>sympt\u00f4mes<\/strong>.<\/p><p>La\u00a0<strong>psychoth\u00e9rapie<\/strong>\u00a0<strong>psychanalytique<\/strong>\u00a0est une discipline d&rsquo;une grande exigence. Elle suppose, pour tout praticien, une formation th\u00e9orique et clinique rigoureuse et d&rsquo;avoir soi-m\u00eame travers\u00e9 sa propre\u00a0<strong>psychanalyse<\/strong>. En effet, le\u00a0<strong>psychoth\u00e9rapeute<\/strong>\u00a0doit \u00eatre en mesure de recevoir les \u00e9motions et les ressentis du patient, tel un tableau blanc, sans \u00eatre parasit\u00e9 par sa propre vie int\u00e9rieure, ce que lui permet le travail qu&rsquo;il a effectu\u00e9 sur lui m\u00eame et doit continuer tout au long de sa pratique.<\/p><p>Enfin, il est essentiel qu&rsquo;un bon contact s&rsquo;\u00e9tablisse entre le\u00a0<strong>psychoth\u00e9rapeute<\/strong>\u00a0et son patient, il s&rsquo;agit m\u00eame d&rsquo;une condition essentielle. La premi\u00e8re rencontre permet de d\u00e9terminer si l&rsquo;un et l&rsquo;autre souhaitent travailler ensemble.<\/p>\t\t\t\t\t\t\t\t<\/div>\n\t\t\t\t<\/div>\n\t\t\t\t\t<\/div>\n\t\t\t\t<\/div>\n\t\t\t\t<\/div>\n\t\t","protected":false},"excerpt":{"rendered":"<p>Psychoth\u00e9rapie individuelle \u00e0 Cagnes-sur-Mer (06800) .psychoth\u00e9rapeute. V\u00e9ronique Eskenazi Qu&rsquo;est-ce que la psychoth\u00e9rapie analytique ? La\u00a0psychoth\u00e9rapie\u00a0analytique\u00a0est une\u00a0th\u00e9rapie en\u00a0face \u00e0\u00a0face\u00a0qui s\u2019appuie sur les principes de la\u00a0psychanalyse, qui, plus personne ne l&rsquo;ignore aujourd&rsquo;hui, est un\u00a0moyen d&rsquo;investigation du\u00a0psychisme humain. La psychanalyse, n\u00e9e \u00e0 la fin du IXXe si\u00e8cle, est issue du travail scientifique de\u00a0Sigmund Freud.\u00a0 Il d\u00e9couvrit en particulier [&hellip;]<\/p>\n","protected":false},"author":1,"featured_media":0,"parent":0,"menu_order":0,"comment_status":"closed","ping_status":"closed","template":"","meta":{"footnotes":""},"categories":[9],"class_list":["post-27","page","type-page","status-publish","hentry","category-pratiques"],"yoast_head":"<!-- This site is optimized with the Yoast SEO plugin v28.2 - https:\/\/yoast.com\/product\/yoast-seo-wordpress\/ -->\n<title>Th\u00e9rapie individuelle \u00e0\u00a0Cagnes-sur-Mer (06800) - psychotherapie-cagnes-sur-mer.fr<\/title>\n<meta name=\"robots\" content=\"index, follow, max-snippet:-1, max-image-preview:large, max-video-preview:-1\" \/>\n<link rel=\"canonical\" href=\"https:\/\/psychotherapie-cagnes-sur-mer.fr\/therapie-individuelle\/\" \/>\n<meta property=\"og:locale\" content=\"fr_FR\" \/>\n<meta property=\"og:type\" content=\"article\" \/>\n<meta property=\"og:title\" content=\"Th\u00e9rapie individuelle \u00e0\u00a0Cagnes-sur-Mer (06800) - psychotherapie-cagnes-sur-mer.fr\" \/>\n<meta property=\"og:description\" content=\"Psychoth\u00e9rapie individuelle \u00e0 Cagnes-sur-Mer (06800) .psychoth\u00e9rapeute. V\u00e9ronique Eskenazi Qu&rsquo;est-ce que la psychoth\u00e9rapie analytique ? La\u00a0psychoth\u00e9rapie\u00a0analytique\u00a0est une\u00a0th\u00e9rapie en\u00a0face \u00e0\u00a0face\u00a0qui s\u2019appuie sur les principes de la\u00a0psychanalyse, qui, plus personne ne l&rsquo;ignore aujourd&rsquo;hui, est un\u00a0moyen d&rsquo;investigation du\u00a0psychisme humain. La psychanalyse, n\u00e9e \u00e0 la fin du IXXe si\u00e8cle, est issue du travail scientifique de\u00a0Sigmund Freud.\u00a0 Il d\u00e9couvrit en particulier [&hellip;]\" \/>\n<meta property=\"og:url\" content=\"https:\/\/psychotherapie-cagnes-sur-mer.fr\/therapie-individuelle\/\" \/>\n<meta property=\"og:site_name\" content=\"psychotherapie-cagnes-sur-mer.fr\" \/>\n<meta property=\"article:modified_time\" content=\"2025-10-01T16:53:34+00:00\" \/>\n<meta property=\"og:image\" content=\"https:\/\/psychotherapie-cagnes-sur-mer.fr\/wp-content\/uploads\/2025\/03\/THERAPIE-ANALYTIQUE.webp\" \/>\n\t<meta property=\"og:image:width\" content=\"850\" \/>\n\t<meta property=\"og:image:height\" content=\"684\" \/>\n\t<meta property=\"og:image:type\" content=\"image\/webp\" \/>\n<meta name=\"twitter:card\" content=\"summary_large_image\" \/>\n<meta name=\"twitter:label1\" content=\"Dur\u00e9e de lecture estim\u00e9e\" \/>\n\t<meta name=\"twitter:data1\" content=\"3 minutes\" \/>\n<script type=\"application\/ld+json\" class=\"yoast-schema-graph\">{\"@context\":\"https:\\\/\\\/schema.org\",\"@graph\":[{\"@type\":\"WebPage\",\"@id\":\"https:\\\/\\\/psychotherapie-cagnes-sur-mer.fr\\\/therapie-individuelle\\\/\",\"url\":\"https:\\\/\\\/psychotherapie-cagnes-sur-mer.fr\\\/therapie-individuelle\\\/\",\"name\":\"Th\u00e9rapie individuelle \u00e0\u00a0Cagnes-sur-Mer (06800) - psychotherapie-cagnes-sur-mer.fr\",\"isPartOf\":{\"@id\":\"https:\\\/\\\/psychotherapie-cagnes-sur-mer.fr\\\/#website\"},\"primaryImageOfPage\":{\"@id\":\"https:\\\/\\\/psychotherapie-cagnes-sur-mer.fr\\\/therapie-individuelle\\\/#primaryimage\"},\"image\":{\"@id\":\"https:\\\/\\\/psychotherapie-cagnes-sur-mer.fr\\\/therapie-individuelle\\\/#primaryimage\"},\"thumbnailUrl\":\"https:\\\/\\\/psychotherapie-cagnes-sur-mer.fr\\\/wp-content\\\/uploads\\\/2025\\\/03\\\/THERAPIE-ANALYTIQUE.webp\",\"datePublished\":\"2025-03-19T10:46:54+00:00\",\"dateModified\":\"2025-10-01T16:53:34+00:00\",\"breadcrumb\":{\"@id\":\"https:\\\/\\\/psychotherapie-cagnes-sur-mer.fr\\\/therapie-individuelle\\\/#breadcrumb\"},\"inLanguage\":\"fr-FR\",\"potentialAction\":[{\"@type\":\"ReadAction\",\"target\":[\"https:\\\/\\\/psychotherapie-cagnes-sur-mer.fr\\\/therapie-individuelle\\\/\"]}]},{\"@type\":\"ImageObject\",\"inLanguage\":\"fr-FR\",\"@id\":\"https:\\\/\\\/psychotherapie-cagnes-sur-mer.fr\\\/therapie-individuelle\\\/#primaryimage\",\"url\":\"https:\\\/\\\/psychotherapie-cagnes-sur-mer.fr\\\/wp-content\\\/uploads\\\/2025\\\/03\\\/THERAPIE-ANALYTIQUE.webp\",\"contentUrl\":\"https:\\\/\\\/psychotherapie-cagnes-sur-mer.fr\\\/wp-content\\\/uploads\\\/2025\\\/03\\\/THERAPIE-ANALYTIQUE.webp\",\"width\":850,\"height\":684},{\"@type\":\"BreadcrumbList\",\"@id\":\"https:\\\/\\\/psychotherapie-cagnes-sur-mer.fr\\\/therapie-individuelle\\\/#breadcrumb\",\"itemListElement\":[{\"@type\":\"ListItem\",\"position\":1,\"name\":\"Home\",\"item\":\"https:\\\/\\\/psychotherapie-cagnes-sur-mer.fr\\\/\"},{\"@type\":\"ListItem\",\"position\":2,\"name\":\"Th\u00e9rapie individuelle \u00e0\u00a0Cagnes-sur-Mer (06800)\"}]},{\"@type\":\"WebSite\",\"@id\":\"https:\\\/\\\/psychotherapie-cagnes-sur-mer.fr\\\/#website\",\"url\":\"https:\\\/\\\/psychotherapie-cagnes-sur-mer.fr\\\/\",\"name\":\"psychotherapie-cagnes-sur-mer.fr\",\"description\":\"\",\"publisher\":{\"@id\":\"https:\\\/\\\/psychotherapie-cagnes-sur-mer.fr\\\/#organization\"},\"potentialAction\":[{\"@type\":\"SearchAction\",\"target\":{\"@type\":\"EntryPoint\",\"urlTemplate\":\"https:\\\/\\\/psychotherapie-cagnes-sur-mer.fr\\\/?s={search_term_string}\"},\"query-input\":{\"@type\":\"PropertyValueSpecification\",\"valueRequired\":true,\"valueName\":\"search_term_string\"}}],\"inLanguage\":\"fr-FR\"},{\"@type\":\"Organization\",\"@id\":\"https:\\\/\\\/psychotherapie-cagnes-sur-mer.fr\\\/#organization\",\"name\":\"psychotherapie-cagnes-sur-mer.fr\",\"url\":\"https:\\\/\\\/psychotherapie-cagnes-sur-mer.fr\\\/\",\"logo\":{\"@type\":\"ImageObject\",\"inLanguage\":\"fr-FR\",\"@id\":\"https:\\\/\\\/psychotherapie-cagnes-sur-mer.fr\\\/#\\\/schema\\\/logo\\\/image\\\/\",\"url\":\"https:\\\/\\\/psychotherapie-cagnes-sur-mer.fr\\\/wp-content\\\/uploads\\\/2025\\\/03\\\/cropped-TCA.webp\",\"contentUrl\":\"https:\\\/\\\/psychotherapie-cagnes-sur-mer.fr\\\/wp-content\\\/uploads\\\/2025\\\/03\\\/cropped-TCA.webp\",\"width\":512,\"height\":512,\"caption\":\"psychotherapie-cagnes-sur-mer.fr\"},\"image\":{\"@id\":\"https:\\\/\\\/psychotherapie-cagnes-sur-mer.fr\\\/#\\\/schema\\\/logo\\\/image\\\/\"}}]}<\/script>\n<!-- \/ Yoast SEO plugin. -->","yoast_head_json":{"title":"Th\u00e9rapie individuelle \u00e0\u00a0Cagnes-sur-Mer (06800) - psychotherapie-cagnes-sur-mer.fr","robots":{"index":"index","follow":"follow","max-snippet":"max-snippet:-1","max-image-preview":"max-image-preview:large","max-video-preview":"max-video-preview:-1"},"canonical":"https:\/\/psychotherapie-cagnes-sur-mer.fr\/therapie-individuelle\/","og_locale":"fr_FR","og_type":"article","og_title":"Th\u00e9rapie individuelle \u00e0\u00a0Cagnes-sur-Mer (06800) - psychotherapie-cagnes-sur-mer.fr","og_description":"Psychoth\u00e9rapie individuelle \u00e0 Cagnes-sur-Mer (06800) .psychoth\u00e9rapeute. V\u00e9ronique Eskenazi Qu&rsquo;est-ce que la psychoth\u00e9rapie analytique ? La\u00a0psychoth\u00e9rapie\u00a0analytique\u00a0est une\u00a0th\u00e9rapie en\u00a0face \u00e0\u00a0face\u00a0qui s\u2019appuie sur les principes de la\u00a0psychanalyse, qui, plus personne ne l&rsquo;ignore aujourd&rsquo;hui, est un\u00a0moyen d&rsquo;investigation du\u00a0psychisme humain. La psychanalyse, n\u00e9e \u00e0 la fin du IXXe si\u00e8cle, est issue du travail scientifique de\u00a0Sigmund Freud.\u00a0 Il d\u00e9couvrit en particulier [&hellip;]","og_url":"https:\/\/psychotherapie-cagnes-sur-mer.fr\/therapie-individuelle\/","og_site_name":"psychotherapie-cagnes-sur-mer.fr","article_modified_time":"2025-10-01T16:53:34+00:00","og_image":[{"width":850,"height":684,"url":"https:\/\/psychotherapie-cagnes-sur-mer.fr\/wp-content\/uploads\/2025\/03\/THERAPIE-ANALYTIQUE.webp","type":"image\/webp"}],"twitter_card":"summary_large_image","twitter_misc":{"Dur\u00e9e de lecture estim\u00e9e":"3 minutes"},"schema":{"@context":"https:\/\/schema.org","@graph":[{"@type":"WebPage","@id":"https:\/\/psychotherapie-cagnes-sur-mer.fr\/therapie-individuelle\/","url":"https:\/\/psychotherapie-cagnes-sur-mer.fr\/therapie-individuelle\/","name":"Th\u00e9rapie individuelle \u00e0\u00a0Cagnes-sur-Mer (06800) - psychotherapie-cagnes-sur-mer.fr","isPartOf":{"@id":"https:\/\/psychotherapie-cagnes-sur-mer.fr\/#website"},"primaryImageOfPage":{"@id":"https:\/\/psychotherapie-cagnes-sur-mer.fr\/therapie-individuelle\/#primaryimage"},"image":{"@id":"https:\/\/psychotherapie-cagnes-sur-mer.fr\/therapie-individuelle\/#primaryimage"},"thumbnailUrl":"https:\/\/psychotherapie-cagnes-sur-mer.fr\/wp-content\/uploads\/2025\/03\/THERAPIE-ANALYTIQUE.webp","datePublished":"2025-03-19T10:46:54+00:00","dateModified":"2025-10-01T16:53:34+00:00","breadcrumb":{"@id":"https:\/\/psychotherapie-cagnes-sur-mer.fr\/therapie-individuelle\/#breadcrumb"},"inLanguage":"fr-FR","potentialAction":[{"@type":"ReadAction","target":["https:\/\/psychotherapie-cagnes-sur-mer.fr\/therapie-individuelle\/"]}]},{"@type":"ImageObject","inLanguage":"fr-FR","@id":"https:\/\/psychotherapie-cagnes-sur-mer.fr\/therapie-individuelle\/#primaryimage","url":"https:\/\/psychotherapie-cagnes-sur-mer.fr\/wp-content\/uploads\/2025\/03\/THERAPIE-ANALYTIQUE.webp","contentUrl":"https:\/\/psychotherapie-cagnes-sur-mer.fr\/wp-content\/uploads\/2025\/03\/THERAPIE-ANALYTIQUE.webp","width":850,"height":684},{"@type":"BreadcrumbList","@id":"https:\/\/psychotherapie-cagnes-sur-mer.fr\/therapie-individuelle\/#breadcrumb","itemListElement":[{"@type":"ListItem","position":1,"name":"Home","item":"https:\/\/psychotherapie-cagnes-sur-mer.fr\/"},{"@type":"ListItem","position":2,"name":"Th\u00e9rapie individuelle \u00e0\u00a0Cagnes-sur-Mer (06800)"}]},{"@type":"WebSite","@id":"https:\/\/psychotherapie-cagnes-sur-mer.fr\/#website","url":"https:\/\/psychotherapie-cagnes-sur-mer.fr\/","name":"psychotherapie-cagnes-sur-mer.fr","description":"","publisher":{"@id":"https:\/\/psychotherapie-cagnes-sur-mer.fr\/#organization"},"potentialAction":[{"@type":"SearchAction","target":{"@type":"EntryPoint","urlTemplate":"https:\/\/psychotherapie-cagnes-sur-mer.fr\/?s={search_term_string}"},"query-input":{"@type":"PropertyValueSpecification","valueRequired":true,"valueName":"search_term_string"}}],"inLanguage":"fr-FR"},{"@type":"Organization","@id":"https:\/\/psychotherapie-cagnes-sur-mer.fr\/#organization","name":"psychotherapie-cagnes-sur-mer.fr","url":"https:\/\/psychotherapie-cagnes-sur-mer.fr\/","logo":{"@type":"ImageObject","inLanguage":"fr-FR","@id":"https:\/\/psychotherapie-cagnes-sur-mer.fr\/#\/schema\/logo\/image\/","url":"https:\/\/psychotherapie-cagnes-sur-mer.fr\/wp-content\/uploads\/2025\/03\/cropped-TCA.webp","contentUrl":"https:\/\/psychotherapie-cagnes-sur-mer.fr\/wp-content\/uploads\/2025\/03\/cropped-TCA.webp","width":512,"height":512,"caption":"psychotherapie-cagnes-sur-mer.fr"},"image":{"@id":"https:\/\/psychotherapie-cagnes-sur-mer.fr\/#\/schema\/logo\/image\/"}}]}},"_links":{"self":[{"href":"https:\/\/psychotherapie-cagnes-sur-mer.fr\/wp-json\/wp\/v2\/pages\/27","targetHints":{"allow":["GET"]}}],"collection":[{"href":"https:\/\/psychotherapie-cagnes-sur-mer.fr\/wp-json\/wp\/v2\/pages"}],"about":[{"href":"https:\/\/psychotherapie-cagnes-sur-mer.fr\/wp-json\/wp\/v2\/types\/page"}],"author":[{"embeddable":true,"href":"https:\/\/psychotherapie-cagnes-sur-mer.fr\/wp-json\/wp\/v2\/users\/1"}],"replies":[{"embeddable":true,"href":"https:\/\/psychotherapie-cagnes-sur-mer.fr\/wp-json\/wp\/v2\/comments?post=27"}],"version-history":[{"count":58,"href":"https:\/\/psychotherapie-cagnes-sur-mer.fr\/wp-json\/wp\/v2\/pages\/27\/revisions"}],"predecessor-version":[{"id":1147,"href":"https:\/\/psychotherapie-cagnes-sur-mer.fr\/wp-json\/wp\/v2\/pages\/27\/revisions\/1147"}],"wp:attachment":[{"href":"https:\/\/psychotherapie-cagnes-sur-mer.fr\/wp-json\/wp\/v2\/media?parent=27"}],"wp:term":[{"taxonomy":"category","embeddable":true,"href":"https:\/\/psychotherapie-cagnes-sur-mer.fr\/wp-json\/wp\/v2\/categories?post=27"}],"curies":[{"name":"wp","href":"https:\/\/api.w.org\/{rel}","templated":true}]}}