{"id":37,"date":"2025-03-19T10:49:59","date_gmt":"2025-03-19T10:49:59","guid":{"rendered":"https:\/\/psychotherapie-cagnes-sur-mer.fr\/?page_id=37"},"modified":"2025-10-01T16:59:00","modified_gmt":"2025-10-01T16:59:00","slug":"adolescent-a-cagnes-sur-mer-06800","status":"publish","type":"page","link":"https:\/\/psychotherapie-cagnes-sur-mer.fr\/adolescent-a-cagnes-sur-mer-06800\/","title":{"rendered":"Adolescent \u00e0\u00a0Cagnes-sur-Mer (06800)"},"content":{"rendered":"\t\t<div data-elementor-type=\"wp-page\" data-elementor-id=\"37\" class=\"elementor elementor-37\" data-elementor-post-type=\"page\">\n\t\t\t\t<div class=\"elementor-element elementor-element-3553fc1c e-flex e-con-boxed e-con e-parent\" data-id=\"3553fc1c\" data-element_type=\"container\" data-e-type=\"container\" data-settings=\"{&quot;background_background&quot;:&quot;classic&quot;}\">\n\t\t\t\t\t<div class=\"e-con-inner\">\n\t\t\t\t<div class=\"elementor-element elementor-element-74ccab50 elementor-widget elementor-widget-heading\" data-id=\"74ccab50\" data-element_type=\"widget\" data-e-type=\"widget\" data-widget_type=\"heading.default\">\n\t\t\t\t\t<h1 class=\"elementor-heading-title elementor-size-default\">Psychoth\u00e9rapie pour  adolescent. Psychoth\u00e9rapie individuelle \u00e0 Cagnes-sur-Mer (06800) .Psychoth\u00e9rapeute. V\u00e9ronique Eskenazi <\/h1>\t\t\t\t<\/div>\n\t\t\t\t\t<\/div>\n\t\t\t\t<\/div>\n\t\t<div class=\"elementor-element elementor-element-2e3610e3 e-flex e-con-boxed e-con e-parent\" data-id=\"2e3610e3\" data-element_type=\"container\" data-e-type=\"container\" data-settings=\"{&quot;background_background&quot;:&quot;classic&quot;}\">\n\t\t\t\t\t<div class=\"e-con-inner\">\n\t\t<div class=\"elementor-element elementor-element-7702b115 e-con-full e-flex e-con e-child\" data-id=\"7702b115\" data-element_type=\"container\" data-e-type=\"container\">\n\t\t<div class=\"elementor-element elementor-element-1277e772 e-con-full e-flex e-con e-child\" data-id=\"1277e772\" data-element_type=\"container\" data-e-type=\"container\">\n\t\t\t\t<div class=\"elementor-element elementor-element-28825a14 elementor-widget__width-auto elementor-widget elementor-widget-heading\" data-id=\"28825a14\" data-element_type=\"widget\" data-e-type=\"widget\" data-widget_type=\"heading.default\">\n\t\t\t\t\t<h2 class=\"elementor-heading-title elementor-size-default\">La psychoth\u00e9rapie pour un adolescent<\/h2>\t\t\t\t<\/div>\n\t\t<div class=\"elementor-element elementor-element-719bed56 e-con-full e-transform elementor-hidden-mobile e-flex e-con e-child\" data-id=\"719bed56\" data-element_type=\"container\" data-e-type=\"container\" data-settings=\"{&quot;background_background&quot;:&quot;classic&quot;,&quot;position&quot;:&quot;absolute&quot;,&quot;_transform_translateX_effect&quot;:{&quot;unit&quot;:&quot;%&quot;,&quot;size&quot;:-50,&quot;sizes&quot;:[]},&quot;_transform_translateX_effect_tablet&quot;:{&quot;unit&quot;:&quot;%&quot;,&quot;size&quot;:&quot;&quot;,&quot;sizes&quot;:[]},&quot;_transform_translateX_effect_mobile&quot;:{&quot;unit&quot;:&quot;%&quot;,&quot;size&quot;:&quot;&quot;,&quot;sizes&quot;:[]},&quot;_transform_translateY_effect&quot;:{&quot;unit&quot;:&quot;%&quot;,&quot;size&quot;:-25,&quot;sizes&quot;:[]},&quot;_transform_translateY_effect_tablet&quot;:{&quot;unit&quot;:&quot;%&quot;,&quot;size&quot;:&quot;&quot;,&quot;sizes&quot;:[]},&quot;_transform_translateY_effect_mobile&quot;:{&quot;unit&quot;:&quot;%&quot;,&quot;size&quot;:&quot;&quot;,&quot;sizes&quot;:[]}}\">\n\t\t\t\t<\/div>\n\t\t\t\t<\/div>\n\t\t\t\t<div class=\"elementor-element elementor-element-71218644 elementor-widget elementor-widget-text-editor\" data-id=\"71218644\" data-element_type=\"widget\" data-e-type=\"widget\" data-widget_type=\"text-editor.default\">\n\t\t\t\t\t\t\t\t\t<p>Il est important que le jeune patient adh\u00e8re \u00e0 une prise en charge. Il est plus facile de traiter les probl\u00e8mes lorsqu&rsquo;ils apparaissent. Attendre, c&rsquo;est risquer de les voir s&rsquo;aggraver ou de les retrouver \u00e0 l&rsquo;\u00e2ge adulte sous d&rsquo;autres formes, peut-\u00eatre plus complexes \u00e0 traiter.<\/p><p>A l&rsquo;<strong>adolescence<\/strong>\u00a0, il est plus difficile de parler \u00e0 ses parents ou \u00e0 d&rsquo;autres membres de la famille de ce qui ne va pas qu&rsquo;\u00e0 une personne neutre. Le cadre de la\u00a0<strong>psychoth\u00e9rapie\u00a0<\/strong>permet \u00e0 l&rsquo;<strong>adolescent<\/strong>\u00a0de\u00a0<strong>s&rsquo;exprimer et de se d\u00e9charger de ses\u00a0affects<\/strong>\u00a0souvent extr\u00eames qui\u00a0bloquent\u00a0son \u00e9volution et son chemin vers l&rsquo;autonomie. Il pourra continuer son chemin<strong>\u00a0<\/strong>pour\u00a0<strong>devenir un\u00a0adulte \u00e9panoui.<\/strong><\/p>\t\t\t\t\t\t\t\t<\/div>\n\t\t\t\t<div class=\"elementor-element elementor-element-1dbb165f elementor-widget elementor-widget-button\" data-id=\"1dbb165f\" data-element_type=\"widget\" data-e-type=\"widget\" data-widget_type=\"button.default\">\n\t\t\t\t\t\t\t\t\t\t<a class=\"elementor-button elementor-button-link elementor-size-sm\" href=\"https:\/\/www.psychologue.net\/cabinets\/veronique-eskenazi\" target=\"_blank\" rel=\"noopener\">\n\t\t\t\t\t\t<span class=\"elementor-button-content-wrapper\">\n\t\t\t\t\t\t\t\t\t<span class=\"elementor-button-text\">Prenez rendez-vous<\/span>\n\t\t\t\t\t<\/span>\n\t\t\t\t\t<\/a>\n\t\t\t\t\t\t\t\t<\/div>\n\t\t\t\t<\/div>\n\t\t\t\t<div class=\"elementor-element elementor-element-1c71b112 elementor-widget elementor-widget-image\" data-id=\"1c71b112\" data-element_type=\"widget\" data-e-type=\"widget\" data-widget_type=\"image.default\">\n\t\t\t\t\t\t\t\t\t\t\t\t\t\t\t<img fetchpriority=\"high\" decoding=\"async\" width=\"400\" height=\"533\" src=\"https:\/\/psychotherapie-cagnes-sur-mer.fr\/wp-content\/uploads\/2025\/03\/img-page-therapie-ado.jpeg\" class=\"attachment-medium_large size-medium_large wp-image-385\" alt=\"\" srcset=\"https:\/\/psychotherapie-cagnes-sur-mer.fr\/wp-content\/uploads\/2025\/03\/img-page-therapie-ado.jpeg 400w, https:\/\/psychotherapie-cagnes-sur-mer.fr\/wp-content\/uploads\/2025\/03\/img-page-therapie-ado-225x300.jpeg 225w\" sizes=\"(max-width: 400px) 100vw, 400px\" \/>\t\t\t\t\t\t\t\t\t\t\t\t\t\t\t<\/div>\n\t\t\t\t\t<\/div>\n\t\t\t\t<\/div>\n\t\t<div class=\"elementor-element elementor-element-6917562 e-flex e-con-boxed e-con e-parent\" data-id=\"6917562\" data-element_type=\"container\" data-e-type=\"container\" data-settings=\"{&quot;background_background&quot;:&quot;gradient&quot;}\">\n\t\t\t\t\t<div class=\"e-con-inner\">\n\t\t<div class=\"elementor-element elementor-element-2d7fcb5f e-con-full e-flex elementor-invisible e-con e-child\" data-id=\"2d7fcb5f\" data-element_type=\"container\" data-e-type=\"container\" data-settings=\"{&quot;background_background&quot;:&quot;classic&quot;,&quot;animation&quot;:&quot;slideInLeft&quot;,&quot;animation_delay&quot;:200}\">\n\t\t<div class=\"elementor-element elementor-element-4c4917a6 e-con-full e-flex e-con e-child\" data-id=\"4c4917a6\" data-element_type=\"container\" data-e-type=\"container\" data-settings=\"{&quot;background_background&quot;:&quot;classic&quot;}\">\n\t\t<div class=\"elementor-element elementor-element-1b49800b e-con-full e-flex e-con e-child\" data-id=\"1b49800b\" data-element_type=\"container\" data-e-type=\"container\">\n\t\t\t\t<div class=\"elementor-element elementor-element-76bcd5ca elementor-widget__width-auto elementor-widget elementor-widget-heading\" data-id=\"76bcd5ca\" data-element_type=\"widget\" data-e-type=\"widget\" data-widget_type=\"heading.default\">\n\t\t\t\t\t<h2 class=\"elementor-heading-title elementor-size-default\">Comment traverser les difficult\u00e9s de l'adolescence ?<\/h2>\t\t\t\t<\/div>\n\t\t<div class=\"elementor-element elementor-element-266c8c40 e-con-full e-transform elementor-hidden-mobile e-flex e-con e-child\" data-id=\"266c8c40\" data-element_type=\"container\" data-e-type=\"container\" data-settings=\"{&quot;background_background&quot;:&quot;classic&quot;,&quot;position&quot;:&quot;absolute&quot;,&quot;_transform_translateX_effect&quot;:{&quot;unit&quot;:&quot;%&quot;,&quot;size&quot;:-50,&quot;sizes&quot;:[]},&quot;_transform_translateX_effect_tablet&quot;:{&quot;unit&quot;:&quot;%&quot;,&quot;size&quot;:&quot;&quot;,&quot;sizes&quot;:[]},&quot;_transform_translateX_effect_mobile&quot;:{&quot;unit&quot;:&quot;%&quot;,&quot;size&quot;:&quot;&quot;,&quot;sizes&quot;:[]},&quot;_transform_translateY_effect&quot;:{&quot;unit&quot;:&quot;%&quot;,&quot;size&quot;:-25,&quot;sizes&quot;:[]},&quot;_transform_translateY_effect_tablet&quot;:{&quot;unit&quot;:&quot;%&quot;,&quot;size&quot;:&quot;&quot;,&quot;sizes&quot;:[]},&quot;_transform_translateY_effect_mobile&quot;:{&quot;unit&quot;:&quot;%&quot;,&quot;size&quot;:&quot;&quot;,&quot;sizes&quot;:[]}}\">\n\t\t\t\t<\/div>\n\t\t\t\t<\/div>\n\t\t\t\t<\/div>\n\t\t\t\t<div class=\"elementor-element elementor-element-e842075 elementor-widget elementor-widget-heading\" data-id=\"e842075\" data-element_type=\"widget\" data-e-type=\"widget\" data-widget_type=\"heading.default\">\n\t\t\t\t\t<p class=\"elementor-heading-title elementor-size-default\">L'adolescence: une phase de transition<\/p>\t\t\t\t<\/div>\n\t\t\t\t<div class=\"elementor-element elementor-element-b7a692f elementor-widget elementor-widget-text-editor\" data-id=\"b7a692f\" data-element_type=\"widget\" data-e-type=\"widget\" data-widget_type=\"text-editor.default\">\n\t\t\t\t\t\t\t\t\t<p>L&rsquo;<strong>adolesce<\/strong>nt n&rsquo;est ni un grand enfant, ni un petit adulte\u00a0:<strong>\u00a0<\/strong>il rencontre des\u00a0<strong>difficult\u00e9s propres\u00a0<\/strong>\u00e0 cette p\u00e9riode de la<strong>\u00a0<\/strong>vie. Il lui faut faire face \u00e0 plusieurs \u00e9preuves, plusieurs\u00a0<strong>transformations<\/strong>\u00a0et \u00e0 des renoncements-renoncement \u00e0 l&rsquo;enfance et \u00e0 son corps d&rsquo;enfant- j&rsquo;y reviendrai.<\/p><p>Il lui faut se s\u00e9parer de sa famille d&rsquo;origine: inconsciemment, l&rsquo;adolescent oscille entre le d\u00e9sir de rester un enfant et celui de devenir\u00a0<strong>autonome<\/strong>\u00a0; dans tous les cas,<strong>\u00a0la lutte int\u00e9rieure est violente.\u00a0<\/strong><\/p><p>Accepter le\u00a0<strong>nouveau corps<\/strong>\u00a0qui se d\u00e9veloppe ne va pas toujours de soi. Un corps qui, d&rsquo;autre part, permet l&rsquo;acc\u00e8s \u00e0 la sexualit\u00e9 adulte, autre peur \u00e0 affronter. Ainsi, une nouvelle identit\u00e9 se construit, souvent dans la tourmente.\u00a0Si les \u00ab\u00a0fondations\u00a0\u00bb \u00e9rig\u00e9es dans l&rsquo;enfance sont solides, cette p\u00e9riode se d\u00e9roule sans trop de difficult\u00e9s.\u00a0<\/p><p>Si au contraire, des \u00e9v\u00e9nements de vie ont fragilis\u00e9 l&rsquo;enfant, l&rsquo;<strong>adolescence\u00a0<\/strong>sera plus ou moins probl\u00e9matique, et il faudra sans doute une intervention ext\u00e9rieure (sans trop attendre !) pour aider l&rsquo;adulte en devenir \u00e0 traverser toutes les\u00a0<strong>\u00e9preuves<\/strong>\u00a0de cet \u00e2ge.<\/p><p>Tous ces sujets ne sont pas abordables pour un\u00a0<strong>adolescent<\/strong>, avec sa famille.Il parviendra plus facilement \u00e0 s&rsquo;exprimer devant un inconnu: le\u00a0<strong>psychoth\u00e9rapeute.<\/strong><\/p>\t\t\t\t\t\t\t\t<\/div>\n\t\t\t\t<\/div>\n\t\t\t\t\t<\/div>\n\t\t\t\t<\/div>\n\t\t<div class=\"elementor-element elementor-element-17543a96 e-flex e-con-boxed e-con e-parent\" data-id=\"17543a96\" data-element_type=\"container\" data-e-type=\"container\" data-settings=\"{&quot;background_background&quot;:&quot;classic&quot;}\">\n\t\t\t\t\t<div class=\"e-con-inner\">\n\t\t<div class=\"elementor-element elementor-element-3557911b e-con-full e-flex e-con e-child\" data-id=\"3557911b\" data-element_type=\"container\" data-e-type=\"container\" data-settings=\"{&quot;background_background&quot;:&quot;classic&quot;}\">\n\t\t<div class=\"elementor-element elementor-element-256733fb e-con-full e-flex e-con e-child\" data-id=\"256733fb\" data-element_type=\"container\" data-e-type=\"container\" data-settings=\"{&quot;background_background&quot;:&quot;classic&quot;}\">\n\t\t<div class=\"elementor-element elementor-element-43129cd8 e-con-full e-flex e-con e-child\" data-id=\"43129cd8\" data-element_type=\"container\" data-e-type=\"container\">\n\t\t\t\t<div class=\"elementor-element elementor-element-34f31eb elementor-widget__width-auto elementor-widget elementor-widget-heading\" data-id=\"34f31eb\" data-element_type=\"widget\" data-e-type=\"widget\" data-widget_type=\"heading.default\">\n\t\t\t\t\t<h2 class=\"elementor-heading-title elementor-size-default\">Quels sont les signes d'une souffrance \u00e0 l'adolescence ?<\/h2>\t\t\t\t<\/div>\n\t\t\t\t<\/div>\n\t\t\t\t<\/div>\n\t\t\t\t<div class=\"elementor-element elementor-element-6c4ba8e7 elementor-widget elementor-widget-heading\" data-id=\"6c4ba8e7\" data-element_type=\"widget\" data-e-type=\"widget\" data-widget_type=\"heading.default\">\n\t\t\t\t\t<p class=\"elementor-heading-title elementor-size-default\">Les parents doivent rester vigilants et rep\u00e9rer certains signes inqui\u00e9tants tels que :<\/p>\t\t\t\t<\/div>\n\t\t\t\t<div class=\"elementor-element elementor-element-9f666ef elementor-icon-list--layout-traditional elementor-list-item-link-full_width elementor-widget elementor-widget-icon-list\" data-id=\"9f666ef\" data-element_type=\"widget\" data-e-type=\"widget\" data-widget_type=\"icon-list.default\">\n\t\t\t\t\t\t\t<ul class=\"elementor-icon-list-items\">\n\t\t\t\t\t\t\t<li class=\"elementor-icon-list-item\">\n\t\t\t\t\t\t\t\t\t\t\t<span class=\"elementor-icon-list-icon\">\n\t\t\t\t\t\t\t<svg aria-hidden=\"true\" class=\"e-font-icon-svg e-far-check-circle\" viewBox=\"0 0 512 512\" xmlns=\"http:\/\/www.w3.org\/2000\/svg\"><path d=\"M256 8C119.033 8 8 119.033 8 256s111.033 248 248 248 248-111.033 248-248S392.967 8 256 8zm0 48c110.532 0 200 89.451 200 200 0 110.532-89.451 200-200 200-110.532 0-200-89.451-200-200 0-110.532 89.451-200 200-200m140.204 130.267l-22.536-22.718c-4.667-4.705-12.265-4.736-16.97-.068L215.346 303.697l-59.792-60.277c-4.667-4.705-12.265-4.736-16.97-.069l-22.719 22.536c-4.705 4.667-4.736 12.265-.068 16.971l90.781 91.516c4.667 4.705 12.265 4.736 16.97.068l172.589-171.204c4.704-4.668 4.734-12.266.067-16.971z\"><\/path><\/svg>\t\t\t\t\t\t<\/span>\n\t\t\t\t\t\t\t\t\t\t<span class=\"elementor-icon-list-text\">Le repli sur soi (ou devant un \u00e9cran !)<\/span>\n\t\t\t\t\t\t\t\t\t<\/li>\n\t\t\t\t\t\t\t\t<li class=\"elementor-icon-list-item\">\n\t\t\t\t\t\t\t\t\t\t\t<span class=\"elementor-icon-list-icon\">\n\t\t\t\t\t\t\t<svg aria-hidden=\"true\" class=\"e-font-icon-svg e-far-check-circle\" viewBox=\"0 0 512 512\" xmlns=\"http:\/\/www.w3.org\/2000\/svg\"><path d=\"M256 8C119.033 8 8 119.033 8 256s111.033 248 248 248 248-111.033 248-248S392.967 8 256 8zm0 48c110.532 0 200 89.451 200 200 0 110.532-89.451 200-200 200-110.532 0-200-89.451-200-200 0-110.532 89.451-200 200-200m140.204 130.267l-22.536-22.718c-4.667-4.705-12.265-4.736-16.97-.068L215.346 303.697l-59.792-60.277c-4.667-4.705-12.265-4.736-16.97-.069l-22.719 22.536c-4.705 4.667-4.736 12.265-.068 16.971l90.781 91.516c4.667 4.705 12.265 4.736 16.97.068l172.589-171.204c4.704-4.668 4.734-12.266.067-16.971z\"><\/path><\/svg>\t\t\t\t\t\t<\/span>\n\t\t\t\t\t\t\t\t\t\t<span class=\"elementor-icon-list-text\">Le d\u00e9sint\u00e9r\u00eat ou l\u2019hyper investissement scolaire au d\u00e9triment des autres activit\u00e9s<\/span>\n\t\t\t\t\t\t\t\t\t<\/li>\n\t\t\t\t\t\t\t\t<li class=\"elementor-icon-list-item\">\n\t\t\t\t\t\t\t\t\t\t\t<span class=\"elementor-icon-list-icon\">\n\t\t\t\t\t\t\t<svg aria-hidden=\"true\" class=\"e-font-icon-svg e-far-check-circle\" viewBox=\"0 0 512 512\" xmlns=\"http:\/\/www.w3.org\/2000\/svg\"><path d=\"M256 8C119.033 8 8 119.033 8 256s111.033 248 248 248 248-111.033 248-248S392.967 8 256 8zm0 48c110.532 0 200 89.451 200 200 0 110.532-89.451 200-200 200-110.532 0-200-89.451-200-200 0-110.532 89.451-200 200-200m140.204 130.267l-22.536-22.718c-4.667-4.705-12.265-4.736-16.97-.068L215.346 303.697l-59.792-60.277c-4.667-4.705-12.265-4.736-16.97-.069l-22.719 22.536c-4.705 4.667-4.736 12.265-.068 16.971l90.781 91.516c4.667 4.705 12.265 4.736 16.97.068l172.589-171.204c4.704-4.668 4.734-12.266.067-16.971z\"><\/path><\/svg>\t\t\t\t\t\t<\/span>\n\t\t\t\t\t\t\t\t\t\t<span class=\"elementor-icon-list-text\">Les conduites \u00e0 risques<\/span>\n\t\t\t\t\t\t\t\t\t<\/li>\n\t\t\t\t\t\t\t\t<li class=\"elementor-icon-list-item\">\n\t\t\t\t\t\t\t\t\t\t\t<span class=\"elementor-icon-list-icon\">\n\t\t\t\t\t\t\t<svg aria-hidden=\"true\" class=\"e-font-icon-svg e-far-check-circle\" viewBox=\"0 0 512 512\" xmlns=\"http:\/\/www.w3.org\/2000\/svg\"><path d=\"M256 8C119.033 8 8 119.033 8 256s111.033 248 248 248 248-111.033 248-248S392.967 8 256 8zm0 48c110.532 0 200 89.451 200 200 0 110.532-89.451 200-200 200-110.532 0-200-89.451-200-200 0-110.532 89.451-200 200-200m140.204 130.267l-22.536-22.718c-4.667-4.705-12.265-4.736-16.97-.068L215.346 303.697l-59.792-60.277c-4.667-4.705-12.265-4.736-16.97-.069l-22.719 22.536c-4.705 4.667-4.736 12.265-.068 16.971l90.781 91.516c4.667 4.705 12.265 4.736 16.97.068l172.589-171.204c4.704-4.668 4.734-12.266.067-16.971z\"><\/path><\/svg>\t\t\t\t\t\t<\/span>\n\t\t\t\t\t\t\t\t\t\t<span class=\"elementor-icon-list-text\">Les scarifications<\/span>\n\t\t\t\t\t\t\t\t\t<\/li>\n\t\t\t\t\t\t\t\t<li class=\"elementor-icon-list-item\">\n\t\t\t\t\t\t\t\t\t\t\t<span class=\"elementor-icon-list-icon\">\n\t\t\t\t\t\t\t<svg aria-hidden=\"true\" class=\"e-font-icon-svg e-far-check-circle\" viewBox=\"0 0 512 512\" xmlns=\"http:\/\/www.w3.org\/2000\/svg\"><path d=\"M256 8C119.033 8 8 119.033 8 256s111.033 248 248 248 248-111.033 248-248S392.967 8 256 8zm0 48c110.532 0 200 89.451 200 200 0 110.532-89.451 200-200 200-110.532 0-200-89.451-200-200 0-110.532 89.451-200 200-200m140.204 130.267l-22.536-22.718c-4.667-4.705-12.265-4.736-16.97-.068L215.346 303.697l-59.792-60.277c-4.667-4.705-12.265-4.736-16.97-.069l-22.719 22.536c-4.705 4.667-4.736 12.265-.068 16.971l90.781 91.516c4.667 4.705 12.265 4.736 16.97.068l172.589-171.204c4.704-4.668 4.734-12.266.067-16.971z\"><\/path><\/svg>\t\t\t\t\t\t<\/span>\n\t\t\t\t\t\t\t\t\t\t<span class=\"elementor-icon-list-text\">La prise r\u00e9guli\u00e8re ou excessive de stup\u00e9fiants ou d'alcool<\/span>\n\t\t\t\t\t\t\t\t\t<\/li>\n\t\t\t\t\t\t\t\t<li class=\"elementor-icon-list-item\">\n\t\t\t\t\t\t\t\t\t\t\t<span class=\"elementor-icon-list-icon\">\n\t\t\t\t\t\t\t<svg aria-hidden=\"true\" class=\"e-font-icon-svg e-far-check-circle\" viewBox=\"0 0 512 512\" xmlns=\"http:\/\/www.w3.org\/2000\/svg\"><path d=\"M256 8C119.033 8 8 119.033 8 256s111.033 248 248 248 248-111.033 248-248S392.967 8 256 8zm0 48c110.532 0 200 89.451 200 200 0 110.532-89.451 200-200 200-110.532 0-200-89.451-200-200 0-110.532 89.451-200 200-200m140.204 130.267l-22.536-22.718c-4.667-4.705-12.265-4.736-16.97-.068L215.346 303.697l-59.792-60.277c-4.667-4.705-12.265-4.736-16.97-.069l-22.719 22.536c-4.705 4.667-4.736 12.265-.068 16.971l90.781 91.516c4.667 4.705 12.265 4.736 16.97.068l172.589-171.204c4.704-4.668 4.734-12.266.067-16.971z\"><\/path><\/svg>\t\t\t\t\t\t<\/span>\n\t\t\t\t\t\t\t\t\t\t<span class=\"elementor-icon-list-text\">Les fugues<\/span>\n\t\t\t\t\t\t\t\t\t<\/li>\n\t\t\t\t\t\t\t\t<li class=\"elementor-icon-list-item\">\n\t\t\t\t\t\t\t\t\t\t\t<span class=\"elementor-icon-list-icon\">\n\t\t\t\t\t\t\t<svg aria-hidden=\"true\" class=\"e-font-icon-svg e-far-check-circle\" viewBox=\"0 0 512 512\" xmlns=\"http:\/\/www.w3.org\/2000\/svg\"><path d=\"M256 8C119.033 8 8 119.033 8 256s111.033 248 248 248 248-111.033 248-248S392.967 8 256 8zm0 48c110.532 0 200 89.451 200 200 0 110.532-89.451 200-200 200-110.532 0-200-89.451-200-200 0-110.532 89.451-200 200-200m140.204 130.267l-22.536-22.718c-4.667-4.705-12.265-4.736-16.97-.068L215.346 303.697l-59.792-60.277c-4.667-4.705-12.265-4.736-16.97-.069l-22.719 22.536c-4.705 4.667-4.736 12.265-.068 16.971l90.781 91.516c4.667 4.705 12.265 4.736 16.97.068l172.589-171.204c4.704-4.668 4.734-12.266.067-16.971z\"><\/path><\/svg>\t\t\t\t\t\t<\/span>\n\t\t\t\t\t\t\t\t\t\t<span class=\"elementor-icon-list-text\">Les \u00e9checs scolaires soudains<\/span>\n\t\t\t\t\t\t\t\t\t<\/li>\n\t\t\t\t\t\t\t\t<li class=\"elementor-icon-list-item\">\n\t\t\t\t\t\t\t\t\t\t\t<span class=\"elementor-icon-list-icon\">\n\t\t\t\t\t\t\t<svg aria-hidden=\"true\" class=\"e-font-icon-svg e-far-check-circle\" viewBox=\"0 0 512 512\" xmlns=\"http:\/\/www.w3.org\/2000\/svg\"><path d=\"M256 8C119.033 8 8 119.033 8 256s111.033 248 248 248 248-111.033 248-248S392.967 8 256 8zm0 48c110.532 0 200 89.451 200 200 0 110.532-89.451 200-200 200-110.532 0-200-89.451-200-200 0-110.532 89.451-200 200-200m140.204 130.267l-22.536-22.718c-4.667-4.705-12.265-4.736-16.97-.068L215.346 303.697l-59.792-60.277c-4.667-4.705-12.265-4.736-16.97-.069l-22.719 22.536c-4.705 4.667-4.736 12.265-.068 16.971l90.781 91.516c4.667 4.705 12.265 4.736 16.97.068l172.589-171.204c4.704-4.668 4.734-12.266.067-16.971z\"><\/path><\/svg>\t\t\t\t\t\t<\/span>\n\t\t\t\t\t\t\t\t\t\t<span class=\"elementor-icon-list-text\">Les troubles alimentaires : boulimie, anorexie, surpoids, dysmorphophobie (ou fausse image de son propre corps)...<\/span>\n\t\t\t\t\t\t\t\t\t<\/li>\n\t\t\t\t\t\t<\/ul>\n\t\t\t\t\t\t<\/div>\n\t\t\t\t<\/div>\n\t\t\t\t\t<\/div>\n\t\t\t\t<\/div>\n\t\t\t\t<\/div>\n\t\t","protected":false},"excerpt":{"rendered":"<p>Psychoth\u00e9rapie pour adolescent. Psychoth\u00e9rapie individuelle \u00e0 Cagnes-sur-Mer (06800) .Psychoth\u00e9rapeute. V\u00e9ronique Eskenazi La psychoth\u00e9rapie pour un adolescent Il est important que le jeune patient adh\u00e8re \u00e0 une prise en charge. Il est plus facile de traiter les probl\u00e8mes lorsqu&rsquo;ils apparaissent. Attendre, c&rsquo;est risquer de les voir s&rsquo;aggraver ou de les retrouver \u00e0 l&rsquo;\u00e2ge adulte sous d&rsquo;autres [&hellip;]<\/p>\n","protected":false},"author":1,"featured_media":0,"parent":0,"menu_order":0,"comment_status":"closed","ping_status":"closed","template":"","meta":{"footnotes":""},"categories":[9],"class_list":["post-37","page","type-page","status-publish","hentry","category-pratiques"],"yoast_head":"<!-- This site is optimized with the Yoast SEO plugin v28.2 - https:\/\/yoast.com\/product\/yoast-seo-wordpress\/ -->\n<title>Adolescent \u00e0\u00a0Cagnes-sur-Mer (06800) - psychotherapie-cagnes-sur-mer.fr<\/title>\n<meta name=\"robots\" content=\"index, follow, max-snippet:-1, max-image-preview:large, max-video-preview:-1\" \/>\n<link rel=\"canonical\" href=\"https:\/\/psychotherapie-cagnes-sur-mer.fr\/adolescent-a-cagnes-sur-mer-06800\/\" \/>\n<meta property=\"og:locale\" content=\"fr_FR\" \/>\n<meta property=\"og:type\" content=\"article\" \/>\n<meta property=\"og:title\" content=\"Adolescent \u00e0\u00a0Cagnes-sur-Mer (06800) - psychotherapie-cagnes-sur-mer.fr\" \/>\n<meta property=\"og:description\" content=\"Psychoth\u00e9rapie pour adolescent. Psychoth\u00e9rapie individuelle \u00e0 Cagnes-sur-Mer (06800) .Psychoth\u00e9rapeute. V\u00e9ronique Eskenazi La psychoth\u00e9rapie pour un adolescent Il est important que le jeune patient adh\u00e8re \u00e0 une prise en charge. Il est plus facile de traiter les probl\u00e8mes lorsqu&rsquo;ils apparaissent. Attendre, c&rsquo;est risquer de les voir s&rsquo;aggraver ou de les retrouver \u00e0 l&rsquo;\u00e2ge adulte sous d&rsquo;autres [&hellip;]\" \/>\n<meta property=\"og:url\" content=\"https:\/\/psychotherapie-cagnes-sur-mer.fr\/adolescent-a-cagnes-sur-mer-06800\/\" \/>\n<meta property=\"og:site_name\" content=\"psychotherapie-cagnes-sur-mer.fr\" \/>\n<meta property=\"article:modified_time\" content=\"2025-10-01T16:59:00+00:00\" \/>\n<meta property=\"og:image\" content=\"https:\/\/psychotherapie-cagnes-sur-mer.fr\/wp-content\/uploads\/2025\/03\/img-page-therapie-ado.jpeg\" \/>\n\t<meta property=\"og:image:width\" content=\"400\" \/>\n\t<meta property=\"og:image:height\" content=\"533\" \/>\n\t<meta property=\"og:image:type\" content=\"image\/jpeg\" \/>\n<meta name=\"twitter:card\" content=\"summary_large_image\" \/>\n<meta name=\"twitter:label1\" content=\"Dur\u00e9e de lecture estim\u00e9e\" \/>\n\t<meta name=\"twitter:data1\" content=\"3 minutes\" \/>\n<script type=\"application\/ld+json\" class=\"yoast-schema-graph\">{\"@context\":\"https:\\\/\\\/schema.org\",\"@graph\":[{\"@type\":\"WebPage\",\"@id\":\"https:\\\/\\\/psychotherapie-cagnes-sur-mer.fr\\\/adolescent-a-cagnes-sur-mer-06800\\\/\",\"url\":\"https:\\\/\\\/psychotherapie-cagnes-sur-mer.fr\\\/adolescent-a-cagnes-sur-mer-06800\\\/\",\"name\":\"Adolescent \u00e0\u00a0Cagnes-sur-Mer (06800) - psychotherapie-cagnes-sur-mer.fr\",\"isPartOf\":{\"@id\":\"https:\\\/\\\/psychotherapie-cagnes-sur-mer.fr\\\/#website\"},\"primaryImageOfPage\":{\"@id\":\"https:\\\/\\\/psychotherapie-cagnes-sur-mer.fr\\\/adolescent-a-cagnes-sur-mer-06800\\\/#primaryimage\"},\"image\":{\"@id\":\"https:\\\/\\\/psychotherapie-cagnes-sur-mer.fr\\\/adolescent-a-cagnes-sur-mer-06800\\\/#primaryimage\"},\"thumbnailUrl\":\"https:\\\/\\\/psychotherapie-cagnes-sur-mer.fr\\\/wp-content\\\/uploads\\\/2025\\\/03\\\/img-page-therapie-ado.jpeg\",\"datePublished\":\"2025-03-19T10:49:59+00:00\",\"dateModified\":\"2025-10-01T16:59:00+00:00\",\"breadcrumb\":{\"@id\":\"https:\\\/\\\/psychotherapie-cagnes-sur-mer.fr\\\/adolescent-a-cagnes-sur-mer-06800\\\/#breadcrumb\"},\"inLanguage\":\"fr-FR\",\"potentialAction\":[{\"@type\":\"ReadAction\",\"target\":[\"https:\\\/\\\/psychotherapie-cagnes-sur-mer.fr\\\/adolescent-a-cagnes-sur-mer-06800\\\/\"]}]},{\"@type\":\"ImageObject\",\"inLanguage\":\"fr-FR\",\"@id\":\"https:\\\/\\\/psychotherapie-cagnes-sur-mer.fr\\\/adolescent-a-cagnes-sur-mer-06800\\\/#primaryimage\",\"url\":\"https:\\\/\\\/psychotherapie-cagnes-sur-mer.fr\\\/wp-content\\\/uploads\\\/2025\\\/03\\\/img-page-therapie-ado.jpeg\",\"contentUrl\":\"https:\\\/\\\/psychotherapie-cagnes-sur-mer.fr\\\/wp-content\\\/uploads\\\/2025\\\/03\\\/img-page-therapie-ado.jpeg\",\"width\":400,\"height\":533},{\"@type\":\"BreadcrumbList\",\"@id\":\"https:\\\/\\\/psychotherapie-cagnes-sur-mer.fr\\\/adolescent-a-cagnes-sur-mer-06800\\\/#breadcrumb\",\"itemListElement\":[{\"@type\":\"ListItem\",\"position\":1,\"name\":\"Home\",\"item\":\"https:\\\/\\\/psychotherapie-cagnes-sur-mer.fr\\\/\"},{\"@type\":\"ListItem\",\"position\":2,\"name\":\"Adolescent \u00e0\u00a0Cagnes-sur-Mer (06800)\"}]},{\"@type\":\"WebSite\",\"@id\":\"https:\\\/\\\/psychotherapie-cagnes-sur-mer.fr\\\/#website\",\"url\":\"https:\\\/\\\/psychotherapie-cagnes-sur-mer.fr\\\/\",\"name\":\"psychotherapie-cagnes-sur-mer.fr\",\"description\":\"\",\"publisher\":{\"@id\":\"https:\\\/\\\/psychotherapie-cagnes-sur-mer.fr\\\/#organization\"},\"potentialAction\":[{\"@type\":\"SearchAction\",\"target\":{\"@type\":\"EntryPoint\",\"urlTemplate\":\"https:\\\/\\\/psychotherapie-cagnes-sur-mer.fr\\\/?s={search_term_string}\"},\"query-input\":{\"@type\":\"PropertyValueSpecification\",\"valueRequired\":true,\"valueName\":\"search_term_string\"}}],\"inLanguage\":\"fr-FR\"},{\"@type\":\"Organization\",\"@id\":\"https:\\\/\\\/psychotherapie-cagnes-sur-mer.fr\\\/#organization\",\"name\":\"psychotherapie-cagnes-sur-mer.fr\",\"url\":\"https:\\\/\\\/psychotherapie-cagnes-sur-mer.fr\\\/\",\"logo\":{\"@type\":\"ImageObject\",\"inLanguage\":\"fr-FR\",\"@id\":\"https:\\\/\\\/psychotherapie-cagnes-sur-mer.fr\\\/#\\\/schema\\\/logo\\\/image\\\/\",\"url\":\"https:\\\/\\\/psychotherapie-cagnes-sur-mer.fr\\\/wp-content\\\/uploads\\\/2025\\\/03\\\/cropped-TCA.webp\",\"contentUrl\":\"https:\\\/\\\/psychotherapie-cagnes-sur-mer.fr\\\/wp-content\\\/uploads\\\/2025\\\/03\\\/cropped-TCA.webp\",\"width\":512,\"height\":512,\"caption\":\"psychotherapie-cagnes-sur-mer.fr\"},\"image\":{\"@id\":\"https:\\\/\\\/psychotherapie-cagnes-sur-mer.fr\\\/#\\\/schema\\\/logo\\\/image\\\/\"}}]}<\/script>\n<!-- \/ Yoast SEO plugin. -->","yoast_head_json":{"title":"Adolescent \u00e0\u00a0Cagnes-sur-Mer (06800) - psychotherapie-cagnes-sur-mer.fr","robots":{"index":"index","follow":"follow","max-snippet":"max-snippet:-1","max-image-preview":"max-image-preview:large","max-video-preview":"max-video-preview:-1"},"canonical":"https:\/\/psychotherapie-cagnes-sur-mer.fr\/adolescent-a-cagnes-sur-mer-06800\/","og_locale":"fr_FR","og_type":"article","og_title":"Adolescent \u00e0\u00a0Cagnes-sur-Mer (06800) - psychotherapie-cagnes-sur-mer.fr","og_description":"Psychoth\u00e9rapie pour adolescent. Psychoth\u00e9rapie individuelle \u00e0 Cagnes-sur-Mer (06800) .Psychoth\u00e9rapeute. V\u00e9ronique Eskenazi La psychoth\u00e9rapie pour un adolescent Il est important que le jeune patient adh\u00e8re \u00e0 une prise en charge. Il est plus facile de traiter les probl\u00e8mes lorsqu&rsquo;ils apparaissent. Attendre, c&rsquo;est risquer de les voir s&rsquo;aggraver ou de les retrouver \u00e0 l&rsquo;\u00e2ge adulte sous d&rsquo;autres [&hellip;]","og_url":"https:\/\/psychotherapie-cagnes-sur-mer.fr\/adolescent-a-cagnes-sur-mer-06800\/","og_site_name":"psychotherapie-cagnes-sur-mer.fr","article_modified_time":"2025-10-01T16:59:00+00:00","og_image":[{"width":400,"height":533,"url":"https:\/\/psychotherapie-cagnes-sur-mer.fr\/wp-content\/uploads\/2025\/03\/img-page-therapie-ado.jpeg","type":"image\/jpeg"}],"twitter_card":"summary_large_image","twitter_misc":{"Dur\u00e9e de lecture estim\u00e9e":"3 minutes"},"schema":{"@context":"https:\/\/schema.org","@graph":[{"@type":"WebPage","@id":"https:\/\/psychotherapie-cagnes-sur-mer.fr\/adolescent-a-cagnes-sur-mer-06800\/","url":"https:\/\/psychotherapie-cagnes-sur-mer.fr\/adolescent-a-cagnes-sur-mer-06800\/","name":"Adolescent \u00e0\u00a0Cagnes-sur-Mer (06800) - psychotherapie-cagnes-sur-mer.fr","isPartOf":{"@id":"https:\/\/psychotherapie-cagnes-sur-mer.fr\/#website"},"primaryImageOfPage":{"@id":"https:\/\/psychotherapie-cagnes-sur-mer.fr\/adolescent-a-cagnes-sur-mer-06800\/#primaryimage"},"image":{"@id":"https:\/\/psychotherapie-cagnes-sur-mer.fr\/adolescent-a-cagnes-sur-mer-06800\/#primaryimage"},"thumbnailUrl":"https:\/\/psychotherapie-cagnes-sur-mer.fr\/wp-content\/uploads\/2025\/03\/img-page-therapie-ado.jpeg","datePublished":"2025-03-19T10:49:59+00:00","dateModified":"2025-10-01T16:59:00+00:00","breadcrumb":{"@id":"https:\/\/psychotherapie-cagnes-sur-mer.fr\/adolescent-a-cagnes-sur-mer-06800\/#breadcrumb"},"inLanguage":"fr-FR","potentialAction":[{"@type":"ReadAction","target":["https:\/\/psychotherapie-cagnes-sur-mer.fr\/adolescent-a-cagnes-sur-mer-06800\/"]}]},{"@type":"ImageObject","inLanguage":"fr-FR","@id":"https:\/\/psychotherapie-cagnes-sur-mer.fr\/adolescent-a-cagnes-sur-mer-06800\/#primaryimage","url":"https:\/\/psychotherapie-cagnes-sur-mer.fr\/wp-content\/uploads\/2025\/03\/img-page-therapie-ado.jpeg","contentUrl":"https:\/\/psychotherapie-cagnes-sur-mer.fr\/wp-content\/uploads\/2025\/03\/img-page-therapie-ado.jpeg","width":400,"height":533},{"@type":"BreadcrumbList","@id":"https:\/\/psychotherapie-cagnes-sur-mer.fr\/adolescent-a-cagnes-sur-mer-06800\/#breadcrumb","itemListElement":[{"@type":"ListItem","position":1,"name":"Home","item":"https:\/\/psychotherapie-cagnes-sur-mer.fr\/"},{"@type":"ListItem","position":2,"name":"Adolescent \u00e0\u00a0Cagnes-sur-Mer (06800)"}]},{"@type":"WebSite","@id":"https:\/\/psychotherapie-cagnes-sur-mer.fr\/#website","url":"https:\/\/psychotherapie-cagnes-sur-mer.fr\/","name":"psychotherapie-cagnes-sur-mer.fr","description":"","publisher":{"@id":"https:\/\/psychotherapie-cagnes-sur-mer.fr\/#organization"},"potentialAction":[{"@type":"SearchAction","target":{"@type":"EntryPoint","urlTemplate":"https:\/\/psychotherapie-cagnes-sur-mer.fr\/?s={search_term_string}"},"query-input":{"@type":"PropertyValueSpecification","valueRequired":true,"valueName":"search_term_string"}}],"inLanguage":"fr-FR"},{"@type":"Organization","@id":"https:\/\/psychotherapie-cagnes-sur-mer.fr\/#organization","name":"psychotherapie-cagnes-sur-mer.fr","url":"https:\/\/psychotherapie-cagnes-sur-mer.fr\/","logo":{"@type":"ImageObject","inLanguage":"fr-FR","@id":"https:\/\/psychotherapie-cagnes-sur-mer.fr\/#\/schema\/logo\/image\/","url":"https:\/\/psychotherapie-cagnes-sur-mer.fr\/wp-content\/uploads\/2025\/03\/cropped-TCA.webp","contentUrl":"https:\/\/psychotherapie-cagnes-sur-mer.fr\/wp-content\/uploads\/2025\/03\/cropped-TCA.webp","width":512,"height":512,"caption":"psychotherapie-cagnes-sur-mer.fr"},"image":{"@id":"https:\/\/psychotherapie-cagnes-sur-mer.fr\/#\/schema\/logo\/image\/"}}]}},"_links":{"self":[{"href":"https:\/\/psychotherapie-cagnes-sur-mer.fr\/wp-json\/wp\/v2\/pages\/37","targetHints":{"allow":["GET"]}}],"collection":[{"href":"https:\/\/psychotherapie-cagnes-sur-mer.fr\/wp-json\/wp\/v2\/pages"}],"about":[{"href":"https:\/\/psychotherapie-cagnes-sur-mer.fr\/wp-json\/wp\/v2\/types\/page"}],"author":[{"embeddable":true,"href":"https:\/\/psychotherapie-cagnes-sur-mer.fr\/wp-json\/wp\/v2\/users\/1"}],"replies":[{"embeddable":true,"href":"https:\/\/psychotherapie-cagnes-sur-mer.fr\/wp-json\/wp\/v2\/comments?post=37"}],"version-history":[{"count":52,"href":"https:\/\/psychotherapie-cagnes-sur-mer.fr\/wp-json\/wp\/v2\/pages\/37\/revisions"}],"predecessor-version":[{"id":1150,"href":"https:\/\/psychotherapie-cagnes-sur-mer.fr\/wp-json\/wp\/v2\/pages\/37\/revisions\/1150"}],"wp:attachment":[{"href":"https:\/\/psychotherapie-cagnes-sur-mer.fr\/wp-json\/wp\/v2\/media?parent=37"}],"wp:term":[{"taxonomy":"category","embeddable":true,"href":"https:\/\/psychotherapie-cagnes-sur-mer.fr\/wp-json\/wp\/v2\/categories?post=37"}],"curies":[{"name":"wp","href":"https:\/\/api.w.org\/{rel}","templated":true}]}}