{"id":44,"date":"2025-03-19T10:52:29","date_gmt":"2025-03-19T10:52:29","guid":{"rendered":"https:\/\/psychotherapie-cagnes-sur-mer.fr\/?page_id=44"},"modified":"2025-10-01T16:51:01","modified_gmt":"2025-10-01T16:51:01","slug":"emdr-praticien-en-hypnose-cagnes-sur-mer","status":"publish","type":"page","link":"https:\/\/psychotherapie-cagnes-sur-mer.fr\/emdr-praticien-en-hypnose-cagnes-sur-mer\/","title":{"rendered":"EMDR \u00e0\u00a0Cagnes-sur-Mer (06800)"},"content":{"rendered":"\t\t<div data-elementor-type=\"wp-page\" data-elementor-id=\"44\" class=\"elementor elementor-44\" data-elementor-post-type=\"page\">\n\t\t\t\t<div class=\"elementor-element elementor-element-2311248b e-flex e-con-boxed e-con e-parent\" data-id=\"2311248b\" data-element_type=\"container\" data-e-type=\"container\" data-settings=\"{&quot;background_background&quot;:&quot;classic&quot;}\">\n\t\t\t\t\t<div class=\"e-con-inner\">\n\t\t\t\t<div class=\"elementor-element elementor-element-54e5898 elementor-widget elementor-widget-heading\" data-id=\"54e5898\" data-element_type=\"widget\" data-e-type=\"widget\" data-widget_type=\"heading.default\">\n\t\t\t\t\t<h1 class=\"elementor-heading-title elementor-size-default\">EMDR \u00e0 Cagnes-sur-Mer (06800)  Psychoth\u00e9rapeute . V\u00e9ronique Eskenazi. <\/h1>\t\t\t\t<\/div>\n\t\t\t\t\t<\/div>\n\t\t\t\t<\/div>\n\t\t<div class=\"elementor-element elementor-element-485e074e e-flex e-con-boxed e-con e-parent\" data-id=\"485e074e\" data-element_type=\"container\" data-e-type=\"container\" data-settings=\"{&quot;background_background&quot;:&quot;classic&quot;}\">\n\t\t\t\t\t<div class=\"e-con-inner\">\n\t\t<div class=\"elementor-element elementor-element-1759249 e-con-full e-flex e-con e-child\" data-id=\"1759249\" data-element_type=\"container\" data-e-type=\"container\">\n\t\t<div class=\"elementor-element elementor-element-71426fb6 e-con-full e-flex e-con e-child\" data-id=\"71426fb6\" data-element_type=\"container\" data-e-type=\"container\">\n\t\t\t\t<div class=\"elementor-element elementor-element-27ccdfa3 elementor-widget__width-auto elementor-widget elementor-widget-heading\" data-id=\"27ccdfa3\" data-element_type=\"widget\" data-e-type=\"widget\" data-widget_type=\"heading.default\">\n\t\t\t\t\t<h2 class=\"elementor-heading-title elementor-size-default\">L'EMDR<\/h2>\t\t\t\t<\/div>\n\t\t<div class=\"elementor-element elementor-element-7026811e e-con-full e-transform elementor-hidden-mobile e-flex e-con e-child\" data-id=\"7026811e\" data-element_type=\"container\" data-e-type=\"container\" data-settings=\"{&quot;background_background&quot;:&quot;classic&quot;,&quot;position&quot;:&quot;absolute&quot;,&quot;_transform_translateX_effect&quot;:{&quot;unit&quot;:&quot;%&quot;,&quot;size&quot;:-50,&quot;sizes&quot;:[]},&quot;_transform_translateX_effect_tablet&quot;:{&quot;unit&quot;:&quot;%&quot;,&quot;size&quot;:&quot;&quot;,&quot;sizes&quot;:[]},&quot;_transform_translateX_effect_mobile&quot;:{&quot;unit&quot;:&quot;%&quot;,&quot;size&quot;:&quot;&quot;,&quot;sizes&quot;:[]},&quot;_transform_translateY_effect&quot;:{&quot;unit&quot;:&quot;%&quot;,&quot;size&quot;:-25,&quot;sizes&quot;:[]},&quot;_transform_translateY_effect_tablet&quot;:{&quot;unit&quot;:&quot;%&quot;,&quot;size&quot;:&quot;&quot;,&quot;sizes&quot;:[]},&quot;_transform_translateY_effect_mobile&quot;:{&quot;unit&quot;:&quot;%&quot;,&quot;size&quot;:&quot;&quot;,&quot;sizes&quot;:[]}}\">\n\t\t\t\t<\/div>\n\t\t\t\t<\/div>\n\t\t\t\t<div class=\"elementor-element elementor-element-3d3bafd elementor-widget elementor-widget-heading\" data-id=\"3d3bafd\" data-element_type=\"widget\" data-e-type=\"widget\" data-widget_type=\"heading.default\">\n\t\t\t\t\t<p class=\"elementor-heading-title elementor-size-default\">Comment \u00e7a fonctionne ?<\/p>\t\t\t\t<\/div>\n\t\t\t\t<div class=\"elementor-element elementor-element-2e067b8b elementor-widget elementor-widget-text-editor\" data-id=\"2e067b8b\" data-element_type=\"widget\" data-e-type=\"widget\" data-widget_type=\"text-editor.default\">\n\t\t\t\t\t\t\t\t\t<p><strong>La th\u00e9rapie\u00a0EMDR\u00a0permet de\u00a0remettre en route les m\u00e9canismes naturels\u00a0de traitement de l\u2019information par le cerveau.<\/strong><\/p><p>Nous avons dans le cerveau un syst\u00e8me de traitement de l&rsquo;information\u00a0qu&rsquo;on appelle le TAI ( traitement adaptatif de l\u2019information) qui permet d&rsquo;int\u00e9grer les exp\u00e9riences que nous vivons et \u00a0 de les mettre en m\u00e9moire ; c&rsquo;est un syst\u00e8me inn\u00e9 d&rsquo;auto- gu\u00e9rison (comme la peau peut se r\u00e9g\u00e9n\u00e9rer).<\/p><p>Ce syst\u00e8me s&rsquo;active la nuit<strong>,<\/strong>\u00a0lors de ce qu&rsquo;on appelle les REM\u00a0 ( rapid eye movements) c\u2019est \u00e0 dire les mouvements oculaires du sommeil paradoxal .<\/p><p>Lors d&rsquo;un\u00a0<strong>\u00e9v\u00e9nement traumatisant<\/strong>, les capacit\u00e9s du syst\u00e8me adaptatif du cerveau sont d\u00e9pass\u00e9es\u00a0, le cerveau ne parvient plus \u00e0 traiter l&rsquo;exp\u00e9rience, ses capacit\u00e9s sont d\u00e9bord\u00e9es&#8230;. L&rsquo;<strong>exp\u00e9rience<\/strong>\u00a0<strong>traumatique\u00a0<\/strong>va rester encapsul\u00e9e quelque part.<\/p><p><strong>L\u2019EMDR\u00a0<\/strong>reproduit le processus de traitement adaptatif de l\u2019information du cerveau par les\u00a0mouvements binoculaires\u00a0altern\u00e9s\u00a0semblables aux REM ( rapid eye movement) du sommeil.<\/p><p>Le\u00a0<strong>psychoth\u00e9rapeute<\/strong>\u00a0va par cette m\u00e9thode,\u00a0 aider le cerveau \u00e0 se d\u00e9charger de ce stress aigu et \u00e0 retrouver sa capacit\u00e9 \u00e0 fonctionner de mani\u00e8re autonome.<\/p>\t\t\t\t\t\t\t\t<\/div>\n\t\t\t\t<div class=\"elementor-element elementor-element-5df9e1e4 elementor-widget elementor-widget-button\" data-id=\"5df9e1e4\" data-element_type=\"widget\" data-e-type=\"widget\" data-widget_type=\"button.default\">\n\t\t\t\t\t\t\t\t\t\t<a class=\"elementor-button elementor-button-link elementor-size-sm\" href=\"https:\/\/www.psychologue.net\/cabinets\/veronique-eskenazi\" target=\"_blank\" rel=\"noopener\">\n\t\t\t\t\t\t<span class=\"elementor-button-content-wrapper\">\n\t\t\t\t\t\t\t\t\t<span class=\"elementor-button-text\">Prenez rendez-vous<\/span>\n\t\t\t\t\t<\/span>\n\t\t\t\t\t<\/a>\n\t\t\t\t\t\t\t\t<\/div>\n\t\t\t\t<\/div>\n\t\t\t\t<div class=\"elementor-element elementor-element-45277c2b elementor-widget elementor-widget-image\" data-id=\"45277c2b\" data-element_type=\"widget\" data-e-type=\"widget\" data-widget_type=\"image.default\">\n\t\t\t\t\t\t\t\t\t\t\t\t\t\t\t<img fetchpriority=\"high\" decoding=\"async\" width=\"600\" height=\"802\" src=\"https:\/\/psychotherapie-cagnes-sur-mer.fr\/wp-content\/uploads\/2025\/03\/therapie-emdr.jpeg\" class=\"attachment-medium_large size-medium_large wp-image-406\" alt=\"\" srcset=\"https:\/\/psychotherapie-cagnes-sur-mer.fr\/wp-content\/uploads\/2025\/03\/therapie-emdr.jpeg 600w, https:\/\/psychotherapie-cagnes-sur-mer.fr\/wp-content\/uploads\/2025\/03\/therapie-emdr-224x300.jpeg 224w\" sizes=\"(max-width: 600px) 100vw, 600px\" \/>\t\t\t\t\t\t\t\t\t\t\t\t\t\t\t<\/div>\n\t\t\t\t\t<\/div>\n\t\t\t\t<\/div>\n\t\t<div class=\"elementor-element elementor-element-6b456315 e-flex e-con-boxed e-con e-parent\" data-id=\"6b456315\" data-element_type=\"container\" data-e-type=\"container\" data-settings=\"{&quot;background_background&quot;:&quot;gradient&quot;}\">\n\t\t\t\t\t<div class=\"e-con-inner\">\n\t\t<div class=\"elementor-element elementor-element-7c98b6bf e-con-full e-flex elementor-invisible e-con e-child\" data-id=\"7c98b6bf\" data-element_type=\"container\" data-e-type=\"container\" data-settings=\"{&quot;background_background&quot;:&quot;classic&quot;,&quot;animation&quot;:&quot;slideInLeft&quot;}\">\n\t\t<div class=\"elementor-element elementor-element-1cf585c0 e-con-full e-flex e-con e-child\" data-id=\"1cf585c0\" data-element_type=\"container\" data-e-type=\"container\" data-settings=\"{&quot;background_background&quot;:&quot;classic&quot;}\">\n\t\t<div class=\"elementor-element elementor-element-7aabdda1 e-con-full e-flex e-con e-child\" data-id=\"7aabdda1\" data-element_type=\"container\" data-e-type=\"container\">\n\t\t\t\t<div class=\"elementor-element elementor-element-73c76864 elementor-widget__width-auto elementor-widget elementor-widget-heading\" data-id=\"73c76864\" data-element_type=\"widget\" data-e-type=\"widget\" data-widget_type=\"heading.default\">\n\t\t\t\t\t<h2 class=\"elementor-heading-title elementor-size-default\">Comment sortir de l'\u00e9tat de stress post-traumatique avec l'EMDR ?<\/h2>\t\t\t\t<\/div>\n\t\t<div class=\"elementor-element elementor-element-4efbb470 e-con-full e-transform elementor-hidden-mobile e-flex e-con e-child\" data-id=\"4efbb470\" data-element_type=\"container\" data-e-type=\"container\" data-settings=\"{&quot;background_background&quot;:&quot;classic&quot;,&quot;position&quot;:&quot;absolute&quot;,&quot;_transform_translateX_effect&quot;:{&quot;unit&quot;:&quot;%&quot;,&quot;size&quot;:-50,&quot;sizes&quot;:[]},&quot;_transform_translateX_effect_tablet&quot;:{&quot;unit&quot;:&quot;%&quot;,&quot;size&quot;:&quot;&quot;,&quot;sizes&quot;:[]},&quot;_transform_translateX_effect_mobile&quot;:{&quot;unit&quot;:&quot;%&quot;,&quot;size&quot;:&quot;&quot;,&quot;sizes&quot;:[]},&quot;_transform_translateY_effect&quot;:{&quot;unit&quot;:&quot;%&quot;,&quot;size&quot;:-25,&quot;sizes&quot;:[]},&quot;_transform_translateY_effect_tablet&quot;:{&quot;unit&quot;:&quot;%&quot;,&quot;size&quot;:&quot;&quot;,&quot;sizes&quot;:[]},&quot;_transform_translateY_effect_mobile&quot;:{&quot;unit&quot;:&quot;%&quot;,&quot;size&quot;:&quot;&quot;,&quot;sizes&quot;:[]}}\">\n\t\t\t\t<\/div>\n\t\t\t\t<\/div>\n\t\t\t\t<\/div>\n\t\t\t\t<div class=\"elementor-element elementor-element-187c61ef elementor-widget elementor-widget-text-editor\" data-id=\"187c61ef\" data-element_type=\"widget\" data-e-type=\"widget\" data-widget_type=\"text-editor.default\">\n\t\t\t\t\t\t\t\t\t<p>Le sigle EMDR signifie\u00a0<strong>Eye Movement Desensitization and Reprocessing\u00a0.<\/strong>C&rsquo;est une approche psychoth\u00e9rapeutique particuli\u00e8rement efficace bas\u00e9e sur les neuro-sciences\u00a0et reconnue par la Haute Autorit\u00e9 de Sant\u00e9 (HAS) et l\u2019Organisation Mondiale de la Sant\u00e9 (OMS). On a recours \u00e0 l&rsquo;EMDR\u00a0pour traiter les\u00a0\u00e9tats de<strong>\u00a0stress post traumatiques\u00a0<\/strong>,\u00e9tats qui se caract\u00e9risent par le souvenir envahissant d\u2019un \u00e9v\u00e9nement,\u00a0des\u00a0reviviscences, des\u00a0flashs-back,\u00a0des\u00a0angoisses\u00a0, des\u00a0insomnies\u00a0&#8230; Il s&rsquo;agit de<strong>\u00a0sympt\u00f4mes post-traumatiques.<\/strong><\/p>\t\t\t\t\t\t\t\t<\/div>\n\t\t<div class=\"elementor-element elementor-element-4f312b6 e-con-full e-flex e-con e-child\" data-id=\"4f312b6\" data-element_type=\"container\" data-e-type=\"container\" data-settings=\"{&quot;background_background&quot;:&quot;classic&quot;}\">\n\t\t<div class=\"elementor-element elementor-element-44e71dc e-con-full e-flex e-con e-child\" data-id=\"44e71dc\" data-element_type=\"container\" data-e-type=\"container\">\n\t\t\t\t<div class=\"elementor-element elementor-element-44c6589 elementor-widget__width-auto elementor-widget elementor-widget-heading\" data-id=\"44c6589\" data-element_type=\"widget\" data-e-type=\"widget\" data-widget_type=\"heading.default\">\n\t\t\t\t\t<h2 class=\"elementor-heading-title elementor-size-default\">Qu'est-ce que l'\u00e9tat de stress post-traumatique?<\/h2>\t\t\t\t<\/div>\n\t\t<div class=\"elementor-element elementor-element-9b3f5f3 e-con-full e-transform elementor-hidden-mobile e-flex e-con e-child\" data-id=\"9b3f5f3\" data-element_type=\"container\" data-e-type=\"container\" data-settings=\"{&quot;background_background&quot;:&quot;classic&quot;,&quot;position&quot;:&quot;absolute&quot;,&quot;_transform_translateX_effect&quot;:{&quot;unit&quot;:&quot;%&quot;,&quot;size&quot;:-50,&quot;sizes&quot;:[]},&quot;_transform_translateX_effect_tablet&quot;:{&quot;unit&quot;:&quot;%&quot;,&quot;size&quot;:&quot;&quot;,&quot;sizes&quot;:[]},&quot;_transform_translateX_effect_mobile&quot;:{&quot;unit&quot;:&quot;%&quot;,&quot;size&quot;:&quot;&quot;,&quot;sizes&quot;:[]},&quot;_transform_translateY_effect&quot;:{&quot;unit&quot;:&quot;%&quot;,&quot;size&quot;:-25,&quot;sizes&quot;:[]},&quot;_transform_translateY_effect_tablet&quot;:{&quot;unit&quot;:&quot;%&quot;,&quot;size&quot;:&quot;&quot;,&quot;sizes&quot;:[]},&quot;_transform_translateY_effect_mobile&quot;:{&quot;unit&quot;:&quot;%&quot;,&quot;size&quot;:&quot;&quot;,&quot;sizes&quot;:[]}}\">\n\t\t\t\t<\/div>\n\t\t\t\t<\/div>\n\t\t\t\t<\/div>\n\t\t\t\t<div class=\"elementor-element elementor-element-1155aef elementor-widget elementor-widget-text-editor\" data-id=\"1155aef\" data-element_type=\"widget\" data-e-type=\"widget\" data-widget_type=\"text-editor.default\">\n\t\t\t\t\t\t\t\t\t<p>Un\u00a0<strong>traumatisme psychique<\/strong>\u00a0est une r\u00e9action \u00e9motive persistante qui fait suite \u00e0 un \u00e9v\u00e9nement extr\u00eamement \u00e9prouvant de la vie. Le fait de vivre un\u00a0<strong>\u00e9v\u00e9nement traumatisant\u00a0<\/strong>peut compromettre le sentiment de s\u00e9curit\u00e9 et le sentiment d\u2019identit\u00e9 ainsi que la capacit\u00e9 \u00e0 r\u00e9guler les \u00e9motions et \u00e0 maintenir des rapports de confiance avec les autres. Longtemps apr\u00e8s avoir v\u00e9cu un\u00a0\u00e9v\u00e9nement traumatisant, la personne ressent fr\u00e9quemment une<strong>\u00a0peur intense\u00a0<\/strong>accompagn\u00e9e d\u2019un sentiment de honte ou d&rsquo;impuissance.<\/p><p>Un m\u00eame \u00e9v\u00e9nement peut \u00eatre plus traumatisant pour certaines personnes que pour d\u2019autres; on peut cependant<strong>\u00a0<\/strong>rep\u00e9rer des\u00a0<strong>types d\u2019\u00e9v\u00e9nements traumatisants\u00a0:<\/strong><\/p>\t\t\t\t\t\t\t\t<\/div>\n\t\t\t\t<div class=\"elementor-element elementor-element-97a72c2 elementor-icon-list--layout-traditional elementor-list-item-link-full_width elementor-widget elementor-widget-icon-list\" data-id=\"97a72c2\" data-element_type=\"widget\" data-e-type=\"widget\" data-widget_type=\"icon-list.default\">\n\t\t\t\t\t\t\t<ul class=\"elementor-icon-list-items\">\n\t\t\t\t\t\t\t<li class=\"elementor-icon-list-item\">\n\t\t\t\t\t\t\t\t\t\t\t<span class=\"elementor-icon-list-icon\">\n\t\t\t\t\t\t\t<svg aria-hidden=\"true\" class=\"e-font-icon-svg e-far-check-circle\" viewBox=\"0 0 512 512\" xmlns=\"http:\/\/www.w3.org\/2000\/svg\"><path d=\"M256 8C119.033 8 8 119.033 8 256s111.033 248 248 248 248-111.033 248-248S392.967 8 256 8zm0 48c110.532 0 200 89.451 200 200 0 110.532-89.451 200-200 200-110.532 0-200-89.451-200-200 0-110.532 89.451-200 200-200m140.204 130.267l-22.536-22.718c-4.667-4.705-12.265-4.736-16.97-.068L215.346 303.697l-59.792-60.277c-4.667-4.705-12.265-4.736-16.97-.069l-22.719 22.536c-4.705 4.667-4.736 12.265-.068 16.971l90.781 91.516c4.667 4.705 12.265 4.736 16.97.068l172.589-171.204c4.704-4.668 4.734-12.266.067-16.971z\"><\/path><\/svg>\t\t\t\t\t\t<\/span>\n\t\t\t\t\t\t\t\t\t\t<span class=\"elementor-icon-list-text\">un \u00e9v\u00e9nement singulier et r\u00e9cent : accident d' automobile, agression violente, accidents graves, catastrophes naturelles, guerres, pertes soudaines et inattendues de proches...<\/span>\n\t\t\t\t\t\t\t\t\t<\/li>\n\t\t\t\t\t\t\t\t<li class=\"elementor-icon-list-item\">\n\t\t\t\t\t\t\t\t\t\t\t<span class=\"elementor-icon-list-icon\">\n\t\t\t\t\t\t\t<svg aria-hidden=\"true\" class=\"e-font-icon-svg e-far-check-circle\" viewBox=\"0 0 512 512\" xmlns=\"http:\/\/www.w3.org\/2000\/svg\"><path d=\"M256 8C119.033 8 8 119.033 8 256s111.033 248 248 248 248-111.033 248-248S392.967 8 256 8zm0 48c110.532 0 200 89.451 200 200 0 110.532-89.451 200-200 200-110.532 0-200-89.451-200-200 0-110.532 89.451-200 200-200m140.204 130.267l-22.536-22.718c-4.667-4.705-12.265-4.736-16.97-.068L215.346 303.697l-59.792-60.277c-4.667-4.705-12.265-4.736-16.97-.069l-22.719 22.536c-4.705 4.667-4.736 12.265-.068 16.971l90.781 91.516c4.667 4.705 12.265 4.736 16.97.068l172.589-171.204c4.704-4.668 4.734-12.266.067-16.971z\"><\/path><\/svg>\t\t\t\t\t\t<\/span>\n\t\t\t\t\t\t\t\t\t\t<span class=\"elementor-icon-list-text\">un \u00e9v\u00e9nement singulier potentiellement traumatique qui s\u2019est produit dans le pass\u00e9  peut \u00ab dormir \u00bb pendant des ann\u00e9es et \u00eatre r\u00e9activ\u00e9 un jour par un fait ou \u00e9v\u00e9nement anodin, et provoquer alors des sympt\u00f4mes post-traumatiques<\/span>\n\t\t\t\t\t\t\t\t\t<\/li>\n\t\t\t\t\t\t\t\t<li class=\"elementor-icon-list-item\">\n\t\t\t\t\t\t\t\t\t\t\t<span class=\"elementor-icon-list-icon\">\n\t\t\t\t\t\t\t<svg aria-hidden=\"true\" class=\"e-font-icon-svg e-far-check-circle\" viewBox=\"0 0 512 512\" xmlns=\"http:\/\/www.w3.org\/2000\/svg\"><path d=\"M256 8C119.033 8 8 119.033 8 256s111.033 248 248 248 248-111.033 248-248S392.967 8 256 8zm0 48c110.532 0 200 89.451 200 200 0 110.532-89.451 200-200 200-110.532 0-200-89.451-200-200 0-110.532 89.451-200 200-200m140.204 130.267l-22.536-22.718c-4.667-4.705-12.265-4.736-16.97-.068L215.346 303.697l-59.792-60.277c-4.667-4.705-12.265-4.736-16.97-.069l-22.719 22.536c-4.705 4.667-4.736 12.265-.068 16.971l90.781 91.516c4.667 4.705 12.265 4.736 16.97.068l172.589-171.204c4.704-4.668 4.734-12.266.067-16.971z\"><\/path><\/svg>\t\t\t\t\t\t<\/span>\n\t\t\t\t\t\t\t\t\t\t<span class=\"elementor-icon-list-text\">une exp\u00e9rience \u00e9prouvante, r\u00e9p\u00e9t\u00e9e et prolong\u00e9e : n\u00e9gligence ou maltraitance continue durant l'enfance, s\u00e9vices sexuels ou physiques, perturbation de l\u2019attachement, etc.<\/span>\n\t\t\t\t\t\t\t\t\t<\/li>\n\t\t\t\t\t\t<\/ul>\n\t\t\t\t\t\t<\/div>\n\t\t\t\t<div class=\"elementor-element elementor-element-b0fe6fe elementor-widget elementor-widget-text-editor\" data-id=\"b0fe6fe\" data-element_type=\"widget\" data-e-type=\"widget\" data-widget_type=\"text-editor.default\">\n\t\t\t\t\t\t\t\t\t<p>Les\u00a0<strong>exp\u00e9riences traumatisantes<\/strong>\u00a0qui se produisent dans l&rsquo;enfance ont souvent des<strong>\u00a0cons\u00e9quences d\u00e9vastatrices<\/strong>. Elles affectent la capacit\u00e9 \u00e0 \u00e9tablir avec autrui des relations harmonieuses, fond\u00e9es sur la confiance. Il s&rsquo;agit alors de traumatismes complexes ( traumatismes r\u00e9p\u00e9t\u00e9s et prolong\u00e9s). Chez les enfants, le traumatisme complexe est<strong>\u00a0<\/strong>souvent appel\u00e9 \u00ab trouble traumatique du d\u00e9veloppement \u00bb.<\/p>\t\t\t\t\t\t\t\t<\/div>\n\t\t\t\t<\/div>\n\t\t\t\t\t<\/div>\n\t\t\t\t<\/div>\n\t\t<div class=\"elementor-element elementor-element-2dfffc50 e-flex e-con-boxed e-con e-parent\" data-id=\"2dfffc50\" data-element_type=\"container\" data-e-type=\"container\" data-settings=\"{&quot;background_background&quot;:&quot;classic&quot;}\">\n\t\t\t\t\t<div class=\"e-con-inner\">\n\t\t<div class=\"elementor-element elementor-element-5f44f2e3 e-con-full e-flex e-con e-child\" data-id=\"5f44f2e3\" data-element_type=\"container\" data-e-type=\"container\" data-settings=\"{&quot;background_background&quot;:&quot;classic&quot;}\">\n\t\t<div class=\"elementor-element elementor-element-3566a7a0 e-con-full e-flex e-con e-child\" data-id=\"3566a7a0\" data-element_type=\"container\" data-e-type=\"container\" data-settings=\"{&quot;background_background&quot;:&quot;classic&quot;}\">\n\t\t<div class=\"elementor-element elementor-element-29b250c2 e-con-full e-flex e-con e-child\" data-id=\"29b250c2\" data-element_type=\"container\" data-e-type=\"container\">\n\t\t\t\t<div class=\"elementor-element elementor-element-2b929e22 elementor-widget__width-auto elementor-widget elementor-widget-heading\" data-id=\"2b929e22\" data-element_type=\"widget\" data-e-type=\"widget\" data-widget_type=\"heading.default\">\n\t\t\t\t\t<h2 class=\"elementor-heading-title elementor-size-default\">Comment se d\u00e9roule une th\u00e9rapie EMDR?<\/h2>\t\t\t\t<\/div>\n\t\t<div class=\"elementor-element elementor-element-90e342e e-con-full e-transform elementor-hidden-mobile e-flex e-con e-child\" data-id=\"90e342e\" data-element_type=\"container\" data-e-type=\"container\" data-settings=\"{&quot;background_background&quot;:&quot;classic&quot;,&quot;position&quot;:&quot;absolute&quot;,&quot;_transform_translateX_effect&quot;:{&quot;unit&quot;:&quot;%&quot;,&quot;size&quot;:-50,&quot;sizes&quot;:[]},&quot;_transform_translateX_effect_tablet&quot;:{&quot;unit&quot;:&quot;%&quot;,&quot;size&quot;:&quot;&quot;,&quot;sizes&quot;:[]},&quot;_transform_translateX_effect_mobile&quot;:{&quot;unit&quot;:&quot;%&quot;,&quot;size&quot;:&quot;&quot;,&quot;sizes&quot;:[]},&quot;_transform_translateY_effect&quot;:{&quot;unit&quot;:&quot;%&quot;,&quot;size&quot;:-25,&quot;sizes&quot;:[]},&quot;_transform_translateY_effect_tablet&quot;:{&quot;unit&quot;:&quot;%&quot;,&quot;size&quot;:&quot;&quot;,&quot;sizes&quot;:[]},&quot;_transform_translateY_effect_mobile&quot;:{&quot;unit&quot;:&quot;%&quot;,&quot;size&quot;:&quot;&quot;,&quot;sizes&quot;:[]}}\">\n\t\t\t\t<\/div>\n\t\t\t\t<\/div>\n\t\t\t\t<\/div>\n\t\t\t\t<div class=\"elementor-element elementor-element-14667331 elementor-widget elementor-widget-heading\" data-id=\"14667331\" data-element_type=\"widget\" data-e-type=\"widget\" data-widget_type=\"heading.default\">\n\t\t\t\t\t<p class=\"elementor-heading-title elementor-size-default\">Une th\u00e9rapie en 3 phases principales :\n\n<\/p>\t\t\t\t<\/div>\n\t\t\t\t<div class=\"elementor-element elementor-element-d53ba91 elementor-widget elementor-widget-text-editor\" data-id=\"d53ba91\" data-element_type=\"widget\" data-e-type=\"widget\" data-widget_type=\"text-editor.default\">\n\t\t\t\t\t\t\t\t\t<p><u><strong>Premi\u00e8re phase<\/strong>\u00a0:\u00a0<\/u>de 1 \u00e0 3 s\u00e9ances, permet de comprendre la situation les attentes du patient et d\u2019\u00e9tablir un \u00ab plan de traitement \u00bb.<\/p><p><strong><u>Phase de d\u00e9sensibilisation\u00a0et de retraitement\u00a0<\/u><\/strong>:\u00a0c\u2019est \u00e0 dire l\u2019utilisation de\u00a0stimulations oculaires bilat\u00e9rales altern\u00e9es\u00a0Il faut parfois plusieurs s\u00e9ances mais en g\u00e9n\u00e9ral il s&rsquo;agit d&rsquo;une\u00a0th\u00e9rapie br\u00e8ve.<\/p><p><strong><u>Phase de reprogrammation<\/u>\u00a0<\/strong>: une s\u00e9ance suffit pour stabiliser l&rsquo;\u00e9tat \u00e9motionnel.<\/p>\t\t\t\t\t\t\t\t<\/div>\n\t\t\t\t<div class=\"elementor-element elementor-element-04adb3e elementor-align-center elementor-widget elementor-widget-button\" data-id=\"04adb3e\" data-element_type=\"widget\" data-e-type=\"widget\" data-widget_type=\"button.default\">\n\t\t\t\t\t\t\t\t\t\t<a class=\"elementor-button elementor-button-link elementor-size-sm\" href=\"#\">\n\t\t\t\t\t\t<span class=\"elementor-button-content-wrapper\">\n\t\t\t\t\t\t\t\t\t<span class=\"elementor-button-text\">En savoir plus<\/span>\n\t\t\t\t\t<\/span>\n\t\t\t\t\t<\/a>\n\t\t\t\t\t\t\t\t<\/div>\n\t\t\t\t<\/div>\n\t\t\t\t\t<\/div>\n\t\t\t\t<\/div>\n\t\t\t\t<\/div>\n\t\t","protected":false},"excerpt":{"rendered":"<p>EMDR \u00e0 Cagnes-sur-Mer (06800) Psychoth\u00e9rapeute . V\u00e9ronique Eskenazi. L&rsquo;EMDR Comment \u00e7a fonctionne ? La th\u00e9rapie\u00a0EMDR\u00a0permet de\u00a0remettre en route les m\u00e9canismes naturels\u00a0de traitement de l\u2019information par le cerveau. Nous avons dans le cerveau un syst\u00e8me de traitement de l&rsquo;information\u00a0qu&rsquo;on appelle le TAI ( traitement adaptatif de l\u2019information) qui permet d&rsquo;int\u00e9grer les exp\u00e9riences que nous vivons et [&hellip;]<\/p>\n","protected":false},"author":1,"featured_media":0,"parent":0,"menu_order":0,"comment_status":"closed","ping_status":"closed","template":"","meta":{"footnotes":""},"categories":[9],"class_list":["post-44","page","type-page","status-publish","hentry","category-pratiques"],"yoast_head":"<!-- This site is optimized with the Yoast SEO plugin v28.2 - https:\/\/yoast.com\/product\/yoast-seo-wordpress\/ -->\n<title>EMDR \u00e0\u00a0Cagnes-sur-Mer (06800) - psychotherapie-cagnes-sur-mer.fr<\/title>\n<meta name=\"robots\" content=\"index, follow, max-snippet:-1, max-image-preview:large, max-video-preview:-1\" \/>\n<link rel=\"canonical\" href=\"https:\/\/psychotherapie-cagnes-sur-mer.fr\/emdr-praticien-en-hypnose-cagnes-sur-mer\/\" \/>\n<meta property=\"og:locale\" content=\"fr_FR\" \/>\n<meta property=\"og:type\" content=\"article\" \/>\n<meta property=\"og:title\" content=\"EMDR \u00e0\u00a0Cagnes-sur-Mer (06800) - psychotherapie-cagnes-sur-mer.fr\" \/>\n<meta property=\"og:description\" content=\"EMDR \u00e0 Cagnes-sur-Mer (06800) Psychoth\u00e9rapeute . V\u00e9ronique Eskenazi. L&rsquo;EMDR Comment \u00e7a fonctionne ? La th\u00e9rapie\u00a0EMDR\u00a0permet de\u00a0remettre en route les m\u00e9canismes naturels\u00a0de traitement de l\u2019information par le cerveau. Nous avons dans le cerveau un syst\u00e8me de traitement de l&rsquo;information\u00a0qu&rsquo;on appelle le TAI ( traitement adaptatif de l\u2019information) qui permet d&rsquo;int\u00e9grer les exp\u00e9riences que nous vivons et [&hellip;]\" \/>\n<meta property=\"og:url\" content=\"https:\/\/psychotherapie-cagnes-sur-mer.fr\/emdr-praticien-en-hypnose-cagnes-sur-mer\/\" \/>\n<meta property=\"og:site_name\" content=\"psychotherapie-cagnes-sur-mer.fr\" \/>\n<meta property=\"article:modified_time\" content=\"2025-10-01T16:51:01+00:00\" \/>\n<meta property=\"og:image\" content=\"https:\/\/psychotherapie-cagnes-sur-mer.fr\/wp-content\/uploads\/2025\/03\/therapie-emdr.jpeg\" \/>\n\t<meta property=\"og:image:width\" content=\"600\" \/>\n\t<meta property=\"og:image:height\" content=\"802\" \/>\n\t<meta property=\"og:image:type\" content=\"image\/jpeg\" \/>\n<meta name=\"twitter:card\" content=\"summary_large_image\" \/>\n<meta name=\"twitter:label1\" content=\"Dur\u00e9e de lecture estim\u00e9e\" \/>\n\t<meta name=\"twitter:data1\" content=\"3 minutes\" \/>\n<script type=\"application\/ld+json\" class=\"yoast-schema-graph\">{\"@context\":\"https:\\\/\\\/schema.org\",\"@graph\":[{\"@type\":\"WebPage\",\"@id\":\"https:\\\/\\\/psychotherapie-cagnes-sur-mer.fr\\\/emdr-praticien-en-hypnose-cagnes-sur-mer\\\/\",\"url\":\"https:\\\/\\\/psychotherapie-cagnes-sur-mer.fr\\\/emdr-praticien-en-hypnose-cagnes-sur-mer\\\/\",\"name\":\"EMDR \u00e0\u00a0Cagnes-sur-Mer (06800) - psychotherapie-cagnes-sur-mer.fr\",\"isPartOf\":{\"@id\":\"https:\\\/\\\/psychotherapie-cagnes-sur-mer.fr\\\/#website\"},\"primaryImageOfPage\":{\"@id\":\"https:\\\/\\\/psychotherapie-cagnes-sur-mer.fr\\\/emdr-praticien-en-hypnose-cagnes-sur-mer\\\/#primaryimage\"},\"image\":{\"@id\":\"https:\\\/\\\/psychotherapie-cagnes-sur-mer.fr\\\/emdr-praticien-en-hypnose-cagnes-sur-mer\\\/#primaryimage\"},\"thumbnailUrl\":\"https:\\\/\\\/psychotherapie-cagnes-sur-mer.fr\\\/wp-content\\\/uploads\\\/2025\\\/03\\\/therapie-emdr.jpeg\",\"datePublished\":\"2025-03-19T10:52:29+00:00\",\"dateModified\":\"2025-10-01T16:51:01+00:00\",\"breadcrumb\":{\"@id\":\"https:\\\/\\\/psychotherapie-cagnes-sur-mer.fr\\\/emdr-praticien-en-hypnose-cagnes-sur-mer\\\/#breadcrumb\"},\"inLanguage\":\"fr-FR\",\"potentialAction\":[{\"@type\":\"ReadAction\",\"target\":[\"https:\\\/\\\/psychotherapie-cagnes-sur-mer.fr\\\/emdr-praticien-en-hypnose-cagnes-sur-mer\\\/\"]}]},{\"@type\":\"ImageObject\",\"inLanguage\":\"fr-FR\",\"@id\":\"https:\\\/\\\/psychotherapie-cagnes-sur-mer.fr\\\/emdr-praticien-en-hypnose-cagnes-sur-mer\\\/#primaryimage\",\"url\":\"https:\\\/\\\/psychotherapie-cagnes-sur-mer.fr\\\/wp-content\\\/uploads\\\/2025\\\/03\\\/therapie-emdr.jpeg\",\"contentUrl\":\"https:\\\/\\\/psychotherapie-cagnes-sur-mer.fr\\\/wp-content\\\/uploads\\\/2025\\\/03\\\/therapie-emdr.jpeg\",\"width\":600,\"height\":802},{\"@type\":\"BreadcrumbList\",\"@id\":\"https:\\\/\\\/psychotherapie-cagnes-sur-mer.fr\\\/emdr-praticien-en-hypnose-cagnes-sur-mer\\\/#breadcrumb\",\"itemListElement\":[{\"@type\":\"ListItem\",\"position\":1,\"name\":\"Home\",\"item\":\"https:\\\/\\\/psychotherapie-cagnes-sur-mer.fr\\\/\"},{\"@type\":\"ListItem\",\"position\":2,\"name\":\"EMDR \u00e0\u00a0Cagnes-sur-Mer (06800)\"}]},{\"@type\":\"WebSite\",\"@id\":\"https:\\\/\\\/psychotherapie-cagnes-sur-mer.fr\\\/#website\",\"url\":\"https:\\\/\\\/psychotherapie-cagnes-sur-mer.fr\\\/\",\"name\":\"psychotherapie-cagnes-sur-mer.fr\",\"description\":\"\",\"publisher\":{\"@id\":\"https:\\\/\\\/psychotherapie-cagnes-sur-mer.fr\\\/#organization\"},\"potentialAction\":[{\"@type\":\"SearchAction\",\"target\":{\"@type\":\"EntryPoint\",\"urlTemplate\":\"https:\\\/\\\/psychotherapie-cagnes-sur-mer.fr\\\/?s={search_term_string}\"},\"query-input\":{\"@type\":\"PropertyValueSpecification\",\"valueRequired\":true,\"valueName\":\"search_term_string\"}}],\"inLanguage\":\"fr-FR\"},{\"@type\":\"Organization\",\"@id\":\"https:\\\/\\\/psychotherapie-cagnes-sur-mer.fr\\\/#organization\",\"name\":\"psychotherapie-cagnes-sur-mer.fr\",\"url\":\"https:\\\/\\\/psychotherapie-cagnes-sur-mer.fr\\\/\",\"logo\":{\"@type\":\"ImageObject\",\"inLanguage\":\"fr-FR\",\"@id\":\"https:\\\/\\\/psychotherapie-cagnes-sur-mer.fr\\\/#\\\/schema\\\/logo\\\/image\\\/\",\"url\":\"https:\\\/\\\/psychotherapie-cagnes-sur-mer.fr\\\/wp-content\\\/uploads\\\/2025\\\/03\\\/cropped-TCA.webp\",\"contentUrl\":\"https:\\\/\\\/psychotherapie-cagnes-sur-mer.fr\\\/wp-content\\\/uploads\\\/2025\\\/03\\\/cropped-TCA.webp\",\"width\":512,\"height\":512,\"caption\":\"psychotherapie-cagnes-sur-mer.fr\"},\"image\":{\"@id\":\"https:\\\/\\\/psychotherapie-cagnes-sur-mer.fr\\\/#\\\/schema\\\/logo\\\/image\\\/\"}}]}<\/script>\n<!-- \/ Yoast SEO plugin. -->","yoast_head_json":{"title":"EMDR \u00e0\u00a0Cagnes-sur-Mer (06800) - psychotherapie-cagnes-sur-mer.fr","robots":{"index":"index","follow":"follow","max-snippet":"max-snippet:-1","max-image-preview":"max-image-preview:large","max-video-preview":"max-video-preview:-1"},"canonical":"https:\/\/psychotherapie-cagnes-sur-mer.fr\/emdr-praticien-en-hypnose-cagnes-sur-mer\/","og_locale":"fr_FR","og_type":"article","og_title":"EMDR \u00e0\u00a0Cagnes-sur-Mer (06800) - psychotherapie-cagnes-sur-mer.fr","og_description":"EMDR \u00e0 Cagnes-sur-Mer (06800) Psychoth\u00e9rapeute . V\u00e9ronique Eskenazi. L&rsquo;EMDR Comment \u00e7a fonctionne ? La th\u00e9rapie\u00a0EMDR\u00a0permet de\u00a0remettre en route les m\u00e9canismes naturels\u00a0de traitement de l\u2019information par le cerveau. Nous avons dans le cerveau un syst\u00e8me de traitement de l&rsquo;information\u00a0qu&rsquo;on appelle le TAI ( traitement adaptatif de l\u2019information) qui permet d&rsquo;int\u00e9grer les exp\u00e9riences que nous vivons et [&hellip;]","og_url":"https:\/\/psychotherapie-cagnes-sur-mer.fr\/emdr-praticien-en-hypnose-cagnes-sur-mer\/","og_site_name":"psychotherapie-cagnes-sur-mer.fr","article_modified_time":"2025-10-01T16:51:01+00:00","og_image":[{"width":600,"height":802,"url":"https:\/\/psychotherapie-cagnes-sur-mer.fr\/wp-content\/uploads\/2025\/03\/therapie-emdr.jpeg","type":"image\/jpeg"}],"twitter_card":"summary_large_image","twitter_misc":{"Dur\u00e9e de lecture estim\u00e9e":"3 minutes"},"schema":{"@context":"https:\/\/schema.org","@graph":[{"@type":"WebPage","@id":"https:\/\/psychotherapie-cagnes-sur-mer.fr\/emdr-praticien-en-hypnose-cagnes-sur-mer\/","url":"https:\/\/psychotherapie-cagnes-sur-mer.fr\/emdr-praticien-en-hypnose-cagnes-sur-mer\/","name":"EMDR \u00e0\u00a0Cagnes-sur-Mer (06800) - psychotherapie-cagnes-sur-mer.fr","isPartOf":{"@id":"https:\/\/psychotherapie-cagnes-sur-mer.fr\/#website"},"primaryImageOfPage":{"@id":"https:\/\/psychotherapie-cagnes-sur-mer.fr\/emdr-praticien-en-hypnose-cagnes-sur-mer\/#primaryimage"},"image":{"@id":"https:\/\/psychotherapie-cagnes-sur-mer.fr\/emdr-praticien-en-hypnose-cagnes-sur-mer\/#primaryimage"},"thumbnailUrl":"https:\/\/psychotherapie-cagnes-sur-mer.fr\/wp-content\/uploads\/2025\/03\/therapie-emdr.jpeg","datePublished":"2025-03-19T10:52:29+00:00","dateModified":"2025-10-01T16:51:01+00:00","breadcrumb":{"@id":"https:\/\/psychotherapie-cagnes-sur-mer.fr\/emdr-praticien-en-hypnose-cagnes-sur-mer\/#breadcrumb"},"inLanguage":"fr-FR","potentialAction":[{"@type":"ReadAction","target":["https:\/\/psychotherapie-cagnes-sur-mer.fr\/emdr-praticien-en-hypnose-cagnes-sur-mer\/"]}]},{"@type":"ImageObject","inLanguage":"fr-FR","@id":"https:\/\/psychotherapie-cagnes-sur-mer.fr\/emdr-praticien-en-hypnose-cagnes-sur-mer\/#primaryimage","url":"https:\/\/psychotherapie-cagnes-sur-mer.fr\/wp-content\/uploads\/2025\/03\/therapie-emdr.jpeg","contentUrl":"https:\/\/psychotherapie-cagnes-sur-mer.fr\/wp-content\/uploads\/2025\/03\/therapie-emdr.jpeg","width":600,"height":802},{"@type":"BreadcrumbList","@id":"https:\/\/psychotherapie-cagnes-sur-mer.fr\/emdr-praticien-en-hypnose-cagnes-sur-mer\/#breadcrumb","itemListElement":[{"@type":"ListItem","position":1,"name":"Home","item":"https:\/\/psychotherapie-cagnes-sur-mer.fr\/"},{"@type":"ListItem","position":2,"name":"EMDR \u00e0\u00a0Cagnes-sur-Mer (06800)"}]},{"@type":"WebSite","@id":"https:\/\/psychotherapie-cagnes-sur-mer.fr\/#website","url":"https:\/\/psychotherapie-cagnes-sur-mer.fr\/","name":"psychotherapie-cagnes-sur-mer.fr","description":"","publisher":{"@id":"https:\/\/psychotherapie-cagnes-sur-mer.fr\/#organization"},"potentialAction":[{"@type":"SearchAction","target":{"@type":"EntryPoint","urlTemplate":"https:\/\/psychotherapie-cagnes-sur-mer.fr\/?s={search_term_string}"},"query-input":{"@type":"PropertyValueSpecification","valueRequired":true,"valueName":"search_term_string"}}],"inLanguage":"fr-FR"},{"@type":"Organization","@id":"https:\/\/psychotherapie-cagnes-sur-mer.fr\/#organization","name":"psychotherapie-cagnes-sur-mer.fr","url":"https:\/\/psychotherapie-cagnes-sur-mer.fr\/","logo":{"@type":"ImageObject","inLanguage":"fr-FR","@id":"https:\/\/psychotherapie-cagnes-sur-mer.fr\/#\/schema\/logo\/image\/","url":"https:\/\/psychotherapie-cagnes-sur-mer.fr\/wp-content\/uploads\/2025\/03\/cropped-TCA.webp","contentUrl":"https:\/\/psychotherapie-cagnes-sur-mer.fr\/wp-content\/uploads\/2025\/03\/cropped-TCA.webp","width":512,"height":512,"caption":"psychotherapie-cagnes-sur-mer.fr"},"image":{"@id":"https:\/\/psychotherapie-cagnes-sur-mer.fr\/#\/schema\/logo\/image\/"}}]}},"_links":{"self":[{"href":"https:\/\/psychotherapie-cagnes-sur-mer.fr\/wp-json\/wp\/v2\/pages\/44","targetHints":{"allow":["GET"]}}],"collection":[{"href":"https:\/\/psychotherapie-cagnes-sur-mer.fr\/wp-json\/wp\/v2\/pages"}],"about":[{"href":"https:\/\/psychotherapie-cagnes-sur-mer.fr\/wp-json\/wp\/v2\/types\/page"}],"author":[{"embeddable":true,"href":"https:\/\/psychotherapie-cagnes-sur-mer.fr\/wp-json\/wp\/v2\/users\/1"}],"replies":[{"embeddable":true,"href":"https:\/\/psychotherapie-cagnes-sur-mer.fr\/wp-json\/wp\/v2\/comments?post=44"}],"version-history":[{"count":34,"href":"https:\/\/psychotherapie-cagnes-sur-mer.fr\/wp-json\/wp\/v2\/pages\/44\/revisions"}],"predecessor-version":[{"id":1141,"href":"https:\/\/psychotherapie-cagnes-sur-mer.fr\/wp-json\/wp\/v2\/pages\/44\/revisions\/1141"}],"wp:attachment":[{"href":"https:\/\/psychotherapie-cagnes-sur-mer.fr\/wp-json\/wp\/v2\/media?parent=44"}],"wp:term":[{"taxonomy":"category","embeddable":true,"href":"https:\/\/psychotherapie-cagnes-sur-mer.fr\/wp-json\/wp\/v2\/categories?post=44"}],"curies":[{"name":"wp","href":"https:\/\/api.w.org\/{rel}","templated":true}]}}