{"id":53,"date":"2025-03-19T11:05:51","date_gmt":"2025-03-19T11:05:51","guid":{"rendered":"https:\/\/psychotherapie-cagnes-sur-mer.fr\/?page_id=53"},"modified":"2025-03-24T13:31:25","modified_gmt":"2025-03-24T13:31:25","slug":"depression-et-burn-out","status":"publish","type":"page","link":"https:\/\/psychotherapie-cagnes-sur-mer.fr\/depression-et-burn-out\/","title":{"rendered":"D\u00e9pression et burn out"},"content":{"rendered":"\t\t<div data-elementor-type=\"wp-page\" data-elementor-id=\"53\" class=\"elementor elementor-53\" data-elementor-post-type=\"page\">\n\t\t\t\t<div class=\"elementor-element elementor-element-340a1b3 e-flex e-con-boxed e-con e-parent\" data-id=\"340a1b3\" data-element_type=\"container\" data-e-type=\"container\" data-settings=\"{&quot;background_background&quot;:&quot;classic&quot;}\">\n\t\t\t\t\t<div class=\"e-con-inner\">\n\t\t\t\t<div class=\"elementor-element elementor-element-d819362 elementor-widget elementor-widget-heading\" data-id=\"d819362\" data-element_type=\"widget\" data-e-type=\"widget\" data-widget_type=\"heading.default\">\n\t\t\t\t\t<h1 class=\"elementor-heading-title elementor-size-default\">D\u00e9pression et burn out<\/h1>\t\t\t\t<\/div>\n\t\t\t\t\t<\/div>\n\t\t\t\t<\/div>\n\t\t<div class=\"elementor-element elementor-element-fb59d25 e-flex e-con-boxed e-con e-parent\" data-id=\"fb59d25\" data-element_type=\"container\" data-e-type=\"container\" data-settings=\"{&quot;background_background&quot;:&quot;classic&quot;}\">\n\t\t\t\t\t<div class=\"e-con-inner\">\n\t\t<div class=\"elementor-element elementor-element-ea0f343 e-con-full e-flex e-con e-child\" data-id=\"ea0f343\" data-element_type=\"container\" data-e-type=\"container\">\n\t\t<div class=\"elementor-element elementor-element-515ea68 e-con-full e-flex e-con e-child\" data-id=\"515ea68\" data-element_type=\"container\" data-e-type=\"container\">\n\t\t\t\t<div class=\"elementor-element elementor-element-b006fe1 elementor-widget__width-auto elementor-widget elementor-widget-heading\" data-id=\"b006fe1\" data-element_type=\"widget\" data-e-type=\"widget\" data-widget_type=\"heading.default\">\n\t\t\t\t\t<h2 class=\"elementor-heading-title elementor-size-default\">Qu'est-ce que la d\u00e9pression ?<\/h2>\t\t\t\t<\/div>\n\t\t<div class=\"elementor-element elementor-element-6aba4b1 e-con-full e-transform elementor-hidden-mobile e-flex e-con e-child\" data-id=\"6aba4b1\" data-element_type=\"container\" data-e-type=\"container\" data-settings=\"{&quot;background_background&quot;:&quot;classic&quot;,&quot;position&quot;:&quot;absolute&quot;,&quot;_transform_translateX_effect&quot;:{&quot;unit&quot;:&quot;%&quot;,&quot;size&quot;:-50,&quot;sizes&quot;:[]},&quot;_transform_translateX_effect_tablet&quot;:{&quot;unit&quot;:&quot;%&quot;,&quot;size&quot;:&quot;&quot;,&quot;sizes&quot;:[]},&quot;_transform_translateX_effect_mobile&quot;:{&quot;unit&quot;:&quot;%&quot;,&quot;size&quot;:&quot;&quot;,&quot;sizes&quot;:[]},&quot;_transform_translateY_effect&quot;:{&quot;unit&quot;:&quot;%&quot;,&quot;size&quot;:-25,&quot;sizes&quot;:[]},&quot;_transform_translateY_effect_tablet&quot;:{&quot;unit&quot;:&quot;%&quot;,&quot;size&quot;:&quot;&quot;,&quot;sizes&quot;:[]},&quot;_transform_translateY_effect_mobile&quot;:{&quot;unit&quot;:&quot;%&quot;,&quot;size&quot;:&quot;&quot;,&quot;sizes&quot;:[]}}\">\n\t\t\t\t<\/div>\n\t\t\t\t<\/div>\n\t\t\t\t<div class=\"elementor-element elementor-element-456669b elementor-widget elementor-widget-text-editor\" data-id=\"456669b\" data-element_type=\"widget\" data-e-type=\"widget\" data-widget_type=\"text-editor.default\">\n\t\t\t\t\t\t\t\t\t<p>La\u00a0<b>d\u00e9pression\u00a0<\/b>est une v\u00e9ritable\u00a0<b>maladie\u00a0<\/b>, \u00e0 traiter comme telle. Ceux qui pr\u00e9conisent la \u00ab\u00a0volont\u00e9 \u00ab\u00a0, qui incitent \u00e0 \u00ab\u00a0se bouger\u00a0\u00bb ne font qu&rsquo;amplifier la culpabilit\u00e9 et la souffrance du malade.<\/p><p>Le recours aux antid\u00e9presseur est parfois n\u00e9cessaire mais la\u00a0<b>psychoth\u00e9rapie<\/b>, seule ou en parall\u00e8le avec le traitement m\u00e9dicamenteux, permet de comprendre d\u2019o\u00f9 vient cet\u00a0<b>\u00e9tat<\/b>\u00a0<b>d\u00e9pressif<\/b>\u00a0et de le\u00a0<b>soigner<\/b>. Peu \u00e0 peu le patient retrouve des\u00a0<b>envies<\/b>, des\u00a0<b>d\u00e9sirs<\/b>, de la\u00a0<b>motivation<\/b>, tout simplement , le go\u00fbt et le<b>\u00a0plaisir<\/b>\u00a0de vivre.<\/p>\t\t\t\t\t\t\t\t<\/div>\n\t\t\t\t<div class=\"elementor-element elementor-element-5dab57d elementor-widget elementor-widget-button\" data-id=\"5dab57d\" data-element_type=\"widget\" data-e-type=\"widget\" data-widget_type=\"button.default\">\n\t\t\t\t\t\t\t\t\t\t<a class=\"elementor-button elementor-button-link elementor-size-sm\" href=\"https:\/\/stm.cairn.info\/revue-infokara1-2006-4-page-163?lang=fr\" target=\"_blank\" rel=\"noopener\">\n\t\t\t\t\t\t<span class=\"elementor-button-content-wrapper\">\n\t\t\t\t\t\t\t\t\t<span class=\"elementor-button-text\">Source<\/span>\n\t\t\t\t\t<\/span>\n\t\t\t\t\t<\/a>\n\t\t\t\t\t\t\t\t<\/div>\n\t\t\t\t<\/div>\n\t\t\t\t<div class=\"elementor-element elementor-element-107b541 elementor-invisible elementor-widget elementor-widget-image\" data-id=\"107b541\" data-element_type=\"widget\" data-e-type=\"widget\" data-settings=\"{&quot;_animation&quot;:&quot;fadeIn&quot;}\" data-widget_type=\"image.default\">\n\t\t\t\t\t\t\t\t\t\t\t\t\t\t\t<img fetchpriority=\"high\" decoding=\"async\" width=\"400\" height=\"519\" src=\"https:\/\/psychotherapie-cagnes-sur-mer.fr\/wp-content\/uploads\/2025\/03\/img-page-depression.jpeg\" class=\"attachment-medium_large size-medium_large wp-image-462\" alt=\"\" srcset=\"https:\/\/psychotherapie-cagnes-sur-mer.fr\/wp-content\/uploads\/2025\/03\/img-page-depression.jpeg 400w, https:\/\/psychotherapie-cagnes-sur-mer.fr\/wp-content\/uploads\/2025\/03\/img-page-depression-231x300.jpeg 231w\" sizes=\"(max-width: 400px) 100vw, 400px\" \/>\t\t\t\t\t\t\t\t\t\t\t\t\t\t\t<\/div>\n\t\t\t\t\t<\/div>\n\t\t\t\t<\/div>\n\t\t<div class=\"elementor-element elementor-element-1346b55f e-flex e-con-boxed e-con e-parent\" data-id=\"1346b55f\" data-element_type=\"container\" data-e-type=\"container\" data-settings=\"{&quot;background_background&quot;:&quot;classic&quot;}\">\n\t\t\t\t\t<div class=\"e-con-inner\">\n\t\t<div class=\"elementor-element elementor-element-54311a6c e-con-full e-flex e-con e-child\" data-id=\"54311a6c\" data-element_type=\"container\" data-e-type=\"container\" data-settings=\"{&quot;background_background&quot;:&quot;classic&quot;}\">\n\t\t<div class=\"elementor-element elementor-element-7078817c e-con-full e-flex e-con e-child\" data-id=\"7078817c\" data-element_type=\"container\" data-e-type=\"container\">\n\t\t\t\t<div class=\"elementor-element elementor-element-36de5f01 elementor-widget__width-auto elementor-widget elementor-widget-heading\" data-id=\"36de5f01\" data-element_type=\"widget\" data-e-type=\"widget\" data-widget_type=\"heading.default\">\n\t\t\t\t\t<h2 class=\"elementor-heading-title elementor-size-default\">Comment rep\u00e9rer des troubles d\u00e9pressifs<\/h2>\t\t\t\t<\/div>\n\t\t<div class=\"elementor-element elementor-element-273a3c90 e-con-full e-transform elementor-hidden-mobile e-flex e-con e-child\" data-id=\"273a3c90\" data-element_type=\"container\" data-e-type=\"container\" data-settings=\"{&quot;background_background&quot;:&quot;classic&quot;,&quot;position&quot;:&quot;absolute&quot;,&quot;_transform_translateX_effect&quot;:{&quot;unit&quot;:&quot;%&quot;,&quot;size&quot;:-50,&quot;sizes&quot;:[]},&quot;_transform_translateX_effect_tablet&quot;:{&quot;unit&quot;:&quot;%&quot;,&quot;size&quot;:&quot;&quot;,&quot;sizes&quot;:[]},&quot;_transform_translateX_effect_mobile&quot;:{&quot;unit&quot;:&quot;%&quot;,&quot;size&quot;:&quot;&quot;,&quot;sizes&quot;:[]},&quot;_transform_translateY_effect&quot;:{&quot;unit&quot;:&quot;%&quot;,&quot;size&quot;:-25,&quot;sizes&quot;:[]},&quot;_transform_translateY_effect_tablet&quot;:{&quot;unit&quot;:&quot;%&quot;,&quot;size&quot;:&quot;&quot;,&quot;sizes&quot;:[]},&quot;_transform_translateY_effect_mobile&quot;:{&quot;unit&quot;:&quot;%&quot;,&quot;size&quot;:&quot;&quot;,&quot;sizes&quot;:[]}}\">\n\t\t\t\t<\/div>\n\t\t\t\t<\/div>\n\t\t\t\t<div class=\"elementor-element elementor-element-11ba2316 elementor-widget elementor-widget-text-editor\" data-id=\"11ba2316\" data-element_type=\"widget\" data-e-type=\"widget\" data-widget_type=\"text-editor.default\">\n\t\t\t\t\t\t\t\t\t<p>Humeur<strong>\u00a0d\u00e9pressive<\/strong>,\u00a0<b>tristesse, perte d\u2019int\u00e9r\u00eat<\/b>\u00a0,fatigue ou perte d\u2019\u00e9nergie, trouble de l\u2019app\u00e9tit (avec perte ou prise de poids), troubles du sommeil, ralentissement g\u00e9n\u00e9ral, sentiment d\u2019inf\u00e9riorit\u00e9, perte de l\u2019<b>estime de soi<\/b>, sentiment de\u00a0<b>culpabilit\u00e9<\/b>\u00a0inappropri\u00e9e, difficult\u00e9s de<strong>\u00a0<\/strong>concentration, et dans des \u00e9pisodes s\u00e9v\u00e8res,\u00a0<b>id\u00e9es noires<\/b>, pens\u00e9es de mort, comportement suicidaire.<\/p>\t\t\t\t\t\t\t\t<\/div>\n\t\t\t\t<div class=\"elementor-element elementor-element-2a4f66b elementor-widget elementor-widget-heading\" data-id=\"2a4f66b\" data-element_type=\"widget\" data-e-type=\"widget\" data-widget_type=\"heading.default\">\n\t\t\t\t\t<h3 class=\"elementor-heading-title elementor-size-default\">Quels traitements contre la d\u00e9pression ?<\/h3>\t\t\t\t<\/div>\n\t\t\t\t<div class=\"elementor-element elementor-element-45e014d0 elementor-widget elementor-widget-text-editor\" data-id=\"45e014d0\" data-element_type=\"widget\" data-e-type=\"widget\" data-widget_type=\"text-editor.default\">\n\t\t\t\t\t\t\t\t\t<p>Le recours aux antid\u00e9presseur est parfois n\u00e9cessaire mais la\u00a0<b>psychoth\u00e9rapie<\/b>, seule ou en parall\u00e8le avec le traitement m\u00e9dicamenteux, permet de comprendre d\u2019o\u00f9 vient cet\u00a0<b>\u00e9tat<\/b>\u00a0<b>d\u00e9pressif<\/b>\u00a0et de le\u00a0<b>soigner<\/b>. Peu \u00e0 peu le patient retrouve des\u00a0<b>envies<\/b>, des\u00a0<b>d\u00e9sirs<\/b>, de la\u00a0<b>motivation<\/b>, tout simplement , le go\u00fbt et le<b>\u00a0plaisir<\/b>\u00a0de vivre.<\/p>\t\t\t\t\t\t\t\t<\/div>\n\t\t\t\t<div class=\"elementor-element elementor-element-2054b1ef elementor-widget elementor-widget-button\" data-id=\"2054b1ef\" data-element_type=\"widget\" data-e-type=\"widget\" data-widget_type=\"button.default\">\n\t\t\t\t\t\t\t\t\t\t<a class=\"elementor-button elementor-button-link elementor-size-sm\" href=\"https:\/\/www.psychologue.net\/cabinets\/veronique-eskenazi\" target=\"_blank\" rel=\"noopener\">\n\t\t\t\t\t\t<span class=\"elementor-button-content-wrapper\">\n\t\t\t\t\t\t\t\t\t<span class=\"elementor-button-text\">En savoir plus<\/span>\n\t\t\t\t\t<\/span>\n\t\t\t\t\t<\/a>\n\t\t\t\t\t\t\t\t<\/div>\n\t\t\t\t<\/div>\n\t\t\t\t\t<\/div>\n\t\t\t\t<\/div>\n\t\t<div class=\"elementor-element elementor-element-eb5e668 e-flex e-con-boxed e-con e-parent\" data-id=\"eb5e668\" data-element_type=\"container\" data-e-type=\"container\" data-settings=\"{&quot;background_background&quot;:&quot;classic&quot;}\">\n\t\t\t\t\t<div class=\"e-con-inner\">\n\t\t<div class=\"elementor-element elementor-element-f4982ad e-con-full e-flex e-con e-child\" data-id=\"f4982ad\" data-element_type=\"container\" data-e-type=\"container\">\n\t\t\t\t<div class=\"elementor-element elementor-element-a80b7d6 elementor-widget__width-auto elementor-widget elementor-widget-heading\" data-id=\"a80b7d6\" data-element_type=\"widget\" data-e-type=\"widget\" data-widget_type=\"heading.default\">\n\t\t\t\t\t<h2 class=\"elementor-heading-title elementor-size-default\">Deux cas sp\u00e9cifiques <\/h2>\t\t\t\t<\/div>\n\t\t<div class=\"elementor-element elementor-element-78825c4 e-con-full e-transform elementor-hidden-mobile e-flex e-con e-child\" data-id=\"78825c4\" data-element_type=\"container\" data-e-type=\"container\" data-settings=\"{&quot;background_background&quot;:&quot;classic&quot;,&quot;position&quot;:&quot;absolute&quot;,&quot;_transform_translateX_effect&quot;:{&quot;unit&quot;:&quot;%&quot;,&quot;size&quot;:-50,&quot;sizes&quot;:[]},&quot;_transform_translateX_effect_tablet&quot;:{&quot;unit&quot;:&quot;%&quot;,&quot;size&quot;:&quot;&quot;,&quot;sizes&quot;:[]},&quot;_transform_translateX_effect_mobile&quot;:{&quot;unit&quot;:&quot;%&quot;,&quot;size&quot;:&quot;&quot;,&quot;sizes&quot;:[]},&quot;_transform_translateY_effect&quot;:{&quot;unit&quot;:&quot;%&quot;,&quot;size&quot;:-25,&quot;sizes&quot;:[]},&quot;_transform_translateY_effect_tablet&quot;:{&quot;unit&quot;:&quot;%&quot;,&quot;size&quot;:&quot;&quot;,&quot;sizes&quot;:[]},&quot;_transform_translateY_effect_mobile&quot;:{&quot;unit&quot;:&quot;%&quot;,&quot;size&quot;:&quot;&quot;,&quot;sizes&quot;:[]}}\">\n\t\t\t\t<\/div>\n\t\t\t\t<\/div>\n\t\t<div class=\"elementor-element elementor-element-bef5f0e e-con-full e-flex e-con e-child\" data-id=\"bef5f0e\" data-element_type=\"container\" data-e-type=\"container\" data-settings=\"{&quot;background_background&quot;:&quot;classic&quot;}\">\n\t\t<div class=\"elementor-element elementor-element-b93bdd6 e-con-full e-flex e-con e-child\" data-id=\"b93bdd6\" data-element_type=\"container\" data-e-type=\"container\">\n\t\t\t\t<div class=\"elementor-element elementor-element-b8fee57 elementor-widget elementor-widget-image\" data-id=\"b8fee57\" data-element_type=\"widget\" data-e-type=\"widget\" data-widget_type=\"image.default\">\n\t\t\t\t\t\t\t\t\t\t\t\t\t\t\t<img decoding=\"async\" width=\"202\" height=\"207\" src=\"https:\/\/psychotherapie-cagnes-sur-mer.fr\/wp-content\/uploads\/2025\/03\/icon-blue-family.png\" class=\"attachment-large size-large wp-image-457\" alt=\"\" \/>\t\t\t\t\t\t\t\t\t\t\t\t\t\t\t<\/div>\n\t\t\t\t<div class=\"elementor-element elementor-element-02f8740 elementor-widget elementor-widget-heading\" data-id=\"02f8740\" data-element_type=\"widget\" data-e-type=\"widget\" data-widget_type=\"heading.default\">\n\t\t\t\t\t<h3 class=\"elementor-heading-title elementor-size-default\">La d\u00e9pression post-partum<\/h3>\t\t\t\t<\/div>\n\t\t\t\t<div class=\"elementor-element elementor-element-4e3e1be elementor-widget elementor-widget-text-editor\" data-id=\"4e3e1be\" data-element_type=\"widget\" data-e-type=\"widget\" data-widget_type=\"text-editor.default\">\n\t\t\t\t\t\t\t\t\t<p>Il ne faut pas la confondre avec le \u00ab\u00a0<b>baby-blues\u00a0<\/b>\u00bb qui survient au 3\u00e8me jour apr\u00e8s l\u2019accouchement : tristesse, hypersensibilit\u00e9 , craintes pour la sant\u00e9 de l\u2019enfant et doutes sur sa propre capacit\u00e9 \u00e0 s&rsquo;en occuper. La\u00a0<b>d\u00e9pression post-partum<\/b>\u00a0survient quelques semaines apr\u00e8s un accouchement (au maximum six mois). Elle se caract\u00e9rise par le sentiment de mal s\u2019occuper de son enfant, des projets de suicide impliquant m\u00e8re, enfant.<\/p>\t\t\t\t\t\t\t\t<\/div>\n\t\t\t\t<\/div>\n\t\t<div class=\"elementor-element elementor-element-4b39360 e-con-full e-flex e-con e-child\" data-id=\"4b39360\" data-element_type=\"container\" data-e-type=\"container\">\n\t\t\t\t<div class=\"elementor-element elementor-element-05317c0 elementor-widget elementor-widget-image\" data-id=\"05317c0\" data-element_type=\"widget\" data-e-type=\"widget\" data-widget_type=\"image.default\">\n\t\t\t\t\t\t\t\t\t\t\t\t\t\t\t<img decoding=\"async\" width=\"233\" height=\"163\" src=\"https:\/\/psychotherapie-cagnes-sur-mer.fr\/wp-content\/uploads\/2025\/03\/icon-blue-cloud.png\" class=\"attachment-large size-large wp-image-458\" alt=\"\" \/>\t\t\t\t\t\t\t\t\t\t\t\t\t\t\t<\/div>\n\t\t\t\t<div class=\"elementor-element elementor-element-2598ecd elementor-widget elementor-widget-heading\" data-id=\"2598ecd\" data-element_type=\"widget\" data-e-type=\"widget\" data-widget_type=\"heading.default\">\n\t\t\t\t\t<h3 class=\"elementor-heading-title elementor-size-default\">Le deuil pathologique<\/h3>\t\t\t\t<\/div>\n\t\t\t\t<div class=\"elementor-element elementor-element-a06ced0 elementor-widget elementor-widget-text-editor\" data-id=\"a06ced0\" data-element_type=\"widget\" data-e-type=\"widget\" data-widget_type=\"text-editor.default\">\n\t\t\t\t\t\t\t\t\t<p>Il se caract\u00e9rise par la survenue d&rsquo;une maladie psychique ou mentale , telle une\u00a0<b>d\u00e9pression<\/b>, suite \u00e0 un\u00a0<b>deuil<\/b>. Il est normal et fr\u00e9quent de se sentir d\u00e9prim\u00e9 apr\u00e8s la perte d&rsquo;un \u00eatre cher, mais non de tomber malade. Dans ce cas, le\u00a0<b>deuil<\/b>\u00a0est un facteur d\u00e9clenchant\u00a0. Une\u00a0<b>psychoth\u00e9rapie\u00a0<\/b>permet de d\u00e9couvrir et de traiter ce qui \u00e9tait sous-jascent.<\/p>\t\t\t\t\t\t\t\t<\/div>\n\t\t\t\t<\/div>\n\t\t\t\t<\/div>\n\t\t\t\t\t<\/div>\n\t\t\t\t<\/div>\n\t\t<div class=\"elementor-element elementor-element-0629cf9 e-flex e-con-boxed e-con e-parent\" data-id=\"0629cf9\" data-element_type=\"container\" data-e-type=\"container\" data-settings=\"{&quot;background_background&quot;:&quot;classic&quot;}\">\n\t\t\t\t\t<div class=\"e-con-inner\">\n\t\t<div class=\"elementor-element elementor-element-7313117 e-con-full e-flex e-con e-child\" data-id=\"7313117\" data-element_type=\"container\" data-e-type=\"container\" data-settings=\"{&quot;background_background&quot;:&quot;classic&quot;}\">\n\t\t<div class=\"elementor-element elementor-element-d531554 e-con-full e-flex e-con e-child\" data-id=\"d531554\" data-element_type=\"container\" data-e-type=\"container\" data-settings=\"{&quot;background_background&quot;:&quot;classic&quot;}\">\n\t\t<div class=\"elementor-element elementor-element-f5c236a e-con-full e-flex e-con e-child\" data-id=\"f5c236a\" data-element_type=\"container\" data-e-type=\"container\">\n\t\t\t\t<div class=\"elementor-element elementor-element-b3e7cd2 elementor-widget__width-auto elementor-widget elementor-widget-heading\" data-id=\"b3e7cd2\" data-element_type=\"widget\" data-e-type=\"widget\" data-widget_type=\"heading.default\">\n\t\t\t\t\t<h2 class=\"elementor-heading-title elementor-size-default\">Le burn-out ou la souffrance au travail<\/h2>\t\t\t\t<\/div>\n\t\t<div class=\"elementor-element elementor-element-aae691d e-con-full e-transform elementor-hidden-mobile e-flex e-con e-child\" data-id=\"aae691d\" data-element_type=\"container\" data-e-type=\"container\" data-settings=\"{&quot;background_background&quot;:&quot;classic&quot;,&quot;position&quot;:&quot;absolute&quot;,&quot;_transform_translateX_effect&quot;:{&quot;unit&quot;:&quot;%&quot;,&quot;size&quot;:-50,&quot;sizes&quot;:[]},&quot;_transform_translateX_effect_tablet&quot;:{&quot;unit&quot;:&quot;%&quot;,&quot;size&quot;:&quot;&quot;,&quot;sizes&quot;:[]},&quot;_transform_translateX_effect_mobile&quot;:{&quot;unit&quot;:&quot;%&quot;,&quot;size&quot;:&quot;&quot;,&quot;sizes&quot;:[]},&quot;_transform_translateY_effect&quot;:{&quot;unit&quot;:&quot;%&quot;,&quot;size&quot;:-25,&quot;sizes&quot;:[]},&quot;_transform_translateY_effect_tablet&quot;:{&quot;unit&quot;:&quot;%&quot;,&quot;size&quot;:&quot;&quot;,&quot;sizes&quot;:[]},&quot;_transform_translateY_effect_mobile&quot;:{&quot;unit&quot;:&quot;%&quot;,&quot;size&quot;:&quot;&quot;,&quot;sizes&quot;:[]}}\">\n\t\t\t\t<\/div>\n\t\t\t\t<\/div>\n\t\t\t\t<\/div>\n\t\t\t\t<div class=\"elementor-element elementor-element-790047f elementor-widget elementor-widget-heading\" data-id=\"790047f\" data-element_type=\"widget\" data-e-type=\"widget\" data-widget_type=\"heading.default\">\n\t\t\t\t\t<p class=\"elementor-heading-title elementor-size-default\">Il peut devenir n\u00e9cessaire de faire appel \u00e0 une tierce personne neutre, \u00e0 savoir un psychoth\u00e9rapeute, en particulier lorsque la communication est devenue probl\u00e9matique.<\/p>\t\t\t\t<\/div>\n\t\t\t\t<div class=\"elementor-element elementor-element-066907c elementor-widget elementor-widget-text-editor\" data-id=\"066907c\" data-element_type=\"widget\" data-e-type=\"widget\" data-widget_type=\"text-editor.default\">\n\t\t\t\t\t\t\t\t\t<p>Le monde du\u00a0<b>travail\u00a0<\/b>engendre de nouvelles\u00a0<b>pathologies\u00a0;<\/b><b>\u00a0Le burn-out\u00a0<\/b>est le\u00a0stade final d\u2019une<b>\u00a0<\/b>exposition<b>\u00a0<\/b>\u00e0 des situations de<b>\u00a0stress professionnels\u00a0<\/b>chroniques ou r\u00e9currents. Certains professionnels de la sant\u00e9 consid\u00e8rent le burn-out comme une forme de d\u00e9pression.<\/p><p>Les\u00a0<b>conditions de travail<\/b>\u00a0se sont d\u00e9grad\u00e9es sur plusieurs plans.<\/p><p>\u00a0 Le manque\u00a0\u00a0de communication, d&rsquo;\u00e9changes r\u00e9els, ph\u00e9nom\u00e8ne amplifi\u00e9 par le t\u00e9l\u00e9-travail.<\/p><p><b>la comp\u00e9titivit\u00e9<\/b>, la course \u00e0 la\u00a0<b>performance\u00a0<\/b>\u00a0qui conduisent \u00e0 accepter des\u00a0<b>surcharges\u00a0<\/b>de travail ,<\/p><p>\u00a0 \u00a0dans les cas les plus extr\u00eames, le<b>\u00a0harc\u00e8lement<\/b>\u00a0moral qui se manifeste par de critiques injustes, des remarques d\u00e9sobligeantes, des comportements hostiles, cr\u00e9ent des fragilit\u00e9s jusqu&rsquo;\u00e0 parfois conduire au\u00a0<b>burn-out<\/b>.<\/p><p>Il est donc important d&rsquo;\u00e9couter les signaux d&rsquo;alarme\u00a0, d&rsquo;anticiper\u00a0un\u00a0<b>burn out\u00a0<\/b>ou une\u00a0<b>d\u00e9pression<\/b>\u00a0.<\/p>\t\t\t\t\t\t\t\t<\/div>\n\t\t\t\t<div class=\"elementor-element elementor-element-8e9b510 elementor-align-center elementor-widget elementor-widget-button\" data-id=\"8e9b510\" data-element_type=\"widget\" data-e-type=\"widget\" data-widget_type=\"button.default\">\n\t\t\t\t\t\t\t\t\t\t<a class=\"elementor-button elementor-button-link elementor-size-sm\" href=\"https:\/\/www.psychologue.net\/cabinets\/veronique-eskenazi\" target=\"_blank\" rel=\"noopener\">\n\t\t\t\t\t\t<span class=\"elementor-button-content-wrapper\">\n\t\t\t\t\t\t\t\t\t<span class=\"elementor-button-text\">En savoir plus<\/span>\n\t\t\t\t\t<\/span>\n\t\t\t\t\t<\/a>\n\t\t\t\t\t\t\t\t<\/div>\n\t\t\t\t<\/div>\n\t\t\t\t\t<\/div>\n\t\t\t\t<\/div>\n\t\t<div class=\"elementor-element elementor-element-0adcabb e-flex e-con-boxed e-con e-parent\" data-id=\"0adcabb\" data-element_type=\"container\" data-e-type=\"container\" data-settings=\"{&quot;background_background&quot;:&quot;gradient&quot;}\">\n\t\t\t\t\t<div class=\"e-con-inner\">\n\t\t<div class=\"elementor-element elementor-element-601eed6 e-con-full e-flex elementor-invisible e-con e-child\" data-id=\"601eed6\" data-element_type=\"container\" data-e-type=\"container\" data-settings=\"{&quot;background_background&quot;:&quot;classic&quot;,&quot;animation&quot;:&quot;slideInLeft&quot;}\">\n\t\t<div class=\"elementor-element elementor-element-3e7f78a e-con-full e-flex e-con e-child\" data-id=\"3e7f78a\" data-element_type=\"container\" data-e-type=\"container\" data-settings=\"{&quot;background_background&quot;:&quot;classic&quot;}\">\n\t\t<div class=\"elementor-element elementor-element-f484b35 e-con-full e-flex e-con e-child\" data-id=\"f484b35\" data-element_type=\"container\" data-e-type=\"container\">\n\t\t\t\t<div class=\"elementor-element elementor-element-7dd9156 elementor-widget__width-auto elementor-widget elementor-widget-heading\" data-id=\"7dd9156\" data-element_type=\"widget\" data-e-type=\"widget\" data-widget_type=\"heading.default\">\n\t\t\t\t\t<h2 class=\"elementor-heading-title elementor-size-default\">Quelle est l'utilit\u00e9 de l'aide psychologique ?<\/h2>\t\t\t\t<\/div>\n\t\t<div class=\"elementor-element elementor-element-e6ce50d e-con-full e-transform elementor-hidden-mobile e-flex e-con e-child\" data-id=\"e6ce50d\" data-element_type=\"container\" data-e-type=\"container\" data-settings=\"{&quot;background_background&quot;:&quot;classic&quot;,&quot;position&quot;:&quot;absolute&quot;,&quot;_transform_translateX_effect&quot;:{&quot;unit&quot;:&quot;%&quot;,&quot;size&quot;:-50,&quot;sizes&quot;:[]},&quot;_transform_translateX_effect_tablet&quot;:{&quot;unit&quot;:&quot;%&quot;,&quot;size&quot;:&quot;&quot;,&quot;sizes&quot;:[]},&quot;_transform_translateX_effect_mobile&quot;:{&quot;unit&quot;:&quot;%&quot;,&quot;size&quot;:&quot;&quot;,&quot;sizes&quot;:[]},&quot;_transform_translateY_effect&quot;:{&quot;unit&quot;:&quot;%&quot;,&quot;size&quot;:-25,&quot;sizes&quot;:[]},&quot;_transform_translateY_effect_tablet&quot;:{&quot;unit&quot;:&quot;%&quot;,&quot;size&quot;:&quot;&quot;,&quot;sizes&quot;:[]},&quot;_transform_translateY_effect_mobile&quot;:{&quot;unit&quot;:&quot;%&quot;,&quot;size&quot;:&quot;&quot;,&quot;sizes&quot;:[]}}\">\n\t\t\t\t<\/div>\n\t\t\t\t<\/div>\n\t\t\t\t<\/div>\n\t\t\t\t<div class=\"elementor-element elementor-element-3e694b4 elementor-widget elementor-widget-text-editor\" data-id=\"3e694b4\" data-element_type=\"widget\" data-e-type=\"widget\" data-widget_type=\"text-editor.default\">\n\t\t\t\t\t\t\t\t\t<p>La psychoth\u00e9rapie permet de rep\u00e9rer les\u00a0<b>risques de\u00a0 souffrance au travai<\/b>l, d&rsquo; intervenir apr\u00e8s un\u00a0<b>burn out,\u00a0<\/b>de<b>\u00a0<\/b>limiter les effets d&rsquo;une\u00a0<b>situation traumatique\u00a0<\/b>( harc\u00e8lement, accident&#8230;) et enfin, d&rsquo;aider au\u00a0<b>retour\u00a0\u00e0 l&#8217;emploi<\/b>\u00a0apr\u00e8s un arr\u00eat.<\/p>\t\t\t\t\t\t\t\t<\/div>\n\t\t\t\t<div class=\"elementor-element elementor-element-4f7d6c9 elementor-align-left elementor-widget elementor-widget-button\" data-id=\"4f7d6c9\" data-element_type=\"widget\" data-e-type=\"widget\" data-widget_type=\"button.default\">\n\t\t\t\t\t\t\t\t\t\t<a class=\"elementor-button elementor-button-link elementor-size-sm\" href=\"https:\/\/www.psychologue.net\/cabinets\/veronique-eskenazi\" target=\"_blank\" rel=\"noopener\">\n\t\t\t\t\t\t<span class=\"elementor-button-content-wrapper\">\n\t\t\t\t\t\t\t\t\t<span class=\"elementor-button-text\">En savoir plus<\/span>\n\t\t\t\t\t<\/span>\n\t\t\t\t\t<\/a>\n\t\t\t\t\t\t\t\t<\/div>\n\t\t\t\t<\/div>\n\t\t\t\t\t<\/div>\n\t\t\t\t<\/div>\n\t\t<div class=\"elementor-element elementor-element-18ca6a0 e-flex e-con-boxed e-con e-parent\" data-id=\"18ca6a0\" data-element_type=\"container\" data-e-type=\"container\" data-settings=\"{&quot;background_background&quot;:&quot;classic&quot;}\">\n\t\t\t\t\t<div class=\"e-con-inner\">\n\t\t<div class=\"elementor-element elementor-element-8ed09d8 e-con-full e-flex e-con e-child\" data-id=\"8ed09d8\" data-element_type=\"container\" data-e-type=\"container\">\n\t\t\t\t<div class=\"elementor-element elementor-element-c3155ea elementor-widget__width-auto elementor-widget elementor-widget-heading\" data-id=\"c3155ea\" data-element_type=\"widget\" data-e-type=\"widget\" data-widget_type=\"heading.default\">\n\t\t\t\t\t<h2 class=\"elementor-heading-title elementor-size-default\">La souffrance au travail<\/h2>\t\t\t\t<\/div>\n\t\t<div class=\"elementor-element elementor-element-0ba2b68 e-con-full e-transform elementor-hidden-mobile e-flex e-con e-child\" data-id=\"0ba2b68\" data-element_type=\"container\" data-e-type=\"container\" data-settings=\"{&quot;background_background&quot;:&quot;classic&quot;,&quot;position&quot;:&quot;absolute&quot;,&quot;_transform_translateX_effect&quot;:{&quot;unit&quot;:&quot;%&quot;,&quot;size&quot;:-50,&quot;sizes&quot;:[]},&quot;_transform_translateX_effect_tablet&quot;:{&quot;unit&quot;:&quot;%&quot;,&quot;size&quot;:&quot;&quot;,&quot;sizes&quot;:[]},&quot;_transform_translateX_effect_mobile&quot;:{&quot;unit&quot;:&quot;%&quot;,&quot;size&quot;:&quot;&quot;,&quot;sizes&quot;:[]},&quot;_transform_translateY_effect&quot;:{&quot;unit&quot;:&quot;%&quot;,&quot;size&quot;:-25,&quot;sizes&quot;:[]},&quot;_transform_translateY_effect_tablet&quot;:{&quot;unit&quot;:&quot;%&quot;,&quot;size&quot;:&quot;&quot;,&quot;sizes&quot;:[]},&quot;_transform_translateY_effect_mobile&quot;:{&quot;unit&quot;:&quot;%&quot;,&quot;size&quot;:&quot;&quot;,&quot;sizes&quot;:[]}}\">\n\t\t\t\t<\/div>\n\t\t\t\t<\/div>\n\t\t<div class=\"elementor-element elementor-element-d8c8342 e-con-full e-flex e-con e-child\" data-id=\"d8c8342\" data-element_type=\"container\" data-e-type=\"container\" data-settings=\"{&quot;background_background&quot;:&quot;classic&quot;}\">\n\t\t<div class=\"elementor-element elementor-element-175c682 e-con-full e-flex e-con e-child\" data-id=\"175c682\" data-element_type=\"container\" data-e-type=\"container\" data-settings=\"{&quot;background_background&quot;:&quot;classic&quot;}\">\n\t\t<div class=\"elementor-element elementor-element-a90a20c e-con-full e-flex elementor-invisible e-con e-child\" data-id=\"a90a20c\" data-element_type=\"container\" data-e-type=\"container\" data-settings=\"{&quot;background_background&quot;:&quot;classic&quot;,&quot;animation&quot;:&quot;slideInLeft&quot;}\">\n\t\t<div class=\"elementor-element elementor-element-373ebae e-con-full e-flex e-con e-child\" data-id=\"373ebae\" data-element_type=\"container\" data-e-type=\"container\">\n\t\t\t\t<div class=\"elementor-element elementor-element-0423f1b elementor-widget__width-auto elementor-widget elementor-widget-heading\" data-id=\"0423f1b\" data-element_type=\"widget\" data-e-type=\"widget\" data-widget_type=\"heading.default\">\n\t\t\t\t\t<h2 class=\"elementor-heading-title elementor-size-default\">Quels sont les signes avant- coureurs d'un burn-out ?<\/h2>\t\t\t\t<\/div>\n\t\t<div class=\"elementor-element elementor-element-d45307c e-con-full e-transform elementor-hidden-mobile e-flex e-con e-child\" data-id=\"d45307c\" data-element_type=\"container\" data-e-type=\"container\" data-settings=\"{&quot;background_background&quot;:&quot;classic&quot;,&quot;position&quot;:&quot;absolute&quot;,&quot;_transform_translateX_effect&quot;:{&quot;unit&quot;:&quot;%&quot;,&quot;size&quot;:-50,&quot;sizes&quot;:[]},&quot;_transform_translateX_effect_tablet&quot;:{&quot;unit&quot;:&quot;%&quot;,&quot;size&quot;:&quot;&quot;,&quot;sizes&quot;:[]},&quot;_transform_translateX_effect_mobile&quot;:{&quot;unit&quot;:&quot;%&quot;,&quot;size&quot;:&quot;&quot;,&quot;sizes&quot;:[]},&quot;_transform_translateY_effect&quot;:{&quot;unit&quot;:&quot;%&quot;,&quot;size&quot;:-25,&quot;sizes&quot;:[]},&quot;_transform_translateY_effect_tablet&quot;:{&quot;unit&quot;:&quot;%&quot;,&quot;size&quot;:&quot;&quot;,&quot;sizes&quot;:[]},&quot;_transform_translateY_effect_mobile&quot;:{&quot;unit&quot;:&quot;%&quot;,&quot;size&quot;:&quot;&quot;,&quot;sizes&quot;:[]}}\">\n\t\t\t\t<\/div>\n\t\t\t\t<\/div>\n\t\t\t\t<div class=\"elementor-element elementor-element-7cd5a29 elementor-icon-list--layout-traditional elementor-list-item-link-full_width elementor-widget elementor-widget-icon-list\" data-id=\"7cd5a29\" data-element_type=\"widget\" data-e-type=\"widget\" data-widget_type=\"icon-list.default\">\n\t\t\t\t\t\t\t<ul class=\"elementor-icon-list-items\">\n\t\t\t\t\t\t\t<li class=\"elementor-icon-list-item\">\n\t\t\t\t\t\t\t\t\t\t\t<span class=\"elementor-icon-list-icon\">\n\t\t\t\t\t\t\t<svg aria-hidden=\"true\" class=\"e-font-icon-svg e-far-check-circle\" viewBox=\"0 0 512 512\" xmlns=\"http:\/\/www.w3.org\/2000\/svg\"><path d=\"M256 8C119.033 8 8 119.033 8 256s111.033 248 248 248 248-111.033 248-248S392.967 8 256 8zm0 48c110.532 0 200 89.451 200 200 0 110.532-89.451 200-200 200-110.532 0-200-89.451-200-200 0-110.532 89.451-200 200-200m140.204 130.267l-22.536-22.718c-4.667-4.705-12.265-4.736-16.97-.068L215.346 303.697l-59.792-60.277c-4.667-4.705-12.265-4.736-16.97-.069l-22.719 22.536c-4.705 4.667-4.736 12.265-.068 16.971l90.781 91.516c4.667 4.705 12.265 4.736 16.97.068l172.589-171.204c4.704-4.668 4.734-12.266.067-16.971z\"><\/path><\/svg>\t\t\t\t\t\t<\/span>\n\t\t\t\t\t\t\t\t\t\t<span class=\"elementor-icon-list-text\">Fatigue excessive<\/span>\n\t\t\t\t\t\t\t\t\t<\/li>\n\t\t\t\t\t\t\t\t<li class=\"elementor-icon-list-item\">\n\t\t\t\t\t\t\t\t\t\t\t<span class=\"elementor-icon-list-icon\">\n\t\t\t\t\t\t\t<svg aria-hidden=\"true\" class=\"e-font-icon-svg e-far-check-circle\" viewBox=\"0 0 512 512\" xmlns=\"http:\/\/www.w3.org\/2000\/svg\"><path d=\"M256 8C119.033 8 8 119.033 8 256s111.033 248 248 248 248-111.033 248-248S392.967 8 256 8zm0 48c110.532 0 200 89.451 200 200 0 110.532-89.451 200-200 200-110.532 0-200-89.451-200-200 0-110.532 89.451-200 200-200m140.204 130.267l-22.536-22.718c-4.667-4.705-12.265-4.736-16.97-.068L215.346 303.697l-59.792-60.277c-4.667-4.705-12.265-4.736-16.97-.069l-22.719 22.536c-4.705 4.667-4.736 12.265-.068 16.971l90.781 91.516c4.667 4.705 12.265 4.736 16.97.068l172.589-171.204c4.704-4.668 4.734-12.266.067-16.971z\"><\/path><\/svg>\t\t\t\t\t\t<\/span>\n\t\t\t\t\t\t\t\t\t\t<span class=\"elementor-icon-list-text\">Insomnie<\/span>\n\t\t\t\t\t\t\t\t\t<\/li>\n\t\t\t\t\t\t\t\t<li class=\"elementor-icon-list-item\">\n\t\t\t\t\t\t\t\t\t\t\t<span class=\"elementor-icon-list-icon\">\n\t\t\t\t\t\t\t<svg aria-hidden=\"true\" class=\"e-font-icon-svg e-far-check-circle\" viewBox=\"0 0 512 512\" xmlns=\"http:\/\/www.w3.org\/2000\/svg\"><path d=\"M256 8C119.033 8 8 119.033 8 256s111.033 248 248 248 248-111.033 248-248S392.967 8 256 8zm0 48c110.532 0 200 89.451 200 200 0 110.532-89.451 200-200 200-110.532 0-200-89.451-200-200 0-110.532 89.451-200 200-200m140.204 130.267l-22.536-22.718c-4.667-4.705-12.265-4.736-16.97-.068L215.346 303.697l-59.792-60.277c-4.667-4.705-12.265-4.736-16.97-.069l-22.719 22.536c-4.705 4.667-4.736 12.265-.068 16.971l90.781 91.516c4.667 4.705 12.265 4.736 16.97.068l172.589-171.204c4.704-4.668 4.734-12.266.067-16.971z\"><\/path><\/svg>\t\t\t\t\t\t<\/span>\n\t\t\t\t\t\t\t\t\t\t<span class=\"elementor-icon-list-text\">probl\u00e8me de concentration<\/span>\n\t\t\t\t\t\t\t\t\t<\/li>\n\t\t\t\t\t\t\t\t<li class=\"elementor-icon-list-item\">\n\t\t\t\t\t\t\t\t\t\t\t<span class=\"elementor-icon-list-icon\">\n\t\t\t\t\t\t\t<svg aria-hidden=\"true\" class=\"e-font-icon-svg e-far-check-circle\" viewBox=\"0 0 512 512\" xmlns=\"http:\/\/www.w3.org\/2000\/svg\"><path d=\"M256 8C119.033 8 8 119.033 8 256s111.033 248 248 248 248-111.033 248-248S392.967 8 256 8zm0 48c110.532 0 200 89.451 200 200 0 110.532-89.451 200-200 200-110.532 0-200-89.451-200-200 0-110.532 89.451-200 200-200m140.204 130.267l-22.536-22.718c-4.667-4.705-12.265-4.736-16.97-.068L215.346 303.697l-59.792-60.277c-4.667-4.705-12.265-4.736-16.97-.069l-22.719 22.536c-4.705 4.667-4.736 12.265-.068 16.971l90.781 91.516c4.667 4.705 12.265 4.736 16.97.068l172.589-171.204c4.704-4.668 4.734-12.266.067-16.971z\"><\/path><\/svg>\t\t\t\t\t\t<\/span>\n\t\t\t\t\t\t\t\t\t\t<span class=\"elementor-icon-list-text\">irritabilit\u00e9<\/span>\n\t\t\t\t\t\t\t\t\t<\/li>\n\t\t\t\t\t\t\t\t<li class=\"elementor-icon-list-item\">\n\t\t\t\t\t\t\t\t\t\t\t<span class=\"elementor-icon-list-icon\">\n\t\t\t\t\t\t\t<svg aria-hidden=\"true\" class=\"e-font-icon-svg e-far-check-circle\" viewBox=\"0 0 512 512\" xmlns=\"http:\/\/www.w3.org\/2000\/svg\"><path d=\"M256 8C119.033 8 8 119.033 8 256s111.033 248 248 248 248-111.033 248-248S392.967 8 256 8zm0 48c110.532 0 200 89.451 200 200 0 110.532-89.451 200-200 200-110.532 0-200-89.451-200-200 0-110.532 89.451-200 200-200m140.204 130.267l-22.536-22.718c-4.667-4.705-12.265-4.736-16.97-.068L215.346 303.697l-59.792-60.277c-4.667-4.705-12.265-4.736-16.97-.069l-22.719 22.536c-4.705 4.667-4.736 12.265-.068 16.971l90.781 91.516c4.667 4.705 12.265 4.736 16.97.068l172.589-171.204c4.704-4.668 4.734-12.266.067-16.971z\"><\/path><\/svg>\t\t\t\t\t\t<\/span>\n\t\t\t\t\t\t\t\t\t\t<span class=\"elementor-icon-list-text\">manque de motivation<\/span>\n\t\t\t\t\t\t\t\t\t<\/li>\n\t\t\t\t\t\t\t\t<li class=\"elementor-icon-list-item\">\n\t\t\t\t\t\t\t\t\t\t\t<span class=\"elementor-icon-list-icon\">\n\t\t\t\t\t\t\t<svg aria-hidden=\"true\" class=\"e-font-icon-svg e-far-check-circle\" viewBox=\"0 0 512 512\" xmlns=\"http:\/\/www.w3.org\/2000\/svg\"><path d=\"M256 8C119.033 8 8 119.033 8 256s111.033 248 248 248 248-111.033 248-248S392.967 8 256 8zm0 48c110.532 0 200 89.451 200 200 0 110.532-89.451 200-200 200-110.532 0-200-89.451-200-200 0-110.532 89.451-200 200-200m140.204 130.267l-22.536-22.718c-4.667-4.705-12.265-4.736-16.97-.068L215.346 303.697l-59.792-60.277c-4.667-4.705-12.265-4.736-16.97-.069l-22.719 22.536c-4.705 4.667-4.736 12.265-.068 16.971l90.781 91.516c4.667 4.705 12.265 4.736 16.97.068l172.589-171.204c4.704-4.668 4.734-12.266.067-16.971z\"><\/path><\/svg>\t\t\t\t\t\t<\/span>\n\t\t\t\t\t\t\t\t\t\t<span class=\"elementor-icon-list-text\">repli sur soi<\/span>\n\t\t\t\t\t\t\t\t\t<\/li>\n\t\t\t\t\t\t\t\t<li class=\"elementor-icon-list-item\">\n\t\t\t\t\t\t\t\t\t\t\t<span class=\"elementor-icon-list-icon\">\n\t\t\t\t\t\t\t<svg aria-hidden=\"true\" class=\"e-font-icon-svg e-far-check-circle\" viewBox=\"0 0 512 512\" xmlns=\"http:\/\/www.w3.org\/2000\/svg\"><path d=\"M256 8C119.033 8 8 119.033 8 256s111.033 248 248 248 248-111.033 248-248S392.967 8 256 8zm0 48c110.532 0 200 89.451 200 200 0 110.532-89.451 200-200 200-110.532 0-200-89.451-200-200 0-110.532 89.451-200 200-200m140.204 130.267l-22.536-22.718c-4.667-4.705-12.265-4.736-16.97-.068L215.346 303.697l-59.792-60.277c-4.667-4.705-12.265-4.736-16.97-.069l-22.719 22.536c-4.705 4.667-4.736 12.265-.068 16.971l90.781 91.516c4.667 4.705 12.265 4.736 16.97.068l172.589-171.204c4.704-4.668 4.734-12.266.067-16.971z\"><\/path><\/svg>\t\t\t\t\t\t<\/span>\n\t\t\t\t\t\t\t\t\t\t<span class=\"elementor-icon-list-text\">perte d'app\u00e9tit\/prise de poids<\/span>\n\t\t\t\t\t\t\t\t\t<\/li>\n\t\t\t\t\t\t\t\t<li class=\"elementor-icon-list-item\">\n\t\t\t\t\t\t\t\t\t\t\t<span class=\"elementor-icon-list-icon\">\n\t\t\t\t\t\t\t<svg aria-hidden=\"true\" class=\"e-font-icon-svg e-far-check-circle\" viewBox=\"0 0 512 512\" xmlns=\"http:\/\/www.w3.org\/2000\/svg\"><path d=\"M256 8C119.033 8 8 119.033 8 256s111.033 248 248 248 248-111.033 248-248S392.967 8 256 8zm0 48c110.532 0 200 89.451 200 200 0 110.532-89.451 200-200 200-110.532 0-200-89.451-200-200 0-110.532 89.451-200 200-200m140.204 130.267l-22.536-22.718c-4.667-4.705-12.265-4.736-16.97-.068L215.346 303.697l-59.792-60.277c-4.667-4.705-12.265-4.736-16.97-.069l-22.719 22.536c-4.705 4.667-4.736 12.265-.068 16.971l90.781 91.516c4.667 4.705 12.265 4.736 16.97.068l172.589-171.204c4.704-4.668 4.734-12.266.067-16.971z\"><\/path><\/svg>\t\t\t\t\t\t<\/span>\n\t\t\t\t\t\t\t\t\t\t<span class=\"elementor-icon-list-text\">conduite addictive (jeu, tabac, alcool, stup\u00e9fiants, psychotropes...)\ufeff<\/span>\n\t\t\t\t\t\t\t\t\t<\/li>\n\t\t\t\t\t\t<\/ul>\n\t\t\t\t\t\t<\/div>\n\t\t\t\t<\/div>\n\t\t\t\t<\/div>\n\t\t<div class=\"elementor-element elementor-element-533c7c5 e-con-full e-flex e-con e-child\" data-id=\"533c7c5\" data-element_type=\"container\" data-e-type=\"container\">\n\t\t\t\t<div class=\"elementor-element elementor-element-53ae274 elementor-widget elementor-widget-image\" data-id=\"53ae274\" data-element_type=\"widget\" data-e-type=\"widget\" data-widget_type=\"image.default\">\n\t\t\t\t\t\t\t\t\t\t\t\t\t\t\t<img loading=\"lazy\" decoding=\"async\" width=\"640\" height=\"472\" src=\"https:\/\/psychotherapie-cagnes-sur-mer.fr\/wp-content\/uploads\/2025\/03\/img-souffrance-au-travail.jpeg\" class=\"attachment-large size-large wp-image-464\" alt=\"\" srcset=\"https:\/\/psychotherapie-cagnes-sur-mer.fr\/wp-content\/uploads\/2025\/03\/img-souffrance-au-travail.jpeg 640w, https:\/\/psychotherapie-cagnes-sur-mer.fr\/wp-content\/uploads\/2025\/03\/img-souffrance-au-travail-300x221.jpeg 300w\" sizes=\"(max-width: 640px) 100vw, 640px\" \/>\t\t\t\t\t\t\t\t\t\t\t\t\t\t\t<\/div>\n\t\t\t\t<\/div>\n\t\t\t\t<\/div>\n\t\t\t\t\t<\/div>\n\t\t\t\t<\/div>\n\t\t<div class=\"elementor-element elementor-element-2f5fd3d e-flex e-con-boxed e-con e-parent\" data-id=\"2f5fd3d\" data-element_type=\"container\" data-e-type=\"container\" data-settings=\"{&quot;background_background&quot;:&quot;classic&quot;}\">\n\t\t\t\t\t<div class=\"e-con-inner\">\n\t\t<div class=\"elementor-element elementor-element-6695de0 e-con-full e-flex e-con e-child\" data-id=\"6695de0\" data-element_type=\"container\" data-e-type=\"container\" data-settings=\"{&quot;background_background&quot;:&quot;classic&quot;}\">\n\t\t\t\t<div class=\"elementor-element elementor-element-0cae22c elementor-widget elementor-widget-text-editor\" data-id=\"0cae22c\" data-element_type=\"widget\" data-e-type=\"widget\" data-widget_type=\"text-editor.default\">\n\t\t\t\t\t\t\t\t\t<p>\u00a0Il devient honteux d&rsquo;\u00e9voquer un mal-\u00eatre au travail, des doutes, des situations de conflit. La soci\u00e9t\u00e9 exige que l&rsquo;on soit heureux, en bonne sant\u00e9, performant, \u00e9panoui&#8230;<\/p><p>Un\u00a0<strong>psychoth\u00e9rapeute\u00a0<\/strong>peut \u00e9couter et entendre ces doutes et ces difficult\u00e9s pour vous aider \u00e0 les d\u00e9passer, \u00e0 s&rsquo;en lib\u00e9rer.<\/p>\t\t\t\t\t\t\t\t<\/div>\n\t\t\t\t<div class=\"elementor-element elementor-element-5ab4c8a elementor-align-center elementor-widget elementor-widget-button\" data-id=\"5ab4c8a\" data-element_type=\"widget\" data-e-type=\"widget\" data-widget_type=\"button.default\">\n\t\t\t\t\t\t\t\t\t\t<a class=\"elementor-button elementor-button-link elementor-size-sm\" href=\"#\">\n\t\t\t\t\t\t<span class=\"elementor-button-content-wrapper\">\n\t\t\t\t\t\t\t\t\t<span class=\"elementor-button-text\">En savoir plus<\/span>\n\t\t\t\t\t<\/span>\n\t\t\t\t\t<\/a>\n\t\t\t\t\t\t\t\t<\/div>\n\t\t\t\t<\/div>\n\t\t\t\t\t<\/div>\n\t\t\t\t<\/div>\n\t\t\t\t<\/div>\n\t\t","protected":false},"excerpt":{"rendered":"<p>D\u00e9pression et burn out Qu&rsquo;est-ce que la d\u00e9pression ? La\u00a0d\u00e9pression\u00a0est une v\u00e9ritable\u00a0maladie\u00a0, \u00e0 traiter comme telle. Ceux qui pr\u00e9conisent la \u00ab\u00a0volont\u00e9 \u00ab\u00a0, qui incitent \u00e0 \u00ab\u00a0se bouger\u00a0\u00bb ne font qu&rsquo;amplifier la culpabilit\u00e9 et la souffrance du malade. Le recours aux antid\u00e9presseur est parfois n\u00e9cessaire mais la\u00a0psychoth\u00e9rapie, seule ou en parall\u00e8le avec le traitement m\u00e9dicamenteux, permet [&hellip;]<\/p>\n","protected":false},"author":1,"featured_media":0,"parent":0,"menu_order":0,"comment_status":"closed","ping_status":"closed","template":"","meta":{"footnotes":""},"categories":[10],"class_list":["post-53","page","type-page","status-publish","hentry","category-difficultes-prises-en-charge"],"yoast_head":"<!-- This site is optimized with the Yoast SEO plugin v28.2 - https:\/\/yoast.com\/product\/yoast-seo-wordpress\/ -->\n<title>D\u00e9pression et burn out - psychotherapie-cagnes-sur-mer.fr<\/title>\n<meta name=\"robots\" content=\"index, follow, max-snippet:-1, max-image-preview:large, max-video-preview:-1\" \/>\n<link rel=\"canonical\" href=\"https:\/\/psychotherapie-cagnes-sur-mer.fr\/depression-et-burn-out\/\" \/>\n<meta property=\"og:locale\" content=\"fr_FR\" \/>\n<meta property=\"og:type\" content=\"article\" \/>\n<meta property=\"og:title\" content=\"D\u00e9pression et burn out - psychotherapie-cagnes-sur-mer.fr\" \/>\n<meta property=\"og:description\" content=\"D\u00e9pression et burn out Qu&rsquo;est-ce que la d\u00e9pression ? La\u00a0d\u00e9pression\u00a0est une v\u00e9ritable\u00a0maladie\u00a0, \u00e0 traiter comme telle. Ceux qui pr\u00e9conisent la \u00ab\u00a0volont\u00e9 \u00ab\u00a0, qui incitent \u00e0 \u00ab\u00a0se bouger\u00a0\u00bb ne font qu&rsquo;amplifier la culpabilit\u00e9 et la souffrance du malade. Le recours aux antid\u00e9presseur est parfois n\u00e9cessaire mais la\u00a0psychoth\u00e9rapie, seule ou en parall\u00e8le avec le traitement m\u00e9dicamenteux, permet [&hellip;]\" \/>\n<meta property=\"og:url\" content=\"https:\/\/psychotherapie-cagnes-sur-mer.fr\/depression-et-burn-out\/\" \/>\n<meta property=\"og:site_name\" content=\"psychotherapie-cagnes-sur-mer.fr\" \/>\n<meta property=\"article:modified_time\" content=\"2025-03-24T13:31:25+00:00\" \/>\n<meta property=\"og:image\" content=\"https:\/\/psychotherapie-cagnes-sur-mer.fr\/wp-content\/uploads\/2025\/03\/img-page-depression.jpeg\" \/>\n\t<meta property=\"og:image:width\" content=\"400\" \/>\n\t<meta property=\"og:image:height\" content=\"519\" \/>\n\t<meta property=\"og:image:type\" content=\"image\/jpeg\" \/>\n<meta name=\"twitter:card\" content=\"summary_large_image\" \/>\n<meta name=\"twitter:label1\" content=\"Dur\u00e9e de lecture estim\u00e9e\" \/>\n\t<meta name=\"twitter:data1\" content=\"4 minutes\" \/>\n<script type=\"application\/ld+json\" class=\"yoast-schema-graph\">{\"@context\":\"https:\\\/\\\/schema.org\",\"@graph\":[{\"@type\":\"WebPage\",\"@id\":\"https:\\\/\\\/psychotherapie-cagnes-sur-mer.fr\\\/depression-et-burn-out\\\/\",\"url\":\"https:\\\/\\\/psychotherapie-cagnes-sur-mer.fr\\\/depression-et-burn-out\\\/\",\"name\":\"D\u00e9pression et burn out - psychotherapie-cagnes-sur-mer.fr\",\"isPartOf\":{\"@id\":\"https:\\\/\\\/psychotherapie-cagnes-sur-mer.fr\\\/#website\"},\"primaryImageOfPage\":{\"@id\":\"https:\\\/\\\/psychotherapie-cagnes-sur-mer.fr\\\/depression-et-burn-out\\\/#primaryimage\"},\"image\":{\"@id\":\"https:\\\/\\\/psychotherapie-cagnes-sur-mer.fr\\\/depression-et-burn-out\\\/#primaryimage\"},\"thumbnailUrl\":\"https:\\\/\\\/psychotherapie-cagnes-sur-mer.fr\\\/wp-content\\\/uploads\\\/2025\\\/03\\\/img-page-depression.jpeg\",\"datePublished\":\"2025-03-19T11:05:51+00:00\",\"dateModified\":\"2025-03-24T13:31:25+00:00\",\"breadcrumb\":{\"@id\":\"https:\\\/\\\/psychotherapie-cagnes-sur-mer.fr\\\/depression-et-burn-out\\\/#breadcrumb\"},\"inLanguage\":\"fr-FR\",\"potentialAction\":[{\"@type\":\"ReadAction\",\"target\":[\"https:\\\/\\\/psychotherapie-cagnes-sur-mer.fr\\\/depression-et-burn-out\\\/\"]}]},{\"@type\":\"ImageObject\",\"inLanguage\":\"fr-FR\",\"@id\":\"https:\\\/\\\/psychotherapie-cagnes-sur-mer.fr\\\/depression-et-burn-out\\\/#primaryimage\",\"url\":\"https:\\\/\\\/psychotherapie-cagnes-sur-mer.fr\\\/wp-content\\\/uploads\\\/2025\\\/03\\\/img-page-depression.jpeg\",\"contentUrl\":\"https:\\\/\\\/psychotherapie-cagnes-sur-mer.fr\\\/wp-content\\\/uploads\\\/2025\\\/03\\\/img-page-depression.jpeg\",\"width\":400,\"height\":519},{\"@type\":\"BreadcrumbList\",\"@id\":\"https:\\\/\\\/psychotherapie-cagnes-sur-mer.fr\\\/depression-et-burn-out\\\/#breadcrumb\",\"itemListElement\":[{\"@type\":\"ListItem\",\"position\":1,\"name\":\"Home\",\"item\":\"https:\\\/\\\/psychotherapie-cagnes-sur-mer.fr\\\/\"},{\"@type\":\"ListItem\",\"position\":2,\"name\":\"D\u00e9pression et burn out\"}]},{\"@type\":\"WebSite\",\"@id\":\"https:\\\/\\\/psychotherapie-cagnes-sur-mer.fr\\\/#website\",\"url\":\"https:\\\/\\\/psychotherapie-cagnes-sur-mer.fr\\\/\",\"name\":\"psychotherapie-cagnes-sur-mer.fr\",\"description\":\"\",\"publisher\":{\"@id\":\"https:\\\/\\\/psychotherapie-cagnes-sur-mer.fr\\\/#organization\"},\"potentialAction\":[{\"@type\":\"SearchAction\",\"target\":{\"@type\":\"EntryPoint\",\"urlTemplate\":\"https:\\\/\\\/psychotherapie-cagnes-sur-mer.fr\\\/?s={search_term_string}\"},\"query-input\":{\"@type\":\"PropertyValueSpecification\",\"valueRequired\":true,\"valueName\":\"search_term_string\"}}],\"inLanguage\":\"fr-FR\"},{\"@type\":\"Organization\",\"@id\":\"https:\\\/\\\/psychotherapie-cagnes-sur-mer.fr\\\/#organization\",\"name\":\"psychotherapie-cagnes-sur-mer.fr\",\"url\":\"https:\\\/\\\/psychotherapie-cagnes-sur-mer.fr\\\/\",\"logo\":{\"@type\":\"ImageObject\",\"inLanguage\":\"fr-FR\",\"@id\":\"https:\\\/\\\/psychotherapie-cagnes-sur-mer.fr\\\/#\\\/schema\\\/logo\\\/image\\\/\",\"url\":\"https:\\\/\\\/psychotherapie-cagnes-sur-mer.fr\\\/wp-content\\\/uploads\\\/2025\\\/03\\\/cropped-TCA.webp\",\"contentUrl\":\"https:\\\/\\\/psychotherapie-cagnes-sur-mer.fr\\\/wp-content\\\/uploads\\\/2025\\\/03\\\/cropped-TCA.webp\",\"width\":512,\"height\":512,\"caption\":\"psychotherapie-cagnes-sur-mer.fr\"},\"image\":{\"@id\":\"https:\\\/\\\/psychotherapie-cagnes-sur-mer.fr\\\/#\\\/schema\\\/logo\\\/image\\\/\"}}]}<\/script>\n<!-- \/ Yoast SEO plugin. -->","yoast_head_json":{"title":"D\u00e9pression et burn out - psychotherapie-cagnes-sur-mer.fr","robots":{"index":"index","follow":"follow","max-snippet":"max-snippet:-1","max-image-preview":"max-image-preview:large","max-video-preview":"max-video-preview:-1"},"canonical":"https:\/\/psychotherapie-cagnes-sur-mer.fr\/depression-et-burn-out\/","og_locale":"fr_FR","og_type":"article","og_title":"D\u00e9pression et burn out - psychotherapie-cagnes-sur-mer.fr","og_description":"D\u00e9pression et burn out Qu&rsquo;est-ce que la d\u00e9pression ? La\u00a0d\u00e9pression\u00a0est une v\u00e9ritable\u00a0maladie\u00a0, \u00e0 traiter comme telle. Ceux qui pr\u00e9conisent la \u00ab\u00a0volont\u00e9 \u00ab\u00a0, qui incitent \u00e0 \u00ab\u00a0se bouger\u00a0\u00bb ne font qu&rsquo;amplifier la culpabilit\u00e9 et la souffrance du malade. Le recours aux antid\u00e9presseur est parfois n\u00e9cessaire mais la\u00a0psychoth\u00e9rapie, seule ou en parall\u00e8le avec le traitement m\u00e9dicamenteux, permet [&hellip;]","og_url":"https:\/\/psychotherapie-cagnes-sur-mer.fr\/depression-et-burn-out\/","og_site_name":"psychotherapie-cagnes-sur-mer.fr","article_modified_time":"2025-03-24T13:31:25+00:00","og_image":[{"width":400,"height":519,"url":"https:\/\/psychotherapie-cagnes-sur-mer.fr\/wp-content\/uploads\/2025\/03\/img-page-depression.jpeg","type":"image\/jpeg"}],"twitter_card":"summary_large_image","twitter_misc":{"Dur\u00e9e de lecture estim\u00e9e":"4 minutes"},"schema":{"@context":"https:\/\/schema.org","@graph":[{"@type":"WebPage","@id":"https:\/\/psychotherapie-cagnes-sur-mer.fr\/depression-et-burn-out\/","url":"https:\/\/psychotherapie-cagnes-sur-mer.fr\/depression-et-burn-out\/","name":"D\u00e9pression et burn out - psychotherapie-cagnes-sur-mer.fr","isPartOf":{"@id":"https:\/\/psychotherapie-cagnes-sur-mer.fr\/#website"},"primaryImageOfPage":{"@id":"https:\/\/psychotherapie-cagnes-sur-mer.fr\/depression-et-burn-out\/#primaryimage"},"image":{"@id":"https:\/\/psychotherapie-cagnes-sur-mer.fr\/depression-et-burn-out\/#primaryimage"},"thumbnailUrl":"https:\/\/psychotherapie-cagnes-sur-mer.fr\/wp-content\/uploads\/2025\/03\/img-page-depression.jpeg","datePublished":"2025-03-19T11:05:51+00:00","dateModified":"2025-03-24T13:31:25+00:00","breadcrumb":{"@id":"https:\/\/psychotherapie-cagnes-sur-mer.fr\/depression-et-burn-out\/#breadcrumb"},"inLanguage":"fr-FR","potentialAction":[{"@type":"ReadAction","target":["https:\/\/psychotherapie-cagnes-sur-mer.fr\/depression-et-burn-out\/"]}]},{"@type":"ImageObject","inLanguage":"fr-FR","@id":"https:\/\/psychotherapie-cagnes-sur-mer.fr\/depression-et-burn-out\/#primaryimage","url":"https:\/\/psychotherapie-cagnes-sur-mer.fr\/wp-content\/uploads\/2025\/03\/img-page-depression.jpeg","contentUrl":"https:\/\/psychotherapie-cagnes-sur-mer.fr\/wp-content\/uploads\/2025\/03\/img-page-depression.jpeg","width":400,"height":519},{"@type":"BreadcrumbList","@id":"https:\/\/psychotherapie-cagnes-sur-mer.fr\/depression-et-burn-out\/#breadcrumb","itemListElement":[{"@type":"ListItem","position":1,"name":"Home","item":"https:\/\/psychotherapie-cagnes-sur-mer.fr\/"},{"@type":"ListItem","position":2,"name":"D\u00e9pression et burn out"}]},{"@type":"WebSite","@id":"https:\/\/psychotherapie-cagnes-sur-mer.fr\/#website","url":"https:\/\/psychotherapie-cagnes-sur-mer.fr\/","name":"psychotherapie-cagnes-sur-mer.fr","description":"","publisher":{"@id":"https:\/\/psychotherapie-cagnes-sur-mer.fr\/#organization"},"potentialAction":[{"@type":"SearchAction","target":{"@type":"EntryPoint","urlTemplate":"https:\/\/psychotherapie-cagnes-sur-mer.fr\/?s={search_term_string}"},"query-input":{"@type":"PropertyValueSpecification","valueRequired":true,"valueName":"search_term_string"}}],"inLanguage":"fr-FR"},{"@type":"Organization","@id":"https:\/\/psychotherapie-cagnes-sur-mer.fr\/#organization","name":"psychotherapie-cagnes-sur-mer.fr","url":"https:\/\/psychotherapie-cagnes-sur-mer.fr\/","logo":{"@type":"ImageObject","inLanguage":"fr-FR","@id":"https:\/\/psychotherapie-cagnes-sur-mer.fr\/#\/schema\/logo\/image\/","url":"https:\/\/psychotherapie-cagnes-sur-mer.fr\/wp-content\/uploads\/2025\/03\/cropped-TCA.webp","contentUrl":"https:\/\/psychotherapie-cagnes-sur-mer.fr\/wp-content\/uploads\/2025\/03\/cropped-TCA.webp","width":512,"height":512,"caption":"psychotherapie-cagnes-sur-mer.fr"},"image":{"@id":"https:\/\/psychotherapie-cagnes-sur-mer.fr\/#\/schema\/logo\/image\/"}}]}},"_links":{"self":[{"href":"https:\/\/psychotherapie-cagnes-sur-mer.fr\/wp-json\/wp\/v2\/pages\/53","targetHints":{"allow":["GET"]}}],"collection":[{"href":"https:\/\/psychotherapie-cagnes-sur-mer.fr\/wp-json\/wp\/v2\/pages"}],"about":[{"href":"https:\/\/psychotherapie-cagnes-sur-mer.fr\/wp-json\/wp\/v2\/types\/page"}],"author":[{"embeddable":true,"href":"https:\/\/psychotherapie-cagnes-sur-mer.fr\/wp-json\/wp\/v2\/users\/1"}],"replies":[{"embeddable":true,"href":"https:\/\/psychotherapie-cagnes-sur-mer.fr\/wp-json\/wp\/v2\/comments?post=53"}],"version-history":[{"count":40,"href":"https:\/\/psychotherapie-cagnes-sur-mer.fr\/wp-json\/wp\/v2\/pages\/53\/revisions"}],"predecessor-version":[{"id":1039,"href":"https:\/\/psychotherapie-cagnes-sur-mer.fr\/wp-json\/wp\/v2\/pages\/53\/revisions\/1039"}],"wp:attachment":[{"href":"https:\/\/psychotherapie-cagnes-sur-mer.fr\/wp-json\/wp\/v2\/media?parent=53"}],"wp:term":[{"taxonomy":"category","embeddable":true,"href":"https:\/\/psychotherapie-cagnes-sur-mer.fr\/wp-json\/wp\/v2\/categories?post=53"}],"curies":[{"name":"wp","href":"https:\/\/api.w.org\/{rel}","templated":true}]}}