{"id":56,"date":"2025-03-19T11:11:31","date_gmt":"2025-03-19T11:11:31","guid":{"rendered":"https:\/\/psychotherapie-cagnes-sur-mer.fr\/?page_id=56"},"modified":"2025-03-24T12:49:54","modified_gmt":"2025-03-24T12:49:54","slug":"troubles-de-l-attachement","status":"publish","type":"page","link":"https:\/\/psychotherapie-cagnes-sur-mer.fr\/troubles-de-l-attachement\/","title":{"rendered":"Troubles de l&rsquo;attachement"},"content":{"rendered":"\t\t<div data-elementor-type=\"wp-page\" data-elementor-id=\"56\" class=\"elementor elementor-56\" data-elementor-post-type=\"page\">\n\t\t\t\t<div class=\"elementor-element elementor-element-df5f53e e-flex e-con-boxed e-con e-parent\" data-id=\"df5f53e\" data-element_type=\"container\" data-e-type=\"container\" data-settings=\"{&quot;background_background&quot;:&quot;classic&quot;}\">\n\t\t\t\t\t<div class=\"e-con-inner\">\n\t\t\t\t<div class=\"elementor-element elementor-element-97c8904 elementor-widget elementor-widget-heading\" data-id=\"97c8904\" data-element_type=\"widget\" data-e-type=\"widget\" data-widget_type=\"heading.default\">\n\t\t\t\t\t<h1 class=\"elementor-heading-title elementor-size-default\">Troubles de l'attachement<\/h1>\t\t\t\t<\/div>\n\t\t\t\t\t<\/div>\n\t\t\t\t<\/div>\n\t\t<div class=\"elementor-element elementor-element-fbb5eed e-flex e-con-boxed e-con e-parent\" data-id=\"fbb5eed\" data-element_type=\"container\" data-e-type=\"container\" data-settings=\"{&quot;background_background&quot;:&quot;classic&quot;}\">\n\t\t\t\t\t<div class=\"e-con-inner\">\n\t\t<div class=\"elementor-element elementor-element-b97c448 e-con-full e-flex e-con e-child\" data-id=\"b97c448\" data-element_type=\"container\" data-e-type=\"container\" data-settings=\"{&quot;background_background&quot;:&quot;classic&quot;}\">\n\t\t<div class=\"elementor-element elementor-element-1fc164b e-con-full e-flex e-con e-child\" data-id=\"1fc164b\" data-element_type=\"container\" data-e-type=\"container\">\n\t\t\t\t<div class=\"elementor-element elementor-element-c5caccc elementor-widget__width-auto elementor-widget elementor-widget-heading\" data-id=\"c5caccc\" data-element_type=\"widget\" data-e-type=\"widget\" data-widget_type=\"heading.default\">\n\t\t\t\t\t<h2 class=\"elementor-heading-title elementor-size-default\">Comment se manifestent les troubles de l'attachement ?<\/h2>\t\t\t\t<\/div>\n\t\t<div class=\"elementor-element elementor-element-b86e1ec e-con-full e-transform elementor-hidden-mobile e-flex e-con e-child\" data-id=\"b86e1ec\" data-element_type=\"container\" data-e-type=\"container\" data-settings=\"{&quot;background_background&quot;:&quot;classic&quot;,&quot;position&quot;:&quot;absolute&quot;,&quot;_transform_translateX_effect&quot;:{&quot;unit&quot;:&quot;%&quot;,&quot;size&quot;:-50,&quot;sizes&quot;:[]},&quot;_transform_translateX_effect_tablet&quot;:{&quot;unit&quot;:&quot;%&quot;,&quot;size&quot;:&quot;&quot;,&quot;sizes&quot;:[]},&quot;_transform_translateX_effect_mobile&quot;:{&quot;unit&quot;:&quot;%&quot;,&quot;size&quot;:&quot;&quot;,&quot;sizes&quot;:[]},&quot;_transform_translateY_effect&quot;:{&quot;unit&quot;:&quot;%&quot;,&quot;size&quot;:-25,&quot;sizes&quot;:[]},&quot;_transform_translateY_effect_tablet&quot;:{&quot;unit&quot;:&quot;%&quot;,&quot;size&quot;:&quot;&quot;,&quot;sizes&quot;:[]},&quot;_transform_translateY_effect_mobile&quot;:{&quot;unit&quot;:&quot;%&quot;,&quot;size&quot;:&quot;&quot;,&quot;sizes&quot;:[]}}\">\n\t\t\t\t<\/div>\n\t\t\t\t<\/div>\n\t\t<div class=\"elementor-element elementor-element-30a3b49 e-con-full e-flex e-con e-child\" data-id=\"30a3b49\" data-element_type=\"container\" data-e-type=\"container\">\n\t\t<div class=\"elementor-element elementor-element-ac4f164 e-con-full e-flex e-con e-child\" data-id=\"ac4f164\" data-element_type=\"container\" data-e-type=\"container\">\n\t\t<div class=\"elementor-element elementor-element-7e3fcdc e-con-full e-flex e-con e-child\" data-id=\"7e3fcdc\" data-element_type=\"container\" data-e-type=\"container\">\n\t\t\t\t<div class=\"elementor-element elementor-element-ae5938f elementor-widget elementor-widget-text-editor\" data-id=\"ae5938f\" data-element_type=\"widget\" data-e-type=\"widget\" data-widget_type=\"text-editor.default\">\n\t\t\t\t\t\t\t\t\t<p>Les troubles de l&rsquo;attachement ou\u00a0<b>d\u00e9pendance affective<\/b>, se manifestent donc par une\u00a0<b>d\u00e9pendance<\/b>\u00a0\u00e0 l&rsquo;autre plus ou moins grande ou par r\u00e9action, par un \u00e9vitement des relations intimes afin d&rsquo; \u00e9chapper illusoirement \u00e0 cette d\u00e9pendance\u00a0.<\/p><p>On rep\u00e8re chez ces personnes, la peur du\u00a0<b>rejet<\/b>, des sentiments d\u00e9pressifs, un manque d\u2019affirmation de soi, la peur du conflit, un sentiment de\u00a0<b>vide<\/b>, la hantise de la\u00a0<b>solitude.<\/b>\u00a0Elles ont du mal \u00e0 cr\u00e9er une relation d\u2019intimit\u00e9 \u00e9panouissante. La peur de l&rsquo;<b>abandon<\/b>\u00a0est omnipr\u00e9sente ( par exemple \u00e0 travers une jalousie excessive)<\/p><p>Bien que la personne aspire \u00e0 une relation d\u2019amour \u00e9quilibr\u00e9e, elle se trouve attir\u00e9e par des partenaires aupr\u00e8s desquels(le)s elle va revivre des\u00a0<b>attachements\u00a0<\/b>semblables \u00e0 ceux de l&rsquo; enfance, ou aura du mal \u00e0 s\u2019engager.<\/p><p>Les relations avec les autres sont marqu\u00e9es par un important besoin de reconnaissance, de valorisation, parfois par de la jalousie, une hypersensibilit\u00e9 \u00e0 l\u2019<b>abandon<\/b>, aux critiques, \u00e0 l\u2019\u00e9chec.<\/p>\t\t\t\t\t\t\t\t<\/div>\n\t\t\t\t<\/div>\n\t\t<div class=\"elementor-element elementor-element-e4b3586 e-con-full e-flex e-con e-child\" data-id=\"e4b3586\" data-element_type=\"container\" data-e-type=\"container\">\n\t\t\t\t<div class=\"elementor-element elementor-element-138f56b elementor-widget elementor-widget-image\" data-id=\"138f56b\" data-element_type=\"widget\" data-e-type=\"widget\" data-widget_type=\"image.default\">\n\t\t\t\t\t\t\t\t\t\t\t\t\t\t\t<img fetchpriority=\"high\" decoding=\"async\" width=\"426\" height=\"339\" src=\"https:\/\/psychotherapie-cagnes-sur-mer.fr\/wp-content\/uploads\/2025\/03\/img-page-attachement.jpeg\" class=\"attachment-full size-full wp-image-448\" alt=\"\" srcset=\"https:\/\/psychotherapie-cagnes-sur-mer.fr\/wp-content\/uploads\/2025\/03\/img-page-attachement.jpeg 426w, https:\/\/psychotherapie-cagnes-sur-mer.fr\/wp-content\/uploads\/2025\/03\/img-page-attachement-300x239.jpeg 300w\" sizes=\"(max-width: 426px) 100vw, 426px\" \/>\t\t\t\t\t\t\t\t\t\t\t\t\t\t\t<\/div>\n\t\t\t\t<\/div>\n\t\t\t\t<\/div>\n\t\t\t\t<\/div>\n\t\t\t\t<div class=\"elementor-element elementor-element-97bb6ba elementor-widget elementor-widget-button\" data-id=\"97bb6ba\" data-element_type=\"widget\" data-e-type=\"widget\" data-widget_type=\"button.default\">\n\t\t\t\t\t\t\t\t\t\t<a class=\"elementor-button elementor-button-link elementor-size-sm\" href=\"https:\/\/www.psychologue.net\/cabinets\/veronique-eskenazi\" target=\"_blank\" rel=\"noopener\">\n\t\t\t\t\t\t<span class=\"elementor-button-content-wrapper\">\n\t\t\t\t\t\t\t\t\t<span class=\"elementor-button-text\">En savoir plus<\/span>\n\t\t\t\t\t<\/span>\n\t\t\t\t\t<\/a>\n\t\t\t\t\t\t\t\t<\/div>\n\t\t\t\t<\/div>\n\t\t\t\t\t<\/div>\n\t\t\t\t<\/div>\n\t\t<div class=\"elementor-element elementor-element-6d242cae e-flex e-con-boxed e-con e-parent\" data-id=\"6d242cae\" data-element_type=\"container\" data-e-type=\"container\" data-settings=\"{&quot;background_background&quot;:&quot;classic&quot;}\">\n\t\t\t\t\t<div class=\"e-con-inner\">\n\t\t<div class=\"elementor-element elementor-element-6e88b08b e-con-full e-flex e-con e-child\" data-id=\"6e88b08b\" data-element_type=\"container\" data-e-type=\"container\" data-settings=\"{&quot;background_background&quot;:&quot;classic&quot;}\">\n\t\t<div class=\"elementor-element elementor-element-18c98450 e-con-full e-flex e-con e-child\" data-id=\"18c98450\" data-element_type=\"container\" data-e-type=\"container\">\n\t\t\t\t<div class=\"elementor-element elementor-element-6099adf6 elementor-widget__width-auto elementor-widget elementor-widget-heading\" data-id=\"6099adf6\" data-element_type=\"widget\" data-e-type=\"widget\" data-widget_type=\"heading.default\">\n\t\t\t\t\t<h2 class=\"elementor-heading-title elementor-size-default\">Origine des troubles de l'attachement<\/h2>\t\t\t\t<\/div>\n\t\t<div class=\"elementor-element elementor-element-6ae0566d e-con-full e-transform elementor-hidden-tablet elementor-hidden-mobile e-flex e-con e-child\" data-id=\"6ae0566d\" data-element_type=\"container\" data-e-type=\"container\" data-settings=\"{&quot;background_background&quot;:&quot;classic&quot;,&quot;position&quot;:&quot;absolute&quot;,&quot;_transform_translateX_effect&quot;:{&quot;unit&quot;:&quot;%&quot;,&quot;size&quot;:-50,&quot;sizes&quot;:[]},&quot;_transform_translateX_effect_tablet&quot;:{&quot;unit&quot;:&quot;%&quot;,&quot;size&quot;:&quot;&quot;,&quot;sizes&quot;:[]},&quot;_transform_translateX_effect_mobile&quot;:{&quot;unit&quot;:&quot;%&quot;,&quot;size&quot;:&quot;&quot;,&quot;sizes&quot;:[]},&quot;_transform_translateY_effect&quot;:{&quot;unit&quot;:&quot;%&quot;,&quot;size&quot;:-25,&quot;sizes&quot;:[]},&quot;_transform_translateY_effect_tablet&quot;:{&quot;unit&quot;:&quot;%&quot;,&quot;size&quot;:&quot;&quot;,&quot;sizes&quot;:[]},&quot;_transform_translateY_effect_mobile&quot;:{&quot;unit&quot;:&quot;%&quot;,&quot;size&quot;:&quot;&quot;,&quot;sizes&quot;:[]}}\">\n\t\t\t\t<\/div>\n\t\t\t\t<\/div>\n\t\t\t\t<div class=\"elementor-element elementor-element-629bae7e elementor-widget elementor-widget-text-editor\" data-id=\"629bae7e\" data-element_type=\"widget\" data-e-type=\"widget\" data-widget_type=\"text-editor.default\">\n\t\t\t\t\t\t\t\t\t<p>Le trouble de l&rsquo;<b>attachement<\/b>, appel\u00e9 aussi\u00a0<b>d\u00e9pendance affective<\/b>,trouve son origine dans l&rsquo;enfance. L\u2019<b>attachement<\/b>\u00a0se d\u00e9finit comme lien que le nourrisson cr\u00e9e avec sa m\u00e8re ( la plupart du temps) d\u00e8s le d\u00e9but de sa vie gr\u00e2ce aux soins, au nourrissage et \u00e0 l&rsquo;amour et l&rsquo;affection dont il est investi. Il va trouver en ce lien une \u00ab\u00a0base de s\u00e9curit\u00e9\u00a0\u00bb . La qualit\u00e9 de l\u2019attachement \u00e0 la m\u00e8re conditionne son sentiment de s\u00e9curit\u00e9, sa sociabilit\u00e9, sa confiance en soi.<\/p><p>A contrario, des failles dans ce lien g\u00e9n\u00e8rent des\u00a0<b>angoisses de s\u00e9paration<\/b>\u00a0ou d\u2019<b>abandon<\/b>\u00a0ainsi que divers troubles psychologiques. La forme extr\u00eame de ce ph\u00e9nom\u00e8ne a \u00e9t\u00e9 observ\u00e9e et d\u00e9crite par Spitz \u00e0 partir de b\u00e9b\u00e9s orphelins hospitalis\u00e9s apr\u00e8s la guerre. Ces b\u00e9b\u00e9s, nourris et soign\u00e9s, mais en manque de contacts physiques affectueux, d\u00e9p\u00e9rissent, deviennent inertes, apathiques, sans \u00e9lan vital, et certains m\u00eame meurent.<\/p><p>Il y a plusieurs raisons pour que le lien avec la m\u00e8re n\u2019ait pas pu se tisser, ou pas suffisamment\u00a0:\u00a0<b>abandon<\/b>\u00a0de l\u2019enfant \u00e0 la naissance,\u00a0<b>s\u00e9paration<\/b>\u00a0involontaire (couveuse, hospitalisation de la m\u00e8re ou du b\u00e9b\u00e9\u2026), d\u00e9c\u00e8s d\u2019un parent, carence affective, d\u00e9pression maternelle, deuil maternel, rejet\u2026<\/p><p>A l&rsquo;inverse, une m\u00e8re trop fusionnelle, souffrant elle-m\u00eame d\u2019une\u00a0<strong>angoisse d\u2019abandon<\/strong>, ou surinvestissant narcissiquement son enfant au d\u00e9triment de la relation p\u00e8re- enfant ou de sa relation de couple, n&rsquo;apprendra pas \u00e0 son enfant \u00e0 se s\u00e9parer et celui-ci d\u00e9veloppera les m\u00eames troubles qu&rsquo;un enfant en carence affective\u00a0<\/p>\t\t\t\t\t\t\t\t<\/div>\n\t\t\t\t<div class=\"elementor-element elementor-element-597ca9fc elementor-widget elementor-widget-button\" data-id=\"597ca9fc\" data-element_type=\"widget\" data-e-type=\"widget\" data-widget_type=\"button.default\">\n\t\t\t\t\t\t\t\t\t\t<a class=\"elementor-button elementor-button-link elementor-size-sm\" href=\"https:\/\/www.psychologue.net\/cabinets\/veronique-eskenazi\" target=\"_blank\" rel=\"noopener\">\n\t\t\t\t\t\t<span class=\"elementor-button-content-wrapper\">\n\t\t\t\t\t\t\t\t\t<span class=\"elementor-button-text\">En savoir plus<\/span>\n\t\t\t\t\t<\/span>\n\t\t\t\t\t<\/a>\n\t\t\t\t\t\t\t\t<\/div>\n\t\t\t\t<\/div>\n\t\t\t\t\t<\/div>\n\t\t\t\t<\/div>\n\t\t<div class=\"elementor-element elementor-element-3dca481 e-flex e-con-boxed e-con e-parent\" data-id=\"3dca481\" data-element_type=\"container\" data-e-type=\"container\" data-settings=\"{&quot;background_background&quot;:&quot;classic&quot;}\">\n\t\t\t\t\t<div class=\"e-con-inner\">\n\t\t<div class=\"elementor-element elementor-element-05d14ff e-con-full e-flex e-con e-child\" data-id=\"05d14ff\" data-element_type=\"container\" data-e-type=\"container\">\n\t\t\t\t<div class=\"elementor-element elementor-element-cf35ac8 elementor-widget__width-auto elementor-widget elementor-widget-heading\" data-id=\"cf35ac8\" data-element_type=\"widget\" data-e-type=\"widget\" data-widget_type=\"heading.default\">\n\t\t\t\t\t<h2 class=\"elementor-heading-title elementor-size-default\">La th\u00e9orie de l\u2019attachement : Bowlby et Ainsworth<\/h2>\t\t\t\t<\/div>\n\t\t\t\t<div class=\"elementor-element elementor-element-c84f047 elementor-widget elementor-widget-text-editor\" data-id=\"c84f047\" data-element_type=\"widget\" data-e-type=\"widget\" data-widget_type=\"text-editor.default\">\n\t\t\t\t\t\t\t\t\t<p>La mani\u00e8re dont la figure d\u2019<strong>attachement\u00a0<\/strong>va r\u00e9pondre aux demandes de l\u2019enfant (pleurs) sera donc d\u00e9terminante pour le d\u00e9veloppement psychique et social de l\u2019enfant puisqu\u2019elle va guider le d\u00e9veloppement de\u00a0<strong>sch\u00e8mes d\u2019attachement<\/strong>\u00a0de l\u2019enfant essentiels pour son futur relationnel. Si l\u2019enfant re\u00e7oit une r\u00e9ponse positive \u00e0 ses demandes c\u2019est qu\u2019il existe et donc qu\u2019il est important. Cette individualisation pourra lui permettre d\u2019\u00e9voluer et de d\u00e9velopper des relations familiales et sociales positives. De mani\u00e8re g\u00e9n\u00e9rale, l\u2019enfant va s\u2019attacher aux adultes qui vont se montrer sensibles et attentionn\u00e9s avec lui\/elle.(&#8230;)<\/p><p>Au cours des ann\u00e9es 1960 et 1970, la psychologue du d\u00e9veloppement\u00a0Mary Ainsworth\u00a0\u00e9toffera la\u00a0<strong>th\u00e9orie de l\u2019attachement\u00a0<\/strong>de Bowlby en y ajoutant la notion d\u2019<strong>attachement \u00abs\u00e9cure\u00bb ou \u00abins\u00e9cure\u00bb<\/strong>. C\u2019est \u00e0 partir de ses observations sur le terrain que Mary Ainsworth identifiera diff\u00e9rents types d\u2019attachements: les attachements s\u00e9cures, les attachements anxieux-\u00e9vitants (ins\u00e9cure), les attachements anxieux-ambivalents ou r\u00e9sistants (ins\u00e9cure) et les attachements d\u00e9sorganis\u00e9s (ins\u00e9cure). C\u2019est la qualit\u00e9 des soins re\u00e7us par l\u2019enfant dans sa toute petite enfance (r\u00e9ponse aux pleurs) qui d\u00e9terminera le type d\u2019attachement d\u00e9velopp\u00e9 par l\u2019enfant.<\/p>\t\t\t\t\t\t\t\t<\/div>\n\t\t\t\t<div class=\"elementor-element elementor-element-0dc744a elementor-widget elementor-widget-button\" data-id=\"0dc744a\" data-element_type=\"widget\" data-e-type=\"widget\" data-widget_type=\"button.default\">\n\t\t\t\t\t\t\t\t\t\t<a class=\"elementor-button elementor-button-link elementor-size-sm\" href=\"https:\/\/ligue-enseignement.be\/la-theorie-de-lattachement-bowlby-et-ainsworth\" target=\"_blank\" rel=\"noopener\">\n\t\t\t\t\t\t<span class=\"elementor-button-content-wrapper\">\n\t\t\t\t\t\t\t\t\t<span class=\"elementor-button-text\">Source<\/span>\n\t\t\t\t\t<\/span>\n\t\t\t\t\t<\/a>\n\t\t\t\t\t\t\t\t<\/div>\n\t\t\t\t<\/div>\n\t\t\t\t\t<\/div>\n\t\t\t\t<\/div>\n\t\t<div class=\"elementor-element elementor-element-f72ffb0 e-flex e-con-boxed e-con e-parent\" data-id=\"f72ffb0\" data-element_type=\"container\" data-e-type=\"container\" data-settings=\"{&quot;background_background&quot;:&quot;classic&quot;}\">\n\t\t\t\t\t<div class=\"e-con-inner\">\n\t\t<div class=\"elementor-element elementor-element-2164265 e-con-full e-flex e-con e-child\" data-id=\"2164265\" data-element_type=\"container\" data-e-type=\"container\">\n\t\t\t\t<div class=\"elementor-element elementor-element-736ad34 elementor-widget__width-auto elementor-widget elementor-widget-heading\" data-id=\"736ad34\" data-element_type=\"widget\" data-e-type=\"widget\" data-widget_type=\"heading.default\">\n\t\t\t\t\t<h2 class=\"elementor-heading-title elementor-size-default\">Diff\u00e9rents comportements<\/h2>\t\t\t\t<\/div>\n\t\t<div class=\"elementor-element elementor-element-5a27fc1 e-con-full e-transform elementor-hidden-mobile e-flex e-con e-child\" data-id=\"5a27fc1\" data-element_type=\"container\" data-e-type=\"container\" data-settings=\"{&quot;background_background&quot;:&quot;classic&quot;,&quot;position&quot;:&quot;absolute&quot;,&quot;_transform_translateX_effect&quot;:{&quot;unit&quot;:&quot;%&quot;,&quot;size&quot;:-50,&quot;sizes&quot;:[]},&quot;_transform_translateX_effect_tablet&quot;:{&quot;unit&quot;:&quot;%&quot;,&quot;size&quot;:&quot;&quot;,&quot;sizes&quot;:[]},&quot;_transform_translateX_effect_mobile&quot;:{&quot;unit&quot;:&quot;%&quot;,&quot;size&quot;:&quot;&quot;,&quot;sizes&quot;:[]},&quot;_transform_translateY_effect&quot;:{&quot;unit&quot;:&quot;%&quot;,&quot;size&quot;:-25,&quot;sizes&quot;:[]},&quot;_transform_translateY_effect_tablet&quot;:{&quot;unit&quot;:&quot;%&quot;,&quot;size&quot;:&quot;&quot;,&quot;sizes&quot;:[]},&quot;_transform_translateY_effect_mobile&quot;:{&quot;unit&quot;:&quot;%&quot;,&quot;size&quot;:&quot;&quot;,&quot;sizes&quot;:[]}}\">\n\t\t\t\t<\/div>\n\t\t\t\t<\/div>\n\t\t\t\t<div class=\"elementor-element elementor-element-dde6aaf elementor-widget-tablet__width-initial elementor-widget elementor-widget-heading\" data-id=\"dde6aaf\" data-element_type=\"widget\" data-e-type=\"widget\" data-widget_type=\"heading.default\">\n\t\t\t\t\t<p class=\"elementor-heading-title elementor-size-default\">On peut observer des comportements caract\u00e9ristiques chez l\u2019enfant en fonction de la nature de l\u2019attachement\n\n<\/p>\t\t\t\t<\/div>\n\t\t<div class=\"elementor-element elementor-element-ca107bc e-con-full e-flex e-con e-child\" data-id=\"ca107bc\" data-element_type=\"container\" data-e-type=\"container\" data-settings=\"{&quot;background_background&quot;:&quot;classic&quot;}\">\n\t\t<div class=\"elementor-element elementor-element-38d75f5 e-con-full e-flex e-con e-child\" data-id=\"38d75f5\" data-element_type=\"container\" data-e-type=\"container\">\n\t\t\t\t<div class=\"elementor-element elementor-element-e7c0582 elementor-widget elementor-widget-image\" data-id=\"e7c0582\" data-element_type=\"widget\" data-e-type=\"widget\" data-widget_type=\"image.default\">\n\t\t\t\t\t\t\t\t\t\t\t\t\t\t\t<img decoding=\"async\" width=\"243\" height=\"225\" src=\"https:\/\/psychotherapie-cagnes-sur-mer.fr\/wp-content\/uploads\/2025\/03\/icon-blue-heart-shield.png\" class=\"attachment-large size-large wp-image-453\" alt=\"\" \/>\t\t\t\t\t\t\t\t\t\t\t\t\t\t\t<\/div>\n\t\t\t\t<div class=\"elementor-element elementor-element-b74b44d elementor-widget elementor-widget-heading\" data-id=\"b74b44d\" data-element_type=\"widget\" data-e-type=\"widget\" data-widget_type=\"heading.default\">\n\t\t\t\t\t<h3 class=\"elementor-heading-title elementor-size-default\">Attachement s\u00e9cure<\/h3>\t\t\t\t<\/div>\n\t\t\t\t<div class=\"elementor-element elementor-element-efc8517 elementor-widget elementor-widget-text-editor\" data-id=\"efc8517\" data-element_type=\"widget\" data-e-type=\"widget\" data-widget_type=\"text-editor.default\">\n\t\t\t\t\t\t\t\t\t<p>La<strong>\u00a0figure d\u2019attachement\u00a0<\/strong>r\u00e9pond de mani\u00e8re appropri\u00e9e, rapide et coh\u00e9rente aux demandes de l\u2019enfant. La figure d\u2019attachement devient une base de s\u00e9curit\u00e9 pour l\u2019enfant qui en recherchera la proximit\u00e9 en cas de s\u00e9paration et sera rassur\u00e9\u00b7e par son retour, sa pr\u00e9sence. L\u2019enfant\u00a0<strong>s\u00e9cure<\/strong>\u00a0pourra explorer le monde et d\u00e9velopper\u00a0pleinement ses capacit\u00e9s.<\/p>\t\t\t\t\t\t\t\t<\/div>\n\t\t\t\t<\/div>\n\t\t<div class=\"elementor-element elementor-element-44aacc9 e-con-full e-flex e-con e-child\" data-id=\"44aacc9\" data-element_type=\"container\" data-e-type=\"container\">\n\t\t\t\t<div class=\"elementor-element elementor-element-1f5b14f elementor-widget elementor-widget-image\" data-id=\"1f5b14f\" data-element_type=\"widget\" data-e-type=\"widget\" data-widget_type=\"image.default\">\n\t\t\t\t\t\t\t\t\t\t\t\t\t\t\t<img decoding=\"async\" width=\"219\" height=\"174\" src=\"https:\/\/psychotherapie-cagnes-sur-mer.fr\/wp-content\/uploads\/2025\/03\/icon-blue-walking-man.png\" class=\"attachment-large size-large wp-image-454\" alt=\"\" \/>\t\t\t\t\t\t\t\t\t\t\t\t\t\t\t<\/div>\n\t\t\t\t<div class=\"elementor-element elementor-element-5796661 elementor-widget elementor-widget-heading\" data-id=\"5796661\" data-element_type=\"widget\" data-e-type=\"widget\" data-widget_type=\"heading.default\">\n\t\t\t\t\t<h3 class=\"elementor-heading-title elementor-size-default\">Attachement \u00e9vitant<\/h3>\t\t\t\t<\/div>\n\t\t\t\t<div class=\"elementor-element elementor-element-51642e3 elementor-widget elementor-widget-text-editor\" data-id=\"51642e3\" data-element_type=\"widget\" data-e-type=\"widget\" data-widget_type=\"text-editor.default\">\n\t\t\t\t\t\t\t\t\t<p>La<strong>\u00a0figure d\u2019attachement<\/strong>\u00a0ne r\u00e9pond peu ou pas aux demandes de l\u2019enfant et valorise une ind\u00e9pendance exacerb\u00e9e de l\u2019enfant. La cons\u00e9quence de cette r\u00e9ponse d\u00e9tach\u00e9e est un manque d\u2019\u00e9change affectif et une introversion des \u00e9motions chez l\u2019enfant. Il est\u00a0<strong>ins\u00e9cure.<\/strong>\u00a0Non entendu, non rassur\u00e9, l\u2019enfant ne manifestera pas de signes de d\u00e9tresse en cas de s\u00e9paration et pas de signes d\u2019apaisement lors du retour de sa figure d\u2019attachement.<\/p>\t\t\t\t\t\t\t\t<\/div>\n\t\t\t\t<\/div>\n\t\t<div class=\"elementor-element elementor-element-4a523d1 e-con-full e-flex e-con e-child\" data-id=\"4a523d1\" data-element_type=\"container\" data-e-type=\"container\">\n\t\t\t\t<div class=\"elementor-element elementor-element-d24b858 elementor-widget elementor-widget-image\" data-id=\"d24b858\" data-element_type=\"widget\" data-e-type=\"widget\" data-widget_type=\"image.default\">\n\t\t\t\t\t\t\t\t\t\t\t\t\t\t\t<img loading=\"lazy\" decoding=\"async\" width=\"218\" height=\"210\" src=\"https:\/\/psychotherapie-cagnes-sur-mer.fr\/wp-content\/uploads\/2025\/03\/icon-blue-outlinecross.png\" class=\"attachment-large size-large wp-image-455\" alt=\"\" \/>\t\t\t\t\t\t\t\t\t\t\t\t\t\t\t<\/div>\n\t\t\t\t<div class=\"elementor-element elementor-element-dc6b588 elementor-widget elementor-widget-heading\" data-id=\"dc6b588\" data-element_type=\"widget\" data-e-type=\"widget\" data-widget_type=\"heading.default\">\n\t\t\t\t\t<h3 class=\"elementor-heading-title elementor-size-default\">Attachement anxieux<\/h3>\t\t\t\t<\/div>\n\t\t\t\t<div class=\"elementor-element elementor-element-e07d1cb elementor-widget elementor-widget-heading\" data-id=\"e07d1cb\" data-element_type=\"widget\" data-e-type=\"widget\" data-widget_type=\"heading.default\">\n\t\t\t\t\t<p class=\"elementor-heading-title elementor-size-default\">ou ambivalent ou r\u00e9sistant<\/p>\t\t\t\t<\/div>\n\t\t\t\t<div class=\"elementor-element elementor-element-185b5a2 elementor-widget elementor-widget-text-editor\" data-id=\"185b5a2\" data-element_type=\"widget\" data-e-type=\"widget\" data-widget_type=\"text-editor.default\">\n\t\t\t\t\t\t\t\t\t<p>La<strong>\u00a0figure d\u2019attachement<\/strong>\u00a0offre une r\u00e9ponse incoh\u00e9rente et instable aux demandes de l\u2019enfant. L\u2019enfant est alors perdu et\u00a0<strong>ins\u00e9cure<\/strong>. Il ne pourra pas utiliser sa figure d\u2019attachement comme base de s\u00e9curit\u00e9. Il manifestera un grand stress lors de s\u00e9parations et cherchera un contact permanent avec sa figure d\u2019attachement. Jamais rassur\u00e9 par cette derni\u00e8re, l\u2019enfant vivra perp\u00e9tuellement dans la crainte de perdre son amour.<\/p>\t\t\t\t\t\t\t\t<\/div>\n\t\t\t\t<\/div>\n\t\t<div class=\"elementor-element elementor-element-db60595 e-con-full e-flex e-con e-child\" data-id=\"db60595\" data-element_type=\"container\" data-e-type=\"container\">\n\t\t\t\t<div class=\"elementor-element elementor-element-2c8ae93 elementor-widget elementor-widget-image\" data-id=\"2c8ae93\" data-element_type=\"widget\" data-e-type=\"widget\" data-widget_type=\"image.default\">\n\t\t\t\t\t\t\t\t\t\t\t\t\t\t\t<img loading=\"lazy\" decoding=\"async\" width=\"217\" height=\"219\" src=\"https:\/\/psychotherapie-cagnes-sur-mer.fr\/wp-content\/uploads\/2025\/03\/icon-blue-thunder.png\" class=\"attachment-large size-large wp-image-456\" alt=\"\" srcset=\"https:\/\/psychotherapie-cagnes-sur-mer.fr\/wp-content\/uploads\/2025\/03\/icon-blue-thunder.png 217w, https:\/\/psychotherapie-cagnes-sur-mer.fr\/wp-content\/uploads\/2025\/03\/icon-blue-thunder-150x150.png 150w\" sizes=\"(max-width: 217px) 100vw, 217px\" \/>\t\t\t\t\t\t\t\t\t\t\t\t\t\t\t<\/div>\n\t\t\t\t<div class=\"elementor-element elementor-element-06c861e elementor-widget elementor-widget-heading\" data-id=\"06c861e\" data-element_type=\"widget\" data-e-type=\"widget\" data-widget_type=\"heading.default\">\n\t\t\t\t\t<h3 class=\"elementor-heading-title elementor-size-default\">Attachement d\u00e9sorganis\u00e9<\/h3>\t\t\t\t<\/div>\n\t\t\t\t<div class=\"elementor-element elementor-element-0601245 elementor-widget elementor-widget-text-editor\" data-id=\"0601245\" data-element_type=\"widget\" data-e-type=\"widget\" data-widget_type=\"text-editor.default\">\n\t\t\t\t\t\t\t\t\t<p>La <strong>figure d\u2019attachement<\/strong>\u00a0a une attitude fig\u00e9e, en retrait, n\u00e9gative et parfois violente face \u00e0 l\u2019enfant. En r\u00e9ponse \u00e0 cette attitude, l\u2019enfant va craindre sa figure d\u2019attachement et parfois adopter une attitude similaire \u00e0 cette derni\u00e8re en lui manifestant de la violence. L\u2019enfant est\u00a0<strong>ins\u00e9cure<\/strong>. Ce type d\u2019attachement apparait essentiellement en cas de violence conjugale, de maltraitance, d\u2019abus\u2026<\/p>\t\t\t\t\t\t\t\t<\/div>\n\t\t\t\t<\/div>\n\t\t\t\t<\/div>\n\t\t\t\t\t<\/div>\n\t\t\t\t<\/div>\n\t\t<div class=\"elementor-element elementor-element-503a179 e-flex e-con-boxed e-con e-parent\" data-id=\"503a179\" data-element_type=\"container\" data-e-type=\"container\" data-settings=\"{&quot;background_background&quot;:&quot;gradient&quot;}\">\n\t\t\t\t\t<div class=\"e-con-inner\">\n\t\t<div class=\"elementor-element elementor-element-82989b0 e-con-full e-flex elementor-invisible e-con e-child\" data-id=\"82989b0\" data-element_type=\"container\" data-e-type=\"container\" data-settings=\"{&quot;background_background&quot;:&quot;classic&quot;,&quot;animation&quot;:&quot;slideInLeft&quot;}\">\n\t\t<div class=\"elementor-element elementor-element-b0debac e-con-full e-flex e-con e-child\" data-id=\"b0debac\" data-element_type=\"container\" data-e-type=\"container\" data-settings=\"{&quot;background_background&quot;:&quot;classic&quot;}\">\n\t\t<div class=\"elementor-element elementor-element-9471c94 e-con-full e-flex e-con e-child\" data-id=\"9471c94\" data-element_type=\"container\" data-e-type=\"container\">\n\t\t\t\t<div class=\"elementor-element elementor-element-5b5dc8f elementor-widget__width-auto elementor-widget elementor-widget-heading\" data-id=\"5b5dc8f\" data-element_type=\"widget\" data-e-type=\"widget\" data-widget_type=\"heading.default\">\n\t\t\t\t\t<h2 class=\"elementor-heading-title elementor-size-default\">Comment la psychoth\u00e9rapie peut-elle aider \u00e0 s'attacher en s\u00e9curit\u00e9 ?<\/h2>\t\t\t\t<\/div>\n\t\t<div class=\"elementor-element elementor-element-71828b7 e-con-full e-transform elementor-hidden-mobile e-flex e-con e-child\" data-id=\"71828b7\" data-element_type=\"container\" data-e-type=\"container\" data-settings=\"{&quot;background_background&quot;:&quot;classic&quot;,&quot;position&quot;:&quot;absolute&quot;,&quot;_transform_translateX_effect&quot;:{&quot;unit&quot;:&quot;%&quot;,&quot;size&quot;:-50,&quot;sizes&quot;:[]},&quot;_transform_translateX_effect_tablet&quot;:{&quot;unit&quot;:&quot;%&quot;,&quot;size&quot;:&quot;&quot;,&quot;sizes&quot;:[]},&quot;_transform_translateX_effect_mobile&quot;:{&quot;unit&quot;:&quot;%&quot;,&quot;size&quot;:&quot;&quot;,&quot;sizes&quot;:[]},&quot;_transform_translateY_effect&quot;:{&quot;unit&quot;:&quot;%&quot;,&quot;size&quot;:-25,&quot;sizes&quot;:[]},&quot;_transform_translateY_effect_tablet&quot;:{&quot;unit&quot;:&quot;%&quot;,&quot;size&quot;:&quot;&quot;,&quot;sizes&quot;:[]},&quot;_transform_translateY_effect_mobile&quot;:{&quot;unit&quot;:&quot;%&quot;,&quot;size&quot;:&quot;&quot;,&quot;sizes&quot;:[]}}\">\n\t\t\t\t<\/div>\n\t\t\t\t<\/div>\n\t\t\t\t<\/div>\n\t\t\t\t<div class=\"elementor-element elementor-element-ee2fbf8 elementor-widget elementor-widget-text-editor\" data-id=\"ee2fbf8\" data-element_type=\"widget\" data-e-type=\"widget\" data-widget_type=\"text-editor.default\">\n\t\t\t\t\t\t\t\t\t<p>Le patient va pouvoir identifier le type d&rsquo;<b>attachement<\/b>\u00a0qui est le sien, analyser ses relations premi\u00e8res et conscientiser ses\u00a0<b>sch\u00e9mas relationnels\u00a0<\/b>r\u00e9p\u00e9titifs.<\/p><p>Le dispositif th\u00e9rapeutique permet l&rsquo;installation d&rsquo;un sentiment de s\u00e9curit\u00e9 qui va peu \u00e0 peu s\u2019int\u00e9rioriser .<\/p><p>Le patient va pouvoir construire de nouvelles relations sur de nouvelles bases, plus sereines et secures.<\/p>\t\t\t\t\t\t\t\t<\/div>\n\t\t\t\t<\/div>\n\t\t\t\t\t<\/div>\n\t\t\t\t<\/div>\n\t\t\t\t<\/div>\n\t\t","protected":false},"excerpt":{"rendered":"<p>Troubles de l&rsquo;attachement Comment se manifestent les troubles de l&rsquo;attachement ? Les troubles de l&rsquo;attachement ou\u00a0d\u00e9pendance affective, se manifestent donc par une\u00a0d\u00e9pendance\u00a0\u00e0 l&rsquo;autre plus ou moins grande ou par r\u00e9action, par un \u00e9vitement des relations intimes afin d&rsquo; \u00e9chapper illusoirement \u00e0 cette d\u00e9pendance\u00a0. On rep\u00e8re chez ces personnes, la peur du\u00a0rejet, des sentiments d\u00e9pressifs, un [&hellip;]<\/p>\n","protected":false},"author":1,"featured_media":0,"parent":0,"menu_order":0,"comment_status":"closed","ping_status":"closed","template":"","meta":{"footnotes":""},"categories":[10],"class_list":["post-56","page","type-page","status-publish","hentry","category-difficultes-prises-en-charge"],"yoast_head":"<!-- This site is optimized with the Yoast SEO plugin v28.2 - https:\/\/yoast.com\/product\/yoast-seo-wordpress\/ -->\n<title>Troubles de l&#039;attachement - psychotherapie-cagnes-sur-mer.fr<\/title>\n<meta name=\"robots\" content=\"index, follow, max-snippet:-1, max-image-preview:large, max-video-preview:-1\" \/>\n<link rel=\"canonical\" href=\"https:\/\/psychotherapie-cagnes-sur-mer.fr\/troubles-de-l-attachement\/\" \/>\n<meta property=\"og:locale\" content=\"fr_FR\" \/>\n<meta property=\"og:type\" content=\"article\" \/>\n<meta property=\"og:title\" content=\"Troubles de l&#039;attachement - psychotherapie-cagnes-sur-mer.fr\" \/>\n<meta property=\"og:description\" content=\"Troubles de l&rsquo;attachement Comment se manifestent les troubles de l&rsquo;attachement ? Les troubles de l&rsquo;attachement ou\u00a0d\u00e9pendance affective, se manifestent donc par une\u00a0d\u00e9pendance\u00a0\u00e0 l&rsquo;autre plus ou moins grande ou par r\u00e9action, par un \u00e9vitement des relations intimes afin d&rsquo; \u00e9chapper illusoirement \u00e0 cette d\u00e9pendance\u00a0. On rep\u00e8re chez ces personnes, la peur du\u00a0rejet, des sentiments d\u00e9pressifs, un [&hellip;]\" \/>\n<meta property=\"og:url\" content=\"https:\/\/psychotherapie-cagnes-sur-mer.fr\/troubles-de-l-attachement\/\" \/>\n<meta property=\"og:site_name\" content=\"psychotherapie-cagnes-sur-mer.fr\" \/>\n<meta property=\"article:modified_time\" content=\"2025-03-24T12:49:54+00:00\" \/>\n<meta property=\"og:image\" content=\"https:\/\/psychotherapie-cagnes-sur-mer.fr\/wp-content\/uploads\/2025\/03\/img-page-attachement.jpeg\" \/>\n\t<meta property=\"og:image:width\" content=\"426\" \/>\n\t<meta property=\"og:image:height\" content=\"339\" \/>\n\t<meta property=\"og:image:type\" content=\"image\/jpeg\" \/>\n<meta name=\"twitter:card\" content=\"summary_large_image\" \/>\n<meta name=\"twitter:label1\" content=\"Dur\u00e9e de lecture estim\u00e9e\" \/>\n\t<meta name=\"twitter:data1\" content=\"6 minutes\" \/>\n<script type=\"application\/ld+json\" class=\"yoast-schema-graph\">{\"@context\":\"https:\\\/\\\/schema.org\",\"@graph\":[{\"@type\":\"WebPage\",\"@id\":\"https:\\\/\\\/psychotherapie-cagnes-sur-mer.fr\\\/troubles-de-l-attachement\\\/\",\"url\":\"https:\\\/\\\/psychotherapie-cagnes-sur-mer.fr\\\/troubles-de-l-attachement\\\/\",\"name\":\"Troubles de l'attachement - psychotherapie-cagnes-sur-mer.fr\",\"isPartOf\":{\"@id\":\"https:\\\/\\\/psychotherapie-cagnes-sur-mer.fr\\\/#website\"},\"primaryImageOfPage\":{\"@id\":\"https:\\\/\\\/psychotherapie-cagnes-sur-mer.fr\\\/troubles-de-l-attachement\\\/#primaryimage\"},\"image\":{\"@id\":\"https:\\\/\\\/psychotherapie-cagnes-sur-mer.fr\\\/troubles-de-l-attachement\\\/#primaryimage\"},\"thumbnailUrl\":\"https:\\\/\\\/psychotherapie-cagnes-sur-mer.fr\\\/wp-content\\\/uploads\\\/2025\\\/03\\\/img-page-attachement.jpeg\",\"datePublished\":\"2025-03-19T11:11:31+00:00\",\"dateModified\":\"2025-03-24T12:49:54+00:00\",\"breadcrumb\":{\"@id\":\"https:\\\/\\\/psychotherapie-cagnes-sur-mer.fr\\\/troubles-de-l-attachement\\\/#breadcrumb\"},\"inLanguage\":\"fr-FR\",\"potentialAction\":[{\"@type\":\"ReadAction\",\"target\":[\"https:\\\/\\\/psychotherapie-cagnes-sur-mer.fr\\\/troubles-de-l-attachement\\\/\"]}]},{\"@type\":\"ImageObject\",\"inLanguage\":\"fr-FR\",\"@id\":\"https:\\\/\\\/psychotherapie-cagnes-sur-mer.fr\\\/troubles-de-l-attachement\\\/#primaryimage\",\"url\":\"https:\\\/\\\/psychotherapie-cagnes-sur-mer.fr\\\/wp-content\\\/uploads\\\/2025\\\/03\\\/img-page-attachement.jpeg\",\"contentUrl\":\"https:\\\/\\\/psychotherapie-cagnes-sur-mer.fr\\\/wp-content\\\/uploads\\\/2025\\\/03\\\/img-page-attachement.jpeg\",\"width\":426,\"height\":339},{\"@type\":\"BreadcrumbList\",\"@id\":\"https:\\\/\\\/psychotherapie-cagnes-sur-mer.fr\\\/troubles-de-l-attachement\\\/#breadcrumb\",\"itemListElement\":[{\"@type\":\"ListItem\",\"position\":1,\"name\":\"Home\",\"item\":\"https:\\\/\\\/psychotherapie-cagnes-sur-mer.fr\\\/\"},{\"@type\":\"ListItem\",\"position\":2,\"name\":\"Troubles de l&rsquo;attachement\"}]},{\"@type\":\"WebSite\",\"@id\":\"https:\\\/\\\/psychotherapie-cagnes-sur-mer.fr\\\/#website\",\"url\":\"https:\\\/\\\/psychotherapie-cagnes-sur-mer.fr\\\/\",\"name\":\"psychotherapie-cagnes-sur-mer.fr\",\"description\":\"\",\"publisher\":{\"@id\":\"https:\\\/\\\/psychotherapie-cagnes-sur-mer.fr\\\/#organization\"},\"potentialAction\":[{\"@type\":\"SearchAction\",\"target\":{\"@type\":\"EntryPoint\",\"urlTemplate\":\"https:\\\/\\\/psychotherapie-cagnes-sur-mer.fr\\\/?s={search_term_string}\"},\"query-input\":{\"@type\":\"PropertyValueSpecification\",\"valueRequired\":true,\"valueName\":\"search_term_string\"}}],\"inLanguage\":\"fr-FR\"},{\"@type\":\"Organization\",\"@id\":\"https:\\\/\\\/psychotherapie-cagnes-sur-mer.fr\\\/#organization\",\"name\":\"psychotherapie-cagnes-sur-mer.fr\",\"url\":\"https:\\\/\\\/psychotherapie-cagnes-sur-mer.fr\\\/\",\"logo\":{\"@type\":\"ImageObject\",\"inLanguage\":\"fr-FR\",\"@id\":\"https:\\\/\\\/psychotherapie-cagnes-sur-mer.fr\\\/#\\\/schema\\\/logo\\\/image\\\/\",\"url\":\"https:\\\/\\\/psychotherapie-cagnes-sur-mer.fr\\\/wp-content\\\/uploads\\\/2025\\\/03\\\/cropped-TCA.webp\",\"contentUrl\":\"https:\\\/\\\/psychotherapie-cagnes-sur-mer.fr\\\/wp-content\\\/uploads\\\/2025\\\/03\\\/cropped-TCA.webp\",\"width\":512,\"height\":512,\"caption\":\"psychotherapie-cagnes-sur-mer.fr\"},\"image\":{\"@id\":\"https:\\\/\\\/psychotherapie-cagnes-sur-mer.fr\\\/#\\\/schema\\\/logo\\\/image\\\/\"}}]}<\/script>\n<!-- \/ Yoast SEO plugin. -->","yoast_head_json":{"title":"Troubles de l'attachement - psychotherapie-cagnes-sur-mer.fr","robots":{"index":"index","follow":"follow","max-snippet":"max-snippet:-1","max-image-preview":"max-image-preview:large","max-video-preview":"max-video-preview:-1"},"canonical":"https:\/\/psychotherapie-cagnes-sur-mer.fr\/troubles-de-l-attachement\/","og_locale":"fr_FR","og_type":"article","og_title":"Troubles de l'attachement - psychotherapie-cagnes-sur-mer.fr","og_description":"Troubles de l&rsquo;attachement Comment se manifestent les troubles de l&rsquo;attachement ? Les troubles de l&rsquo;attachement ou\u00a0d\u00e9pendance affective, se manifestent donc par une\u00a0d\u00e9pendance\u00a0\u00e0 l&rsquo;autre plus ou moins grande ou par r\u00e9action, par un \u00e9vitement des relations intimes afin d&rsquo; \u00e9chapper illusoirement \u00e0 cette d\u00e9pendance\u00a0. On rep\u00e8re chez ces personnes, la peur du\u00a0rejet, des sentiments d\u00e9pressifs, un [&hellip;]","og_url":"https:\/\/psychotherapie-cagnes-sur-mer.fr\/troubles-de-l-attachement\/","og_site_name":"psychotherapie-cagnes-sur-mer.fr","article_modified_time":"2025-03-24T12:49:54+00:00","og_image":[{"width":426,"height":339,"url":"https:\/\/psychotherapie-cagnes-sur-mer.fr\/wp-content\/uploads\/2025\/03\/img-page-attachement.jpeg","type":"image\/jpeg"}],"twitter_card":"summary_large_image","twitter_misc":{"Dur\u00e9e de lecture estim\u00e9e":"6 minutes"},"schema":{"@context":"https:\/\/schema.org","@graph":[{"@type":"WebPage","@id":"https:\/\/psychotherapie-cagnes-sur-mer.fr\/troubles-de-l-attachement\/","url":"https:\/\/psychotherapie-cagnes-sur-mer.fr\/troubles-de-l-attachement\/","name":"Troubles de l'attachement - psychotherapie-cagnes-sur-mer.fr","isPartOf":{"@id":"https:\/\/psychotherapie-cagnes-sur-mer.fr\/#website"},"primaryImageOfPage":{"@id":"https:\/\/psychotherapie-cagnes-sur-mer.fr\/troubles-de-l-attachement\/#primaryimage"},"image":{"@id":"https:\/\/psychotherapie-cagnes-sur-mer.fr\/troubles-de-l-attachement\/#primaryimage"},"thumbnailUrl":"https:\/\/psychotherapie-cagnes-sur-mer.fr\/wp-content\/uploads\/2025\/03\/img-page-attachement.jpeg","datePublished":"2025-03-19T11:11:31+00:00","dateModified":"2025-03-24T12:49:54+00:00","breadcrumb":{"@id":"https:\/\/psychotherapie-cagnes-sur-mer.fr\/troubles-de-l-attachement\/#breadcrumb"},"inLanguage":"fr-FR","potentialAction":[{"@type":"ReadAction","target":["https:\/\/psychotherapie-cagnes-sur-mer.fr\/troubles-de-l-attachement\/"]}]},{"@type":"ImageObject","inLanguage":"fr-FR","@id":"https:\/\/psychotherapie-cagnes-sur-mer.fr\/troubles-de-l-attachement\/#primaryimage","url":"https:\/\/psychotherapie-cagnes-sur-mer.fr\/wp-content\/uploads\/2025\/03\/img-page-attachement.jpeg","contentUrl":"https:\/\/psychotherapie-cagnes-sur-mer.fr\/wp-content\/uploads\/2025\/03\/img-page-attachement.jpeg","width":426,"height":339},{"@type":"BreadcrumbList","@id":"https:\/\/psychotherapie-cagnes-sur-mer.fr\/troubles-de-l-attachement\/#breadcrumb","itemListElement":[{"@type":"ListItem","position":1,"name":"Home","item":"https:\/\/psychotherapie-cagnes-sur-mer.fr\/"},{"@type":"ListItem","position":2,"name":"Troubles de l&rsquo;attachement"}]},{"@type":"WebSite","@id":"https:\/\/psychotherapie-cagnes-sur-mer.fr\/#website","url":"https:\/\/psychotherapie-cagnes-sur-mer.fr\/","name":"psychotherapie-cagnes-sur-mer.fr","description":"","publisher":{"@id":"https:\/\/psychotherapie-cagnes-sur-mer.fr\/#organization"},"potentialAction":[{"@type":"SearchAction","target":{"@type":"EntryPoint","urlTemplate":"https:\/\/psychotherapie-cagnes-sur-mer.fr\/?s={search_term_string}"},"query-input":{"@type":"PropertyValueSpecification","valueRequired":true,"valueName":"search_term_string"}}],"inLanguage":"fr-FR"},{"@type":"Organization","@id":"https:\/\/psychotherapie-cagnes-sur-mer.fr\/#organization","name":"psychotherapie-cagnes-sur-mer.fr","url":"https:\/\/psychotherapie-cagnes-sur-mer.fr\/","logo":{"@type":"ImageObject","inLanguage":"fr-FR","@id":"https:\/\/psychotherapie-cagnes-sur-mer.fr\/#\/schema\/logo\/image\/","url":"https:\/\/psychotherapie-cagnes-sur-mer.fr\/wp-content\/uploads\/2025\/03\/cropped-TCA.webp","contentUrl":"https:\/\/psychotherapie-cagnes-sur-mer.fr\/wp-content\/uploads\/2025\/03\/cropped-TCA.webp","width":512,"height":512,"caption":"psychotherapie-cagnes-sur-mer.fr"},"image":{"@id":"https:\/\/psychotherapie-cagnes-sur-mer.fr\/#\/schema\/logo\/image\/"}}]}},"_links":{"self":[{"href":"https:\/\/psychotherapie-cagnes-sur-mer.fr\/wp-json\/wp\/v2\/pages\/56","targetHints":{"allow":["GET"]}}],"collection":[{"href":"https:\/\/psychotherapie-cagnes-sur-mer.fr\/wp-json\/wp\/v2\/pages"}],"about":[{"href":"https:\/\/psychotherapie-cagnes-sur-mer.fr\/wp-json\/wp\/v2\/types\/page"}],"author":[{"embeddable":true,"href":"https:\/\/psychotherapie-cagnes-sur-mer.fr\/wp-json\/wp\/v2\/users\/1"}],"replies":[{"embeddable":true,"href":"https:\/\/psychotherapie-cagnes-sur-mer.fr\/wp-json\/wp\/v2\/comments?post=56"}],"version-history":[{"count":34,"href":"https:\/\/psychotherapie-cagnes-sur-mer.fr\/wp-json\/wp\/v2\/pages\/56\/revisions"}],"predecessor-version":[{"id":1012,"href":"https:\/\/psychotherapie-cagnes-sur-mer.fr\/wp-json\/wp\/v2\/pages\/56\/revisions\/1012"}],"wp:attachment":[{"href":"https:\/\/psychotherapie-cagnes-sur-mer.fr\/wp-json\/wp\/v2\/media?parent=56"}],"wp:term":[{"taxonomy":"category","embeddable":true,"href":"https:\/\/psychotherapie-cagnes-sur-mer.fr\/wp-json\/wp\/v2\/categories?post=56"}],"curies":[{"name":"wp","href":"https:\/\/api.w.org\/{rel}","templated":true}]}}