{"id":119,"date":"2025-03-19T12:41:15","date_gmt":"2025-03-19T12:41:15","guid":{"rendered":"https:\/\/psychotherapie-cagnes-sur-mer.fr\/?page_id=119"},"modified":"2025-03-21T19:24:51","modified_gmt":"2025-03-21T19:24:51","slug":"mentions-legales","status":"publish","type":"page","link":"https:\/\/psychotherapie-cagnes-sur-mer.fr\/mentions-legales\/","title":{"rendered":"Mentions l\u00e9gales"},"content":{"rendered":"\t\t<div data-elementor-type=\"wp-page\" data-elementor-id=\"119\" class=\"elementor elementor-119\" data-elementor-post-type=\"page\">\n\t\t\t\t<div class=\"elementor-element elementor-element-2fedc8e e-con-full e-flex e-con e-parent\" data-id=\"2fedc8e\" data-element_type=\"container\" data-e-type=\"container\" data-settings=\"{&quot;background_background&quot;:&quot;classic&quot;}\">\n\t\t\t\t<div class=\"elementor-element elementor-element-3d9f11f elementor-widget elementor-widget-heading\" data-id=\"3d9f11f\" data-element_type=\"widget\" data-e-type=\"widget\" data-widget_type=\"heading.default\">\n\t\t\t\t\t<h1 class=\"elementor-heading-title elementor-size-default\">Mentions l\u00e9gales<\/h1>\t\t\t\t<\/div>\n\t\t\t\t<div class=\"elementor-element elementor-element-529cdda elementor-widget elementor-widget-text-editor\" data-id=\"529cdda\" data-element_type=\"widget\" data-e-type=\"widget\" data-widget_type=\"text-editor.default\">\n\t\t\t\t\t\t\t\t\t<p>Conform\u00e9ment aux dispositions des articles 6-III et 19 de la Loi n\u00b0 2004-575 du 21 juin 2004 pour la Confiance dans l&rsquo;\u00e9conomie num\u00e9rique, dite L.C.E.N., nous portons \u00e0 la connaissance des utilisateurs et visiteurs du site www.psychotherapie-eskenazi-veronique.fr les informations suivantes :<\/p>\t\t\t\t\t\t\t\t<\/div>\n\t\t\t\t<div class=\"elementor-element elementor-element-53d5668 elementor-widget elementor-widget-heading\" data-id=\"53d5668\" data-element_type=\"widget\" data-e-type=\"widget\" data-widget_type=\"heading.default\">\n\t\t\t\t\t<h2 class=\"elementor-heading-title elementor-size-default\">1. Informations l\u00e9gales<\/h2>\t\t\t\t<\/div>\n\t\t<div class=\"elementor-element elementor-element-40126cf e-con-full e-flex e-con e-child\" data-id=\"40126cf\" data-element_type=\"container\" data-e-type=\"container\">\n\t\t\t\t<div class=\"elementor-element elementor-element-3f09028 elementor-widget elementor-widget-heading\" data-id=\"3f09028\" data-element_type=\"widget\" data-e-type=\"widget\" data-widget_type=\"heading.default\">\n\t\t\t\t\t<h3 class=\"elementor-heading-title elementor-size-default\">1.1 \u00c9diteur du site<\/h3>\t\t\t\t<\/div>\n\t\t\t\t<div class=\"elementor-element elementor-element-9acb2ca elementor-icon-list--layout-traditional elementor-list-item-link-full_width elementor-widget elementor-widget-icon-list\" data-id=\"9acb2ca\" data-element_type=\"widget\" data-e-type=\"widget\" data-widget_type=\"icon-list.default\">\n\t\t\t\t\t\t\t<ul class=\"elementor-icon-list-items\">\n\t\t\t\t\t\t\t<li class=\"elementor-icon-list-item\">\n\t\t\t\t\t\t\t\t\t\t<span class=\"elementor-icon-list-text\"><span class=\"fw-bold\">Nom<\/span> : Veronique Eskenazi<\/span>\n\t\t\t\t\t\t\t\t\t<\/li>\n\t\t\t\t\t\t\t\t<li class=\"elementor-icon-list-item\">\n\t\t\t\t\t\t\t\t\t\t<span class=\"elementor-icon-list-text\"><span class=\"fw-bold\">Adresse<\/span> : 53 bd marechal juin<\/span>\n\t\t\t\t\t\t\t\t\t<\/li>\n\t\t\t\t\t\t\t\t<li class=\"elementor-icon-list-item\">\n\t\t\t\t\t\t\t\t\t\t<span class=\"elementor-icon-list-text\"><span class=\"fw-bold\">Code postal<\/span> : 06800<\/span>\n\t\t\t\t\t\t\t\t\t<\/li>\n\t\t\t\t\t\t\t\t<li class=\"elementor-icon-list-item\">\n\t\t\t\t\t\t\t\t\t\t<span class=\"elementor-icon-list-text\"><span class=\"fw-bold\">Ville<\/span> : CAGNES-SUR-MER<\/span>\n\t\t\t\t\t\t\t\t\t<\/li>\n\t\t\t\t\t\t\t\t<li class=\"elementor-icon-list-item\">\n\t\t\t\t\t\t\t\t\t\t<span class=\"elementor-icon-list-text\"><span class=\"fw-bold\">T\u00e9l<\/span> : 0649957286<\/span>\n\t\t\t\t\t\t\t\t\t<\/li>\n\t\t\t\t\t\t<\/ul>\n\t\t\t\t\t\t<\/div>\n\t\t\t\t<\/div>\n\t\t<div class=\"elementor-element elementor-element-9123157 e-con-full e-flex e-con e-child\" data-id=\"9123157\" data-element_type=\"container\" data-e-type=\"container\">\n\t\t\t\t<div class=\"elementor-element elementor-element-0fdee0c elementor-widget elementor-widget-heading\" data-id=\"0fdee0c\" data-element_type=\"widget\" data-e-type=\"widget\" data-widget_type=\"heading.default\">\n\t\t\t\t\t<h3 class=\"elementor-heading-title elementor-size-default\">1.2 Activit\u00e9<\/h3>\t\t\t\t<\/div>\n\t\t\t\t<div class=\"elementor-element elementor-element-2efc5b6 elementor-icon-list--layout-traditional elementor-list-item-link-full_width elementor-widget elementor-widget-icon-list\" data-id=\"2efc5b6\" data-element_type=\"widget\" data-e-type=\"widget\" data-widget_type=\"icon-list.default\">\n\t\t\t\t\t\t\t<ul class=\"elementor-icon-list-items\">\n\t\t\t\t\t\t\t<li class=\"elementor-icon-list-item\">\n\t\t\t\t\t\t\t\t\t\t<span class=\"elementor-icon-list-text\"><span class=\"fw-bold\">Num\u00e9ro d'inscription au registre du commerce et des soci\u00e9t\u00e9s<\/span> : 534488408<\/span>\n\t\t\t\t\t\t\t\t\t<\/li>\n\t\t\t\t\t\t\t\t<li class=\"elementor-icon-list-item\">\n\t\t\t\t\t\t\t\t\t\t<span class=\"elementor-icon-list-text\"><span class=\"fw-bold\">N\u00b0 TVA intracommunautaire<\/span> : Non renseign\u00e9<\/span>\n\t\t\t\t\t\t\t\t\t<\/li>\n\t\t\t\t\t\t<\/ul>\n\t\t\t\t\t\t<\/div>\n\t\t\t\t<\/div>\n\t\t<div class=\"elementor-element elementor-element-a8f19d6 e-con-full e-flex e-con e-child\" data-id=\"a8f19d6\" data-element_type=\"container\" data-e-type=\"container\">\n\t\t\t\t<div class=\"elementor-element elementor-element-9e25180 elementor-widget elementor-widget-heading\" data-id=\"9e25180\" data-element_type=\"widget\" data-e-type=\"widget\" data-widget_type=\"heading.default\">\n\t\t\t\t\t<h3 class=\"elementor-heading-title elementor-size-default\">1.3 Site internet<\/h3>\t\t\t\t<\/div>\n\t\t\t\t<div class=\"elementor-element elementor-element-0aeaf67 elementor-icon-list--layout-traditional elementor-list-item-link-full_width elementor-widget elementor-widget-icon-list\" data-id=\"0aeaf67\" data-element_type=\"widget\" data-e-type=\"widget\" data-widget_type=\"icon-list.default\">\n\t\t\t\t\t\t\t<ul class=\"elementor-icon-list-items\">\n\t\t\t\t\t\t\t<li class=\"elementor-icon-list-item\">\n\t\t\t\t\t\t\t\t\t\t<span class=\"elementor-icon-list-text\"><span class=\"fw-bold\">Le site internet est h\u00e9berg\u00e9 sur le domaine<\/span> : www.psychotherapie-eskenazi-veronique.fr<\/span>\n\t\t\t\t\t\t\t\t\t<\/li>\n\t\t\t\t\t\t<\/ul>\n\t\t\t\t\t\t<\/div>\n\t\t\t\t<\/div>\n\t\t<div class=\"elementor-element elementor-element-294546d e-con-full e-flex e-con e-child\" data-id=\"294546d\" data-element_type=\"container\" data-e-type=\"container\">\n\t\t\t\t<div class=\"elementor-element elementor-element-1d2bc2f elementor-widget elementor-widget-heading\" data-id=\"1d2bc2f\" data-element_type=\"widget\" data-e-type=\"widget\" data-widget_type=\"heading.default\">\n\t\t\t\t\t<h3 class=\"elementor-heading-title elementor-size-default\">1.4 Responsable de la publication<\/h3>\t\t\t\t<\/div>\n\t\t\t\t<div class=\"elementor-element elementor-element-457b84e elementor-icon-list--layout-traditional elementor-list-item-link-full_width elementor-widget elementor-widget-icon-list\" data-id=\"457b84e\" data-element_type=\"widget\" data-e-type=\"widget\" data-widget_type=\"icon-list.default\">\n\t\t\t\t\t\t\t<ul class=\"elementor-icon-list-items\">\n\t\t\t\t\t\t\t<li class=\"elementor-icon-list-item\">\n\t\t\t\t\t\t\t\t\t\t<span class=\"elementor-icon-list-text\"><span class=\"fw-bold\">Responsable de la publication<\/span> : Veronique ESKENAZI<\/span>\n\t\t\t\t\t\t\t\t\t<\/li>\n\t\t\t\t\t\t\t\t<li class=\"elementor-icon-list-item\">\n\t\t\t\t\t\t\t\t\t\t<span class=\"elementor-icon-list-text\"><span class=\"fw-bold\">Email<\/span> : veronikeskenazi@free.fr<\/span>\n\t\t\t\t\t\t\t\t\t<\/li>\n\t\t\t\t\t\t\t\t<li class=\"elementor-icon-list-item\">\n\t\t\t\t\t\t\t\t\t\t<span class=\"elementor-icon-list-text\"><span class=\"fw-bold\">T\u00e9l.<\/span> : 0649957286<\/span>\n\t\t\t\t\t\t\t\t\t<\/li>\n\t\t\t\t\t\t\t\t<li class=\"elementor-icon-list-item\">\n\t\t\t\t\t\t\t\t\t\t<span class=\"elementor-icon-list-text\"><span class=\"fw-bold\">Nom<\/span> : Veronique Eskenazi<\/span>\n\t\t\t\t\t\t\t\t\t<\/li>\n\t\t\t\t\t\t\t\t<li class=\"elementor-icon-list-item\">\n\t\t\t\t\t\t\t\t\t\t<span class=\"elementor-icon-list-text\"><span class=\"fw-bold\">Ville du tribunal de comp\u00e9tence en cas de litige<\/span> : 06800 CAGNES SUR MER<\/span>\n\t\t\t\t\t\t\t\t\t<\/li>\n\t\t\t\t\t\t<\/ul>\n\t\t\t\t\t\t<\/div>\n\t\t\t\t<\/div>\n\t\t<div class=\"elementor-element elementor-element-b4b540c e-con-full e-flex e-con e-child\" data-id=\"b4b540c\" data-element_type=\"container\" data-e-type=\"container\">\n\t\t\t\t<div class=\"elementor-element elementor-element-2c26641 elementor-widget elementor-widget-heading\" data-id=\"2c26641\" data-element_type=\"widget\" data-e-type=\"widget\" data-widget_type=\"heading.default\">\n\t\t\t\t\t<h3 class=\"elementor-heading-title elementor-size-default\">1.5 Agence \/ Webmaster<\/h3>\t\t\t\t<\/div>\n\t\t\t\t<div class=\"elementor-element elementor-element-9a65580 elementor-icon-list--layout-traditional elementor-list-item-link-full_width elementor-widget elementor-widget-icon-list\" data-id=\"9a65580\" data-element_type=\"widget\" data-e-type=\"widget\" data-widget_type=\"icon-list.default\">\n\t\t\t\t\t\t\t<ul class=\"elementor-icon-list-items\">\n\t\t\t\t\t\t\t<li class=\"elementor-icon-list-item\">\n\t\t\t\t\t\t\t\t\t\t\t<a href=\"https:\/\/besnarddesign.com\/\" target=\"_blank\" rel=\"noopener\">\n\n\t\t\t\t\t\t\t\t\t\t\t<span class=\"elementor-icon-list-text\"><span class=\"fw-bold\">Entreprise<\/span> : Besnard Design<\/span>\n\t\t\t\t\t\t\t\t\t\t\t<\/a>\n\t\t\t\t\t\t\t\t\t<\/li>\n\t\t\t\t\t\t\t\t<li class=\"elementor-icon-list-item\">\n\t\t\t\t\t\t\t\t\t\t<span class=\"elementor-icon-list-text\"><span class=\"fw-bold\">Adresse<\/span> : 2 chemin clairefontaine<\/span>\n\t\t\t\t\t\t\t\t\t<\/li>\n\t\t\t\t\t\t\t\t<li class=\"elementor-icon-list-item\">\n\t\t\t\t\t\t\t\t\t\t<span class=\"elementor-icon-list-text\"><span class=\"fw-bold\">Code postal<\/span> : 06140<\/span>\n\t\t\t\t\t\t\t\t\t<\/li>\n\t\t\t\t\t\t\t\t<li class=\"elementor-icon-list-item\">\n\t\t\t\t\t\t\t\t\t\t<span class=\"elementor-icon-list-text\"><span class=\"fw-bold\">Ville<\/span> : Vence<\/span>\n\t\t\t\t\t\t\t\t\t<\/li>\n\t\t\t\t\t\t\t\t<li class=\"elementor-icon-list-item\">\n\t\t\t\t\t\t\t\t\t\t<span class=\"elementor-icon-list-text\"><span class=\"fw-bold\">Pays<\/span> : France<\/span>\n\t\t\t\t\t\t\t\t\t<\/li>\n\t\t\t\t\t\t\t\t<li class=\"elementor-icon-list-item\">\n\t\t\t\t\t\t\t\t\t\t<span class=\"elementor-icon-list-text\"><span class=\"fw-bold\">Email<\/span> : contact@besnarddesign.com<\/span>\n\t\t\t\t\t\t\t\t\t<\/li>\n\t\t\t\t\t\t\t\t<li class=\"elementor-icon-list-item\">\n\t\t\t\t\t\t\t\t\t\t<span class=\"elementor-icon-list-text\"><span class=\"fw-bold\">T\u00e9l.<\/span> : 0698172788<\/span>\n\t\t\t\t\t\t\t\t\t<\/li>\n\t\t\t\t\t\t<\/ul>\n\t\t\t\t\t\t<\/div>\n\t\t\t\t<\/div>\n\t\t<div class=\"elementor-element elementor-element-3a71196 e-con-full e-flex e-con e-child\" data-id=\"3a71196\" data-element_type=\"container\" data-e-type=\"container\">\n\t\t\t\t<div class=\"elementor-element elementor-element-18a7de6 elementor-widget elementor-widget-heading\" data-id=\"18a7de6\" data-element_type=\"widget\" data-e-type=\"widget\" data-widget_type=\"heading.default\">\n\t\t\t\t\t<h3 class=\"elementor-heading-title elementor-size-default\">1.6 H\u00e9bergement<\/h3>\t\t\t\t<\/div>\n\t\t\t\t<div class=\"elementor-element elementor-element-dba561f elementor-icon-list--layout-traditional elementor-list-item-link-full_width elementor-widget elementor-widget-icon-list\" data-id=\"dba561f\" data-element_type=\"widget\" data-e-type=\"widget\" data-widget_type=\"icon-list.default\">\n\t\t\t\t\t\t\t<ul class=\"elementor-icon-list-items\">\n\t\t\t\t\t\t\t<li class=\"elementor-icon-list-item\">\n\t\t\t\t\t\t\t\t\t\t<span class=\"elementor-icon-list-text\"><span class=\"fw-bold\">Entreprise<\/span> : Hostinger<\/span>\n\t\t\t\t\t\t\t\t\t<\/li>\n\t\t\t\t\t\t\t\t<li class=\"elementor-icon-list-item\">\n\t\t\t\t\t\t\t\t\t\t<span class=\"elementor-icon-list-text\"><span class=\"fw-bold\">Adresse<\/span> : Jonavos g. 60C<\/span>\n\t\t\t\t\t\t\t\t\t<\/li>\n\t\t\t\t\t\t\t\t<li class=\"elementor-icon-list-item\">\n\t\t\t\t\t\t\t\t\t\t<span class=\"elementor-icon-list-text\"><span class=\"fw-bold\">Code postal<\/span> : 44192<\/span>\n\t\t\t\t\t\t\t\t\t<\/li>\n\t\t\t\t\t\t\t\t<li class=\"elementor-icon-list-item\">\n\t\t\t\t\t\t\t\t\t\t<span class=\"elementor-icon-list-text\"><span class=\"fw-bold\">Ville<\/span> :  Kaunas<\/span>\n\t\t\t\t\t\t\t\t\t<\/li>\n\t\t\t\t\t\t\t\t<li class=\"elementor-icon-list-item\">\n\t\t\t\t\t\t\t\t\t\t<span class=\"elementor-icon-list-text\"><span class=\"fw-bold\">Pays<\/span> : Lituanie<\/span>\n\t\t\t\t\t\t\t\t\t<\/li>\n\t\t\t\t\t\t<\/ul>\n\t\t\t\t\t\t<\/div>\n\t\t\t\t<\/div>\n\t\t\t\t<div class=\"elementor-element elementor-element-5e24eb4 elementor-widget elementor-widget-heading\" data-id=\"5e24eb4\" data-element_type=\"widget\" data-e-type=\"widget\" data-widget_type=\"heading.default\">\n\t\t\t\t\t<h2 class=\"elementor-heading-title elementor-size-default\">2. Pr\u00e9sentation et principe<\/h2>\t\t\t\t<\/div>\n\t\t\t\t<div class=\"elementor-element elementor-element-22420ca elementor-widget elementor-widget-text-editor\" data-id=\"22420ca\" data-element_type=\"widget\" data-e-type=\"widget\" data-widget_type=\"text-editor.default\">\n\t\t\t\t\t\t\t\t\t<p>Est d\u00e9sign\u00e9 ci-apr\u00e8s : Utilisateur, tout internaute se connectant et utilisant le site susnomm\u00e9 : www.psychotherapie-eskenazi-veronique.fr.<\/p><p>Veronique Eskenazi s\u2019efforce de fournir sur le site www.psychotherapie-eskenazi-veronique.fr les informations les plus pr\u00e9cises et \u00e0 jour possibles (sous r\u00e9serve de modifications apport\u00e9es depuis leur mise en ligne), mais ne saurait garantir l&rsquo;exactitude, la compl\u00e9tude et l&rsquo;actualit\u00e9 des informations diffus\u00e9es sur son site, qu\u2019elles soient de son fait ou du fait des tiers partenaires qui lui fournissent ces informations. En cons\u00e9quence, l&rsquo;internaute devra donc s&rsquo;assurer de l&rsquo;exactitude des informations et signaler toutes modifications du site qu&rsquo;il jugerait utile. Veronique Eskenazi n&rsquo;est en aucun cas responsable de l&rsquo;utilisation faite de ces informations, et de tout pr\u00e9judice direct ou indirect pouvant en d\u00e9couler.DD<\/p>\t\t\t\t\t\t\t\t<\/div>\n\t\t\t\t<div class=\"elementor-element elementor-element-872b65c elementor-widget elementor-widget-heading\" data-id=\"872b65c\" data-element_type=\"widget\" data-e-type=\"widget\" data-widget_type=\"heading.default\">\n\t\t\t\t\t<h2 class=\"elementor-heading-title elementor-size-default\">3. Accessibilit\u00e9<\/h2>\t\t\t\t<\/div>\n\t\t\t\t<div class=\"elementor-element elementor-element-ec36c84 elementor-widget elementor-widget-text-editor\" data-id=\"ec36c84\" data-element_type=\"widget\" data-e-type=\"widget\" data-widget_type=\"text-editor.default\">\n\t\t\t\t\t\t\t\t\t<p>Le site www.psychotherapie-eskenazi-veronique.fr est par principe accessible aux utilisateurs 24\/24h, 7\/7j, sauf interruption, programm\u00e9e ou non, pour les besoins de sa maintenance ou en cas de force majeure. En cas d\u2019impossibilit\u00e9 d\u2019acc\u00e8s au service, Veronique Eskenazi s\u2019engage \u00e0 faire son maximum afin de r\u00e9tablir l\u2019acc\u00e8s au service. N\u2019\u00e9tant soumis qu\u2019\u00e0 une obligation de moyen, Veronique Eskenazi ne saurait \u00eatre tenu pour responsable de tout dommage, quelle qu\u2019en soit la nature, r\u00e9sultant d\u2019une indisponibilit\u00e9 du service.<\/p>\t\t\t\t\t\t\t\t<\/div>\n\t\t\t\t<div class=\"elementor-element elementor-element-1067bbb elementor-widget elementor-widget-heading\" data-id=\"1067bbb\" data-element_type=\"widget\" data-e-type=\"widget\" data-widget_type=\"heading.default\">\n\t\t\t\t\t<h2 class=\"elementor-heading-title elementor-size-default\">4. Propri\u00e9t\u00e9 intellectuelle<\/h2>\t\t\t\t<\/div>\n\t\t\t\t<div class=\"elementor-element elementor-element-fd38353 elementor-widget elementor-widget-text-editor\" data-id=\"fd38353\" data-element_type=\"widget\" data-e-type=\"widget\" data-widget_type=\"text-editor.default\">\n\t\t\t\t\t\t\t\t\t<p>Veronique Eskenazi est propri\u00e9taire exclusif de tous les droits de propri\u00e9t\u00e9 intellectuelle ou d\u00e9tient les droits d\u2019usage sur tous les \u00e9l\u00e9ments accessibles sur le site, tant sur la structure que sur les textes, images, graphismes, logo, ic\u00f4nes, sons, logiciels\u2026<\/p><p>Toute reproduction totale ou partielle du site www.psychotherapie-eskenazi-veronique.fr, repr\u00e9sentation, modification, publication, adaptation totale ou partielle de l&rsquo;un quelconque de ces \u00e9l\u00e9ments est interdite, sauf autorisation \u00e9crite pr\u00e9alable de Veronique Eskenazi. \u00c0 d\u00e9faut, elle sera consid\u00e9r\u00e9e comme constitutive d\u2019une contrefa\u00e7on et passible de poursuite conform\u00e9ment aux dispositions des articles L.335-2 et suivants du Code de Propri\u00e9t\u00e9 Intellectuelle.<\/p>\t\t\t\t\t\t\t\t<\/div>\n\t\t\t\t<div class=\"elementor-element elementor-element-bcdf62a elementor-widget elementor-widget-heading\" data-id=\"bcdf62a\" data-element_type=\"widget\" data-e-type=\"widget\" data-widget_type=\"heading.default\">\n\t\t\t\t\t<h2 class=\"elementor-heading-title elementor-size-default\">5. Liens hypertextes et cookies\n<\/h2>\t\t\t\t<\/div>\n\t\t<div class=\"elementor-element elementor-element-486c3df e-con-full e-flex e-con e-child\" data-id=\"486c3df\" data-element_type=\"container\" data-e-type=\"container\">\n\t\t\t\t<div class=\"elementor-element elementor-element-37727f2 elementor-widget elementor-widget-heading\" data-id=\"37727f2\" data-element_type=\"widget\" data-e-type=\"widget\" data-widget_type=\"heading.default\">\n\t\t\t\t\t<h3 class=\"elementor-heading-title elementor-size-default\">5.1. Liens hypertexte<\/h3>\t\t\t\t<\/div>\n\t\t\t\t<div class=\"elementor-element elementor-element-07db0ad elementor-widget elementor-widget-text-editor\" data-id=\"07db0ad\" data-element_type=\"widget\" data-e-type=\"widget\" data-widget_type=\"text-editor.default\">\n\t\t\t\t\t\t\t\t\t<p>Le site www.psychotherapie-eskenazi-veronique.fr peut contenir un certain nombre de liens hypertextes vers d\u2019autres sites. Veronique Eskenazi ne dispose d&rsquo;aucun moyen pour contr\u00f4ler les sites en connexion avec son site internet et ne r\u00e9pond pas de la disponibilit\u00e9 de tels sites et sources externes, ni ne la garantit. Veronique Eskenazi ne peut \u00eatre tenue pour responsable de tout dommage, de quelque nature que ce soit, r\u00e9sultant du contenu de ces sites ou sources externes, et notamment des informations, produits ou services qu\u2019ils proposent.<\/p><p>Si vous naviguez vers un de ces sites, veuillez noter qu\u2019ils poss\u00e8dent leur propre politique de confidentialit\u00e9 et que notre responsabilit\u00e9 s\u2019arr\u00eate au moment o\u00f9 vous quittez notre site.<\/p><p>Les propri\u00e9taires de sites internet tiers ne peuvent mettre en place un hyperlien en direction de ce site sans l&rsquo;autorisation expresse et pr\u00e9alable de Veronique Eskenazi qui se r\u00e9serve le droit d\u2019accepter ou de refuser un hyperlien sans avoir \u00e0 en justifier sa d\u00e9cision.<\/p>\t\t\t\t\t\t\t\t<\/div>\n\t\t\t\t<\/div>\n\t\t<div class=\"elementor-element elementor-element-031a378 e-con-full e-flex e-con e-child\" data-id=\"031a378\" data-element_type=\"container\" data-e-type=\"container\">\n\t\t\t\t<div class=\"elementor-element elementor-element-429fd38 elementor-widget elementor-widget-heading\" data-id=\"429fd38\" data-element_type=\"widget\" data-e-type=\"widget\" data-widget_type=\"heading.default\">\n\t\t\t\t\t<h3 class=\"elementor-heading-title elementor-size-default\">5.2. Cookies<\/h3>\t\t\t\t<\/div>\n\t\t\t\t<div class=\"elementor-element elementor-element-9ba88bb elementor-widget elementor-widget-text-editor\" data-id=\"9ba88bb\" data-element_type=\"widget\" data-e-type=\"widget\" data-widget_type=\"text-editor.default\">\n\t\t\t\t\t\t\t\t\t<p>L\u2019utilisateur est inform\u00e9 que lors de ses visites sur le site www.psychotherapie-eskenazi-veronique.fr, un ou des cookies sont susceptibles de s\u2019installer automatiquement sur son ordinateur par l&rsquo;interm\u00e9diaire de son logiciel de navigation. Un cookie est un bloc de donn\u00e9es qui ne permet pas d&rsquo;identifier l&rsquo;utilisateur, mais qui enregistre des informations relatives \u00e0 la navigation de celui-ci sur le site. Il contient plusieurs donn\u00e9es qui sont stock\u00e9es sur votre ordinateur dans un simple fichier texte auquel un serveur acc\u00e8de pour lire et enregistrer des informations.<\/p><p>Le param\u00e9trage du logiciel de navigation permet d\u2019informer de la pr\u00e9sence de cookie et \u00e9ventuellement, de la refuser de la mani\u00e8re d\u00e9crite \u00e0 l\u2019adresse suivante :\u00a0<a>www.cnil.fr<\/a>.<\/p>\t\t\t\t\t\t\t\t<\/div>\n\t\t\t\t<\/div>\n\t\t<div class=\"elementor-element elementor-element-5216c16 e-con-full e-flex e-con e-child\" data-id=\"5216c16\" data-element_type=\"container\" data-e-type=\"container\">\n\t\t\t\t<div class=\"elementor-element elementor-element-0a57be4 elementor-widget elementor-widget-heading\" data-id=\"0a57be4\" data-element_type=\"widget\" data-e-type=\"widget\" data-widget_type=\"heading.default\">\n\t\t\t\t\t<h3 class=\"elementor-heading-title elementor-size-default\">5.3. Les cookies tiers<\/h3>\t\t\t\t<\/div>\n\t\t\t\t<div class=\"elementor-element elementor-element-97ef359 elementor-widget elementor-widget-text-editor\" data-id=\"97ef359\" data-element_type=\"widget\" data-e-type=\"widget\" data-widget_type=\"text-editor.default\">\n\t\t\t\t\t\t\t\t\t<p>Notre site peut contenir des liens vers ou depuis des sites partenaires et d\u2019autres sites tiers. Si vous naviguez vers un de ces sites, veuillez noter qu\u2019ils poss\u00e8dent leur propre politique de confidentialit\u00e9 et que notre responsabilit\u00e9 s\u2019arr\u00eate au moment o\u00f9 vous quittez notre site. V\u00e9rifiez les politiques de confidentialit\u00e9 avant de transmettre vos donn\u00e9es personnelles \u00e0 des sites tiers.<\/p>\t\t\t\t\t\t\t\t<\/div>\n\t\t\t\t<\/div>\n\t\t\t\t<div class=\"elementor-element elementor-element-4daf30e elementor-widget elementor-widget-heading\" data-id=\"4daf30e\" data-element_type=\"widget\" data-e-type=\"widget\" data-widget_type=\"heading.default\">\n\t\t\t\t\t<h2 class=\"elementor-heading-title elementor-size-default\">6. Protection des biens et des personnes - gestion des donn\u00e9es personnelles<\/h2>\t\t\t\t<\/div>\n\t\t\t\t<div class=\"elementor-element elementor-element-cc4deb8 elementor-widget elementor-widget-text-editor\" data-id=\"cc4deb8\" data-element_type=\"widget\" data-e-type=\"widget\" data-widget_type=\"text-editor.default\">\n\t\t\t\t\t\t\t\t\t<p>Le Client est inform\u00e9 des r\u00e9glementations concernant la communication marketing, la loi du 21 Juin 2014 pour la confiance dans l\u2019Economie Num\u00e9rique, la Loi Informatique et Libert\u00e9 du 06 Ao\u00fbt 2004 ainsi que du R\u00e8glement G\u00e9n\u00e9ral sur la Protection des Donn\u00e9es (RGPD : n\u00b0 2016-679).<\/p>\t\t\t\t\t\t\t\t<\/div>\n\t\t<div class=\"elementor-element elementor-element-44bea57 e-con-full e-flex e-con e-child\" data-id=\"44bea57\" data-element_type=\"container\" data-e-type=\"container\">\n\t\t\t\t<div class=\"elementor-element elementor-element-1e3e246 elementor-widget elementor-widget-heading\" data-id=\"1e3e246\" data-element_type=\"widget\" data-e-type=\"widget\" data-widget_type=\"heading.default\">\n\t\t\t\t\t<h3 class=\"elementor-heading-title elementor-size-default\">6.1. Responsables de la collecte des donn\u00e9es personnelles\n<\/h3>\t\t\t\t<\/div>\n\t\t\t\t<div class=\"elementor-element elementor-element-92b6859 elementor-widget elementor-widget-text-editor\" data-id=\"92b6859\" data-element_type=\"widget\" data-e-type=\"widget\" data-widget_type=\"text-editor.default\">\n\t\t\t\t\t\t\t\t\t<p>Pour les Donn\u00e9es Personnelles collect\u00e9es dans le cadre de la cr\u00e9ation du compte personnel de l\u2019Utilisateur et de sa navigation sur le Site, le responsable du traitement des Donn\u00e9es Personnelles est : Veronique Eskenazi. www.psychotherapie-eskenazi-veronique.fr est repr\u00e9sent\u00e9 par Veronique Eskenazi, son repr\u00e9sentant l\u00e9gal.<\/p><p>En tant que responsable du traitement des donn\u00e9es qu\u2019il collecte, www.psychotherapie-eskenazi-veronique.fr s\u2019engage \u00e0 respecter le cadre des dispositions l\u00e9gales en vigueur. Il lui appartient notamment au Client d\u2019\u00e9tablir les finalit\u00e9s de ses traitements de donn\u00e9es, de fournir \u00e0 ses prospects et clients, \u00e0 partir de la collecte de leurs consentements, une information compl\u00e8te sur le traitement de leurs donn\u00e9es personnelles et de maintenir un registre des traitements conforme \u00e0 la r\u00e9alit\u00e9. Chaque fois que www.psychotherapie-eskenazi-veronique.fr traite des Donn\u00e9es Personnelles, www.psychotherapie-eskenazi-veronique.fr prend toutes les mesures raisonnables pour s\u2019assurer de l\u2019exactitude et de la pertinence des Donn\u00e9es Personnelles au regard des finalit\u00e9s pour lesquelles www.psychotherapie-eskenazi-veronique.fr les traite.<\/p>\t\t\t\t\t\t\t\t<\/div>\n\t\t\t\t<\/div>\n\t\t<div class=\"elementor-element elementor-element-5f2af0f e-con-full e-flex e-con e-child\" data-id=\"5f2af0f\" data-element_type=\"container\" data-e-type=\"container\">\n\t\t\t\t<div class=\"elementor-element elementor-element-7251603 elementor-widget elementor-widget-heading\" data-id=\"7251603\" data-element_type=\"widget\" data-e-type=\"widget\" data-widget_type=\"heading.default\">\n\t\t\t\t\t<h3 class=\"elementor-heading-title elementor-size-default\">6.2. Finalit\u00e9 des donn\u00e9es collect\u00e9es<\/h3>\t\t\t\t<\/div>\n\t\t\t\t<div class=\"elementor-element elementor-element-e5b27b9 elementor-widget elementor-widget-text-editor\" data-id=\"e5b27b9\" data-element_type=\"widget\" data-e-type=\"widget\" data-widget_type=\"text-editor.default\">\n\t\t\t\t\t\t\t\t\t<p>www.psychotherapie-eskenazi-veronique.fr est susceptible de traiter tout ou partie des donn\u00e9es :<\/p><ul><li>pour permettre la navigation sur le Site et la connexion \u00e0 l&rsquo;espace priv\u00e9e par l\u2019utilisateur : donn\u00e9es de connexion et d\u2019utilisation du Site<\/li><li>pour pr\u00e9venir et lutter contre la fraude informatique (spamming, hacking\u2026) : mat\u00e9riel informatique utilis\u00e9 pour la navigation, l\u2019adresse IP, pages visit\u00e9es<\/li><li>pour am\u00e9liorer la navigation sur le Site : donn\u00e9es de connexion et d\u2019utilisation<\/li><\/ul><p>www.psychotherapie-eskenazi-veronique.fr ne commercialise pas vos donn\u00e9es personnelles qui sont donc uniquement utilis\u00e9es par n\u00e9cessit\u00e9 ou \u00e0 des fins statistiques et d\u2019analyses.<\/p>\t\t\t\t\t\t\t\t<\/div>\n\t\t\t\t<\/div>\n\t\t\t\t<div class=\"elementor-element elementor-element-ba0ae97 elementor-widget elementor-widget-heading\" data-id=\"ba0ae97\" data-element_type=\"widget\" data-e-type=\"widget\" data-widget_type=\"heading.default\">\n\t\t\t\t\t<h2 class=\"elementor-heading-title elementor-size-default\">7- Limitation de responsabilit\u00e9<\/h2>\t\t\t\t<\/div>\n\t\t\t\t<div class=\"elementor-element elementor-element-220ef2e elementor-widget elementor-widget-text-editor\" data-id=\"220ef2e\" data-element_type=\"widget\" data-e-type=\"widget\" data-widget_type=\"text-editor.default\">\n\t\t\t\t\t\t\t\t\t<p>Les informations contenues sur ce site sont aussi pr\u00e9cises que possible et le site est p\u00e9riodiquement remis \u00e0 jour, mais peut toutefois contenir des inexactitudes, des omissions ou des lacunes. Si vous constatez une lacune, erreur ou ce qui para\u00eet \u00eatre un dysfonctionnement, merci de bien vouloir le signaler par email en d\u00e9crivant le probl\u00e8me de la mani\u00e8re la plus pr\u00e9cise possible (page posant probl\u00e8me, action d\u00e9clenchante, type d\u2019ordinateur et de navigateur utilis\u00e9, \u2026). www.psychotherapie-eskenazi-veronique.fr ne peut pas \u00eatre tenu responsable des lacunes, erreurs ou dysfonctionnement engendr\u00e9s.<\/p><p>Tout contenu t\u00e9l\u00e9charg\u00e9 se fait aux risques et p\u00e9rils de l&rsquo;utilisateur et sous sa seule responsabilit\u00e9. Par cons\u00e9quent, Veronique Eskenazi ne saurait \u00eatre tenu responsable d&rsquo;un quelconque dommage subi par l&rsquo;ordinateur de l&rsquo;utilisateur ou d&rsquo;une quelconque perte de donn\u00e9es cons\u00e9cutives au t\u00e9l\u00e9chargement.<\/p><p>Les liens hypertextes mis en place dans le cadre du pr\u00e9sent site internet en direction d&rsquo;autres ressources pr\u00e9sentes sur le r\u00e9seau Internet ne sauraient engager la responsabilit\u00e9 de Veronique Eskenazi.<\/p>\t\t\t\t\t\t\t\t<\/div>\n\t\t\t\t<div class=\"elementor-element elementor-element-caa81b5 elementor-widget elementor-widget-heading\" data-id=\"caa81b5\" data-element_type=\"widget\" data-e-type=\"widget\" data-widget_type=\"heading.default\">\n\t\t\t\t\t<h2 class=\"elementor-heading-title elementor-size-default\">A propos des mentions l\u00e9gales :<\/h2>\t\t\t\t<\/div>\n\t\t\t\t<div class=\"elementor-element elementor-element-b7f91e2 elementor-widget elementor-widget-text-editor\" data-id=\"b7f91e2\" data-element_type=\"widget\" data-e-type=\"widget\" data-widget_type=\"text-editor.default\">\n\t\t\t\t\t\t\t\t\t<p>Les mentions l\u00e9gales d\u00e9finies sur cette page s&rsquo;appliquent \u00e0 l&rsquo;ensemble du pr\u00e9sent site internet et sont susceptibles d&rsquo;\u00e9voluer sans pr\u00e9avis. L&rsquo;Utilisateur du site est donc invit\u00e9 \u00e0 les consulter r\u00e9guli\u00e8rement afin d&rsquo;en prendre connaissance.<\/p>\t\t\t\t\t\t\t\t<\/div>\n\t\t\t\t<div class=\"elementor-element elementor-element-0019700 elementor-align-center elementor-widget elementor-widget-button\" data-id=\"0019700\" data-element_type=\"widget\" data-e-type=\"widget\" data-widget_type=\"button.default\">\n\t\t\t\t\t\t\t\t\t\t<a class=\"elementor-button elementor-button-link elementor-size-sm\" href=\"#\">\n\t\t\t\t\t\t<span class=\"elementor-button-content-wrapper\">\n\t\t\t\t\t\t\t\t\t<span class=\"elementor-button-text\">G\u00e9rer mes pr\u00e9f\u00e9rences de cookies<\/span>\n\t\t\t\t\t<\/span>\n\t\t\t\t\t<\/a>\n\t\t\t\t\t\t\t\t<\/div>\n\t\t\t\t<\/div>\n\t\t\t\t<\/div>\n\t\t","protected":false},"excerpt":{"rendered":"<p>Mentions l\u00e9gales Conform\u00e9ment aux dispositions des articles 6-III et 19 de la Loi n\u00b0 2004-575 du 21 juin 2004 pour la Confiance dans l&rsquo;\u00e9conomie num\u00e9rique, dite L.C.E.N., nous portons \u00e0 la connaissance des utilisateurs et visiteurs du site www.psychotherapie-eskenazi-veronique.fr les informations suivantes : 1. Informations l\u00e9gales 1.1 \u00c9diteur du site Nom : Veronique Eskenazi Adresse [&hellip;]<\/p>\n","protected":false},"author":1,"featured_media":0,"parent":0,"menu_order":0,"comment_status":"closed","ping_status":"closed","template":"elementor_header_footer","meta":{"footnotes":""},"categories":[],"class_list":["post-119","page","type-page","status-publish","hentry"],"yoast_head":"<!-- This site is optimized with the Yoast SEO plugin v28.2 - https:\/\/yoast.com\/product\/yoast-seo-wordpress\/ -->\n<title>Mentions l\u00e9gales - psychotherapie-cagnes-sur-mer.fr<\/title>\n<meta name=\"robots\" content=\"index, follow, max-snippet:-1, max-image-preview:large, max-video-preview:-1\" \/>\n<link rel=\"canonical\" href=\"https:\/\/psychotherapie-cagnes-sur-mer.fr\/mentions-legales\/\" \/>\n<meta property=\"og:locale\" content=\"fr_FR\" \/>\n<meta property=\"og:type\" content=\"article\" \/>\n<meta property=\"og:title\" content=\"Mentions l\u00e9gales - psychotherapie-cagnes-sur-mer.fr\" \/>\n<meta property=\"og:description\" content=\"Mentions l\u00e9gales Conform\u00e9ment aux dispositions des articles 6-III et 19 de la Loi n\u00b0 2004-575 du 21 juin 2004 pour la Confiance dans l&rsquo;\u00e9conomie num\u00e9rique, dite L.C.E.N., nous portons \u00e0 la connaissance des utilisateurs et visiteurs du site www.psychotherapie-eskenazi-veronique.fr les informations suivantes : 1. Informations l\u00e9gales 1.1 \u00c9diteur du site Nom : Veronique Eskenazi Adresse [&hellip;]\" \/>\n<meta property=\"og:url\" content=\"https:\/\/psychotherapie-cagnes-sur-mer.fr\/mentions-legales\/\" \/>\n<meta property=\"og:site_name\" content=\"psychotherapie-cagnes-sur-mer.fr\" \/>\n<meta property=\"article:modified_time\" content=\"2025-03-21T19:24:51+00:00\" \/>\n<meta name=\"twitter:card\" content=\"summary_large_image\" \/>\n<meta name=\"twitter:label1\" content=\"Dur\u00e9e de lecture estim\u00e9e\" \/>\n\t<meta name=\"twitter:data1\" content=\"7 minutes\" \/>\n<script type=\"application\/ld+json\" class=\"yoast-schema-graph\">{\"@context\":\"https:\\\/\\\/schema.org\",\"@graph\":[{\"@type\":\"WebPage\",\"@id\":\"https:\\\/\\\/psychotherapie-cagnes-sur-mer.fr\\\/mentions-legales\\\/\",\"url\":\"https:\\\/\\\/psychotherapie-cagnes-sur-mer.fr\\\/mentions-legales\\\/\",\"name\":\"Mentions l\u00e9gales - psychotherapie-cagnes-sur-mer.fr\",\"isPartOf\":{\"@id\":\"https:\\\/\\\/psychotherapie-cagnes-sur-mer.fr\\\/#website\"},\"datePublished\":\"2025-03-19T12:41:15+00:00\",\"dateModified\":\"2025-03-21T19:24:51+00:00\",\"breadcrumb\":{\"@id\":\"https:\\\/\\\/psychotherapie-cagnes-sur-mer.fr\\\/mentions-legales\\\/#breadcrumb\"},\"inLanguage\":\"fr-FR\",\"potentialAction\":[{\"@type\":\"ReadAction\",\"target\":[\"https:\\\/\\\/psychotherapie-cagnes-sur-mer.fr\\\/mentions-legales\\\/\"]}]},{\"@type\":\"BreadcrumbList\",\"@id\":\"https:\\\/\\\/psychotherapie-cagnes-sur-mer.fr\\\/mentions-legales\\\/#breadcrumb\",\"itemListElement\":[{\"@type\":\"ListItem\",\"position\":1,\"name\":\"Home\",\"item\":\"https:\\\/\\\/psychotherapie-cagnes-sur-mer.fr\\\/\"},{\"@type\":\"ListItem\",\"position\":2,\"name\":\"Mentions l\u00e9gales\"}]},{\"@type\":\"WebSite\",\"@id\":\"https:\\\/\\\/psychotherapie-cagnes-sur-mer.fr\\\/#website\",\"url\":\"https:\\\/\\\/psychotherapie-cagnes-sur-mer.fr\\\/\",\"name\":\"psychotherapie-cagnes-sur-mer.fr\",\"description\":\"\",\"publisher\":{\"@id\":\"https:\\\/\\\/psychotherapie-cagnes-sur-mer.fr\\\/#organization\"},\"potentialAction\":[{\"@type\":\"SearchAction\",\"target\":{\"@type\":\"EntryPoint\",\"urlTemplate\":\"https:\\\/\\\/psychotherapie-cagnes-sur-mer.fr\\\/?s={search_term_string}\"},\"query-input\":{\"@type\":\"PropertyValueSpecification\",\"valueRequired\":true,\"valueName\":\"search_term_string\"}}],\"inLanguage\":\"fr-FR\"},{\"@type\":\"Organization\",\"@id\":\"https:\\\/\\\/psychotherapie-cagnes-sur-mer.fr\\\/#organization\",\"name\":\"psychotherapie-cagnes-sur-mer.fr\",\"url\":\"https:\\\/\\\/psychotherapie-cagnes-sur-mer.fr\\\/\",\"logo\":{\"@type\":\"ImageObject\",\"inLanguage\":\"fr-FR\",\"@id\":\"https:\\\/\\\/psychotherapie-cagnes-sur-mer.fr\\\/#\\\/schema\\\/logo\\\/image\\\/\",\"url\":\"https:\\\/\\\/psychotherapie-cagnes-sur-mer.fr\\\/wp-content\\\/uploads\\\/2025\\\/03\\\/cropped-TCA.webp\",\"contentUrl\":\"https:\\\/\\\/psychotherapie-cagnes-sur-mer.fr\\\/wp-content\\\/uploads\\\/2025\\\/03\\\/cropped-TCA.webp\",\"width\":512,\"height\":512,\"caption\":\"psychotherapie-cagnes-sur-mer.fr\"},\"image\":{\"@id\":\"https:\\\/\\\/psychotherapie-cagnes-sur-mer.fr\\\/#\\\/schema\\\/logo\\\/image\\\/\"}}]}<\/script>\n<!-- \/ Yoast SEO plugin. -->","yoast_head_json":{"title":"Mentions l\u00e9gales - psychotherapie-cagnes-sur-mer.fr","robots":{"index":"index","follow":"follow","max-snippet":"max-snippet:-1","max-image-preview":"max-image-preview:large","max-video-preview":"max-video-preview:-1"},"canonical":"https:\/\/psychotherapie-cagnes-sur-mer.fr\/mentions-legales\/","og_locale":"fr_FR","og_type":"article","og_title":"Mentions l\u00e9gales - psychotherapie-cagnes-sur-mer.fr","og_description":"Mentions l\u00e9gales Conform\u00e9ment aux dispositions des articles 6-III et 19 de la Loi n\u00b0 2004-575 du 21 juin 2004 pour la Confiance dans l&rsquo;\u00e9conomie num\u00e9rique, dite L.C.E.N., nous portons \u00e0 la connaissance des utilisateurs et visiteurs du site www.psychotherapie-eskenazi-veronique.fr les informations suivantes : 1. Informations l\u00e9gales 1.1 \u00c9diteur du site Nom : Veronique Eskenazi Adresse [&hellip;]","og_url":"https:\/\/psychotherapie-cagnes-sur-mer.fr\/mentions-legales\/","og_site_name":"psychotherapie-cagnes-sur-mer.fr","article_modified_time":"2025-03-21T19:24:51+00:00","twitter_card":"summary_large_image","twitter_misc":{"Dur\u00e9e de lecture estim\u00e9e":"7 minutes"},"schema":{"@context":"https:\/\/schema.org","@graph":[{"@type":"WebPage","@id":"https:\/\/psychotherapie-cagnes-sur-mer.fr\/mentions-legales\/","url":"https:\/\/psychotherapie-cagnes-sur-mer.fr\/mentions-legales\/","name":"Mentions l\u00e9gales - psychotherapie-cagnes-sur-mer.fr","isPartOf":{"@id":"https:\/\/psychotherapie-cagnes-sur-mer.fr\/#website"},"datePublished":"2025-03-19T12:41:15+00:00","dateModified":"2025-03-21T19:24:51+00:00","breadcrumb":{"@id":"https:\/\/psychotherapie-cagnes-sur-mer.fr\/mentions-legales\/#breadcrumb"},"inLanguage":"fr-FR","potentialAction":[{"@type":"ReadAction","target":["https:\/\/psychotherapie-cagnes-sur-mer.fr\/mentions-legales\/"]}]},{"@type":"BreadcrumbList","@id":"https:\/\/psychotherapie-cagnes-sur-mer.fr\/mentions-legales\/#breadcrumb","itemListElement":[{"@type":"ListItem","position":1,"name":"Home","item":"https:\/\/psychotherapie-cagnes-sur-mer.fr\/"},{"@type":"ListItem","position":2,"name":"Mentions l\u00e9gales"}]},{"@type":"WebSite","@id":"https:\/\/psychotherapie-cagnes-sur-mer.fr\/#website","url":"https:\/\/psychotherapie-cagnes-sur-mer.fr\/","name":"psychotherapie-cagnes-sur-mer.fr","description":"","publisher":{"@id":"https:\/\/psychotherapie-cagnes-sur-mer.fr\/#organization"},"potentialAction":[{"@type":"SearchAction","target":{"@type":"EntryPoint","urlTemplate":"https:\/\/psychotherapie-cagnes-sur-mer.fr\/?s={search_term_string}"},"query-input":{"@type":"PropertyValueSpecification","valueRequired":true,"valueName":"search_term_string"}}],"inLanguage":"fr-FR"},{"@type":"Organization","@id":"https:\/\/psychotherapie-cagnes-sur-mer.fr\/#organization","name":"psychotherapie-cagnes-sur-mer.fr","url":"https:\/\/psychotherapie-cagnes-sur-mer.fr\/","logo":{"@type":"ImageObject","inLanguage":"fr-FR","@id":"https:\/\/psychotherapie-cagnes-sur-mer.fr\/#\/schema\/logo\/image\/","url":"https:\/\/psychotherapie-cagnes-sur-mer.fr\/wp-content\/uploads\/2025\/03\/cropped-TCA.webp","contentUrl":"https:\/\/psychotherapie-cagnes-sur-mer.fr\/wp-content\/uploads\/2025\/03\/cropped-TCA.webp","width":512,"height":512,"caption":"psychotherapie-cagnes-sur-mer.fr"},"image":{"@id":"https:\/\/psychotherapie-cagnes-sur-mer.fr\/#\/schema\/logo\/image\/"}}]}},"_links":{"self":[{"href":"https:\/\/psychotherapie-cagnes-sur-mer.fr\/wp-json\/wp\/v2\/pages\/119","targetHints":{"allow":["GET"]}}],"collection":[{"href":"https:\/\/psychotherapie-cagnes-sur-mer.fr\/wp-json\/wp\/v2\/pages"}],"about":[{"href":"https:\/\/psychotherapie-cagnes-sur-mer.fr\/wp-json\/wp\/v2\/types\/page"}],"author":[{"embeddable":true,"href":"https:\/\/psychotherapie-cagnes-sur-mer.fr\/wp-json\/wp\/v2\/users\/1"}],"replies":[{"embeddable":true,"href":"https:\/\/psychotherapie-cagnes-sur-mer.fr\/wp-json\/wp\/v2\/comments?post=119"}],"version-history":[{"count":16,"href":"https:\/\/psychotherapie-cagnes-sur-mer.fr\/wp-json\/wp\/v2\/pages\/119\/revisions"}],"predecessor-version":[{"id":889,"href":"https:\/\/psychotherapie-cagnes-sur-mer.fr\/wp-json\/wp\/v2\/pages\/119\/revisions\/889"}],"wp:attachment":[{"href":"https:\/\/psychotherapie-cagnes-sur-mer.fr\/wp-json\/wp\/v2\/media?parent=119"}],"wp:term":[{"taxonomy":"category","embeddable":true,"href":"https:\/\/psychotherapie-cagnes-sur-mer.fr\/wp-json\/wp\/v2\/categories?post=119"}],"curies":[{"name":"wp","href":"https:\/\/api.w.org\/{rel}","templated":true}]}}