{"id":54,"date":"2025-03-19T11:08:31","date_gmt":"2025-03-19T11:08:31","guid":{"rendered":"https:\/\/psychotherapie-cagnes-sur-mer.fr\/?page_id=54"},"modified":"2025-03-24T12:49:41","modified_gmt":"2025-03-24T12:49:41","slug":"trouble-du-comportement-alimentaire-tca","status":"publish","type":"page","link":"https:\/\/psychotherapie-cagnes-sur-mer.fr\/trouble-du-comportement-alimentaire-tca\/","title":{"rendered":"Trouble du comportement alimentaire (TCA)"},"content":{"rendered":"\t\t<div data-elementor-type=\"wp-page\" data-elementor-id=\"54\" class=\"elementor elementor-54\" data-elementor-post-type=\"page\">\n\t\t\t\t<div class=\"elementor-element elementor-element-6094d2f e-flex e-con-boxed e-con e-parent\" data-id=\"6094d2f\" data-element_type=\"container\" data-e-type=\"container\" data-settings=\"{&quot;background_background&quot;:&quot;classic&quot;}\">\n\t\t\t\t\t<div class=\"e-con-inner\">\n\t\t\t\t<div class=\"elementor-element elementor-element-8fcc6aa elementor-widget elementor-widget-heading\" data-id=\"8fcc6aa\" data-element_type=\"widget\" data-e-type=\"widget\" data-widget_type=\"heading.default\">\n\t\t\t\t\t<h1 class=\"elementor-heading-title elementor-size-default\">Trouble du comportement alimentaire (TCA)<\/h1>\t\t\t\t<\/div>\n\t\t\t\t\t<\/div>\n\t\t\t\t<\/div>\n\t\t<div class=\"elementor-element elementor-element-108e2b8 e-flex e-con-boxed e-con e-parent\" data-id=\"108e2b8\" data-element_type=\"container\" data-e-type=\"container\" data-settings=\"{&quot;background_background&quot;:&quot;classic&quot;}\">\n\t\t\t\t\t<div class=\"e-con-inner\">\n\t\t<div class=\"elementor-element elementor-element-4546d61 e-con-full e-flex e-con e-child\" data-id=\"4546d61\" data-element_type=\"container\" data-e-type=\"container\">\n\t\t<div class=\"elementor-element elementor-element-02f0e6a e-con-full e-flex e-con e-child\" data-id=\"02f0e6a\" data-element_type=\"container\" data-e-type=\"container\">\n\t\t\t\t<div class=\"elementor-element elementor-element-eb9fdd5 elementor-widget__width-auto elementor-widget elementor-widget-heading\" data-id=\"eb9fdd5\" data-element_type=\"widget\" data-e-type=\"widget\" data-widget_type=\"heading.default\">\n\t\t\t\t\t<h2 class=\"elementor-heading-title elementor-size-default\">Le trouble du comportement alimentaire (TCA)<\/h2>\t\t\t\t<\/div>\n\t\t<div class=\"elementor-element elementor-element-168115f e-con-full e-transform elementor-hidden-mobile e-flex e-con e-child\" data-id=\"168115f\" data-element_type=\"container\" data-e-type=\"container\" data-settings=\"{&quot;background_background&quot;:&quot;classic&quot;,&quot;position&quot;:&quot;absolute&quot;,&quot;_transform_translateX_effect&quot;:{&quot;unit&quot;:&quot;%&quot;,&quot;size&quot;:-50,&quot;sizes&quot;:[]},&quot;_transform_translateX_effect_tablet&quot;:{&quot;unit&quot;:&quot;%&quot;,&quot;size&quot;:&quot;&quot;,&quot;sizes&quot;:[]},&quot;_transform_translateX_effect_mobile&quot;:{&quot;unit&quot;:&quot;%&quot;,&quot;size&quot;:&quot;&quot;,&quot;sizes&quot;:[]},&quot;_transform_translateY_effect&quot;:{&quot;unit&quot;:&quot;%&quot;,&quot;size&quot;:-25,&quot;sizes&quot;:[]},&quot;_transform_translateY_effect_tablet&quot;:{&quot;unit&quot;:&quot;%&quot;,&quot;size&quot;:&quot;&quot;,&quot;sizes&quot;:[]},&quot;_transform_translateY_effect_mobile&quot;:{&quot;unit&quot;:&quot;%&quot;,&quot;size&quot;:&quot;&quot;,&quot;sizes&quot;:[]}}\">\n\t\t\t\t<\/div>\n\t\t\t\t<\/div>\n\t\t\t\t<div class=\"elementor-element elementor-element-440a4b7 elementor-widget elementor-widget-heading\" data-id=\"440a4b7\" data-element_type=\"widget\" data-e-type=\"widget\" data-widget_type=\"heading.default\">\n\t\t\t\t\t<p class=\"elementor-heading-title elementor-size-default\">Qu'est-ce que c'est ?<\/p>\t\t\t\t<\/div>\n\t\t\t\t<div class=\"elementor-element elementor-element-cd78af3 elementor-widget elementor-widget-text-editor\" data-id=\"cd78af3\" data-element_type=\"widget\" data-e-type=\"widget\" data-widget_type=\"text-editor.default\">\n\t\t\t\t\t\t\t\t\t<p>L&rsquo;<b>alimentation\u00a0<\/b>assure une triple fonction : biologique, h\u00e9donique, symbolique (relationnel, psychologique et culturel).<\/p><p>La fr\u00e9quence des\u00a0<b>troubles du\u00a0comportement alimentaire\u00a0<\/b>\u00a0(les TCA) augmente dans nos soci\u00e9t\u00e9s. Ils peuvent induire des alt\u00e9rations de l\u2019\u00e9tat nutritionnel parfois s\u00e9v\u00e8res : d\u00e9nutrition dans\u00a0l\u2019<b>anorexie<\/b>\u00a0mentale\u00a0et carences dans la\u00a0<b>boulimie<\/b>, surpoids, ob\u00e9sit\u00e9 et leurs complications en cas de\u00a0<b>compulsions alimentaires\u00a0<\/b>. Leur traitement implique une prise en charge, nutritionnelle (m\u00e9dicale) et psychologique.<\/p><p>Les pathologies du\u00a0<b>comportement alimentaire<\/b>\u00a0sont plus fr\u00e9quentes chez les\u00a0<b>adolescentes\u00a0<\/b>et jeunes femmes . La soci\u00e9t\u00e9 (via surtout les r\u00e9seaux sociaux) assignent la femme \u00e0 une image de\u00a0<b>minceur<\/b>. C&rsquo;est souvent \u00e0 la suite d&rsquo;un\u00a0<b>r\u00e9gime alimentaire restrictif\u00a0<\/b>que le trouble alimentaire s&rsquo;installe. La perte de\u00a0<b>poids<\/b>\u00a0devient ne obsession, et de ce fait, le contr\u00f4le sur le corps.<\/p><p>Cependant, la cause originelle est ailleurs. Ces jeunes filles se trouvent grosses, m\u00eame si elles sont tr\u00e8s minces et veulent <b>maigrir<\/b>\u00a0\u00e0 tout prix ou ne pas\u00a0<b>grossir.<\/b>\u00a0Elles souffrent de\u00a0<b>dysmorphophobie<\/b>\u00a0ou fausse image de leur corps et donc d\u2019elles-m\u00eames.<\/p>\t\t\t\t\t\t\t\t<\/div>\n\t\t\t\t<div class=\"elementor-element elementor-element-3d97a16 elementor-widget elementor-widget-button\" data-id=\"3d97a16\" data-element_type=\"widget\" data-e-type=\"widget\" data-widget_type=\"button.default\">\n\t\t\t\t\t\t\t\t\t\t<a class=\"elementor-button elementor-button-link elementor-size-sm\" href=\"https:\/\/www.psychologue.net\/cabinets\/veronique-eskenazi\" target=\"_blank\" rel=\"noopener\">\n\t\t\t\t\t\t<span class=\"elementor-button-content-wrapper\">\n\t\t\t\t\t\t\t\t\t<span class=\"elementor-button-text\">Prenez rendez-vous<\/span>\n\t\t\t\t\t<\/span>\n\t\t\t\t\t<\/a>\n\t\t\t\t\t\t\t\t<\/div>\n\t\t\t\t<\/div>\n\t\t\t\t<div class=\"elementor-element elementor-element-8b3310f elementor-widget elementor-widget-image\" data-id=\"8b3310f\" data-element_type=\"widget\" data-e-type=\"widget\" data-widget_type=\"image.default\">\n\t\t\t\t\t\t\t\t\t\t\t\t\t\t\t<img fetchpriority=\"high\" decoding=\"async\" width=\"600\" height=\"866\" src=\"https:\/\/psychotherapie-cagnes-sur-mer.fr\/wp-content\/uploads\/2025\/03\/img-page-tca.png\" class=\"attachment-full size-full wp-image-436\" alt=\"\" srcset=\"https:\/\/psychotherapie-cagnes-sur-mer.fr\/wp-content\/uploads\/2025\/03\/img-page-tca.png 600w, https:\/\/psychotherapie-cagnes-sur-mer.fr\/wp-content\/uploads\/2025\/03\/img-page-tca-208x300.png 208w\" sizes=\"(max-width: 600px) 100vw, 600px\" \/>\t\t\t\t\t\t\t\t\t\t\t\t\t\t\t<\/div>\n\t\t\t\t\t<\/div>\n\t\t\t\t<\/div>\n\t\t<div class=\"elementor-element elementor-element-8da1739 e-flex e-con-boxed e-con e-parent\" data-id=\"8da1739\" data-element_type=\"container\" data-e-type=\"container\">\n\t\t\t\t\t<div class=\"e-con-inner\">\n\t\t<div class=\"elementor-element elementor-element-67fb487 e-con-full e-flex e-con e-child\" data-id=\"67fb487\" data-element_type=\"container\" data-e-type=\"container\">\n\t\t\t\t<div class=\"elementor-element elementor-element-3cee3fa elementor-widget__width-auto elementor-widget elementor-widget-heading\" data-id=\"3cee3fa\" data-element_type=\"widget\" data-e-type=\"widget\" data-widget_type=\"heading.default\">\n\t\t\t\t\t<h2 class=\"elementor-heading-title elementor-size-default\">Quels sont les diff\u00e9rents types de trouble alimentaire ?<\/h2>\t\t\t\t<\/div>\n\t\t<div class=\"elementor-element elementor-element-8a29f1a e-con-full e-transform elementor-hidden-mobile e-flex e-con e-child\" data-id=\"8a29f1a\" data-element_type=\"container\" data-e-type=\"container\" data-settings=\"{&quot;background_background&quot;:&quot;classic&quot;,&quot;position&quot;:&quot;absolute&quot;,&quot;_transform_translateX_effect&quot;:{&quot;unit&quot;:&quot;%&quot;,&quot;size&quot;:-50,&quot;sizes&quot;:[]},&quot;_transform_translateX_effect_tablet&quot;:{&quot;unit&quot;:&quot;%&quot;,&quot;size&quot;:&quot;&quot;,&quot;sizes&quot;:[]},&quot;_transform_translateX_effect_mobile&quot;:{&quot;unit&quot;:&quot;%&quot;,&quot;size&quot;:&quot;&quot;,&quot;sizes&quot;:[]},&quot;_transform_translateY_effect&quot;:{&quot;unit&quot;:&quot;%&quot;,&quot;size&quot;:-25,&quot;sizes&quot;:[]},&quot;_transform_translateY_effect_tablet&quot;:{&quot;unit&quot;:&quot;%&quot;,&quot;size&quot;:&quot;&quot;,&quot;sizes&quot;:[]},&quot;_transform_translateY_effect_mobile&quot;:{&quot;unit&quot;:&quot;%&quot;,&quot;size&quot;:&quot;&quot;,&quot;sizes&quot;:[]}}\">\n\t\t\t\t<\/div>\n\t\t\t\t<\/div>\n\t\t<div class=\"elementor-element elementor-element-83db626 e-con-full e-flex e-con e-child\" data-id=\"83db626\" data-element_type=\"container\" data-e-type=\"container\" data-settings=\"{&quot;background_background&quot;:&quot;classic&quot;}\">\n\t\t<div class=\"elementor-element elementor-element-f2f7a3f e-con-full e-flex e-con e-child\" data-id=\"f2f7a3f\" data-element_type=\"container\" data-e-type=\"container\">\n\t\t\t\t<div class=\"elementor-element elementor-element-7d8416c elementor-widget elementor-widget-heading\" data-id=\"7d8416c\" data-element_type=\"widget\" data-e-type=\"widget\" data-widget_type=\"heading.default\">\n\t\t\t\t\t<h3 class=\"elementor-heading-title elementor-size-default\">L\u2019anorexie<\/h3>\t\t\t\t<\/div>\n\t\t\t\t<div class=\"elementor-element elementor-element-b061004 elementor-widget elementor-widget-text-editor\" data-id=\"b061004\" data-element_type=\"widget\" data-e-type=\"widget\" data-widget_type=\"text-editor.default\">\n\t\t\t\t\t\t\t\t\t<p>L\u2019<b>anorexie mentale\u00a0<\/b>est d\u00e9finie par un\u00a0<b>poids\u00a0<\/b>insuffisant, par l\u2019arr\u00eat des r\u00e8gles, par une crainte de grossir ou de reprendre du poids et puis surtout un trouble de l\u2019image corporelle : la jeune fille \u00e9tant tr\u00e8s maigre se voit (tr\u00e8s) grosse.<\/p><p>Le d\u00e9ni de la maladie est un sympt\u00f4me de l\u2019anorexie. Contrairement \u00e0 la boulimie, il n\u2019y a pas de sentiment de culpabilit\u00e9. L\u2019anorexie renforce , rend tout puissant notamment chez les jeunes filles qui avaient du mal \u00e0 trouver une identit\u00e9, ou une place . La maladie devient une identit\u00e9\u00a0? presque une philosophie parfois.<\/p><p>L&rsquo;<b>anorexie\u00a0<\/b>n\u00e9cessite souvent une prise en charge hospitali\u00e8re.\u00a0<\/p>\t\t\t\t\t\t\t\t<\/div>\n\t\t\t\t<\/div>\n\t\t<div class=\"elementor-element elementor-element-8723e29 e-con-full e-flex e-con e-child\" data-id=\"8723e29\" data-element_type=\"container\" data-e-type=\"container\">\n\t\t\t\t<div class=\"elementor-element elementor-element-530198d elementor-widget elementor-widget-heading\" data-id=\"530198d\" data-element_type=\"widget\" data-e-type=\"widget\" data-widget_type=\"heading.default\">\n\t\t\t\t\t<h3 class=\"elementor-heading-title elementor-size-default\">La boulimie<\/h3>\t\t\t\t<\/div>\n\t\t\t\t<div class=\"elementor-element elementor-element-341e69b elementor-widget elementor-widget-text-editor\" data-id=\"341e69b\" data-element_type=\"widget\" data-e-type=\"widget\" data-widget_type=\"text-editor.default\">\n\t\t\t\t\t\t\t\t\t<p>La\u00a0<b>boulimie<\/b>\u00a0est accompagn\u00e9e ou pas de vomissements. Elle se d\u00e9finit comme l\u2019ingestion rapide<\/p><p>et massive de grandes quantit\u00e9s d\u2019aliments jusqu\u2019\u00e0 l\u2019\u00e9c\u0153urement, jusqu\u2019au malaise, suivie de culpabilit\u00e9. Ces crises viennent soulager un \u00e9tat de tension interne qui est ing\u00e9rable pour la personne. La plupart des\u00a0<b>boulimiques<\/b>\u00a0ont un poids normal car elles adoptent des strat\u00e9gies de compensation qui peuvent \u00eatre des vomissements, l&rsquo;utilisation de laxatifs, de diur\u00e9tiques, une activit\u00e9 physique excessive ou l\u2019alternance de crises de boulimie avec des phases de restriction alimentaire, de je\u00fbne, pendant plusieurs jours.<\/p><p>La\u00a0<strong>boulimie<\/strong>\u00a0est v\u00e9cue comme quelque chose d\u2019humiliant et de d\u00e9gradant.<\/p>\t\t\t\t\t\t\t\t<\/div>\n\t\t\t\t<\/div>\n\t\t<div class=\"elementor-element elementor-element-982dd7f e-con-full e-flex e-con e-child\" data-id=\"982dd7f\" data-element_type=\"container\" data-e-type=\"container\">\n\t\t\t\t<div class=\"elementor-element elementor-element-a7bb26b elementor-widget elementor-widget-heading\" data-id=\"a7bb26b\" data-element_type=\"widget\" data-e-type=\"widget\" data-widget_type=\"heading.default\">\n\t\t\t\t\t<h3 class=\"elementor-heading-title elementor-size-default\">Les compulsions alimentaires<\/h3>\t\t\t\t<\/div>\n\t\t\t\t<div class=\"elementor-element elementor-element-142001a elementor-widget elementor-widget-text-editor\" data-id=\"142001a\" data-element_type=\"widget\" data-e-type=\"widget\" data-widget_type=\"text-editor.default\">\n\t\t\t\t\t\t\t\t\t<p>Par d\u00e9finition, les<b>\u00a0compulsions<\/b>\u00a0et les grignotages sont des prises alimentaires entre les repas&#8230; et puis il y a le \u00ab night eating syndrome \u00bb &#8211; prises alimentaires nocturnes. Ce sont des gens qui se l\u00e8vent la nuit pour manger sur un mode compulsif.<\/p>\t\t\t\t\t\t\t\t<\/div>\n\t\t\t\t<\/div>\n\t\t<div class=\"elementor-element elementor-element-ee5c161 e-con-full e-flex e-con e-child\" data-id=\"ee5c161\" data-element_type=\"container\" data-e-type=\"container\">\n\t\t\t\t<div class=\"elementor-element elementor-element-0bcb51b elementor-widget elementor-widget-heading\" data-id=\"0bcb51b\" data-element_type=\"widget\" data-e-type=\"widget\" data-widget_type=\"heading.default\">\n\t\t\t\t\t<h3 class=\"elementor-heading-title elementor-size-default\">L'hyperphagie<\/h3>\t\t\t\t<\/div>\n\t\t\t\t<div class=\"elementor-element elementor-element-54c8e76 elementor-widget elementor-widget-text-editor\" data-id=\"54c8e76\" data-element_type=\"widget\" data-e-type=\"widget\" data-widget_type=\"text-editor.default\">\n\t\t\t\t\t\t\t\t\t<p>Elle correspond \u00e0 une augmentation des\u00a0<b>apports caloriques\u00a0<\/b>au moment des repas. Elle peut \u00eatre li\u00e9e \u00e0 une augmentation de la faim ou de l\u2019app\u00e9tit, \u00e0 un recul du rassasiement ou \u00e0 l\u2019absence de sati\u00e9t\u00e9.<\/p>\t\t\t\t\t\t\t\t<\/div>\n\t\t\t\t<\/div>\n\t\t<div class=\"elementor-element elementor-element-fb1c247 e-con-full e-flex e-con e-child\" data-id=\"fb1c247\" data-element_type=\"container\" data-e-type=\"container\">\n\t\t\t\t<div class=\"elementor-element elementor-element-d426af7 elementor-widget elementor-widget-heading\" data-id=\"d426af7\" data-element_type=\"widget\" data-e-type=\"widget\" data-widget_type=\"heading.default\">\n\t\t\t\t\t<h3 class=\"elementor-heading-title elementor-size-default\">Les comportements restrictifs<\/h3>\t\t\t\t<\/div>\n\t\t\t\t<div class=\"elementor-element elementor-element-4e54fcc elementor-widget elementor-widget-text-editor\" data-id=\"4e54fcc\" data-element_type=\"widget\" data-e-type=\"widget\" data-widget_type=\"text-editor.default\">\n\t\t\t\t\t\t\t\t\t<p>La restriction dite aussi\u00a0<b>conduites restrictives\u00a0<\/b>obsessionnelles se d\u00e9finit comme \u201cla tendance \u00e0 limiter volontairement son alimentation dans le but de perdre du poids ou de ne pas en prendre\u201d. C\u2019est une contrainte exerc\u00e9e de mani\u00e8re prolong\u00e9e sur le\u00a0<b>comportement alimentaire<\/b>. C\u2019est un choix d\u00e9lib\u00e9r\u00e9. Les modalit\u00e9s en sont variables : sauter un repas, je\u00fbner, repas basses calories, etc.<\/p>\t\t\t\t\t\t\t\t<\/div>\n\t\t\t\t<\/div>\n\t\t<div class=\"elementor-element elementor-element-68da36b e-con-full e-flex e-con e-child\" data-id=\"68da36b\" data-element_type=\"container\" data-e-type=\"container\">\n\t\t\t\t<div class=\"elementor-element elementor-element-af46597 elementor-widget elementor-widget-heading\" data-id=\"af46597\" data-element_type=\"widget\" data-e-type=\"widget\" data-widget_type=\"heading.default\">\n\t\t\t\t\t<h3 class=\"elementor-heading-title elementor-size-default\">Les autres sympt\u00f4mes<\/h3>\t\t\t\t<\/div>\n\t\t\t\t<div class=\"elementor-element elementor-element-c382f80 elementor-widget elementor-widget-text-editor\" data-id=\"c382f80\" data-element_type=\"widget\" data-e-type=\"widget\" data-widget_type=\"text-editor.default\">\n\t\t\t\t\t\t\t\t\t<p>Bien d\u2019autres sympt\u00f4mes peuvent \u00eatre rencontr\u00e9s : int\u00e9r\u00eats pour l\u2019alimentation, vol, stockage, camouflage d\u2019aliments, m\u00e2chonnement interminable, r\u00e9gurgitation (m\u00e9rycisme), conduites d\u2019\u00e9vitement des repas, etc.<\/p>\t\t\t\t\t\t\t\t<\/div>\n\t\t\t\t<\/div>\n\t\t\t\t<\/div>\n\t\t\t\t\t<\/div>\n\t\t\t\t<\/div>\n\t\t<div class=\"elementor-element elementor-element-70e7fe89 e-flex e-con-boxed e-con e-parent\" data-id=\"70e7fe89\" data-element_type=\"container\" data-e-type=\"container\" data-settings=\"{&quot;background_background&quot;:&quot;classic&quot;}\">\n\t\t\t\t\t<div class=\"e-con-inner\">\n\t\t<div class=\"elementor-element elementor-element-79636bed e-con-full e-flex e-con e-child\" data-id=\"79636bed\" data-element_type=\"container\" data-e-type=\"container\" data-settings=\"{&quot;background_background&quot;:&quot;classic&quot;}\">\n\t\t<div class=\"elementor-element elementor-element-475bb805 e-con-full e-flex e-con e-child\" data-id=\"475bb805\" data-element_type=\"container\" data-e-type=\"container\">\n\t\t\t\t<div class=\"elementor-element elementor-element-48f60207 elementor-widget__width-auto elementor-widget elementor-widget-heading\" data-id=\"48f60207\" data-element_type=\"widget\" data-e-type=\"widget\" data-widget_type=\"heading.default\">\n\t\t\t\t\t<h2 class=\"elementor-heading-title elementor-size-default\">Quelles solutions pour gu\u00e9rir des troubles du comportement alimentaire ?<\/h2>\t\t\t\t<\/div>\n\t\t<div class=\"elementor-element elementor-element-2a4f4f e-con-full e-transform elementor-hidden-mobile e-flex e-con e-child\" data-id=\"2a4f4f\" data-element_type=\"container\" data-e-type=\"container\" data-settings=\"{&quot;background_background&quot;:&quot;classic&quot;,&quot;position&quot;:&quot;absolute&quot;,&quot;_transform_translateX_effect&quot;:{&quot;unit&quot;:&quot;%&quot;,&quot;size&quot;:-50,&quot;sizes&quot;:[]},&quot;_transform_translateX_effect_tablet&quot;:{&quot;unit&quot;:&quot;%&quot;,&quot;size&quot;:&quot;&quot;,&quot;sizes&quot;:[]},&quot;_transform_translateX_effect_mobile&quot;:{&quot;unit&quot;:&quot;%&quot;,&quot;size&quot;:&quot;&quot;,&quot;sizes&quot;:[]},&quot;_transform_translateY_effect&quot;:{&quot;unit&quot;:&quot;%&quot;,&quot;size&quot;:-25,&quot;sizes&quot;:[]},&quot;_transform_translateY_effect_tablet&quot;:{&quot;unit&quot;:&quot;%&quot;,&quot;size&quot;:&quot;&quot;,&quot;sizes&quot;:[]},&quot;_transform_translateY_effect_mobile&quot;:{&quot;unit&quot;:&quot;%&quot;,&quot;size&quot;:&quot;&quot;,&quot;sizes&quot;:[]}}\">\n\t\t\t\t<\/div>\n\t\t\t\t<\/div>\n\t\t\t\t<div class=\"elementor-element elementor-element-49528f5d elementor-widget elementor-widget-text-editor\" data-id=\"49528f5d\" data-element_type=\"widget\" data-e-type=\"widget\" data-widget_type=\"text-editor.default\">\n\t\t\t\t\t\t\t\t\t<p>Les troubles du\u00a0<b>comportement alimentaire\u00a0<\/b>sont fr\u00e9quents, en particulier chez les adolescents. Les TCA sont souvent \u201ccach\u00e9s\u201d, plus souvent mal identifi\u00e9s que vraiment \u201cd\u00e9ni\u00e9s\u201d par les malades. Une fois d\u00e9tect\u00e9s, il s&rsquo;agit d&rsquo;orienter le patient vers des consultations sp\u00e9cialis\u00e9es de nutrition , de psychiatrie et vers une\u00a0<b>psychoth\u00e9rapie.<\/b>.\u00a0<\/p><p>Dans tous les cas, ces troubles expriment et masquent une souffrance inconsciente chez ces personnes qu&rsquo;il faut d\u00e9terminer et apaiser, ce que propose la\u00a0<b>psychoth\u00e9rapie.\u00a0<\/b>Il y a dans leur histoire de vie , leurs relations d&rsquo;enfance, des causes qu&rsquo;il s&rsquo;agit d&rsquo;aller rechercher en psychoth\u00e9rapie, pour les aider \u00e0 retrouver une relation normale \u00e0 la nourriture et \u00e0 elles-m\u00eames.<\/p>\t\t\t\t\t\t\t\t<\/div>\n\t\t\t\t<div class=\"elementor-element elementor-element-50c5700b elementor-widget elementor-widget-button\" data-id=\"50c5700b\" data-element_type=\"widget\" data-e-type=\"widget\" data-widget_type=\"button.default\">\n\t\t\t\t\t\t\t\t\t\t<a class=\"elementor-button elementor-button-link elementor-size-sm\" href=\"https:\/\/www.psychologue.net\/cabinets\/veronique-eskenazi\" target=\"_blank\" rel=\"noopener\">\n\t\t\t\t\t\t<span class=\"elementor-button-content-wrapper\">\n\t\t\t\t\t\t\t\t\t<span class=\"elementor-button-text\">En savoir plus<\/span>\n\t\t\t\t\t<\/span>\n\t\t\t\t\t<\/a>\n\t\t\t\t\t\t\t\t<\/div>\n\t\t\t\t<\/div>\n\t\t\t\t\t<\/div>\n\t\t\t\t<\/div>\n\t\t\t\t<\/div>\n\t\t","protected":false},"excerpt":{"rendered":"<p>Trouble du comportement alimentaire (TCA) Le trouble du comportement alimentaire (TCA) Qu&rsquo;est-ce que c&rsquo;est ? L&rsquo;alimentation\u00a0assure une triple fonction : biologique, h\u00e9donique, symbolique (relationnel, psychologique et culturel). La fr\u00e9quence des\u00a0troubles du\u00a0comportement alimentaire\u00a0\u00a0(les TCA) augmente dans nos soci\u00e9t\u00e9s. Ils peuvent induire des alt\u00e9rations de l\u2019\u00e9tat nutritionnel parfois s\u00e9v\u00e8res : d\u00e9nutrition dans\u00a0l\u2019anorexie\u00a0mentale\u00a0et carences dans la\u00a0boulimie, surpoids, ob\u00e9sit\u00e9 [&hellip;]<\/p>\n","protected":false},"author":1,"featured_media":0,"parent":0,"menu_order":0,"comment_status":"closed","ping_status":"closed","template":"","meta":{"footnotes":""},"categories":[10],"class_list":["post-54","page","type-page","status-publish","hentry","category-difficultes-prises-en-charge"],"yoast_head":"<!-- This site is optimized with the Yoast SEO plugin v28.2 - https:\/\/yoast.com\/product\/yoast-seo-wordpress\/ -->\n<title>Trouble du comportement alimentaire (TCA) - psychotherapie-cagnes-sur-mer.fr<\/title>\n<meta name=\"robots\" content=\"index, follow, max-snippet:-1, max-image-preview:large, max-video-preview:-1\" \/>\n<link rel=\"canonical\" href=\"https:\/\/psychotherapie-cagnes-sur-mer.fr\/trouble-du-comportement-alimentaire-tca\/\" \/>\n<meta property=\"og:locale\" content=\"fr_FR\" \/>\n<meta property=\"og:type\" content=\"article\" \/>\n<meta property=\"og:title\" content=\"Trouble du comportement alimentaire (TCA) - psychotherapie-cagnes-sur-mer.fr\" \/>\n<meta property=\"og:description\" content=\"Trouble du comportement alimentaire (TCA) Le trouble du comportement alimentaire (TCA) Qu&rsquo;est-ce que c&rsquo;est ? L&rsquo;alimentation\u00a0assure une triple fonction : biologique, h\u00e9donique, symbolique (relationnel, psychologique et culturel). La fr\u00e9quence des\u00a0troubles du\u00a0comportement alimentaire\u00a0\u00a0(les TCA) augmente dans nos soci\u00e9t\u00e9s. Ils peuvent induire des alt\u00e9rations de l\u2019\u00e9tat nutritionnel parfois s\u00e9v\u00e8res : d\u00e9nutrition dans\u00a0l\u2019anorexie\u00a0mentale\u00a0et carences dans la\u00a0boulimie, surpoids, ob\u00e9sit\u00e9 [&hellip;]\" \/>\n<meta property=\"og:url\" content=\"https:\/\/psychotherapie-cagnes-sur-mer.fr\/trouble-du-comportement-alimentaire-tca\/\" \/>\n<meta property=\"og:site_name\" content=\"psychotherapie-cagnes-sur-mer.fr\" \/>\n<meta property=\"article:modified_time\" content=\"2025-03-24T12:49:41+00:00\" \/>\n<meta property=\"og:image\" content=\"https:\/\/psychotherapie-cagnes-sur-mer.fr\/wp-content\/uploads\/2025\/03\/img-page-tca.png\" \/>\n\t<meta property=\"og:image:width\" content=\"600\" \/>\n\t<meta property=\"og:image:height\" content=\"866\" \/>\n\t<meta property=\"og:image:type\" content=\"image\/png\" \/>\n<meta name=\"twitter:card\" content=\"summary_large_image\" \/>\n<meta name=\"twitter:label1\" content=\"Dur\u00e9e de lecture estim\u00e9e\" \/>\n\t<meta name=\"twitter:data1\" content=\"4 minutes\" \/>\n<script type=\"application\/ld+json\" class=\"yoast-schema-graph\">{\"@context\":\"https:\\\/\\\/schema.org\",\"@graph\":[{\"@type\":\"WebPage\",\"@id\":\"https:\\\/\\\/psychotherapie-cagnes-sur-mer.fr\\\/trouble-du-comportement-alimentaire-tca\\\/\",\"url\":\"https:\\\/\\\/psychotherapie-cagnes-sur-mer.fr\\\/trouble-du-comportement-alimentaire-tca\\\/\",\"name\":\"Trouble du comportement alimentaire (TCA) - psychotherapie-cagnes-sur-mer.fr\",\"isPartOf\":{\"@id\":\"https:\\\/\\\/psychotherapie-cagnes-sur-mer.fr\\\/#website\"},\"primaryImageOfPage\":{\"@id\":\"https:\\\/\\\/psychotherapie-cagnes-sur-mer.fr\\\/trouble-du-comportement-alimentaire-tca\\\/#primaryimage\"},\"image\":{\"@id\":\"https:\\\/\\\/psychotherapie-cagnes-sur-mer.fr\\\/trouble-du-comportement-alimentaire-tca\\\/#primaryimage\"},\"thumbnailUrl\":\"https:\\\/\\\/psychotherapie-cagnes-sur-mer.fr\\\/wp-content\\\/uploads\\\/2025\\\/03\\\/img-page-tca.png\",\"datePublished\":\"2025-03-19T11:08:31+00:00\",\"dateModified\":\"2025-03-24T12:49:41+00:00\",\"breadcrumb\":{\"@id\":\"https:\\\/\\\/psychotherapie-cagnes-sur-mer.fr\\\/trouble-du-comportement-alimentaire-tca\\\/#breadcrumb\"},\"inLanguage\":\"fr-FR\",\"potentialAction\":[{\"@type\":\"ReadAction\",\"target\":[\"https:\\\/\\\/psychotherapie-cagnes-sur-mer.fr\\\/trouble-du-comportement-alimentaire-tca\\\/\"]}]},{\"@type\":\"ImageObject\",\"inLanguage\":\"fr-FR\",\"@id\":\"https:\\\/\\\/psychotherapie-cagnes-sur-mer.fr\\\/trouble-du-comportement-alimentaire-tca\\\/#primaryimage\",\"url\":\"https:\\\/\\\/psychotherapie-cagnes-sur-mer.fr\\\/wp-content\\\/uploads\\\/2025\\\/03\\\/img-page-tca.png\",\"contentUrl\":\"https:\\\/\\\/psychotherapie-cagnes-sur-mer.fr\\\/wp-content\\\/uploads\\\/2025\\\/03\\\/img-page-tca.png\",\"width\":600,\"height\":866},{\"@type\":\"BreadcrumbList\",\"@id\":\"https:\\\/\\\/psychotherapie-cagnes-sur-mer.fr\\\/trouble-du-comportement-alimentaire-tca\\\/#breadcrumb\",\"itemListElement\":[{\"@type\":\"ListItem\",\"position\":1,\"name\":\"Home\",\"item\":\"https:\\\/\\\/psychotherapie-cagnes-sur-mer.fr\\\/\"},{\"@type\":\"ListItem\",\"position\":2,\"name\":\"Trouble du comportement alimentaire (TCA)\"}]},{\"@type\":\"WebSite\",\"@id\":\"https:\\\/\\\/psychotherapie-cagnes-sur-mer.fr\\\/#website\",\"url\":\"https:\\\/\\\/psychotherapie-cagnes-sur-mer.fr\\\/\",\"name\":\"psychotherapie-cagnes-sur-mer.fr\",\"description\":\"\",\"publisher\":{\"@id\":\"https:\\\/\\\/psychotherapie-cagnes-sur-mer.fr\\\/#organization\"},\"potentialAction\":[{\"@type\":\"SearchAction\",\"target\":{\"@type\":\"EntryPoint\",\"urlTemplate\":\"https:\\\/\\\/psychotherapie-cagnes-sur-mer.fr\\\/?s={search_term_string}\"},\"query-input\":{\"@type\":\"PropertyValueSpecification\",\"valueRequired\":true,\"valueName\":\"search_term_string\"}}],\"inLanguage\":\"fr-FR\"},{\"@type\":\"Organization\",\"@id\":\"https:\\\/\\\/psychotherapie-cagnes-sur-mer.fr\\\/#organization\",\"name\":\"psychotherapie-cagnes-sur-mer.fr\",\"url\":\"https:\\\/\\\/psychotherapie-cagnes-sur-mer.fr\\\/\",\"logo\":{\"@type\":\"ImageObject\",\"inLanguage\":\"fr-FR\",\"@id\":\"https:\\\/\\\/psychotherapie-cagnes-sur-mer.fr\\\/#\\\/schema\\\/logo\\\/image\\\/\",\"url\":\"https:\\\/\\\/psychotherapie-cagnes-sur-mer.fr\\\/wp-content\\\/uploads\\\/2025\\\/03\\\/cropped-TCA.webp\",\"contentUrl\":\"https:\\\/\\\/psychotherapie-cagnes-sur-mer.fr\\\/wp-content\\\/uploads\\\/2025\\\/03\\\/cropped-TCA.webp\",\"width\":512,\"height\":512,\"caption\":\"psychotherapie-cagnes-sur-mer.fr\"},\"image\":{\"@id\":\"https:\\\/\\\/psychotherapie-cagnes-sur-mer.fr\\\/#\\\/schema\\\/logo\\\/image\\\/\"}}]}<\/script>\n<!-- \/ Yoast SEO plugin. -->","yoast_head_json":{"title":"Trouble du comportement alimentaire (TCA) - psychotherapie-cagnes-sur-mer.fr","robots":{"index":"index","follow":"follow","max-snippet":"max-snippet:-1","max-image-preview":"max-image-preview:large","max-video-preview":"max-video-preview:-1"},"canonical":"https:\/\/psychotherapie-cagnes-sur-mer.fr\/trouble-du-comportement-alimentaire-tca\/","og_locale":"fr_FR","og_type":"article","og_title":"Trouble du comportement alimentaire (TCA) - psychotherapie-cagnes-sur-mer.fr","og_description":"Trouble du comportement alimentaire (TCA) Le trouble du comportement alimentaire (TCA) Qu&rsquo;est-ce que c&rsquo;est ? L&rsquo;alimentation\u00a0assure une triple fonction : biologique, h\u00e9donique, symbolique (relationnel, psychologique et culturel). La fr\u00e9quence des\u00a0troubles du\u00a0comportement alimentaire\u00a0\u00a0(les TCA) augmente dans nos soci\u00e9t\u00e9s. Ils peuvent induire des alt\u00e9rations de l\u2019\u00e9tat nutritionnel parfois s\u00e9v\u00e8res : d\u00e9nutrition dans\u00a0l\u2019anorexie\u00a0mentale\u00a0et carences dans la\u00a0boulimie, surpoids, ob\u00e9sit\u00e9 [&hellip;]","og_url":"https:\/\/psychotherapie-cagnes-sur-mer.fr\/trouble-du-comportement-alimentaire-tca\/","og_site_name":"psychotherapie-cagnes-sur-mer.fr","article_modified_time":"2025-03-24T12:49:41+00:00","og_image":[{"width":600,"height":866,"url":"https:\/\/psychotherapie-cagnes-sur-mer.fr\/wp-content\/uploads\/2025\/03\/img-page-tca.png","type":"image\/png"}],"twitter_card":"summary_large_image","twitter_misc":{"Dur\u00e9e de lecture estim\u00e9e":"4 minutes"},"schema":{"@context":"https:\/\/schema.org","@graph":[{"@type":"WebPage","@id":"https:\/\/psychotherapie-cagnes-sur-mer.fr\/trouble-du-comportement-alimentaire-tca\/","url":"https:\/\/psychotherapie-cagnes-sur-mer.fr\/trouble-du-comportement-alimentaire-tca\/","name":"Trouble du comportement alimentaire (TCA) - psychotherapie-cagnes-sur-mer.fr","isPartOf":{"@id":"https:\/\/psychotherapie-cagnes-sur-mer.fr\/#website"},"primaryImageOfPage":{"@id":"https:\/\/psychotherapie-cagnes-sur-mer.fr\/trouble-du-comportement-alimentaire-tca\/#primaryimage"},"image":{"@id":"https:\/\/psychotherapie-cagnes-sur-mer.fr\/trouble-du-comportement-alimentaire-tca\/#primaryimage"},"thumbnailUrl":"https:\/\/psychotherapie-cagnes-sur-mer.fr\/wp-content\/uploads\/2025\/03\/img-page-tca.png","datePublished":"2025-03-19T11:08:31+00:00","dateModified":"2025-03-24T12:49:41+00:00","breadcrumb":{"@id":"https:\/\/psychotherapie-cagnes-sur-mer.fr\/trouble-du-comportement-alimentaire-tca\/#breadcrumb"},"inLanguage":"fr-FR","potentialAction":[{"@type":"ReadAction","target":["https:\/\/psychotherapie-cagnes-sur-mer.fr\/trouble-du-comportement-alimentaire-tca\/"]}]},{"@type":"ImageObject","inLanguage":"fr-FR","@id":"https:\/\/psychotherapie-cagnes-sur-mer.fr\/trouble-du-comportement-alimentaire-tca\/#primaryimage","url":"https:\/\/psychotherapie-cagnes-sur-mer.fr\/wp-content\/uploads\/2025\/03\/img-page-tca.png","contentUrl":"https:\/\/psychotherapie-cagnes-sur-mer.fr\/wp-content\/uploads\/2025\/03\/img-page-tca.png","width":600,"height":866},{"@type":"BreadcrumbList","@id":"https:\/\/psychotherapie-cagnes-sur-mer.fr\/trouble-du-comportement-alimentaire-tca\/#breadcrumb","itemListElement":[{"@type":"ListItem","position":1,"name":"Home","item":"https:\/\/psychotherapie-cagnes-sur-mer.fr\/"},{"@type":"ListItem","position":2,"name":"Trouble du comportement alimentaire (TCA)"}]},{"@type":"WebSite","@id":"https:\/\/psychotherapie-cagnes-sur-mer.fr\/#website","url":"https:\/\/psychotherapie-cagnes-sur-mer.fr\/","name":"psychotherapie-cagnes-sur-mer.fr","description":"","publisher":{"@id":"https:\/\/psychotherapie-cagnes-sur-mer.fr\/#organization"},"potentialAction":[{"@type":"SearchAction","target":{"@type":"EntryPoint","urlTemplate":"https:\/\/psychotherapie-cagnes-sur-mer.fr\/?s={search_term_string}"},"query-input":{"@type":"PropertyValueSpecification","valueRequired":true,"valueName":"search_term_string"}}],"inLanguage":"fr-FR"},{"@type":"Organization","@id":"https:\/\/psychotherapie-cagnes-sur-mer.fr\/#organization","name":"psychotherapie-cagnes-sur-mer.fr","url":"https:\/\/psychotherapie-cagnes-sur-mer.fr\/","logo":{"@type":"ImageObject","inLanguage":"fr-FR","@id":"https:\/\/psychotherapie-cagnes-sur-mer.fr\/#\/schema\/logo\/image\/","url":"https:\/\/psychotherapie-cagnes-sur-mer.fr\/wp-content\/uploads\/2025\/03\/cropped-TCA.webp","contentUrl":"https:\/\/psychotherapie-cagnes-sur-mer.fr\/wp-content\/uploads\/2025\/03\/cropped-TCA.webp","width":512,"height":512,"caption":"psychotherapie-cagnes-sur-mer.fr"},"image":{"@id":"https:\/\/psychotherapie-cagnes-sur-mer.fr\/#\/schema\/logo\/image\/"}}]}},"_links":{"self":[{"href":"https:\/\/psychotherapie-cagnes-sur-mer.fr\/wp-json\/wp\/v2\/pages\/54","targetHints":{"allow":["GET"]}}],"collection":[{"href":"https:\/\/psychotherapie-cagnes-sur-mer.fr\/wp-json\/wp\/v2\/pages"}],"about":[{"href":"https:\/\/psychotherapie-cagnes-sur-mer.fr\/wp-json\/wp\/v2\/types\/page"}],"author":[{"embeddable":true,"href":"https:\/\/psychotherapie-cagnes-sur-mer.fr\/wp-json\/wp\/v2\/users\/1"}],"replies":[{"embeddable":true,"href":"https:\/\/psychotherapie-cagnes-sur-mer.fr\/wp-json\/wp\/v2\/comments?post=54"}],"version-history":[{"count":21,"href":"https:\/\/psychotherapie-cagnes-sur-mer.fr\/wp-json\/wp\/v2\/pages\/54\/revisions"}],"predecessor-version":[{"id":977,"href":"https:\/\/psychotherapie-cagnes-sur-mer.fr\/wp-json\/wp\/v2\/pages\/54\/revisions\/977"}],"wp:attachment":[{"href":"https:\/\/psychotherapie-cagnes-sur-mer.fr\/wp-json\/wp\/v2\/media?parent=54"}],"wp:term":[{"taxonomy":"category","embeddable":true,"href":"https:\/\/psychotherapie-cagnes-sur-mer.fr\/wp-json\/wp\/v2\/categories?post=54"}],"curies":[{"name":"wp","href":"https:\/\/api.w.org\/{rel}","templated":true}]}}